{"id":34312,"date":"2021-09-10T11:45:19","date_gmt":"2021-09-10T09:45:19","guid":{"rendered":"https:\/\/foretnature.be\/resume-foret-mail\/faune-flore-et-temperature\/"},"modified":"2021-09-10T11:45:19","modified_gmt":"2021-09-10T09:45:19","slug":"faune-flore-et-temperature","status":"publish","type":"resume-foret-mail","link":"https:\/\/foretnature.be\/en\/resume-foret-mail\/faune-flore-et-temperature\/","title":{"rendered":"Faune, flore et temp\u00e9rature"},"content":{"rendered":"<p>Un r\u00e9cent rapport du WWF met en lumi\u00e8re les r\u00e9sultats d\u2019une large \u00e9tude men\u00e9e sur pr\u00e8s de 80 000 esp\u00e8ces dans 35 \u00ab zones prioritaires \u00bb de biodiversit\u00e9, r\u00e9parties \u00e0 travers le monde. Plusieurs hypoth\u00e8ses climatiques ont \u00e9t\u00e9 test\u00e9es \u00e0 l\u2019horizon 2080, allant d\u2019un sc\u00e9nario o\u00f9 les temp\u00e9ratures moyennes mondiales augmentent de 2 \u00b0C \u00e0 un sc\u00e9nario d\u2019inaction o\u00f9 la hausse des temp\u00e9ratures atteindrait 4,5 \u00b0C.<br \/>\nEnviron 25 % des esp\u00e8ces des zones prioritaires risquent de s\u2019\u00e9teindre si la hausse des temp\u00e9ratures reste dans la limite fix\u00e9e par l\u2019accord de Paris (+ 2 \u00b0C), et pr\u00e8s de 50 % dans le cas d\u2019une augmentation de la temp\u00e9rature de 4,5 \u00b0C. De plus, l\u2019espace des zones prioritaires encore climatiquement adapt\u00e9es pour la faune et la flore diminuera drastiquement dans le cas d\u2019une hausse des temp\u00e9ratures de 4,5 \u00b0C.<br \/>\nSelon le WWF, les populations de 25 \u00e0 75 % des esp\u00e8ces pr\u00e9sentes en Belgique pourraient diminuer plus ou moins fortement dans les ann\u00e9es \u00e0 venir. Actuellement, on peut d\u00e9j\u00e0 observer certains effets n\u00e9fastes du changement climatique chez nous. \u00c0 cause de la hausse globale des temp\u00e9ratures, on observe l\u2019arriv\u00e9e de plusieurs esp\u00e8ces du Sud de l\u2019Europe (certains insectes notamment) ou, au contraire, le d\u00e9part de certaines vers des r\u00e9gions plus nordiques (certains poissons par exemple). Outre ces r\u00e9percussions sur la biodiversit\u00e9, le changement climatique aura \u00e9galement des impacts, entre autres, sur l\u2019agriculture, la sylviculture et la sant\u00e9 humaine.<br \/>\nDevillers S., Toussaint G. (2018). Coup de chaud sur la faune et la flore. La Libre Belgique, 14\/04\/18.<\/p>","protected":false},"excerpt":{"rendered":"<p>Un r\u00e9cent rapport du WWF met en lumi\u00e8re les r\u00e9sultats d\u2019une large \u00e9tude men\u00e9e sur pr\u00e8s de 80 000 esp\u00e8ces dans 35 \u00ab zones prioritaires \u00bb de biodiversit\u00e9, r\u00e9parties \u00e0 travers le monde. Plusieurs hypoth\u00e8ses climatiques ont \u00e9t\u00e9 test\u00e9es \u00e0 l\u2019horizon 2080, allant d\u2019un sc\u00e9nario o\u00f9 les temp\u00e9ratures moyennes mondiales augmentent de 2 \u00b0C \u00e0 [&hellip;]<\/p>","protected":false},"featured_media":0,"template":"","categories":[50],"acf":[],"yoast_head":"<!-- This site is optimized with the Yoast SEO plugin v23.2 - https:\/\/yoast.com\/wordpress\/plugins\/seo\/ -->\n<title>Faune, flore et temp\u00e9rature - For\u00eat.Nature<\/title>\n<meta name=\"robots\" content=\"index, follow, max-snippet:-1, max-image-preview:large, max-video-preview:-1\" \/>\n<link rel=\"canonical\" href=\"https:\/\/foretnature.be\/en\/resume-foret-mail\/faune-flore-et-temperature\/\" \/>\n<meta property=\"og:locale\" content=\"en_GB\" \/>\n<meta property=\"og:type\" content=\"article\" \/>\n<meta property=\"og:title\" content=\"Faune, flore et temp\u00e9rature - For\u00eat.Nature\" \/>\n<meta property=\"og:description\" content=\"Un r\u00e9cent rapport du WWF met en lumi\u00e8re les r\u00e9sultats d\u2019une large \u00e9tude men\u00e9e sur pr\u00e8s de 80 000 esp\u00e8ces dans 35 \u00ab zones prioritaires \u00bb de biodiversit\u00e9, r\u00e9parties \u00e0 travers le monde. Plusieurs hypoth\u00e8ses climatiques ont \u00e9t\u00e9 test\u00e9es \u00e0 l\u2019horizon 2080, allant d\u2019un sc\u00e9nario o\u00f9 les temp\u00e9ratures moyennes mondiales augmentent de 2 \u00b0C \u00e0 [&hellip;]\" \/>\n<meta property=\"og:url\" content=\"https:\/\/foretnature.be\/en\/resume-foret-mail\/faune-flore-et-temperature\/\" \/>\n<meta property=\"og:site_name\" content=\"For\u00eat.Nature\" \/>\n<meta name=\"twitter:card\" content=\"summary_large_image\" \/>\n<meta name=\"twitter:label1\" content=\"Estimated reading time\" \/>\n\t<meta name=\"twitter:data1\" content=\"1 minute\" \/>\n<script type=\"application\/ld+json\" class=\"yoast-schema-graph\">{\"@context\":\"https:\/\/schema.org\",\"@graph\":[{\"@type\":\"WebPage\",\"@id\":\"https:\/\/foretnature.be\/en\/resume-foret-mail\/faune-flore-et-temperature\/\",\"url\":\"https:\/\/foretnature.be\/en\/resume-foret-mail\/faune-flore-et-temperature\/\",\"name\":\"Faune, flore et temp\u00e9rature - For\u00eat.Nature\",\"isPartOf\":{\"@id\":\"https:\/\/foretnature.be\/#website\"},\"datePublished\":\"2021-09-10T09:45:19+00:00\",\"dateModified\":\"2021-09-10T09:45:19+00:00\",\"breadcrumb\":{\"@id\":\"https:\/\/foretnature.be\/en\/resume-foret-mail\/faune-flore-et-temperature\/#breadcrumb\"},\"inLanguage\":\"en-GB\",\"potentialAction\":[{\"@type\":\"ReadAction\",\"target\":[\"https:\/\/foretnature.be\/en\/resume-foret-mail\/faune-flore-et-temperature\/\"]}]},{\"@type\":\"BreadcrumbList\",\"@id\":\"https:\/\/foretnature.be\/en\/resume-foret-mail\/faune-flore-et-temperature\/#breadcrumb\",\"itemListElement\":[{\"@type\":\"ListItem\",\"position\":1,\"name\":\"Home\",\"item\":\"https:\/\/foretnature.be\/\"},{\"@type\":\"ListItem\",\"position\":2,\"name\":\"Faune, flore et temp\u00e9rature\"}]},{\"@type\":\"WebSite\",\"@id\":\"https:\/\/foretnature.be\/#website\",\"url\":\"https:\/\/foretnature.be\/\",\"name\":\"For\u00eat.Nature\",\"description\":\"Une \u00e9quipe technique au service de la for\u00eat\",\"publisher\":{\"@id\":\"https:\/\/foretnature.be\/#organization\"},\"potentialAction\":[{\"@type\":\"SearchAction\",\"target\":{\"@type\":\"EntryPoint\",\"urlTemplate\":\"https:\/\/foretnature.be\/?s={search_term_string}\"},\"query-input\":\"required name=search_term_string\"}],\"inLanguage\":\"en-GB\"},{\"@type\":\"Organization\",\"@id\":\"https:\/\/foretnature.be\/#organization\",\"name\":\"For\u00eat.Nature\",\"url\":\"https:\/\/foretnature.be\/\",\"logo\":{\"@type\":\"ImageObject\",\"inLanguage\":\"en-GB\",\"@id\":\"https:\/\/foretnature.be\/#\/schema\/logo\/image\/\",\"url\":\"https:\/\/foretnature.be\/wp-content\/uploads\/2021\/01\/logoFOblanc.png\",\"contentUrl\":\"https:\/\/foretnature.be\/wp-content\/uploads\/2021\/01\/logoFOblanc.png\",\"width\":300,\"height\":151,\"caption\":\"For\u00eat.Nature\"},\"image\":{\"@id\":\"https:\/\/foretnature.be\/#\/schema\/logo\/image\/\"}}]}<\/script>\n<!-- \/ Yoast SEO plugin. -->","yoast_head_json":{"title":"Faune, flore et temp\u00e9rature - For\u00eat.Nature","robots":{"index":"index","follow":"follow","max-snippet":"max-snippet:-1","max-image-preview":"max-image-preview:large","max-video-preview":"max-video-preview:-1"},"canonical":"https:\/\/foretnature.be\/en\/resume-foret-mail\/faune-flore-et-temperature\/","og_locale":"en_GB","og_type":"article","og_title":"Faune, flore et temp\u00e9rature - For\u00eat.Nature","og_description":"Un r\u00e9cent rapport du WWF met en lumi\u00e8re les r\u00e9sultats d\u2019une large \u00e9tude men\u00e9e sur pr\u00e8s de 80 000 esp\u00e8ces dans 35 \u00ab zones prioritaires \u00bb de biodiversit\u00e9, r\u00e9parties \u00e0 travers le monde. Plusieurs hypoth\u00e8ses climatiques ont \u00e9t\u00e9 test\u00e9es \u00e0 l\u2019horizon 2080, allant d\u2019un sc\u00e9nario o\u00f9 les temp\u00e9ratures moyennes mondiales augmentent de 2 \u00b0C \u00e0 [&hellip;]","og_url":"https:\/\/foretnature.be\/en\/resume-foret-mail\/faune-flore-et-temperature\/","og_site_name":"For\u00eat.Nature","twitter_card":"summary_large_image","twitter_misc":{"Estimated reading time":"1 minute"},"schema":{"@context":"https:\/\/schema.org","@graph":[{"@type":"WebPage","@id":"https:\/\/foretnature.be\/en\/resume-foret-mail\/faune-flore-et-temperature\/","url":"https:\/\/foretnature.be\/en\/resume-foret-mail\/faune-flore-et-temperature\/","name":"Faune, flore et temp\u00e9rature - For\u00eat.Nature","isPartOf":{"@id":"https:\/\/foretnature.be\/#website"},"datePublished":"2021-09-10T09:45:19+00:00","dateModified":"2021-09-10T09:45:19+00:00","breadcrumb":{"@id":"https:\/\/foretnature.be\/en\/resume-foret-mail\/faune-flore-et-temperature\/#breadcrumb"},"inLanguage":"en-GB","potentialAction":[{"@type":"ReadAction","target":["https:\/\/foretnature.be\/en\/resume-foret-mail\/faune-flore-et-temperature\/"]}]},{"@type":"BreadcrumbList","@id":"https:\/\/foretnature.be\/en\/resume-foret-mail\/faune-flore-et-temperature\/#breadcrumb","itemListElement":[{"@type":"ListItem","position":1,"name":"Home","item":"https:\/\/foretnature.be\/"},{"@type":"ListItem","position":2,"name":"Faune, flore et temp\u00e9rature"}]},{"@type":"WebSite","@id":"https:\/\/foretnature.be\/#website","url":"https:\/\/foretnature.be\/","name":"For\u00eat.Nature","description":"Une \u00e9quipe technique au service de la for\u00eat","publisher":{"@id":"https:\/\/foretnature.be\/#organization"},"potentialAction":[{"@type":"SearchAction","target":{"@type":"EntryPoint","urlTemplate":"https:\/\/foretnature.be\/?s={search_term_string}"},"query-input":"required name=search_term_string"}],"inLanguage":"en-GB"},{"@type":"Organization","@id":"https:\/\/foretnature.be\/#organization","name":"For\u00eat.Nature","url":"https:\/\/foretnature.be\/","logo":{"@type":"ImageObject","inLanguage":"en-GB","@id":"https:\/\/foretnature.be\/#\/schema\/logo\/image\/","url":"https:\/\/foretnature.be\/wp-content\/uploads\/2021\/01\/logoFOblanc.png","contentUrl":"https:\/\/foretnature.be\/wp-content\/uploads\/2021\/01\/logoFOblanc.png","width":300,"height":151,"caption":"For\u00eat.Nature"},"image":{"@id":"https:\/\/foretnature.be\/#\/schema\/logo\/image\/"}}]}},"_links":{"self":[{"href":"https:\/\/foretnature.be\/en\/wp-json\/wp\/v2\/resume-foret-mail\/34312"}],"collection":[{"href":"https:\/\/foretnature.be\/en\/wp-json\/wp\/v2\/resume-foret-mail"}],"about":[{"href":"https:\/\/foretnature.be\/en\/wp-json\/wp\/v2\/types\/resume-foret-mail"}],"version-history":[{"count":0,"href":"https:\/\/foretnature.be\/en\/wp-json\/wp\/v2\/resume-foret-mail\/34312\/revisions"}],"wp:attachment":[{"href":"https:\/\/foretnature.be\/en\/wp-json\/wp\/v2\/media?parent=34312"}],"wp:term":[{"taxonomy":"category","embeddable":true,"href":"https:\/\/foretnature.be\/en\/wp-json\/wp\/v2\/categories?post=34312"}],"curies":[{"name":"wp","href":"https:\/\/api.w.org\/{rel}","templated":true}]}}