{"id":34307,"date":"2021-09-10T11:45:19","date_gmt":"2021-09-10T09:45:19","guid":{"rendered":"https:\/\/foretnature.be\/resume-foret-mail\/les-enfants-de-lunion-europeenne-sexpriment-sur-la-foret\/"},"modified":"2021-09-10T11:45:19","modified_gmt":"2021-09-10T09:45:19","slug":"les-enfants-de-lunion-europeenne-sexpriment-sur-la-foret","status":"publish","type":"resume-foret-mail","link":"https:\/\/foretnature.be\/en\/resume-foret-mail\/les-enfants-de-lunion-europeenne-sexpriment-sur-la-foret\/","title":{"rendered":"Les enfants de l\u2019Union europ\u00e9enne s\u2019expriment sur la for\u00eat"},"content":{"rendered":"<p>Analyser des dessins d\u2019enfants afin de comprendre leur perception de la for\u00eat : une mani\u00e8re int\u00e9ressante d\u2019aider les gestionnaires forestiers \u00e0 mieux cibler leur communication. En 2013, la Direction G\u00e9n\u00e9rale de l&rsquo;Agriculture et du D\u00e9veloppement Rural de la Commission europ\u00e9enne avait lanc\u00e9 le concours \u00ab Qu\u2019est-ce que la for\u00eat pour moi ? \u00bb, auquel plus de 9000 enfants de 6 \u00e0 10 ans \u00e0 travers toute l\u2019Union europ\u00e9enne avaient particip\u00e9 en dessinant leur vision de la for\u00eat. Sur cette base, un \u00e9chantillon de 100 dessins a fait l\u2019objet d\u2019une \u00e9tude exploratoire.<br \/>\nCe qui en ressort est que la vision des enfants est globalement positive, r\u00e9aliste et syst\u00e9mique d\u2019un point de vue \u00e9cologique. En revanche, les jeunes dessinateurs ne r\u00e9alisent pas que la for\u00eat de l\u2019Union europ\u00e9enne est le r\u00e9sultat de l\u2019action de l\u2019homme et qu\u2019elle n\u00e9cessite un suivi et une gestion fr\u00e9quente par des agents forestiers. Ces derniers, les rares fois o\u00f9 ils ont \u00e9t\u00e9 repr\u00e9sent\u00e9s, sont per\u00e7us comme une menace pour la for\u00eat. La fonction de production est \u00e9galement per\u00e7ue n\u00e9gativement.<br \/>\nAinsi, ces dessins indiquent que la sensibilisation \u00e0 l\u2019importance de la for\u00eat est globalement efficace chez les jeunes citoyens europ\u00e9ens. La communication foresti\u00e8re devrait \u00e0 pr\u00e9sent mettre l\u2019accent sur l\u2019importance de la fonction de production de bois ne mena\u00e7ant pas la for\u00eat et la gestion ad\u00e9quate de celle-ci par des professionnels experts.<br \/>\nFarcy C. et al. \u00ab Qu\u2019est-ce que la for\u00eat pour moi ? \u00bb Repr\u00e9sentations sociales de la for\u00eat par les enfants de l\u2019Union europ\u00e9enne. For\u00eat.Nature n\u00b0142.<\/p>","protected":false},"excerpt":{"rendered":"<p>Analyser des dessins d\u2019enfants afin de comprendre leur perception de la for\u00eat : une mani\u00e8re int\u00e9ressante d\u2019aider les gestionnaires forestiers \u00e0 mieux cibler leur communication. En 2013, la Direction G\u00e9n\u00e9rale de l&rsquo;Agriculture et du D\u00e9veloppement Rural de la Commission europ\u00e9enne avait lanc\u00e9 le concours \u00ab Qu\u2019est-ce que la for\u00eat pour moi ? \u00bb, auquel plus [&hellip;]<\/p>","protected":false},"featured_media":0,"template":"","categories":[50],"acf":[],"yoast_head":"<!-- This site is optimized with the Yoast SEO plugin v23.2 - https:\/\/yoast.com\/wordpress\/plugins\/seo\/ -->\n<title>Les enfants de l\u2019Union europ\u00e9enne s\u2019expriment sur la for\u00eat - For\u00eat.Nature<\/title>\n<meta name=\"robots\" content=\"index, follow, max-snippet:-1, max-image-preview:large, max-video-preview:-1\" \/>\n<link rel=\"canonical\" href=\"https:\/\/foretnature.be\/en\/resume-foret-mail\/les-enfants-de-lunion-europeenne-sexpriment-sur-la-foret\/\" \/>\n<meta property=\"og:locale\" content=\"en_GB\" \/>\n<meta property=\"og:type\" content=\"article\" \/>\n<meta property=\"og:title\" content=\"Les enfants de l\u2019Union europ\u00e9enne s\u2019expriment sur la for\u00eat - For\u00eat.Nature\" \/>\n<meta property=\"og:description\" content=\"Analyser des dessins d\u2019enfants afin de comprendre leur perception de la for\u00eat : une mani\u00e8re int\u00e9ressante d\u2019aider les gestionnaires forestiers \u00e0 mieux cibler leur communication. En 2013, la Direction G\u00e9n\u00e9rale de l&rsquo;Agriculture et du D\u00e9veloppement Rural de la Commission europ\u00e9enne avait lanc\u00e9 le concours \u00ab Qu\u2019est-ce que la for\u00eat pour moi ? \u00bb, auquel plus [&hellip;]\" \/>\n<meta property=\"og:url\" content=\"https:\/\/foretnature.be\/en\/resume-foret-mail\/les-enfants-de-lunion-europeenne-sexpriment-sur-la-foret\/\" \/>\n<meta property=\"og:site_name\" content=\"For\u00eat.Nature\" \/>\n<meta name=\"twitter:card\" content=\"summary_large_image\" \/>\n<meta name=\"twitter:label1\" content=\"Estimated reading time\" \/>\n\t<meta name=\"twitter:data1\" content=\"1 minute\" \/>\n<script type=\"application\/ld+json\" class=\"yoast-schema-graph\">{\"@context\":\"https:\/\/schema.org\",\"@graph\":[{\"@type\":\"WebPage\",\"@id\":\"https:\/\/foretnature.be\/en\/resume-foret-mail\/les-enfants-de-lunion-europeenne-sexpriment-sur-la-foret\/\",\"url\":\"https:\/\/foretnature.be\/en\/resume-foret-mail\/les-enfants-de-lunion-europeenne-sexpriment-sur-la-foret\/\",\"name\":\"Les enfants de l\u2019Union europ\u00e9enne s\u2019expriment sur la for\u00eat - For\u00eat.Nature\",\"isPartOf\":{\"@id\":\"https:\/\/foretnature.be\/en\/#website\"},\"datePublished\":\"2021-09-10T09:45:19+00:00\",\"dateModified\":\"2021-09-10T09:45:19+00:00\",\"breadcrumb\":{\"@id\":\"https:\/\/foretnature.be\/en\/resume-foret-mail\/les-enfants-de-lunion-europeenne-sexpriment-sur-la-foret\/#breadcrumb\"},\"inLanguage\":\"en-GB\",\"potentialAction\":[{\"@type\":\"ReadAction\",\"target\":[\"https:\/\/foretnature.be\/en\/resume-foret-mail\/les-enfants-de-lunion-europeenne-sexpriment-sur-la-foret\/\"]}]},{\"@type\":\"BreadcrumbList\",\"@id\":\"https:\/\/foretnature.be\/en\/resume-foret-mail\/les-enfants-de-lunion-europeenne-sexpriment-sur-la-foret\/#breadcrumb\",\"itemListElement\":[{\"@type\":\"ListItem\",\"position\":1,\"name\":\"Home\",\"item\":\"https:\/\/foretnature.be\/en\/\"},{\"@type\":\"ListItem\",\"position\":2,\"name\":\"Les enfants de l\u2019Union europ\u00e9enne s\u2019expriment sur la for\u00eat\"}]},{\"@type\":\"WebSite\",\"@id\":\"https:\/\/foretnature.be\/en\/#website\",\"url\":\"https:\/\/foretnature.be\/en\/\",\"name\":\"For\u00eat.Nature\",\"description\":\"Une \u00e9quipe technique au service de la for\u00eat\",\"publisher\":{\"@id\":\"https:\/\/foretnature.be\/en\/#organization\"},\"potentialAction\":[{\"@type\":\"SearchAction\",\"target\":{\"@type\":\"EntryPoint\",\"urlTemplate\":\"https:\/\/foretnature.be\/en\/?s={search_term_string}\"},\"query-input\":\"required name=search_term_string\"}],\"inLanguage\":\"en-GB\"},{\"@type\":\"Organization\",\"@id\":\"https:\/\/foretnature.be\/en\/#organization\",\"name\":\"For\u00eat.Nature\",\"url\":\"https:\/\/foretnature.be\/en\/\",\"logo\":{\"@type\":\"ImageObject\",\"inLanguage\":\"en-GB\",\"@id\":\"https:\/\/foretnature.be\/en\/#\/schema\/logo\/image\/\",\"url\":\"https:\/\/foretnature.be\/wp-content\/uploads\/2021\/01\/logoFOblanc.png\",\"contentUrl\":\"https:\/\/foretnature.be\/wp-content\/uploads\/2021\/01\/logoFOblanc.png\",\"width\":300,\"height\":151,\"caption\":\"For\u00eat.Nature\"},\"image\":{\"@id\":\"https:\/\/foretnature.be\/en\/#\/schema\/logo\/image\/\"}}]}<\/script>\n<!-- \/ Yoast SEO plugin. -->","yoast_head_json":{"title":"Les enfants de l\u2019Union europ\u00e9enne s\u2019expriment sur la for\u00eat - For\u00eat.Nature","robots":{"index":"index","follow":"follow","max-snippet":"max-snippet:-1","max-image-preview":"max-image-preview:large","max-video-preview":"max-video-preview:-1"},"canonical":"https:\/\/foretnature.be\/en\/resume-foret-mail\/les-enfants-de-lunion-europeenne-sexpriment-sur-la-foret\/","og_locale":"en_GB","og_type":"article","og_title":"Les enfants de l\u2019Union europ\u00e9enne s\u2019expriment sur la for\u00eat - For\u00eat.Nature","og_description":"Analyser des dessins d\u2019enfants afin de comprendre leur perception de la for\u00eat : une mani\u00e8re int\u00e9ressante d\u2019aider les gestionnaires forestiers \u00e0 mieux cibler leur communication. En 2013, la Direction G\u00e9n\u00e9rale de l&rsquo;Agriculture et du D\u00e9veloppement Rural de la Commission europ\u00e9enne avait lanc\u00e9 le concours \u00ab Qu\u2019est-ce que la for\u00eat pour moi ? \u00bb, auquel plus [&hellip;]","og_url":"https:\/\/foretnature.be\/en\/resume-foret-mail\/les-enfants-de-lunion-europeenne-sexpriment-sur-la-foret\/","og_site_name":"For\u00eat.Nature","twitter_card":"summary_large_image","twitter_misc":{"Estimated reading time":"1 minute"},"schema":{"@context":"https:\/\/schema.org","@graph":[{"@type":"WebPage","@id":"https:\/\/foretnature.be\/en\/resume-foret-mail\/les-enfants-de-lunion-europeenne-sexpriment-sur-la-foret\/","url":"https:\/\/foretnature.be\/en\/resume-foret-mail\/les-enfants-de-lunion-europeenne-sexpriment-sur-la-foret\/","name":"Les enfants de l\u2019Union europ\u00e9enne s\u2019expriment sur la for\u00eat - For\u00eat.Nature","isPartOf":{"@id":"https:\/\/foretnature.be\/en\/#website"},"datePublished":"2021-09-10T09:45:19+00:00","dateModified":"2021-09-10T09:45:19+00:00","breadcrumb":{"@id":"https:\/\/foretnature.be\/en\/resume-foret-mail\/les-enfants-de-lunion-europeenne-sexpriment-sur-la-foret\/#breadcrumb"},"inLanguage":"en-GB","potentialAction":[{"@type":"ReadAction","target":["https:\/\/foretnature.be\/en\/resume-foret-mail\/les-enfants-de-lunion-europeenne-sexpriment-sur-la-foret\/"]}]},{"@type":"BreadcrumbList","@id":"https:\/\/foretnature.be\/en\/resume-foret-mail\/les-enfants-de-lunion-europeenne-sexpriment-sur-la-foret\/#breadcrumb","itemListElement":[{"@type":"ListItem","position":1,"name":"Home","item":"https:\/\/foretnature.be\/en\/"},{"@type":"ListItem","position":2,"name":"Les enfants de l\u2019Union europ\u00e9enne s\u2019expriment sur la for\u00eat"}]},{"@type":"WebSite","@id":"https:\/\/foretnature.be\/en\/#website","url":"https:\/\/foretnature.be\/en\/","name":"For\u00eat.Nature","description":"Une \u00e9quipe technique au service de la for\u00eat","publisher":{"@id":"https:\/\/foretnature.be\/en\/#organization"},"potentialAction":[{"@type":"SearchAction","target":{"@type":"EntryPoint","urlTemplate":"https:\/\/foretnature.be\/en\/?s={search_term_string}"},"query-input":"required name=search_term_string"}],"inLanguage":"en-GB"},{"@type":"Organization","@id":"https:\/\/foretnature.be\/en\/#organization","name":"For\u00eat.Nature","url":"https:\/\/foretnature.be\/en\/","logo":{"@type":"ImageObject","inLanguage":"en-GB","@id":"https:\/\/foretnature.be\/en\/#\/schema\/logo\/image\/","url":"https:\/\/foretnature.be\/wp-content\/uploads\/2021\/01\/logoFOblanc.png","contentUrl":"https:\/\/foretnature.be\/wp-content\/uploads\/2021\/01\/logoFOblanc.png","width":300,"height":151,"caption":"For\u00eat.Nature"},"image":{"@id":"https:\/\/foretnature.be\/en\/#\/schema\/logo\/image\/"}}]}},"_links":{"self":[{"href":"https:\/\/foretnature.be\/en\/wp-json\/wp\/v2\/resume-foret-mail\/34307"}],"collection":[{"href":"https:\/\/foretnature.be\/en\/wp-json\/wp\/v2\/resume-foret-mail"}],"about":[{"href":"https:\/\/foretnature.be\/en\/wp-json\/wp\/v2\/types\/resume-foret-mail"}],"version-history":[{"count":0,"href":"https:\/\/foretnature.be\/en\/wp-json\/wp\/v2\/resume-foret-mail\/34307\/revisions"}],"wp:attachment":[{"href":"https:\/\/foretnature.be\/en\/wp-json\/wp\/v2\/media?parent=34307"}],"wp:term":[{"taxonomy":"category","embeddable":true,"href":"https:\/\/foretnature.be\/en\/wp-json\/wp\/v2\/categories?post=34307"}],"curies":[{"name":"wp","href":"https:\/\/api.w.org\/{rel}","templated":true}]}}