{"id":34306,"date":"2021-09-10T11:45:19","date_gmt":"2021-09-10T09:45:19","guid":{"rendered":"https:\/\/foretnature.be\/resume-foret-mail\/letat-de-lenvironnement-wallon-2017\/"},"modified":"2021-09-10T11:45:19","modified_gmt":"2021-09-10T09:45:19","slug":"letat-de-lenvironnement-wallon-2017","status":"publish","type":"resume-foret-mail","link":"https:\/\/foretnature.be\/en\/resume-foret-mail\/letat-de-lenvironnement-wallon-2017\/","title":{"rendered":"L\u2019\u00e9tat de l\u2019environnement wallon 2017"},"content":{"rendered":"<p>Exemple de carte pr\u00e9sente dans le rapport, ici concernant la fragmentation des habitats<br \/>\n\u00c0 la fin du mois de janvier dernier, le Ministre wallon de l\u2019Environnement Carlo Di Antonio a pr\u00e9sent\u00e9 la derni\u00e8re \u00e9dition du Rapport sur l\u2019\u00c9tat de l\u2019Environnement wallon. Ce rapport, fruit d\u2019un travail de compilation r\u00e9alis\u00e9 en concertation avec de nombreux partenaires issus des centres de recherches et universit\u00e9s, propose une vision synth\u00e9tique et actualis\u00e9e de l\u2019\u00e9tat de l\u2019environnement en Wallonie ainsi que les pressions qu\u2019il subit.<br \/>\nC\u2019est une obligation l\u00e9gale de rapportage pr\u00e9vue dans le Code de l\u2019Environnement qui am\u00e8ne le DEMNA (D\u00e9partement de l\u2019\u00e9tude du milieu naturel et agricole) \u00e0 r\u00e9aliser ce rapport chaque ann\u00e9e. Les objectifs li\u00e9s \u00e0 ce travail sont d\u2019informer les citoyens, surveiller l\u2019\u00e9volution de la situation environnementale wallonne ainsi que d\u2019outiller les d\u00e9cideurs, experts et acteurs de l\u2019environnement dans la d\u00e9finition des politiques prioritaires \u00e0 mener et \u00e0 poursuivre.<br \/>\n\u00c0 ce propos, le rapport soul\u00e8ve la perte de biodiversit\u00e9 comme un probl\u00e8me majeur pour notre r\u00e9gion, comme pour le reste de l&rsquo;Europe. Un tiers de toutes les esp\u00e8ces animales et v\u00e9g\u00e9tales sont en danger d&rsquo;extinction en Wallonie.<br \/>\nUn nouveau site internet associ\u00e9 au rapport a par ailleurs \u00e9t\u00e9 inaugur\u00e9. Ce site offre la possibilit\u00e9 aux utilisateurs de composer leur propre rapport \u00e0 la carte, en s\u00e9lectionnant uniquement les fiches, graphes et couches cartographiques (personnalisables) qui les int\u00e9ressent. De plus, ce site permettra au DEMNA de publier les nouvelles donn\u00e9es disponibles en temps r\u00e9el sans attendre l\u2019\u00e9dition suivante de la version papier.<br \/>\nCommuniqu\u00e9 de presse du Ministre de l\u2019Environnement : \u00ab Pr\u00e9sentation du rapport sur l\u2019\u00e9tat de l\u2019environnement wallon 2017 \u00bb. 23\/01\/18.<\/p>","protected":false},"excerpt":{"rendered":"<p>Exemple de carte pr\u00e9sente dans le rapport, ici concernant la fragmentation des habitats \u00c0 la fin du mois de janvier dernier, le Ministre wallon de l\u2019Environnement Carlo Di Antonio a pr\u00e9sent\u00e9 la derni\u00e8re \u00e9dition du Rapport sur l\u2019\u00c9tat de l\u2019Environnement wallon. Ce rapport, fruit d\u2019un travail de compilation r\u00e9alis\u00e9 en concertation avec de nombreux partenaires [&hellip;]<\/p>","protected":false},"featured_media":0,"template":"","categories":[50],"acf":[],"yoast_head":"<!-- This site is optimized with the Yoast SEO plugin v23.2 - https:\/\/yoast.com\/wordpress\/plugins\/seo\/ -->\n<title>L\u2019\u00e9tat de l\u2019environnement wallon 2017 - For\u00eat.Nature<\/title>\n<meta name=\"robots\" content=\"index, follow, max-snippet:-1, max-image-preview:large, max-video-preview:-1\" \/>\n<link rel=\"canonical\" href=\"https:\/\/foretnature.be\/en\/resume-foret-mail\/letat-de-lenvironnement-wallon-2017\/\" \/>\n<meta property=\"og:locale\" content=\"en_GB\" \/>\n<meta property=\"og:type\" content=\"article\" \/>\n<meta property=\"og:title\" content=\"L\u2019\u00e9tat de l\u2019environnement wallon 2017 - For\u00eat.Nature\" \/>\n<meta property=\"og:description\" content=\"Exemple de carte pr\u00e9sente dans le rapport, ici concernant la fragmentation des habitats \u00c0 la fin du mois de janvier dernier, le Ministre wallon de l\u2019Environnement Carlo Di Antonio a pr\u00e9sent\u00e9 la derni\u00e8re \u00e9dition du Rapport sur l\u2019\u00c9tat de l\u2019Environnement wallon. Ce rapport, fruit d\u2019un travail de compilation r\u00e9alis\u00e9 en concertation avec de nombreux partenaires [&hellip;]\" \/>\n<meta property=\"og:url\" content=\"https:\/\/foretnature.be\/en\/resume-foret-mail\/letat-de-lenvironnement-wallon-2017\/\" \/>\n<meta property=\"og:site_name\" content=\"For\u00eat.Nature\" \/>\n<meta name=\"twitter:card\" content=\"summary_large_image\" \/>\n<meta name=\"twitter:label1\" content=\"Estimated reading time\" \/>\n\t<meta name=\"twitter:data1\" content=\"2 minutes\" \/>\n<script type=\"application\/ld+json\" class=\"yoast-schema-graph\">{\"@context\":\"https:\/\/schema.org\",\"@graph\":[{\"@type\":\"WebPage\",\"@id\":\"https:\/\/foretnature.be\/resume-foret-mail\/letat-de-lenvironnement-wallon-2017\/\",\"url\":\"https:\/\/foretnature.be\/resume-foret-mail\/letat-de-lenvironnement-wallon-2017\/\",\"name\":\"L\u2019\u00e9tat de l\u2019environnement wallon 2017 - For\u00eat.Nature\",\"isPartOf\":{\"@id\":\"https:\/\/foretnature.be\/en\/#website\"},\"datePublished\":\"2021-09-10T09:45:19+00:00\",\"dateModified\":\"2021-09-10T09:45:19+00:00\",\"breadcrumb\":{\"@id\":\"https:\/\/foretnature.be\/resume-foret-mail\/letat-de-lenvironnement-wallon-2017\/#breadcrumb\"},\"inLanguage\":\"en-GB\",\"potentialAction\":[{\"@type\":\"ReadAction\",\"target\":[\"https:\/\/foretnature.be\/resume-foret-mail\/letat-de-lenvironnement-wallon-2017\/\"]}]},{\"@type\":\"BreadcrumbList\",\"@id\":\"https:\/\/foretnature.be\/resume-foret-mail\/letat-de-lenvironnement-wallon-2017\/#breadcrumb\",\"itemListElement\":[{\"@type\":\"ListItem\",\"position\":1,\"name\":\"Home\",\"item\":\"https:\/\/foretnature.be\/en\/\"},{\"@type\":\"ListItem\",\"position\":2,\"name\":\"L\u2019\u00e9tat de l\u2019environnement wallon 2017\"}]},{\"@type\":\"WebSite\",\"@id\":\"https:\/\/foretnature.be\/en\/#website\",\"url\":\"https:\/\/foretnature.be\/en\/\",\"name\":\"For\u00eat.Nature\",\"description\":\"Une \u00e9quipe technique au service de la for\u00eat\",\"publisher\":{\"@id\":\"https:\/\/foretnature.be\/en\/#organization\"},\"potentialAction\":[{\"@type\":\"SearchAction\",\"target\":{\"@type\":\"EntryPoint\",\"urlTemplate\":\"https:\/\/foretnature.be\/en\/?s={search_term_string}\"},\"query-input\":\"required name=search_term_string\"}],\"inLanguage\":\"en-GB\"},{\"@type\":\"Organization\",\"@id\":\"https:\/\/foretnature.be\/en\/#organization\",\"name\":\"For\u00eat.Nature\",\"url\":\"https:\/\/foretnature.be\/en\/\",\"logo\":{\"@type\":\"ImageObject\",\"inLanguage\":\"en-GB\",\"@id\":\"https:\/\/foretnature.be\/en\/#\/schema\/logo\/image\/\",\"url\":\"https:\/\/foretnature.be\/wp-content\/uploads\/2021\/01\/logoFOblanc.png\",\"contentUrl\":\"https:\/\/foretnature.be\/wp-content\/uploads\/2021\/01\/logoFOblanc.png\",\"width\":300,\"height\":151,\"caption\":\"For\u00eat.Nature\"},\"image\":{\"@id\":\"https:\/\/foretnature.be\/en\/#\/schema\/logo\/image\/\"}}]}<\/script>\n<!-- \/ Yoast SEO plugin. -->","yoast_head_json":{"title":"L\u2019\u00e9tat de l\u2019environnement wallon 2017 - For\u00eat.Nature","robots":{"index":"index","follow":"follow","max-snippet":"max-snippet:-1","max-image-preview":"max-image-preview:large","max-video-preview":"max-video-preview:-1"},"canonical":"https:\/\/foretnature.be\/en\/resume-foret-mail\/letat-de-lenvironnement-wallon-2017\/","og_locale":"en_GB","og_type":"article","og_title":"L\u2019\u00e9tat de l\u2019environnement wallon 2017 - For\u00eat.Nature","og_description":"Exemple de carte pr\u00e9sente dans le rapport, ici concernant la fragmentation des habitats \u00c0 la fin du mois de janvier dernier, le Ministre wallon de l\u2019Environnement Carlo Di Antonio a pr\u00e9sent\u00e9 la derni\u00e8re \u00e9dition du Rapport sur l\u2019\u00c9tat de l\u2019Environnement wallon. Ce rapport, fruit d\u2019un travail de compilation r\u00e9alis\u00e9 en concertation avec de nombreux partenaires [&hellip;]","og_url":"https:\/\/foretnature.be\/en\/resume-foret-mail\/letat-de-lenvironnement-wallon-2017\/","og_site_name":"For\u00eat.Nature","twitter_card":"summary_large_image","twitter_misc":{"Estimated reading time":"2 minutes"},"schema":{"@context":"https:\/\/schema.org","@graph":[{"@type":"WebPage","@id":"https:\/\/foretnature.be\/resume-foret-mail\/letat-de-lenvironnement-wallon-2017\/","url":"https:\/\/foretnature.be\/resume-foret-mail\/letat-de-lenvironnement-wallon-2017\/","name":"L\u2019\u00e9tat de l\u2019environnement wallon 2017 - For\u00eat.Nature","isPartOf":{"@id":"https:\/\/foretnature.be\/en\/#website"},"datePublished":"2021-09-10T09:45:19+00:00","dateModified":"2021-09-10T09:45:19+00:00","breadcrumb":{"@id":"https:\/\/foretnature.be\/resume-foret-mail\/letat-de-lenvironnement-wallon-2017\/#breadcrumb"},"inLanguage":"en-GB","potentialAction":[{"@type":"ReadAction","target":["https:\/\/foretnature.be\/resume-foret-mail\/letat-de-lenvironnement-wallon-2017\/"]}]},{"@type":"BreadcrumbList","@id":"https:\/\/foretnature.be\/resume-foret-mail\/letat-de-lenvironnement-wallon-2017\/#breadcrumb","itemListElement":[{"@type":"ListItem","position":1,"name":"Home","item":"https:\/\/foretnature.be\/en\/"},{"@type":"ListItem","position":2,"name":"L\u2019\u00e9tat de l\u2019environnement wallon 2017"}]},{"@type":"WebSite","@id":"https:\/\/foretnature.be\/en\/#website","url":"https:\/\/foretnature.be\/en\/","name":"For\u00eat.Nature","description":"Une \u00e9quipe technique au service de la for\u00eat","publisher":{"@id":"https:\/\/foretnature.be\/en\/#organization"},"potentialAction":[{"@type":"SearchAction","target":{"@type":"EntryPoint","urlTemplate":"https:\/\/foretnature.be\/en\/?s={search_term_string}"},"query-input":"required name=search_term_string"}],"inLanguage":"en-GB"},{"@type":"Organization","@id":"https:\/\/foretnature.be\/en\/#organization","name":"For\u00eat.Nature","url":"https:\/\/foretnature.be\/en\/","logo":{"@type":"ImageObject","inLanguage":"en-GB","@id":"https:\/\/foretnature.be\/en\/#\/schema\/logo\/image\/","url":"https:\/\/foretnature.be\/wp-content\/uploads\/2021\/01\/logoFOblanc.png","contentUrl":"https:\/\/foretnature.be\/wp-content\/uploads\/2021\/01\/logoFOblanc.png","width":300,"height":151,"caption":"For\u00eat.Nature"},"image":{"@id":"https:\/\/foretnature.be\/en\/#\/schema\/logo\/image\/"}}]}},"_links":{"self":[{"href":"https:\/\/foretnature.be\/en\/wp-json\/wp\/v2\/resume-foret-mail\/34306"}],"collection":[{"href":"https:\/\/foretnature.be\/en\/wp-json\/wp\/v2\/resume-foret-mail"}],"about":[{"href":"https:\/\/foretnature.be\/en\/wp-json\/wp\/v2\/types\/resume-foret-mail"}],"version-history":[{"count":0,"href":"https:\/\/foretnature.be\/en\/wp-json\/wp\/v2\/resume-foret-mail\/34306\/revisions"}],"wp:attachment":[{"href":"https:\/\/foretnature.be\/en\/wp-json\/wp\/v2\/media?parent=34306"}],"wp:term":[{"taxonomy":"category","embeddable":true,"href":"https:\/\/foretnature.be\/en\/wp-json\/wp\/v2\/categories?post=34306"}],"curies":[{"name":"wp","href":"https:\/\/api.w.org\/{rel}","templated":true}]}}