{"id":34304,"date":"2021-09-10T11:45:19","date_gmt":"2021-09-10T09:45:19","guid":{"rendered":"https:\/\/foretnature.be\/resume-foret-mail\/un-parc-a-grumes-en-wallonie-enfin\/"},"modified":"2021-09-10T11:45:19","modified_gmt":"2021-09-10T09:45:19","slug":"un-parc-a-grumes-en-wallonie-enfin","status":"publish","type":"resume-foret-mail","link":"https:\/\/foretnature.be\/en\/resume-foret-mail\/un-parc-a-grumes-en-wallonie-enfin\/","title":{"rendered":"Un parc \u00e0 grumes en Wallonie, enfin !"},"content":{"rendered":"<p>Les 5 ch\u00eanes ardennais vendus par le DNF en 2013 \u00e0 Saint-Avold. Prix moyens\u00a0: 1289 \u20ac\/m\u00b3 !<br \/>\nSuite \u00e0 sa visite sur le parc \u00e0 grumes de Saint-Avold, le Ministre Ren\u00e9 Collin souhaite que le DNF en installe un en Wallonie. Ce type de vente sur parc est destin\u00e9 \u00e0 exposer des bois de tr\u00e8s haute qualit\u00e9 pour les acheteurs de bois les plus exigeants. Il est d\u00e9j\u00e0 pratiqu\u00e9 en France et en Allemagne (ventes Franco-allemandes de feuillus pr\u00e9cieux \u00e0 Saint-Avold et Sarrebruck, par exemple). Cinq ch\u00eanes issus de la for\u00eat domaniale de Saint-Michel (cantonnement de Nassogne) y avaient \u00e9t\u00e9 vendus en 2013 et avaient ainsi d\u00e9montr\u00e9 la pertinence d\u2019un telle d\u00e9marche.<br \/>\nEn Wallonie, le parc \u00e0 grumes ouvrira au printemps 2019 et exposera un maximum de 300 m\u00b3 de grumes issues des for\u00eats domaniales et communales.<br \/>\nLe projet sera suivi et \u00e9valu\u00e9 par l\u2019Office \u00e9conomique wallon du Bois.<br \/>\nLe Soir 26\/02\/2018 et Vers l\u2019Avenir 24\/02\/2018.<\/p>","protected":false},"excerpt":{"rendered":"<p>Les 5 ch\u00eanes ardennais vendus par le DNF en 2013 \u00e0 Saint-Avold. Prix moyens\u00a0: 1289 \u20ac\/m\u00b3 ! Suite \u00e0 sa visite sur le parc \u00e0 grumes de Saint-Avold, le Ministre Ren\u00e9 Collin souhaite que le DNF en installe un en Wallonie. Ce type de vente sur parc est destin\u00e9 \u00e0 exposer des bois de tr\u00e8s [&hellip;]<\/p>","protected":false},"featured_media":0,"template":"","categories":[50],"acf":[],"yoast_head":"<!-- This site is optimized with the Yoast SEO plugin v23.2 - https:\/\/yoast.com\/wordpress\/plugins\/seo\/ -->\n<title>Un parc \u00e0 grumes en Wallonie, enfin ! - For\u00eat.Nature<\/title>\n<meta name=\"robots\" content=\"index, follow, max-snippet:-1, max-image-preview:large, max-video-preview:-1\" \/>\n<link rel=\"canonical\" href=\"https:\/\/foretnature.be\/en\/resume-foret-mail\/un-parc-a-grumes-en-wallonie-enfin\/\" \/>\n<meta property=\"og:locale\" content=\"en_GB\" \/>\n<meta property=\"og:type\" content=\"article\" \/>\n<meta property=\"og:title\" content=\"Un parc \u00e0 grumes en Wallonie, enfin ! - For\u00eat.Nature\" \/>\n<meta property=\"og:description\" content=\"Les 5 ch\u00eanes ardennais vendus par le DNF en 2013 \u00e0 Saint-Avold. Prix moyens\u00a0: 1289 \u20ac\/m\u00b3 ! Suite \u00e0 sa visite sur le parc \u00e0 grumes de Saint-Avold, le Ministre Ren\u00e9 Collin souhaite que le DNF en installe un en Wallonie. Ce type de vente sur parc est destin\u00e9 \u00e0 exposer des bois de tr\u00e8s [&hellip;]\" \/>\n<meta property=\"og:url\" content=\"https:\/\/foretnature.be\/en\/resume-foret-mail\/un-parc-a-grumes-en-wallonie-enfin\/\" \/>\n<meta property=\"og:site_name\" content=\"For\u00eat.Nature\" \/>\n<meta name=\"twitter:card\" content=\"summary_large_image\" \/>\n<meta name=\"twitter:label1\" content=\"Estimated reading time\" \/>\n\t<meta name=\"twitter:data1\" content=\"1 minute\" \/>\n<script type=\"application\/ld+json\" class=\"yoast-schema-graph\">{\"@context\":\"https:\/\/schema.org\",\"@graph\":[{\"@type\":\"WebPage\",\"@id\":\"https:\/\/foretnature.be\/resume-foret-mail\/un-parc-a-grumes-en-wallonie-enfin\/\",\"url\":\"https:\/\/foretnature.be\/resume-foret-mail\/un-parc-a-grumes-en-wallonie-enfin\/\",\"name\":\"Un parc \u00e0 grumes en Wallonie, enfin ! - For\u00eat.Nature\",\"isPartOf\":{\"@id\":\"https:\/\/foretnature.be\/en\/#website\"},\"datePublished\":\"2021-09-10T09:45:19+00:00\",\"dateModified\":\"2021-09-10T09:45:19+00:00\",\"breadcrumb\":{\"@id\":\"https:\/\/foretnature.be\/resume-foret-mail\/un-parc-a-grumes-en-wallonie-enfin\/#breadcrumb\"},\"inLanguage\":\"en-GB\",\"potentialAction\":[{\"@type\":\"ReadAction\",\"target\":[\"https:\/\/foretnature.be\/resume-foret-mail\/un-parc-a-grumes-en-wallonie-enfin\/\"]}]},{\"@type\":\"BreadcrumbList\",\"@id\":\"https:\/\/foretnature.be\/resume-foret-mail\/un-parc-a-grumes-en-wallonie-enfin\/#breadcrumb\",\"itemListElement\":[{\"@type\":\"ListItem\",\"position\":1,\"name\":\"Home\",\"item\":\"https:\/\/foretnature.be\/en\/\"},{\"@type\":\"ListItem\",\"position\":2,\"name\":\"Un parc \u00e0 grumes en Wallonie, enfin !\"}]},{\"@type\":\"WebSite\",\"@id\":\"https:\/\/foretnature.be\/en\/#website\",\"url\":\"https:\/\/foretnature.be\/en\/\",\"name\":\"For\u00eat.Nature\",\"description\":\"Une \u00e9quipe technique au service de la for\u00eat\",\"publisher\":{\"@id\":\"https:\/\/foretnature.be\/en\/#organization\"},\"potentialAction\":[{\"@type\":\"SearchAction\",\"target\":{\"@type\":\"EntryPoint\",\"urlTemplate\":\"https:\/\/foretnature.be\/en\/?s={search_term_string}\"},\"query-input\":\"required name=search_term_string\"}],\"inLanguage\":\"en-GB\"},{\"@type\":\"Organization\",\"@id\":\"https:\/\/foretnature.be\/en\/#organization\",\"name\":\"For\u00eat.Nature\",\"url\":\"https:\/\/foretnature.be\/en\/\",\"logo\":{\"@type\":\"ImageObject\",\"inLanguage\":\"en-GB\",\"@id\":\"https:\/\/foretnature.be\/en\/#\/schema\/logo\/image\/\",\"url\":\"https:\/\/foretnature.be\/wp-content\/uploads\/2021\/01\/logoFOblanc.png\",\"contentUrl\":\"https:\/\/foretnature.be\/wp-content\/uploads\/2021\/01\/logoFOblanc.png\",\"width\":300,\"height\":151,\"caption\":\"For\u00eat.Nature\"},\"image\":{\"@id\":\"https:\/\/foretnature.be\/en\/#\/schema\/logo\/image\/\"}}]}<\/script>\n<!-- \/ Yoast SEO plugin. -->","yoast_head_json":{"title":"Un parc \u00e0 grumes en Wallonie, enfin ! - For\u00eat.Nature","robots":{"index":"index","follow":"follow","max-snippet":"max-snippet:-1","max-image-preview":"max-image-preview:large","max-video-preview":"max-video-preview:-1"},"canonical":"https:\/\/foretnature.be\/en\/resume-foret-mail\/un-parc-a-grumes-en-wallonie-enfin\/","og_locale":"en_GB","og_type":"article","og_title":"Un parc \u00e0 grumes en Wallonie, enfin ! - For\u00eat.Nature","og_description":"Les 5 ch\u00eanes ardennais vendus par le DNF en 2013 \u00e0 Saint-Avold. Prix moyens\u00a0: 1289 \u20ac\/m\u00b3 ! Suite \u00e0 sa visite sur le parc \u00e0 grumes de Saint-Avold, le Ministre Ren\u00e9 Collin souhaite que le DNF en installe un en Wallonie. Ce type de vente sur parc est destin\u00e9 \u00e0 exposer des bois de tr\u00e8s [&hellip;]","og_url":"https:\/\/foretnature.be\/en\/resume-foret-mail\/un-parc-a-grumes-en-wallonie-enfin\/","og_site_name":"For\u00eat.Nature","twitter_card":"summary_large_image","twitter_misc":{"Estimated reading time":"1 minute"},"schema":{"@context":"https:\/\/schema.org","@graph":[{"@type":"WebPage","@id":"https:\/\/foretnature.be\/resume-foret-mail\/un-parc-a-grumes-en-wallonie-enfin\/","url":"https:\/\/foretnature.be\/resume-foret-mail\/un-parc-a-grumes-en-wallonie-enfin\/","name":"Un parc \u00e0 grumes en Wallonie, enfin ! - For\u00eat.Nature","isPartOf":{"@id":"https:\/\/foretnature.be\/en\/#website"},"datePublished":"2021-09-10T09:45:19+00:00","dateModified":"2021-09-10T09:45:19+00:00","breadcrumb":{"@id":"https:\/\/foretnature.be\/resume-foret-mail\/un-parc-a-grumes-en-wallonie-enfin\/#breadcrumb"},"inLanguage":"en-GB","potentialAction":[{"@type":"ReadAction","target":["https:\/\/foretnature.be\/resume-foret-mail\/un-parc-a-grumes-en-wallonie-enfin\/"]}]},{"@type":"BreadcrumbList","@id":"https:\/\/foretnature.be\/resume-foret-mail\/un-parc-a-grumes-en-wallonie-enfin\/#breadcrumb","itemListElement":[{"@type":"ListItem","position":1,"name":"Home","item":"https:\/\/foretnature.be\/en\/"},{"@type":"ListItem","position":2,"name":"Un parc \u00e0 grumes en Wallonie, enfin !"}]},{"@type":"WebSite","@id":"https:\/\/foretnature.be\/en\/#website","url":"https:\/\/foretnature.be\/en\/","name":"For\u00eat.Nature","description":"Une \u00e9quipe technique au service de la for\u00eat","publisher":{"@id":"https:\/\/foretnature.be\/en\/#organization"},"potentialAction":[{"@type":"SearchAction","target":{"@type":"EntryPoint","urlTemplate":"https:\/\/foretnature.be\/en\/?s={search_term_string}"},"query-input":"required name=search_term_string"}],"inLanguage":"en-GB"},{"@type":"Organization","@id":"https:\/\/foretnature.be\/en\/#organization","name":"For\u00eat.Nature","url":"https:\/\/foretnature.be\/en\/","logo":{"@type":"ImageObject","inLanguage":"en-GB","@id":"https:\/\/foretnature.be\/en\/#\/schema\/logo\/image\/","url":"https:\/\/foretnature.be\/wp-content\/uploads\/2021\/01\/logoFOblanc.png","contentUrl":"https:\/\/foretnature.be\/wp-content\/uploads\/2021\/01\/logoFOblanc.png","width":300,"height":151,"caption":"For\u00eat.Nature"},"image":{"@id":"https:\/\/foretnature.be\/en\/#\/schema\/logo\/image\/"}}]}},"_links":{"self":[{"href":"https:\/\/foretnature.be\/en\/wp-json\/wp\/v2\/resume-foret-mail\/34304"}],"collection":[{"href":"https:\/\/foretnature.be\/en\/wp-json\/wp\/v2\/resume-foret-mail"}],"about":[{"href":"https:\/\/foretnature.be\/en\/wp-json\/wp\/v2\/types\/resume-foret-mail"}],"version-history":[{"count":0,"href":"https:\/\/foretnature.be\/en\/wp-json\/wp\/v2\/resume-foret-mail\/34304\/revisions"}],"wp:attachment":[{"href":"https:\/\/foretnature.be\/en\/wp-json\/wp\/v2\/media?parent=34304"}],"wp:term":[{"taxonomy":"category","embeddable":true,"href":"https:\/\/foretnature.be\/en\/wp-json\/wp\/v2\/categories?post=34304"}],"curies":[{"name":"wp","href":"https:\/\/api.w.org\/{rel}","templated":true}]}}