{"id":34299,"date":"2021-09-10T11:45:19","date_gmt":"2021-09-10T09:45:19","guid":{"rendered":"https:\/\/foretnature.be\/resume-foret-mail\/video-le-projet-life-elia-rte\/"},"modified":"2021-09-10T11:45:19","modified_gmt":"2021-09-10T09:45:19","slug":"video-le-projet-life-elia-rte","status":"publish","type":"resume-foret-mail","link":"https:\/\/foretnature.be\/en\/resume-foret-mail\/video-le-projet-life-elia-rte\/","title":{"rendered":"Vid\u00e9o : Le projet Life Elia-RTE"},"content":{"rendered":"<p>Voici la vid\u00e9o (12&prime;) du projet LIFE Elia-RTE. L&rsquo;objectif principal du projet est la transformation des emprises foresti\u00e8res des trac\u00e9s de lignes \u00e0 haute tension en corridors \u00e9cologiques en Belgique et en France. Les actions de restauration visent \u00e0 mettre en place des pratiques innovantes pour la gestion de ces couloirs verts en for\u00eat, et de sensibiliser diff\u00e9rents publics \u00e0 l&rsquo;importance de la biodiversit\u00e9 dans ces habitats lin\u00e9aires.<br \/>\nLife Elia-RTE.<\/p>","protected":false},"excerpt":{"rendered":"<p>Voici la vid\u00e9o (12&prime;) du projet LIFE Elia-RTE. L&rsquo;objectif principal du projet est la transformation des emprises foresti\u00e8res des trac\u00e9s de lignes \u00e0 haute tension en corridors \u00e9cologiques en Belgique et en France. Les actions de restauration visent \u00e0 mettre en place des pratiques innovantes pour la gestion de ces couloirs verts en for\u00eat, et [&hellip;]<\/p>","protected":false},"featured_media":0,"template":"","categories":[50],"acf":[],"yoast_head":"<!-- This site is optimized with the Yoast SEO plugin v23.2 - https:\/\/yoast.com\/wordpress\/plugins\/seo\/ -->\n<title>Vid\u00e9o : Le projet Life Elia-RTE - For\u00eat.Nature<\/title>\n<meta name=\"robots\" content=\"index, follow, max-snippet:-1, max-image-preview:large, max-video-preview:-1\" \/>\n<link rel=\"canonical\" href=\"https:\/\/foretnature.be\/en\/resume-foret-mail\/video-le-projet-life-elia-rte\/\" \/>\n<meta property=\"og:locale\" content=\"en_GB\" \/>\n<meta property=\"og:type\" content=\"article\" \/>\n<meta property=\"og:title\" content=\"Vid\u00e9o : Le projet Life Elia-RTE - For\u00eat.Nature\" \/>\n<meta property=\"og:description\" content=\"Voici la vid\u00e9o (12&prime;) du projet LIFE Elia-RTE. L&rsquo;objectif principal du projet est la transformation des emprises foresti\u00e8res des trac\u00e9s de lignes \u00e0 haute tension en corridors \u00e9cologiques en Belgique et en France. Les actions de restauration visent \u00e0 mettre en place des pratiques innovantes pour la gestion de ces couloirs verts en for\u00eat, et [&hellip;]\" \/>\n<meta property=\"og:url\" content=\"https:\/\/foretnature.be\/en\/resume-foret-mail\/video-le-projet-life-elia-rte\/\" \/>\n<meta property=\"og:site_name\" content=\"For\u00eat.Nature\" \/>\n<meta name=\"twitter:card\" content=\"summary_large_image\" \/>\n<script type=\"application\/ld+json\" class=\"yoast-schema-graph\">{\"@context\":\"https:\/\/schema.org\",\"@graph\":[{\"@type\":\"WebPage\",\"@id\":\"https:\/\/foretnature.be\/resume-foret-mail\/video-le-projet-life-elia-rte\/\",\"url\":\"https:\/\/foretnature.be\/resume-foret-mail\/video-le-projet-life-elia-rte\/\",\"name\":\"Vid\u00e9o : Le projet Life Elia-RTE - For\u00eat.Nature\",\"isPartOf\":{\"@id\":\"https:\/\/foretnature.be\/en\/#website\"},\"datePublished\":\"2021-09-10T09:45:19+00:00\",\"dateModified\":\"2021-09-10T09:45:19+00:00\",\"breadcrumb\":{\"@id\":\"https:\/\/foretnature.be\/resume-foret-mail\/video-le-projet-life-elia-rte\/#breadcrumb\"},\"inLanguage\":\"en-GB\",\"potentialAction\":[{\"@type\":\"ReadAction\",\"target\":[\"https:\/\/foretnature.be\/resume-foret-mail\/video-le-projet-life-elia-rte\/\"]}]},{\"@type\":\"BreadcrumbList\",\"@id\":\"https:\/\/foretnature.be\/resume-foret-mail\/video-le-projet-life-elia-rte\/#breadcrumb\",\"itemListElement\":[{\"@type\":\"ListItem\",\"position\":1,\"name\":\"Home\",\"item\":\"https:\/\/foretnature.be\/en\/\"},{\"@type\":\"ListItem\",\"position\":2,\"name\":\"Vid\u00e9o : Le projet Life Elia-RTE\"}]},{\"@type\":\"WebSite\",\"@id\":\"https:\/\/foretnature.be\/en\/#website\",\"url\":\"https:\/\/foretnature.be\/en\/\",\"name\":\"For\u00eat.Nature\",\"description\":\"Une \u00e9quipe technique au service de la for\u00eat\",\"publisher\":{\"@id\":\"https:\/\/foretnature.be\/en\/#organization\"},\"potentialAction\":[{\"@type\":\"SearchAction\",\"target\":{\"@type\":\"EntryPoint\",\"urlTemplate\":\"https:\/\/foretnature.be\/en\/?s={search_term_string}\"},\"query-input\":\"required name=search_term_string\"}],\"inLanguage\":\"en-GB\"},{\"@type\":\"Organization\",\"@id\":\"https:\/\/foretnature.be\/en\/#organization\",\"name\":\"For\u00eat.Nature\",\"url\":\"https:\/\/foretnature.be\/en\/\",\"logo\":{\"@type\":\"ImageObject\",\"inLanguage\":\"en-GB\",\"@id\":\"https:\/\/foretnature.be\/en\/#\/schema\/logo\/image\/\",\"url\":\"https:\/\/foretnature.be\/wp-content\/uploads\/2021\/01\/logoFOblanc.png\",\"contentUrl\":\"https:\/\/foretnature.be\/wp-content\/uploads\/2021\/01\/logoFOblanc.png\",\"width\":300,\"height\":151,\"caption\":\"For\u00eat.Nature\"},\"image\":{\"@id\":\"https:\/\/foretnature.be\/en\/#\/schema\/logo\/image\/\"}}]}<\/script>\n<!-- \/ Yoast SEO plugin. -->","yoast_head_json":{"title":"Vid\u00e9o : Le projet Life Elia-RTE - For\u00eat.Nature","robots":{"index":"index","follow":"follow","max-snippet":"max-snippet:-1","max-image-preview":"max-image-preview:large","max-video-preview":"max-video-preview:-1"},"canonical":"https:\/\/foretnature.be\/en\/resume-foret-mail\/video-le-projet-life-elia-rte\/","og_locale":"en_GB","og_type":"article","og_title":"Vid\u00e9o : Le projet Life Elia-RTE - For\u00eat.Nature","og_description":"Voici la vid\u00e9o (12&prime;) du projet LIFE Elia-RTE. L&rsquo;objectif principal du projet est la transformation des emprises foresti\u00e8res des trac\u00e9s de lignes \u00e0 haute tension en corridors \u00e9cologiques en Belgique et en France. Les actions de restauration visent \u00e0 mettre en place des pratiques innovantes pour la gestion de ces couloirs verts en for\u00eat, et [&hellip;]","og_url":"https:\/\/foretnature.be\/en\/resume-foret-mail\/video-le-projet-life-elia-rte\/","og_site_name":"For\u00eat.Nature","twitter_card":"summary_large_image","schema":{"@context":"https:\/\/schema.org","@graph":[{"@type":"WebPage","@id":"https:\/\/foretnature.be\/resume-foret-mail\/video-le-projet-life-elia-rte\/","url":"https:\/\/foretnature.be\/resume-foret-mail\/video-le-projet-life-elia-rte\/","name":"Vid\u00e9o : Le projet Life Elia-RTE - For\u00eat.Nature","isPartOf":{"@id":"https:\/\/foretnature.be\/en\/#website"},"datePublished":"2021-09-10T09:45:19+00:00","dateModified":"2021-09-10T09:45:19+00:00","breadcrumb":{"@id":"https:\/\/foretnature.be\/resume-foret-mail\/video-le-projet-life-elia-rte\/#breadcrumb"},"inLanguage":"en-GB","potentialAction":[{"@type":"ReadAction","target":["https:\/\/foretnature.be\/resume-foret-mail\/video-le-projet-life-elia-rte\/"]}]},{"@type":"BreadcrumbList","@id":"https:\/\/foretnature.be\/resume-foret-mail\/video-le-projet-life-elia-rte\/#breadcrumb","itemListElement":[{"@type":"ListItem","position":1,"name":"Home","item":"https:\/\/foretnature.be\/en\/"},{"@type":"ListItem","position":2,"name":"Vid\u00e9o : Le projet Life Elia-RTE"}]},{"@type":"WebSite","@id":"https:\/\/foretnature.be\/en\/#website","url":"https:\/\/foretnature.be\/en\/","name":"For\u00eat.Nature","description":"Une \u00e9quipe technique au service de la for\u00eat","publisher":{"@id":"https:\/\/foretnature.be\/en\/#organization"},"potentialAction":[{"@type":"SearchAction","target":{"@type":"EntryPoint","urlTemplate":"https:\/\/foretnature.be\/en\/?s={search_term_string}"},"query-input":"required name=search_term_string"}],"inLanguage":"en-GB"},{"@type":"Organization","@id":"https:\/\/foretnature.be\/en\/#organization","name":"For\u00eat.Nature","url":"https:\/\/foretnature.be\/en\/","logo":{"@type":"ImageObject","inLanguage":"en-GB","@id":"https:\/\/foretnature.be\/en\/#\/schema\/logo\/image\/","url":"https:\/\/foretnature.be\/wp-content\/uploads\/2021\/01\/logoFOblanc.png","contentUrl":"https:\/\/foretnature.be\/wp-content\/uploads\/2021\/01\/logoFOblanc.png","width":300,"height":151,"caption":"For\u00eat.Nature"},"image":{"@id":"https:\/\/foretnature.be\/en\/#\/schema\/logo\/image\/"}}]}},"_links":{"self":[{"href":"https:\/\/foretnature.be\/en\/wp-json\/wp\/v2\/resume-foret-mail\/34299"}],"collection":[{"href":"https:\/\/foretnature.be\/en\/wp-json\/wp\/v2\/resume-foret-mail"}],"about":[{"href":"https:\/\/foretnature.be\/en\/wp-json\/wp\/v2\/types\/resume-foret-mail"}],"version-history":[{"count":0,"href":"https:\/\/foretnature.be\/en\/wp-json\/wp\/v2\/resume-foret-mail\/34299\/revisions"}],"wp:attachment":[{"href":"https:\/\/foretnature.be\/en\/wp-json\/wp\/v2\/media?parent=34299"}],"wp:term":[{"taxonomy":"category","embeddable":true,"href":"https:\/\/foretnature.be\/en\/wp-json\/wp\/v2\/categories?post=34299"}],"curies":[{"name":"wp","href":"https:\/\/api.w.org\/{rel}","templated":true}]}}