{"id":34298,"date":"2021-09-10T11:45:19","date_gmt":"2021-09-10T09:45:19","guid":{"rendered":"https:\/\/foretnature.be\/resume-foret-mail\/la-foret-allemande-une-structure-de-plus-en-plus-diversifiee\/"},"modified":"2021-09-10T11:45:19","modified_gmt":"2021-09-10T09:45:19","slug":"la-foret-allemande-une-structure-de-plus-en-plus-diversifiee","status":"publish","type":"resume-foret-mail","link":"https:\/\/foretnature.be\/en\/resume-foret-mail\/la-foret-allemande-une-structure-de-plus-en-plus-diversifiee\/","title":{"rendered":"La for\u00eat allemande : une structure de plus en plus diversifi\u00e9e"},"content":{"rendered":"<p>La diversit\u00e9 en structure\u00a0des peuplements forestiers\u00a0fait partie int\u00e9grante des discussions actuelles en \u00e9cologie foresti\u00e8re. Des chercheurs allemands se sont pos\u00e9s la question de savoir si les donn\u00e9es de l&rsquo;Inventaire forestier national allemand (IFN) pouvaient servir \u00e0 \u00e9valuer la diversit\u00e9 structurelle des peuplements, tout en sachant que les indices de diversit\u00e9 ne font pas parti du protocole actuel de l&rsquo;IFN et n&rsquo;ont pas encore \u00e9t\u00e9 calcul\u00e9s \u00e0 partir des donn\u00e9es de l&rsquo;IFN.<br \/>\nDans le cadre de cette \u00e9tude, six indices de diversit\u00e9 structurelle (richesse sp\u00e9cifique, indice de Shanon, distance entre les arbres des placettes d\u2019inventaire, etc.)\u00a0ont \u00e9t\u00e9 appliqu\u00e9s aux donn\u00e9es de l\u2019IFN pour la p\u00e9riode 2002-2012. \u00c0 quelques exceptions pr\u00e8s, les r\u00e9sultats montrent une l\u00e9g\u00e8re tendance \u00e0 l&rsquo;augmentation de la diversit\u00e9 structurelle dans les for\u00eats allemandes, aussi bien dans les peuplements feuillus que r\u00e9sineux. Les r\u00e9sultats correspondent bien aux d\u00e9couvertes actuelles en mati\u00e8re d\u2019\u00e9cologie foresti\u00e8re et en sylviculture et pourraient constituer une premi\u00e8re \u00e9tape pour affiner les analyses et interpr\u00e9tation des donn\u00e9es de l&rsquo;IFN. Ces indices pourraient \u00eatre utiles dans les discussions futures sur la diversit\u00e9 structurelle dans les for\u00eats allemandes.<br \/>\nFischer C., M\u00f6lder A. (2017). Trend to increasing structural diversity in German forests: results from National Forest Inventories 2002 and 2012. Annals of Forest Science : DOI : 10.1007\/s13595-017-0675-5.<\/p>","protected":false},"excerpt":{"rendered":"<p>La diversit\u00e9 en structure\u00a0des peuplements forestiers\u00a0fait partie int\u00e9grante des discussions actuelles en \u00e9cologie foresti\u00e8re. Des chercheurs allemands se sont pos\u00e9s la question de savoir si les donn\u00e9es de l&rsquo;Inventaire forestier national allemand (IFN) pouvaient servir \u00e0 \u00e9valuer la diversit\u00e9 structurelle des peuplements, tout en sachant que les indices de diversit\u00e9 ne font pas parti du [&hellip;]<\/p>","protected":false},"featured_media":0,"template":"","categories":[50],"acf":[],"yoast_head":"<!-- This site is optimized with the Yoast SEO plugin v23.2 - https:\/\/yoast.com\/wordpress\/plugins\/seo\/ -->\n<title>La for\u00eat allemande : une structure de plus en plus diversifi\u00e9e - For\u00eat.Nature<\/title>\n<meta name=\"robots\" content=\"index, follow, max-snippet:-1, max-image-preview:large, max-video-preview:-1\" \/>\n<link rel=\"canonical\" href=\"https:\/\/foretnature.be\/en\/resume-foret-mail\/la-foret-allemande-une-structure-de-plus-en-plus-diversifiee\/\" \/>\n<meta property=\"og:locale\" content=\"en_GB\" \/>\n<meta property=\"og:type\" content=\"article\" \/>\n<meta property=\"og:title\" content=\"La for\u00eat allemande : une structure de plus en plus diversifi\u00e9e - For\u00eat.Nature\" \/>\n<meta property=\"og:description\" content=\"La diversit\u00e9 en structure\u00a0des peuplements forestiers\u00a0fait partie int\u00e9grante des discussions actuelles en \u00e9cologie foresti\u00e8re. Des chercheurs allemands se sont pos\u00e9s la question de savoir si les donn\u00e9es de l&rsquo;Inventaire forestier national allemand (IFN) pouvaient servir \u00e0 \u00e9valuer la diversit\u00e9 structurelle des peuplements, tout en sachant que les indices de diversit\u00e9 ne font pas parti du [&hellip;]\" \/>\n<meta property=\"og:url\" content=\"https:\/\/foretnature.be\/en\/resume-foret-mail\/la-foret-allemande-une-structure-de-plus-en-plus-diversifiee\/\" \/>\n<meta property=\"og:site_name\" content=\"For\u00eat.Nature\" \/>\n<meta name=\"twitter:card\" content=\"summary_large_image\" \/>\n<meta name=\"twitter:label1\" content=\"Estimated reading time\" \/>\n\t<meta name=\"twitter:data1\" content=\"1 minute\" \/>\n<script type=\"application\/ld+json\" class=\"yoast-schema-graph\">{\"@context\":\"https:\/\/schema.org\",\"@graph\":[{\"@type\":\"WebPage\",\"@id\":\"https:\/\/foretnature.be\/resume-foret-mail\/la-foret-allemande-une-structure-de-plus-en-plus-diversifiee\/\",\"url\":\"https:\/\/foretnature.be\/resume-foret-mail\/la-foret-allemande-une-structure-de-plus-en-plus-diversifiee\/\",\"name\":\"La for\u00eat allemande : une structure de plus en plus diversifi\u00e9e - For\u00eat.Nature\",\"isPartOf\":{\"@id\":\"https:\/\/foretnature.be\/en\/#website\"},\"datePublished\":\"2021-09-10T09:45:19+00:00\",\"dateModified\":\"2021-09-10T09:45:19+00:00\",\"breadcrumb\":{\"@id\":\"https:\/\/foretnature.be\/resume-foret-mail\/la-foret-allemande-une-structure-de-plus-en-plus-diversifiee\/#breadcrumb\"},\"inLanguage\":\"en-GB\",\"potentialAction\":[{\"@type\":\"ReadAction\",\"target\":[\"https:\/\/foretnature.be\/resume-foret-mail\/la-foret-allemande-une-structure-de-plus-en-plus-diversifiee\/\"]}]},{\"@type\":\"BreadcrumbList\",\"@id\":\"https:\/\/foretnature.be\/resume-foret-mail\/la-foret-allemande-une-structure-de-plus-en-plus-diversifiee\/#breadcrumb\",\"itemListElement\":[{\"@type\":\"ListItem\",\"position\":1,\"name\":\"Home\",\"item\":\"https:\/\/foretnature.be\/en\/\"},{\"@type\":\"ListItem\",\"position\":2,\"name\":\"La for\u00eat allemande : une structure de plus en plus diversifi\u00e9e\"}]},{\"@type\":\"WebSite\",\"@id\":\"https:\/\/foretnature.be\/en\/#website\",\"url\":\"https:\/\/foretnature.be\/en\/\",\"name\":\"For\u00eat.Nature\",\"description\":\"Une \u00e9quipe technique au service de la for\u00eat\",\"publisher\":{\"@id\":\"https:\/\/foretnature.be\/en\/#organization\"},\"potentialAction\":[{\"@type\":\"SearchAction\",\"target\":{\"@type\":\"EntryPoint\",\"urlTemplate\":\"https:\/\/foretnature.be\/en\/?s={search_term_string}\"},\"query-input\":\"required name=search_term_string\"}],\"inLanguage\":\"en-GB\"},{\"@type\":\"Organization\",\"@id\":\"https:\/\/foretnature.be\/en\/#organization\",\"name\":\"For\u00eat.Nature\",\"url\":\"https:\/\/foretnature.be\/en\/\",\"logo\":{\"@type\":\"ImageObject\",\"inLanguage\":\"en-GB\",\"@id\":\"https:\/\/foretnature.be\/en\/#\/schema\/logo\/image\/\",\"url\":\"https:\/\/foretnature.be\/wp-content\/uploads\/2021\/01\/logoFOblanc.png\",\"contentUrl\":\"https:\/\/foretnature.be\/wp-content\/uploads\/2021\/01\/logoFOblanc.png\",\"width\":300,\"height\":151,\"caption\":\"For\u00eat.Nature\"},\"image\":{\"@id\":\"https:\/\/foretnature.be\/en\/#\/schema\/logo\/image\/\"}}]}<\/script>\n<!-- \/ Yoast SEO plugin. -->","yoast_head_json":{"title":"La for\u00eat allemande : une structure de plus en plus diversifi\u00e9e - For\u00eat.Nature","robots":{"index":"index","follow":"follow","max-snippet":"max-snippet:-1","max-image-preview":"max-image-preview:large","max-video-preview":"max-video-preview:-1"},"canonical":"https:\/\/foretnature.be\/en\/resume-foret-mail\/la-foret-allemande-une-structure-de-plus-en-plus-diversifiee\/","og_locale":"en_GB","og_type":"article","og_title":"La for\u00eat allemande : une structure de plus en plus diversifi\u00e9e - For\u00eat.Nature","og_description":"La diversit\u00e9 en structure\u00a0des peuplements forestiers\u00a0fait partie int\u00e9grante des discussions actuelles en \u00e9cologie foresti\u00e8re. Des chercheurs allemands se sont pos\u00e9s la question de savoir si les donn\u00e9es de l&rsquo;Inventaire forestier national allemand (IFN) pouvaient servir \u00e0 \u00e9valuer la diversit\u00e9 structurelle des peuplements, tout en sachant que les indices de diversit\u00e9 ne font pas parti du [&hellip;]","og_url":"https:\/\/foretnature.be\/en\/resume-foret-mail\/la-foret-allemande-une-structure-de-plus-en-plus-diversifiee\/","og_site_name":"For\u00eat.Nature","twitter_card":"summary_large_image","twitter_misc":{"Estimated reading time":"1 minute"},"schema":{"@context":"https:\/\/schema.org","@graph":[{"@type":"WebPage","@id":"https:\/\/foretnature.be\/resume-foret-mail\/la-foret-allemande-une-structure-de-plus-en-plus-diversifiee\/","url":"https:\/\/foretnature.be\/resume-foret-mail\/la-foret-allemande-une-structure-de-plus-en-plus-diversifiee\/","name":"La for\u00eat allemande : une structure de plus en plus diversifi\u00e9e - For\u00eat.Nature","isPartOf":{"@id":"https:\/\/foretnature.be\/en\/#website"},"datePublished":"2021-09-10T09:45:19+00:00","dateModified":"2021-09-10T09:45:19+00:00","breadcrumb":{"@id":"https:\/\/foretnature.be\/resume-foret-mail\/la-foret-allemande-une-structure-de-plus-en-plus-diversifiee\/#breadcrumb"},"inLanguage":"en-GB","potentialAction":[{"@type":"ReadAction","target":["https:\/\/foretnature.be\/resume-foret-mail\/la-foret-allemande-une-structure-de-plus-en-plus-diversifiee\/"]}]},{"@type":"BreadcrumbList","@id":"https:\/\/foretnature.be\/resume-foret-mail\/la-foret-allemande-une-structure-de-plus-en-plus-diversifiee\/#breadcrumb","itemListElement":[{"@type":"ListItem","position":1,"name":"Home","item":"https:\/\/foretnature.be\/en\/"},{"@type":"ListItem","position":2,"name":"La for\u00eat allemande : une structure de plus en plus diversifi\u00e9e"}]},{"@type":"WebSite","@id":"https:\/\/foretnature.be\/en\/#website","url":"https:\/\/foretnature.be\/en\/","name":"For\u00eat.Nature","description":"Une \u00e9quipe technique au service de la for\u00eat","publisher":{"@id":"https:\/\/foretnature.be\/en\/#organization"},"potentialAction":[{"@type":"SearchAction","target":{"@type":"EntryPoint","urlTemplate":"https:\/\/foretnature.be\/en\/?s={search_term_string}"},"query-input":"required name=search_term_string"}],"inLanguage":"en-GB"},{"@type":"Organization","@id":"https:\/\/foretnature.be\/en\/#organization","name":"For\u00eat.Nature","url":"https:\/\/foretnature.be\/en\/","logo":{"@type":"ImageObject","inLanguage":"en-GB","@id":"https:\/\/foretnature.be\/en\/#\/schema\/logo\/image\/","url":"https:\/\/foretnature.be\/wp-content\/uploads\/2021\/01\/logoFOblanc.png","contentUrl":"https:\/\/foretnature.be\/wp-content\/uploads\/2021\/01\/logoFOblanc.png","width":300,"height":151,"caption":"For\u00eat.Nature"},"image":{"@id":"https:\/\/foretnature.be\/en\/#\/schema\/logo\/image\/"}}]}},"_links":{"self":[{"href":"https:\/\/foretnature.be\/en\/wp-json\/wp\/v2\/resume-foret-mail\/34298"}],"collection":[{"href":"https:\/\/foretnature.be\/en\/wp-json\/wp\/v2\/resume-foret-mail"}],"about":[{"href":"https:\/\/foretnature.be\/en\/wp-json\/wp\/v2\/types\/resume-foret-mail"}],"version-history":[{"count":0,"href":"https:\/\/foretnature.be\/en\/wp-json\/wp\/v2\/resume-foret-mail\/34298\/revisions"}],"wp:attachment":[{"href":"https:\/\/foretnature.be\/en\/wp-json\/wp\/v2\/media?parent=34298"}],"wp:term":[{"taxonomy":"category","embeddable":true,"href":"https:\/\/foretnature.be\/en\/wp-json\/wp\/v2\/categories?post=34298"}],"curies":[{"name":"wp","href":"https:\/\/api.w.org\/{rel}","templated":true}]}}