{"id":34297,"date":"2021-09-10T11:45:19","date_gmt":"2021-09-10T09:45:19","guid":{"rendered":"https:\/\/foretnature.be\/resume-foret-mail\/la-cli-fi-une-nouvelle-facon-de-parler-du-changement-climatique\/"},"modified":"2021-09-10T11:45:19","modified_gmt":"2021-09-10T09:45:19","slug":"la-cli-fi-une-nouvelle-facon-de-parler-du-changement-climatique","status":"publish","type":"resume-foret-mail","link":"https:\/\/foretnature.be\/en\/resume-foret-mail\/la-cli-fi-une-nouvelle-facon-de-parler-du-changement-climatique\/","title":{"rendered":"La \u00ab cli-fi \u00bb, une nouvelle fa\u00e7on de parler du changement climatique"},"content":{"rendered":"<p>Reconnu aux \u00c9tats-Unis, ce genre litt\u00e9raire reste encore discret en langue fran\u00e7aise. Passer par l\u2019imaginaire pour exposer l\u2019ampleur de la crise environnementale semble pourtant efficace pour \u00e9veiller les consciences aux dangers climatiques. Apr\u00e8s les multiples cris d\u2019alarme des chercheurs, les rapports du GIEC et toutes les campagnes de sensibilisation \u00e0 la question du climat, on ne peut que se r\u00e9jouir de la pr\u00e9sence grandissante de la question climatique dans toutes formes d\u2019art. En peuplant d\u00e9sormais les imaginaires, elle devient de plus en plus difficile \u00e0 ignorer.<br \/>\nPerrin C. (2018). La \u00ab cli-fi \u00bb, une nouvelle fa\u00e7on de parler du changement climatique. The Conversation, 11\/01\/18.<\/p>","protected":false},"excerpt":{"rendered":"<p>Reconnu aux \u00c9tats-Unis, ce genre litt\u00e9raire reste encore discret en langue fran\u00e7aise. Passer par l\u2019imaginaire pour exposer l\u2019ampleur de la crise environnementale semble pourtant efficace pour \u00e9veiller les consciences aux dangers climatiques. Apr\u00e8s les multiples cris d\u2019alarme des chercheurs, les rapports du GIEC et toutes les campagnes de sensibilisation \u00e0 la question du climat, on [&hellip;]<\/p>","protected":false},"featured_media":0,"template":"","categories":[50],"acf":[],"yoast_head":"<!-- This site is optimized with the Yoast SEO plugin v23.2 - https:\/\/yoast.com\/wordpress\/plugins\/seo\/ -->\n<title>La \u00ab cli-fi \u00bb, une nouvelle fa\u00e7on de parler du changement climatique - For\u00eat.Nature<\/title>\n<meta name=\"robots\" content=\"index, follow, max-snippet:-1, max-image-preview:large, max-video-preview:-1\" \/>\n<link rel=\"canonical\" href=\"https:\/\/foretnature.be\/en\/resume-foret-mail\/la-cli-fi-une-nouvelle-facon-de-parler-du-changement-climatique\/\" \/>\n<meta property=\"og:locale\" content=\"en_GB\" \/>\n<meta property=\"og:type\" content=\"article\" \/>\n<meta property=\"og:title\" content=\"La \u00ab cli-fi \u00bb, une nouvelle fa\u00e7on de parler du changement climatique - For\u00eat.Nature\" \/>\n<meta property=\"og:description\" content=\"Reconnu aux \u00c9tats-Unis, ce genre litt\u00e9raire reste encore discret en langue fran\u00e7aise. Passer par l\u2019imaginaire pour exposer l\u2019ampleur de la crise environnementale semble pourtant efficace pour \u00e9veiller les consciences aux dangers climatiques. Apr\u00e8s les multiples cris d\u2019alarme des chercheurs, les rapports du GIEC et toutes les campagnes de sensibilisation \u00e0 la question du climat, on [&hellip;]\" \/>\n<meta property=\"og:url\" content=\"https:\/\/foretnature.be\/en\/resume-foret-mail\/la-cli-fi-une-nouvelle-facon-de-parler-du-changement-climatique\/\" \/>\n<meta property=\"og:site_name\" content=\"For\u00eat.Nature\" \/>\n<meta name=\"twitter:card\" content=\"summary_large_image\" \/>\n<meta name=\"twitter:label1\" content=\"Estimated reading time\" \/>\n\t<meta name=\"twitter:data1\" content=\"1 minute\" \/>\n<script type=\"application\/ld+json\" class=\"yoast-schema-graph\">{\"@context\":\"https:\/\/schema.org\",\"@graph\":[{\"@type\":\"WebPage\",\"@id\":\"https:\/\/foretnature.be\/resume-foret-mail\/la-cli-fi-une-nouvelle-facon-de-parler-du-changement-climatique\/\",\"url\":\"https:\/\/foretnature.be\/resume-foret-mail\/la-cli-fi-une-nouvelle-facon-de-parler-du-changement-climatique\/\",\"name\":\"La \u00ab cli-fi \u00bb, une nouvelle fa\u00e7on de parler du changement climatique - For\u00eat.Nature\",\"isPartOf\":{\"@id\":\"https:\/\/foretnature.be\/en\/#website\"},\"datePublished\":\"2021-09-10T09:45:19+00:00\",\"dateModified\":\"2021-09-10T09:45:19+00:00\",\"breadcrumb\":{\"@id\":\"https:\/\/foretnature.be\/resume-foret-mail\/la-cli-fi-une-nouvelle-facon-de-parler-du-changement-climatique\/#breadcrumb\"},\"inLanguage\":\"en-GB\",\"potentialAction\":[{\"@type\":\"ReadAction\",\"target\":[\"https:\/\/foretnature.be\/resume-foret-mail\/la-cli-fi-une-nouvelle-facon-de-parler-du-changement-climatique\/\"]}]},{\"@type\":\"BreadcrumbList\",\"@id\":\"https:\/\/foretnature.be\/resume-foret-mail\/la-cli-fi-une-nouvelle-facon-de-parler-du-changement-climatique\/#breadcrumb\",\"itemListElement\":[{\"@type\":\"ListItem\",\"position\":1,\"name\":\"Home\",\"item\":\"https:\/\/foretnature.be\/en\/\"},{\"@type\":\"ListItem\",\"position\":2,\"name\":\"La \u00ab cli-fi \u00bb, une nouvelle fa\u00e7on de parler du changement climatique\"}]},{\"@type\":\"WebSite\",\"@id\":\"https:\/\/foretnature.be\/en\/#website\",\"url\":\"https:\/\/foretnature.be\/en\/\",\"name\":\"For\u00eat.Nature\",\"description\":\"Une \u00e9quipe technique au service de la for\u00eat\",\"publisher\":{\"@id\":\"https:\/\/foretnature.be\/en\/#organization\"},\"potentialAction\":[{\"@type\":\"SearchAction\",\"target\":{\"@type\":\"EntryPoint\",\"urlTemplate\":\"https:\/\/foretnature.be\/en\/?s={search_term_string}\"},\"query-input\":\"required name=search_term_string\"}],\"inLanguage\":\"en-GB\"},{\"@type\":\"Organization\",\"@id\":\"https:\/\/foretnature.be\/en\/#organization\",\"name\":\"For\u00eat.Nature\",\"url\":\"https:\/\/foretnature.be\/en\/\",\"logo\":{\"@type\":\"ImageObject\",\"inLanguage\":\"en-GB\",\"@id\":\"https:\/\/foretnature.be\/en\/#\/schema\/logo\/image\/\",\"url\":\"https:\/\/foretnature.be\/wp-content\/uploads\/2021\/01\/logoFOblanc.png\",\"contentUrl\":\"https:\/\/foretnature.be\/wp-content\/uploads\/2021\/01\/logoFOblanc.png\",\"width\":300,\"height\":151,\"caption\":\"For\u00eat.Nature\"},\"image\":{\"@id\":\"https:\/\/foretnature.be\/en\/#\/schema\/logo\/image\/\"}}]}<\/script>\n<!-- \/ Yoast SEO plugin. -->","yoast_head_json":{"title":"La \u00ab cli-fi \u00bb, une nouvelle fa\u00e7on de parler du changement climatique - For\u00eat.Nature","robots":{"index":"index","follow":"follow","max-snippet":"max-snippet:-1","max-image-preview":"max-image-preview:large","max-video-preview":"max-video-preview:-1"},"canonical":"https:\/\/foretnature.be\/en\/resume-foret-mail\/la-cli-fi-une-nouvelle-facon-de-parler-du-changement-climatique\/","og_locale":"en_GB","og_type":"article","og_title":"La \u00ab cli-fi \u00bb, une nouvelle fa\u00e7on de parler du changement climatique - For\u00eat.Nature","og_description":"Reconnu aux \u00c9tats-Unis, ce genre litt\u00e9raire reste encore discret en langue fran\u00e7aise. Passer par l\u2019imaginaire pour exposer l\u2019ampleur de la crise environnementale semble pourtant efficace pour \u00e9veiller les consciences aux dangers climatiques. Apr\u00e8s les multiples cris d\u2019alarme des chercheurs, les rapports du GIEC et toutes les campagnes de sensibilisation \u00e0 la question du climat, on [&hellip;]","og_url":"https:\/\/foretnature.be\/en\/resume-foret-mail\/la-cli-fi-une-nouvelle-facon-de-parler-du-changement-climatique\/","og_site_name":"For\u00eat.Nature","twitter_card":"summary_large_image","twitter_misc":{"Estimated reading time":"1 minute"},"schema":{"@context":"https:\/\/schema.org","@graph":[{"@type":"WebPage","@id":"https:\/\/foretnature.be\/resume-foret-mail\/la-cli-fi-une-nouvelle-facon-de-parler-du-changement-climatique\/","url":"https:\/\/foretnature.be\/resume-foret-mail\/la-cli-fi-une-nouvelle-facon-de-parler-du-changement-climatique\/","name":"La \u00ab cli-fi \u00bb, une nouvelle fa\u00e7on de parler du changement climatique - For\u00eat.Nature","isPartOf":{"@id":"https:\/\/foretnature.be\/en\/#website"},"datePublished":"2021-09-10T09:45:19+00:00","dateModified":"2021-09-10T09:45:19+00:00","breadcrumb":{"@id":"https:\/\/foretnature.be\/resume-foret-mail\/la-cli-fi-une-nouvelle-facon-de-parler-du-changement-climatique\/#breadcrumb"},"inLanguage":"en-GB","potentialAction":[{"@type":"ReadAction","target":["https:\/\/foretnature.be\/resume-foret-mail\/la-cli-fi-une-nouvelle-facon-de-parler-du-changement-climatique\/"]}]},{"@type":"BreadcrumbList","@id":"https:\/\/foretnature.be\/resume-foret-mail\/la-cli-fi-une-nouvelle-facon-de-parler-du-changement-climatique\/#breadcrumb","itemListElement":[{"@type":"ListItem","position":1,"name":"Home","item":"https:\/\/foretnature.be\/en\/"},{"@type":"ListItem","position":2,"name":"La \u00ab cli-fi \u00bb, une nouvelle fa\u00e7on de parler du changement climatique"}]},{"@type":"WebSite","@id":"https:\/\/foretnature.be\/en\/#website","url":"https:\/\/foretnature.be\/en\/","name":"For\u00eat.Nature","description":"Une \u00e9quipe technique au service de la for\u00eat","publisher":{"@id":"https:\/\/foretnature.be\/en\/#organization"},"potentialAction":[{"@type":"SearchAction","target":{"@type":"EntryPoint","urlTemplate":"https:\/\/foretnature.be\/en\/?s={search_term_string}"},"query-input":"required name=search_term_string"}],"inLanguage":"en-GB"},{"@type":"Organization","@id":"https:\/\/foretnature.be\/en\/#organization","name":"For\u00eat.Nature","url":"https:\/\/foretnature.be\/en\/","logo":{"@type":"ImageObject","inLanguage":"en-GB","@id":"https:\/\/foretnature.be\/en\/#\/schema\/logo\/image\/","url":"https:\/\/foretnature.be\/wp-content\/uploads\/2021\/01\/logoFOblanc.png","contentUrl":"https:\/\/foretnature.be\/wp-content\/uploads\/2021\/01\/logoFOblanc.png","width":300,"height":151,"caption":"For\u00eat.Nature"},"image":{"@id":"https:\/\/foretnature.be\/en\/#\/schema\/logo\/image\/"}}]}},"_links":{"self":[{"href":"https:\/\/foretnature.be\/en\/wp-json\/wp\/v2\/resume-foret-mail\/34297"}],"collection":[{"href":"https:\/\/foretnature.be\/en\/wp-json\/wp\/v2\/resume-foret-mail"}],"about":[{"href":"https:\/\/foretnature.be\/en\/wp-json\/wp\/v2\/types\/resume-foret-mail"}],"version-history":[{"count":0,"href":"https:\/\/foretnature.be\/en\/wp-json\/wp\/v2\/resume-foret-mail\/34297\/revisions"}],"wp:attachment":[{"href":"https:\/\/foretnature.be\/en\/wp-json\/wp\/v2\/media?parent=34297"}],"wp:term":[{"taxonomy":"category","embeddable":true,"href":"https:\/\/foretnature.be\/en\/wp-json\/wp\/v2\/categories?post=34297"}],"curies":[{"name":"wp","href":"https:\/\/api.w.org\/{rel}","templated":true}]}}