{"id":34282,"date":"2021-09-10T11:45:15","date_gmt":"2021-09-10T09:45:15","guid":{"rendered":"https:\/\/foretnature.be\/resume-foret-mail\/le-chacal-dore-est-arrive-en-france\/"},"modified":"2021-09-10T11:45:15","modified_gmt":"2021-09-10T09:45:15","slug":"le-chacal-dore-est-arrive-en-france","status":"publish","type":"resume-foret-mail","link":"https:\/\/foretnature.be\/en\/resume-foret-mail\/le-chacal-dore-est-arrive-en-france\/","title":{"rendered":"Le chacal dor\u00e9 est arriv\u00e9 en France"},"content":{"rendered":"<p>Des pi\u00e8ges photos ont immortalis\u00e9 la pr\u00e9sence d&rsquo;un\u00a0chacal dor\u00e9, l&rsquo;automne dernier en Haute-Savoie. Ces pi\u00e8ges photos sont mis en place par la f\u00e9d\u00e9ration des chasseurs de Haute-Savoie pour l&rsquo;observation du lynx et du loup. Les images captur\u00e9es ont \u00e9t\u00e9 soumises \u00e0 un mammalogiste de l&rsquo;Universit\u00e9 de Gen\u00e8ve et laissent peu de place au doute, il s&rsquo;agit bien d&rsquo;un chacal dor\u00e9.<br \/>\nLe chacal dor\u00e9 est proche du loup sur le plan g\u00e9n\u00e9tique, mais il se comporte plut\u00f4t comme un renard et se nourrit principalement de petits animaux. Historiquement pr\u00e9sent en Afrique du Nord, en Asie et dans le Sud-Est de l&rsquo;Europe, il migre vers l&rsquo;Europe occidentale depuis les ann\u00e9es &rsquo;80. Sa pr\u00e9sence a d\u00e9j\u00e0 \u00e9t\u00e9 authentifi\u00e9e en Italie, en Allemagne, en Autriche et en Suisse.<br \/>\nLe chacal dor\u00e9, un nouveau pr\u00e9dateur en France ? Magazine GOODPLANET Info, 17\/12\/17.<\/p>","protected":false},"excerpt":{"rendered":"<p>Des pi\u00e8ges photos ont immortalis\u00e9 la pr\u00e9sence d&rsquo;un\u00a0chacal dor\u00e9, l&rsquo;automne dernier en Haute-Savoie. Ces pi\u00e8ges photos sont mis en place par la f\u00e9d\u00e9ration des chasseurs de Haute-Savoie pour l&rsquo;observation du lynx et du loup. Les images captur\u00e9es ont \u00e9t\u00e9 soumises \u00e0 un mammalogiste de l&rsquo;Universit\u00e9 de Gen\u00e8ve et laissent peu de place au doute, il [&hellip;]<\/p>","protected":false},"featured_media":0,"template":"","categories":[50],"acf":[],"yoast_head":"<!-- This site is optimized with the Yoast SEO plugin v23.2 - https:\/\/yoast.com\/wordpress\/plugins\/seo\/ -->\n<title>Le chacal dor\u00e9 est arriv\u00e9 en France - For\u00eat.Nature<\/title>\n<meta name=\"robots\" content=\"index, follow, max-snippet:-1, max-image-preview:large, max-video-preview:-1\" \/>\n<link rel=\"canonical\" href=\"https:\/\/foretnature.be\/en\/resume-foret-mail\/le-chacal-dore-est-arrive-en-france\/\" \/>\n<meta property=\"og:locale\" content=\"en_GB\" \/>\n<meta property=\"og:type\" content=\"article\" \/>\n<meta property=\"og:title\" content=\"Le chacal dor\u00e9 est arriv\u00e9 en France - For\u00eat.Nature\" \/>\n<meta property=\"og:description\" content=\"Des pi\u00e8ges photos ont immortalis\u00e9 la pr\u00e9sence d&rsquo;un\u00a0chacal dor\u00e9, l&rsquo;automne dernier en Haute-Savoie. Ces pi\u00e8ges photos sont mis en place par la f\u00e9d\u00e9ration des chasseurs de Haute-Savoie pour l&rsquo;observation du lynx et du loup. Les images captur\u00e9es ont \u00e9t\u00e9 soumises \u00e0 un mammalogiste de l&rsquo;Universit\u00e9 de Gen\u00e8ve et laissent peu de place au doute, il [&hellip;]\" \/>\n<meta property=\"og:url\" content=\"https:\/\/foretnature.be\/en\/resume-foret-mail\/le-chacal-dore-est-arrive-en-france\/\" \/>\n<meta property=\"og:site_name\" content=\"For\u00eat.Nature\" \/>\n<meta name=\"twitter:card\" content=\"summary_large_image\" \/>\n<meta name=\"twitter:label1\" content=\"Estimated reading time\" \/>\n\t<meta name=\"twitter:data1\" content=\"1 minute\" \/>\n<script type=\"application\/ld+json\" class=\"yoast-schema-graph\">{\"@context\":\"https:\/\/schema.org\",\"@graph\":[{\"@type\":\"WebPage\",\"@id\":\"https:\/\/foretnature.be\/resume-foret-mail\/le-chacal-dore-est-arrive-en-france\/\",\"url\":\"https:\/\/foretnature.be\/resume-foret-mail\/le-chacal-dore-est-arrive-en-france\/\",\"name\":\"Le chacal dor\u00e9 est arriv\u00e9 en France - For\u00eat.Nature\",\"isPartOf\":{\"@id\":\"https:\/\/foretnature.be\/#website\"},\"datePublished\":\"2021-09-10T09:45:15+00:00\",\"dateModified\":\"2021-09-10T09:45:15+00:00\",\"breadcrumb\":{\"@id\":\"https:\/\/foretnature.be\/resume-foret-mail\/le-chacal-dore-est-arrive-en-france\/#breadcrumb\"},\"inLanguage\":\"en-GB\",\"potentialAction\":[{\"@type\":\"ReadAction\",\"target\":[\"https:\/\/foretnature.be\/resume-foret-mail\/le-chacal-dore-est-arrive-en-france\/\"]}]},{\"@type\":\"BreadcrumbList\",\"@id\":\"https:\/\/foretnature.be\/resume-foret-mail\/le-chacal-dore-est-arrive-en-france\/#breadcrumb\",\"itemListElement\":[{\"@type\":\"ListItem\",\"position\":1,\"name\":\"Home\",\"item\":\"https:\/\/foretnature.be\/\"},{\"@type\":\"ListItem\",\"position\":2,\"name\":\"Le chacal dor\u00e9 est arriv\u00e9 en France\"}]},{\"@type\":\"WebSite\",\"@id\":\"https:\/\/foretnature.be\/#website\",\"url\":\"https:\/\/foretnature.be\/\",\"name\":\"For\u00eat.Nature\",\"description\":\"Une \u00e9quipe technique au service de la for\u00eat\",\"publisher\":{\"@id\":\"https:\/\/foretnature.be\/#organization\"},\"potentialAction\":[{\"@type\":\"SearchAction\",\"target\":{\"@type\":\"EntryPoint\",\"urlTemplate\":\"https:\/\/foretnature.be\/?s={search_term_string}\"},\"query-input\":\"required name=search_term_string\"}],\"inLanguage\":\"en-GB\"},{\"@type\":\"Organization\",\"@id\":\"https:\/\/foretnature.be\/#organization\",\"name\":\"For\u00eat.Nature\",\"url\":\"https:\/\/foretnature.be\/\",\"logo\":{\"@type\":\"ImageObject\",\"inLanguage\":\"en-GB\",\"@id\":\"https:\/\/foretnature.be\/#\/schema\/logo\/image\/\",\"url\":\"https:\/\/foretnature.be\/wp-content\/uploads\/2021\/01\/logoFOblanc.png\",\"contentUrl\":\"https:\/\/foretnature.be\/wp-content\/uploads\/2021\/01\/logoFOblanc.png\",\"width\":300,\"height\":151,\"caption\":\"For\u00eat.Nature\"},\"image\":{\"@id\":\"https:\/\/foretnature.be\/#\/schema\/logo\/image\/\"}}]}<\/script>\n<!-- \/ Yoast SEO plugin. -->","yoast_head_json":{"title":"Le chacal dor\u00e9 est arriv\u00e9 en France - For\u00eat.Nature","robots":{"index":"index","follow":"follow","max-snippet":"max-snippet:-1","max-image-preview":"max-image-preview:large","max-video-preview":"max-video-preview:-1"},"canonical":"https:\/\/foretnature.be\/en\/resume-foret-mail\/le-chacal-dore-est-arrive-en-france\/","og_locale":"en_GB","og_type":"article","og_title":"Le chacal dor\u00e9 est arriv\u00e9 en France - For\u00eat.Nature","og_description":"Des pi\u00e8ges photos ont immortalis\u00e9 la pr\u00e9sence d&rsquo;un\u00a0chacal dor\u00e9, l&rsquo;automne dernier en Haute-Savoie. Ces pi\u00e8ges photos sont mis en place par la f\u00e9d\u00e9ration des chasseurs de Haute-Savoie pour l&rsquo;observation du lynx et du loup. Les images captur\u00e9es ont \u00e9t\u00e9 soumises \u00e0 un mammalogiste de l&rsquo;Universit\u00e9 de Gen\u00e8ve et laissent peu de place au doute, il [&hellip;]","og_url":"https:\/\/foretnature.be\/en\/resume-foret-mail\/le-chacal-dore-est-arrive-en-france\/","og_site_name":"For\u00eat.Nature","twitter_card":"summary_large_image","twitter_misc":{"Estimated reading time":"1 minute"},"schema":{"@context":"https:\/\/schema.org","@graph":[{"@type":"WebPage","@id":"https:\/\/foretnature.be\/resume-foret-mail\/le-chacal-dore-est-arrive-en-france\/","url":"https:\/\/foretnature.be\/resume-foret-mail\/le-chacal-dore-est-arrive-en-france\/","name":"Le chacal dor\u00e9 est arriv\u00e9 en France - For\u00eat.Nature","isPartOf":{"@id":"https:\/\/foretnature.be\/#website"},"datePublished":"2021-09-10T09:45:15+00:00","dateModified":"2021-09-10T09:45:15+00:00","breadcrumb":{"@id":"https:\/\/foretnature.be\/resume-foret-mail\/le-chacal-dore-est-arrive-en-france\/#breadcrumb"},"inLanguage":"en-GB","potentialAction":[{"@type":"ReadAction","target":["https:\/\/foretnature.be\/resume-foret-mail\/le-chacal-dore-est-arrive-en-france\/"]}]},{"@type":"BreadcrumbList","@id":"https:\/\/foretnature.be\/resume-foret-mail\/le-chacal-dore-est-arrive-en-france\/#breadcrumb","itemListElement":[{"@type":"ListItem","position":1,"name":"Home","item":"https:\/\/foretnature.be\/"},{"@type":"ListItem","position":2,"name":"Le chacal dor\u00e9 est arriv\u00e9 en France"}]},{"@type":"WebSite","@id":"https:\/\/foretnature.be\/#website","url":"https:\/\/foretnature.be\/","name":"For\u00eat.Nature","description":"Une \u00e9quipe technique au service de la for\u00eat","publisher":{"@id":"https:\/\/foretnature.be\/#organization"},"potentialAction":[{"@type":"SearchAction","target":{"@type":"EntryPoint","urlTemplate":"https:\/\/foretnature.be\/?s={search_term_string}"},"query-input":"required name=search_term_string"}],"inLanguage":"en-GB"},{"@type":"Organization","@id":"https:\/\/foretnature.be\/#organization","name":"For\u00eat.Nature","url":"https:\/\/foretnature.be\/","logo":{"@type":"ImageObject","inLanguage":"en-GB","@id":"https:\/\/foretnature.be\/#\/schema\/logo\/image\/","url":"https:\/\/foretnature.be\/wp-content\/uploads\/2021\/01\/logoFOblanc.png","contentUrl":"https:\/\/foretnature.be\/wp-content\/uploads\/2021\/01\/logoFOblanc.png","width":300,"height":151,"caption":"For\u00eat.Nature"},"image":{"@id":"https:\/\/foretnature.be\/#\/schema\/logo\/image\/"}}]}},"_links":{"self":[{"href":"https:\/\/foretnature.be\/en\/wp-json\/wp\/v2\/resume-foret-mail\/34282"}],"collection":[{"href":"https:\/\/foretnature.be\/en\/wp-json\/wp\/v2\/resume-foret-mail"}],"about":[{"href":"https:\/\/foretnature.be\/en\/wp-json\/wp\/v2\/types\/resume-foret-mail"}],"version-history":[{"count":0,"href":"https:\/\/foretnature.be\/en\/wp-json\/wp\/v2\/resume-foret-mail\/34282\/revisions"}],"wp:attachment":[{"href":"https:\/\/foretnature.be\/en\/wp-json\/wp\/v2\/media?parent=34282"}],"wp:term":[{"taxonomy":"category","embeddable":true,"href":"https:\/\/foretnature.be\/en\/wp-json\/wp\/v2\/categories?post=34282"}],"curies":[{"name":"wp","href":"https:\/\/api.w.org\/{rel}","templated":true}]}}