{"id":34221,"date":"2021-09-10T11:45:04","date_gmt":"2021-09-10T09:45:04","guid":{"rendered":"https:\/\/foretnature.be\/resume-foret-mail\/la-banque-mondiale-de-graines-menacee-par-la-fonte-des-glaces\/"},"modified":"2021-09-10T11:45:04","modified_gmt":"2021-09-10T09:45:04","slug":"la-banque-mondiale-de-graines-menacee-par-la-fonte-des-glaces","status":"publish","type":"resume-foret-mail","link":"https:\/\/foretnature.be\/en\/resume-foret-mail\/la-banque-mondiale-de-graines-menacee-par-la-fonte-des-glaces\/","title":{"rendered":"La banque mondiale de graines menac\u00e9e par la fonte des glaces"},"content":{"rendered":"<p>La r\u00e9serve mondiale de semences de Svalbard.<br \/>\nLa r\u00e9serve mondiale de semences d\u2019arbres et d\u2019autres v\u00e9g\u00e9taux, situ\u00e9e \u00e0 Svalbard (Norv\u00e8ge) p\u00e2tit des temp\u00e9ratures inhabituellement douces de ces derniers mois. Ce ph\u00e9nom\u00e8ne a induit le d\u00e9gel du permafrost, provoquant une inondation \u00e0 l\u2019entr\u00e9e de la r\u00e9serve creus\u00e9e dans une montagne, \u00e0 quelque 1000 km du p\u00f4le Nord. Pour le moment, aucun dommage n\u2019a \u00e9t\u00e9 observ\u00e9 sur la collection de semences. N\u00e9anmoins, des consolidations sont pr\u00e9vues afin d\u2019\u00e9carter tout risque lors de futurs ph\u00e9nom\u00e8nes identiques.<br \/>\nCarroy C. (2017). La banque mondiale de graines de Svalbard consolid\u00e9e suite \u00e0 la fonte du permafrost. Forestopic, 22 mai\u00a02017.<\/p>","protected":false},"excerpt":{"rendered":"<p>La r\u00e9serve mondiale de semences de Svalbard. La r\u00e9serve mondiale de semences d\u2019arbres et d\u2019autres v\u00e9g\u00e9taux, situ\u00e9e \u00e0 Svalbard (Norv\u00e8ge) p\u00e2tit des temp\u00e9ratures inhabituellement douces de ces derniers mois. Ce ph\u00e9nom\u00e8ne a induit le d\u00e9gel du permafrost, provoquant une inondation \u00e0 l\u2019entr\u00e9e de la r\u00e9serve creus\u00e9e dans une montagne, \u00e0 quelque 1000 km du p\u00f4le [&hellip;]<\/p>","protected":false},"featured_media":0,"template":"","categories":[50],"acf":[],"yoast_head":"<!-- This site is optimized with the Yoast SEO plugin v23.2 - https:\/\/yoast.com\/wordpress\/plugins\/seo\/ -->\n<title>La banque mondiale de graines menac\u00e9e par la fonte des glaces - For\u00eat.Nature<\/title>\n<meta name=\"robots\" content=\"index, follow, max-snippet:-1, max-image-preview:large, max-video-preview:-1\" \/>\n<link rel=\"canonical\" href=\"https:\/\/foretnature.be\/en\/resume-foret-mail\/la-banque-mondiale-de-graines-menacee-par-la-fonte-des-glaces\/\" \/>\n<meta property=\"og:locale\" content=\"en_GB\" \/>\n<meta property=\"og:type\" content=\"article\" \/>\n<meta property=\"og:title\" content=\"La banque mondiale de graines menac\u00e9e par la fonte des glaces - For\u00eat.Nature\" \/>\n<meta property=\"og:description\" content=\"La r\u00e9serve mondiale de semences de Svalbard. La r\u00e9serve mondiale de semences d\u2019arbres et d\u2019autres v\u00e9g\u00e9taux, situ\u00e9e \u00e0 Svalbard (Norv\u00e8ge) p\u00e2tit des temp\u00e9ratures inhabituellement douces de ces derniers mois. Ce ph\u00e9nom\u00e8ne a induit le d\u00e9gel du permafrost, provoquant une inondation \u00e0 l\u2019entr\u00e9e de la r\u00e9serve creus\u00e9e dans une montagne, \u00e0 quelque 1000 km du p\u00f4le [&hellip;]\" \/>\n<meta property=\"og:url\" content=\"https:\/\/foretnature.be\/en\/resume-foret-mail\/la-banque-mondiale-de-graines-menacee-par-la-fonte-des-glaces\/\" \/>\n<meta property=\"og:site_name\" content=\"For\u00eat.Nature\" \/>\n<meta name=\"twitter:card\" content=\"summary_large_image\" \/>\n<meta name=\"twitter:label1\" content=\"Estimated reading time\" \/>\n\t<meta name=\"twitter:data1\" content=\"1 minute\" \/>\n<script type=\"application\/ld+json\" class=\"yoast-schema-graph\">{\"@context\":\"https:\/\/schema.org\",\"@graph\":[{\"@type\":\"WebPage\",\"@id\":\"https:\/\/foretnature.be\/en\/resume-foret-mail\/la-banque-mondiale-de-graines-menacee-par-la-fonte-des-glaces\/\",\"url\":\"https:\/\/foretnature.be\/en\/resume-foret-mail\/la-banque-mondiale-de-graines-menacee-par-la-fonte-des-glaces\/\",\"name\":\"La banque mondiale de graines menac\u00e9e par la fonte des glaces - For\u00eat.Nature\",\"isPartOf\":{\"@id\":\"https:\/\/foretnature.be\/#website\"},\"datePublished\":\"2021-09-10T09:45:04+00:00\",\"dateModified\":\"2021-09-10T09:45:04+00:00\",\"breadcrumb\":{\"@id\":\"https:\/\/foretnature.be\/en\/resume-foret-mail\/la-banque-mondiale-de-graines-menacee-par-la-fonte-des-glaces\/#breadcrumb\"},\"inLanguage\":\"en-GB\",\"potentialAction\":[{\"@type\":\"ReadAction\",\"target\":[\"https:\/\/foretnature.be\/en\/resume-foret-mail\/la-banque-mondiale-de-graines-menacee-par-la-fonte-des-glaces\/\"]}]},{\"@type\":\"BreadcrumbList\",\"@id\":\"https:\/\/foretnature.be\/en\/resume-foret-mail\/la-banque-mondiale-de-graines-menacee-par-la-fonte-des-glaces\/#breadcrumb\",\"itemListElement\":[{\"@type\":\"ListItem\",\"position\":1,\"name\":\"Home\",\"item\":\"https:\/\/foretnature.be\/\"},{\"@type\":\"ListItem\",\"position\":2,\"name\":\"La banque mondiale de graines menac\u00e9e par la fonte des glaces\"}]},{\"@type\":\"WebSite\",\"@id\":\"https:\/\/foretnature.be\/#website\",\"url\":\"https:\/\/foretnature.be\/\",\"name\":\"For\u00eat.Nature\",\"description\":\"Une \u00e9quipe technique au service de la for\u00eat\",\"publisher\":{\"@id\":\"https:\/\/foretnature.be\/#organization\"},\"potentialAction\":[{\"@type\":\"SearchAction\",\"target\":{\"@type\":\"EntryPoint\",\"urlTemplate\":\"https:\/\/foretnature.be\/?s={search_term_string}\"},\"query-input\":\"required name=search_term_string\"}],\"inLanguage\":\"en-GB\"},{\"@type\":\"Organization\",\"@id\":\"https:\/\/foretnature.be\/#organization\",\"name\":\"For\u00eat.Nature\",\"url\":\"https:\/\/foretnature.be\/\",\"logo\":{\"@type\":\"ImageObject\",\"inLanguage\":\"en-GB\",\"@id\":\"https:\/\/foretnature.be\/#\/schema\/logo\/image\/\",\"url\":\"https:\/\/foretnature.be\/wp-content\/uploads\/2021\/01\/logoFOblanc.png\",\"contentUrl\":\"https:\/\/foretnature.be\/wp-content\/uploads\/2021\/01\/logoFOblanc.png\",\"width\":300,\"height\":151,\"caption\":\"For\u00eat.Nature\"},\"image\":{\"@id\":\"https:\/\/foretnature.be\/#\/schema\/logo\/image\/\"}}]}<\/script>\n<!-- \/ Yoast SEO plugin. -->","yoast_head_json":{"title":"La banque mondiale de graines menac\u00e9e par la fonte des glaces - For\u00eat.Nature","robots":{"index":"index","follow":"follow","max-snippet":"max-snippet:-1","max-image-preview":"max-image-preview:large","max-video-preview":"max-video-preview:-1"},"canonical":"https:\/\/foretnature.be\/en\/resume-foret-mail\/la-banque-mondiale-de-graines-menacee-par-la-fonte-des-glaces\/","og_locale":"en_GB","og_type":"article","og_title":"La banque mondiale de graines menac\u00e9e par la fonte des glaces - For\u00eat.Nature","og_description":"La r\u00e9serve mondiale de semences de Svalbard. La r\u00e9serve mondiale de semences d\u2019arbres et d\u2019autres v\u00e9g\u00e9taux, situ\u00e9e \u00e0 Svalbard (Norv\u00e8ge) p\u00e2tit des temp\u00e9ratures inhabituellement douces de ces derniers mois. Ce ph\u00e9nom\u00e8ne a induit le d\u00e9gel du permafrost, provoquant une inondation \u00e0 l\u2019entr\u00e9e de la r\u00e9serve creus\u00e9e dans une montagne, \u00e0 quelque 1000 km du p\u00f4le [&hellip;]","og_url":"https:\/\/foretnature.be\/en\/resume-foret-mail\/la-banque-mondiale-de-graines-menacee-par-la-fonte-des-glaces\/","og_site_name":"For\u00eat.Nature","twitter_card":"summary_large_image","twitter_misc":{"Estimated reading time":"1 minute"},"schema":{"@context":"https:\/\/schema.org","@graph":[{"@type":"WebPage","@id":"https:\/\/foretnature.be\/en\/resume-foret-mail\/la-banque-mondiale-de-graines-menacee-par-la-fonte-des-glaces\/","url":"https:\/\/foretnature.be\/en\/resume-foret-mail\/la-banque-mondiale-de-graines-menacee-par-la-fonte-des-glaces\/","name":"La banque mondiale de graines menac\u00e9e par la fonte des glaces - For\u00eat.Nature","isPartOf":{"@id":"https:\/\/foretnature.be\/#website"},"datePublished":"2021-09-10T09:45:04+00:00","dateModified":"2021-09-10T09:45:04+00:00","breadcrumb":{"@id":"https:\/\/foretnature.be\/en\/resume-foret-mail\/la-banque-mondiale-de-graines-menacee-par-la-fonte-des-glaces\/#breadcrumb"},"inLanguage":"en-GB","potentialAction":[{"@type":"ReadAction","target":["https:\/\/foretnature.be\/en\/resume-foret-mail\/la-banque-mondiale-de-graines-menacee-par-la-fonte-des-glaces\/"]}]},{"@type":"BreadcrumbList","@id":"https:\/\/foretnature.be\/en\/resume-foret-mail\/la-banque-mondiale-de-graines-menacee-par-la-fonte-des-glaces\/#breadcrumb","itemListElement":[{"@type":"ListItem","position":1,"name":"Home","item":"https:\/\/foretnature.be\/"},{"@type":"ListItem","position":2,"name":"La banque mondiale de graines menac\u00e9e par la fonte des glaces"}]},{"@type":"WebSite","@id":"https:\/\/foretnature.be\/#website","url":"https:\/\/foretnature.be\/","name":"For\u00eat.Nature","description":"Une \u00e9quipe technique au service de la for\u00eat","publisher":{"@id":"https:\/\/foretnature.be\/#organization"},"potentialAction":[{"@type":"SearchAction","target":{"@type":"EntryPoint","urlTemplate":"https:\/\/foretnature.be\/?s={search_term_string}"},"query-input":"required name=search_term_string"}],"inLanguage":"en-GB"},{"@type":"Organization","@id":"https:\/\/foretnature.be\/#organization","name":"For\u00eat.Nature","url":"https:\/\/foretnature.be\/","logo":{"@type":"ImageObject","inLanguage":"en-GB","@id":"https:\/\/foretnature.be\/#\/schema\/logo\/image\/","url":"https:\/\/foretnature.be\/wp-content\/uploads\/2021\/01\/logoFOblanc.png","contentUrl":"https:\/\/foretnature.be\/wp-content\/uploads\/2021\/01\/logoFOblanc.png","width":300,"height":151,"caption":"For\u00eat.Nature"},"image":{"@id":"https:\/\/foretnature.be\/#\/schema\/logo\/image\/"}}]}},"_links":{"self":[{"href":"https:\/\/foretnature.be\/en\/wp-json\/wp\/v2\/resume-foret-mail\/34221"}],"collection":[{"href":"https:\/\/foretnature.be\/en\/wp-json\/wp\/v2\/resume-foret-mail"}],"about":[{"href":"https:\/\/foretnature.be\/en\/wp-json\/wp\/v2\/types\/resume-foret-mail"}],"version-history":[{"count":0,"href":"https:\/\/foretnature.be\/en\/wp-json\/wp\/v2\/resume-foret-mail\/34221\/revisions"}],"wp:attachment":[{"href":"https:\/\/foretnature.be\/en\/wp-json\/wp\/v2\/media?parent=34221"}],"wp:term":[{"taxonomy":"category","embeddable":true,"href":"https:\/\/foretnature.be\/en\/wp-json\/wp\/v2\/categories?post=34221"}],"curies":[{"name":"wp","href":"https:\/\/api.w.org\/{rel}","templated":true}]}}