{"id":34216,"date":"2021-09-10T11:45:04","date_gmt":"2021-09-10T09:45:04","guid":{"rendered":"https:\/\/foretnature.be\/resume-foret-mail\/nassonia-est-mort-vive-saint-michel-freyria\/"},"modified":"2021-09-10T11:45:04","modified_gmt":"2021-09-10T09:45:04","slug":"nassonia-est-mort-vive-saint-michel-freyria","status":"publish","type":"resume-foret-mail","link":"https:\/\/foretnature.be\/en\/resume-foret-mail\/nassonia-est-mort-vive-saint-michel-freyria\/","title":{"rendered":"Nassonia est mort, vive Saint Michel\u00a0Freyria ?"},"content":{"rendered":"<p>\u00a9 le blog de\u00a0Nassogne<br \/>\nLe projet Nassonia qui proposait le d\u00e9veloppement d\u2019une gestion durable exemplaire de pr\u00e8s de 1500 hectares de for\u00eat, d\u2019un laboratoire \u00e0 grande \u00e9chelle au b\u00e9n\u00e9fice de la biodiversit\u00e9 en conservant un acc\u00e8s au public est mort\u2026 Lors de son dernier conseil communal, la Commune a pr\u00e9f\u00e9r\u00e9 les revenus d\u2019une chasse d\u2019affaires excessive plut\u00f4t qu\u2019une valorisation \u00e9conomique innovante de la for\u00eat, via un tourisme doux et durable.<br \/>\nLe Ministre wallon de la Nature et de la For\u00eat, Ren\u00e9 Collin, a annonc\u00e9 vendredi qu&rsquo;il allait lancer un appel d\u2019offres relatif \u00e0 la mise en \u0153uvre d&rsquo;un projet de type Nassonia sur la for\u00eat domaniale de Saint-Michel-Freyr. \u00ab La probl\u00e9matique de la chasse sera absente de la convention, puisque ce sont les Chasses de la Couronne qui g\u00e8rent cet aspect dans le cadre d&rsquo;une convention de long terme avec le Gouvernement wallon dans un but scientifique doubl\u00e9 d\u2019une vocation p\u00e9dagogique. \u00bb<br \/>\nNassonia flingu\u00e9 par la chasse d\u2019affaires. Communiqu\u00e9 de presse de IEW et Natagora, 27\/4\/2017.<br \/>\nLa for\u00eat de St-Michel-Freyr, une alternative \u00e0 Nassonia. Communiqu\u00e9 de presse du Ministre Ren\u00e9 Collin, 28\/04\/2017.<\/p>","protected":false},"excerpt":{"rendered":"<p>\u00a9 le blog de\u00a0Nassogne Le projet Nassonia qui proposait le d\u00e9veloppement d\u2019une gestion durable exemplaire de pr\u00e8s de 1500 hectares de for\u00eat, d\u2019un laboratoire \u00e0 grande \u00e9chelle au b\u00e9n\u00e9fice de la biodiversit\u00e9 en conservant un acc\u00e8s au public est mort\u2026 Lors de son dernier conseil communal, la Commune a pr\u00e9f\u00e9r\u00e9 les revenus d\u2019une chasse d\u2019affaires [&hellip;]<\/p>","protected":false},"featured_media":0,"template":"","categories":[50],"acf":[],"yoast_head":"<!-- This site is optimized with the Yoast SEO plugin v23.2 - https:\/\/yoast.com\/wordpress\/plugins\/seo\/ -->\n<title>Nassonia est mort, vive Saint Michel\u00a0Freyria ? - For\u00eat.Nature<\/title>\n<meta name=\"robots\" content=\"index, follow, max-snippet:-1, max-image-preview:large, max-video-preview:-1\" \/>\n<link rel=\"canonical\" href=\"https:\/\/foretnature.be\/en\/resume-foret-mail\/nassonia-est-mort-vive-saint-michel-freyria\/\" \/>\n<meta property=\"og:locale\" content=\"en_GB\" \/>\n<meta property=\"og:type\" content=\"article\" \/>\n<meta property=\"og:title\" content=\"Nassonia est mort, vive Saint Michel\u00a0Freyria ? - For\u00eat.Nature\" \/>\n<meta property=\"og:description\" content=\"\u00a9 le blog de\u00a0Nassogne Le projet Nassonia qui proposait le d\u00e9veloppement d\u2019une gestion durable exemplaire de pr\u00e8s de 1500 hectares de for\u00eat, d\u2019un laboratoire \u00e0 grande \u00e9chelle au b\u00e9n\u00e9fice de la biodiversit\u00e9 en conservant un acc\u00e8s au public est mort\u2026 Lors de son dernier conseil communal, la Commune a pr\u00e9f\u00e9r\u00e9 les revenus d\u2019une chasse d\u2019affaires [&hellip;]\" \/>\n<meta property=\"og:url\" content=\"https:\/\/foretnature.be\/en\/resume-foret-mail\/nassonia-est-mort-vive-saint-michel-freyria\/\" \/>\n<meta property=\"og:site_name\" content=\"For\u00eat.Nature\" \/>\n<meta name=\"twitter:card\" content=\"summary_large_image\" \/>\n<meta name=\"twitter:label1\" content=\"Estimated reading time\" \/>\n\t<meta name=\"twitter:data1\" content=\"1 minute\" \/>\n<script type=\"application\/ld+json\" class=\"yoast-schema-graph\">{\"@context\":\"https:\/\/schema.org\",\"@graph\":[{\"@type\":\"WebPage\",\"@id\":\"https:\/\/foretnature.be\/resume-foret-mail\/nassonia-est-mort-vive-saint-michel-freyria\/\",\"url\":\"https:\/\/foretnature.be\/resume-foret-mail\/nassonia-est-mort-vive-saint-michel-freyria\/\",\"name\":\"Nassonia est mort, vive Saint Michel\u00a0Freyria ? - For\u00eat.Nature\",\"isPartOf\":{\"@id\":\"https:\/\/foretnature.be\/#website\"},\"datePublished\":\"2021-09-10T09:45:04+00:00\",\"dateModified\":\"2021-09-10T09:45:04+00:00\",\"breadcrumb\":{\"@id\":\"https:\/\/foretnature.be\/resume-foret-mail\/nassonia-est-mort-vive-saint-michel-freyria\/#breadcrumb\"},\"inLanguage\":\"en-GB\",\"potentialAction\":[{\"@type\":\"ReadAction\",\"target\":[\"https:\/\/foretnature.be\/resume-foret-mail\/nassonia-est-mort-vive-saint-michel-freyria\/\"]}]},{\"@type\":\"BreadcrumbList\",\"@id\":\"https:\/\/foretnature.be\/resume-foret-mail\/nassonia-est-mort-vive-saint-michel-freyria\/#breadcrumb\",\"itemListElement\":[{\"@type\":\"ListItem\",\"position\":1,\"name\":\"Home\",\"item\":\"https:\/\/foretnature.be\/\"},{\"@type\":\"ListItem\",\"position\":2,\"name\":\"Nassonia est mort, vive Saint Michel\u00a0Freyria ?\"}]},{\"@type\":\"WebSite\",\"@id\":\"https:\/\/foretnature.be\/#website\",\"url\":\"https:\/\/foretnature.be\/\",\"name\":\"For\u00eat.Nature\",\"description\":\"Une \u00e9quipe technique au service de la for\u00eat\",\"publisher\":{\"@id\":\"https:\/\/foretnature.be\/#organization\"},\"potentialAction\":[{\"@type\":\"SearchAction\",\"target\":{\"@type\":\"EntryPoint\",\"urlTemplate\":\"https:\/\/foretnature.be\/?s={search_term_string}\"},\"query-input\":\"required name=search_term_string\"}],\"inLanguage\":\"en-GB\"},{\"@type\":\"Organization\",\"@id\":\"https:\/\/foretnature.be\/#organization\",\"name\":\"For\u00eat.Nature\",\"url\":\"https:\/\/foretnature.be\/\",\"logo\":{\"@type\":\"ImageObject\",\"inLanguage\":\"en-GB\",\"@id\":\"https:\/\/foretnature.be\/#\/schema\/logo\/image\/\",\"url\":\"https:\/\/foretnature.be\/wp-content\/uploads\/2021\/01\/logoFOblanc.png\",\"contentUrl\":\"https:\/\/foretnature.be\/wp-content\/uploads\/2021\/01\/logoFOblanc.png\",\"width\":300,\"height\":151,\"caption\":\"For\u00eat.Nature\"},\"image\":{\"@id\":\"https:\/\/foretnature.be\/#\/schema\/logo\/image\/\"}}]}<\/script>\n<!-- \/ Yoast SEO plugin. -->","yoast_head_json":{"title":"Nassonia est mort, vive Saint Michel\u00a0Freyria ? - For\u00eat.Nature","robots":{"index":"index","follow":"follow","max-snippet":"max-snippet:-1","max-image-preview":"max-image-preview:large","max-video-preview":"max-video-preview:-1"},"canonical":"https:\/\/foretnature.be\/en\/resume-foret-mail\/nassonia-est-mort-vive-saint-michel-freyria\/","og_locale":"en_GB","og_type":"article","og_title":"Nassonia est mort, vive Saint Michel\u00a0Freyria ? - For\u00eat.Nature","og_description":"\u00a9 le blog de\u00a0Nassogne Le projet Nassonia qui proposait le d\u00e9veloppement d\u2019une gestion durable exemplaire de pr\u00e8s de 1500 hectares de for\u00eat, d\u2019un laboratoire \u00e0 grande \u00e9chelle au b\u00e9n\u00e9fice de la biodiversit\u00e9 en conservant un acc\u00e8s au public est mort\u2026 Lors de son dernier conseil communal, la Commune a pr\u00e9f\u00e9r\u00e9 les revenus d\u2019une chasse d\u2019affaires [&hellip;]","og_url":"https:\/\/foretnature.be\/en\/resume-foret-mail\/nassonia-est-mort-vive-saint-michel-freyria\/","og_site_name":"For\u00eat.Nature","twitter_card":"summary_large_image","twitter_misc":{"Estimated reading time":"1 minute"},"schema":{"@context":"https:\/\/schema.org","@graph":[{"@type":"WebPage","@id":"https:\/\/foretnature.be\/resume-foret-mail\/nassonia-est-mort-vive-saint-michel-freyria\/","url":"https:\/\/foretnature.be\/resume-foret-mail\/nassonia-est-mort-vive-saint-michel-freyria\/","name":"Nassonia est mort, vive Saint Michel\u00a0Freyria ? - For\u00eat.Nature","isPartOf":{"@id":"https:\/\/foretnature.be\/#website"},"datePublished":"2021-09-10T09:45:04+00:00","dateModified":"2021-09-10T09:45:04+00:00","breadcrumb":{"@id":"https:\/\/foretnature.be\/resume-foret-mail\/nassonia-est-mort-vive-saint-michel-freyria\/#breadcrumb"},"inLanguage":"en-GB","potentialAction":[{"@type":"ReadAction","target":["https:\/\/foretnature.be\/resume-foret-mail\/nassonia-est-mort-vive-saint-michel-freyria\/"]}]},{"@type":"BreadcrumbList","@id":"https:\/\/foretnature.be\/resume-foret-mail\/nassonia-est-mort-vive-saint-michel-freyria\/#breadcrumb","itemListElement":[{"@type":"ListItem","position":1,"name":"Home","item":"https:\/\/foretnature.be\/"},{"@type":"ListItem","position":2,"name":"Nassonia est mort, vive Saint Michel\u00a0Freyria ?"}]},{"@type":"WebSite","@id":"https:\/\/foretnature.be\/#website","url":"https:\/\/foretnature.be\/","name":"For\u00eat.Nature","description":"Une \u00e9quipe technique au service de la for\u00eat","publisher":{"@id":"https:\/\/foretnature.be\/#organization"},"potentialAction":[{"@type":"SearchAction","target":{"@type":"EntryPoint","urlTemplate":"https:\/\/foretnature.be\/?s={search_term_string}"},"query-input":"required name=search_term_string"}],"inLanguage":"en-GB"},{"@type":"Organization","@id":"https:\/\/foretnature.be\/#organization","name":"For\u00eat.Nature","url":"https:\/\/foretnature.be\/","logo":{"@type":"ImageObject","inLanguage":"en-GB","@id":"https:\/\/foretnature.be\/#\/schema\/logo\/image\/","url":"https:\/\/foretnature.be\/wp-content\/uploads\/2021\/01\/logoFOblanc.png","contentUrl":"https:\/\/foretnature.be\/wp-content\/uploads\/2021\/01\/logoFOblanc.png","width":300,"height":151,"caption":"For\u00eat.Nature"},"image":{"@id":"https:\/\/foretnature.be\/#\/schema\/logo\/image\/"}}]}},"_links":{"self":[{"href":"https:\/\/foretnature.be\/en\/wp-json\/wp\/v2\/resume-foret-mail\/34216"}],"collection":[{"href":"https:\/\/foretnature.be\/en\/wp-json\/wp\/v2\/resume-foret-mail"}],"about":[{"href":"https:\/\/foretnature.be\/en\/wp-json\/wp\/v2\/types\/resume-foret-mail"}],"version-history":[{"count":0,"href":"https:\/\/foretnature.be\/en\/wp-json\/wp\/v2\/resume-foret-mail\/34216\/revisions"}],"wp:attachment":[{"href":"https:\/\/foretnature.be\/en\/wp-json\/wp\/v2\/media?parent=34216"}],"wp:term":[{"taxonomy":"category","embeddable":true,"href":"https:\/\/foretnature.be\/en\/wp-json\/wp\/v2\/categories?post=34216"}],"curies":[{"name":"wp","href":"https:\/\/api.w.org\/{rel}","templated":true}]}}