{"id":34207,"date":"2021-09-10T11:45:00","date_gmt":"2021-09-10T09:45:00","guid":{"rendered":"https:\/\/foretnature.be\/resume-foret-mail\/10-tetras-lyre-suedois-en-wallonie\/"},"modified":"2021-09-10T11:45:00","modified_gmt":"2021-09-10T09:45:00","slug":"10-tetras-lyre-suedois-en-wallonie","status":"publish","type":"resume-foret-mail","link":"https:\/\/foretnature.be\/en\/resume-foret-mail\/10-tetras-lyre-suedois-en-wallonie\/","title":{"rendered":"10 T\u00e9tras lyre su\u00e9dois en Wallonie"},"content":{"rendered":"<p>Un m\u00e2le T\u00e9tras lyre (\u00a9 PIXATERRA\/Fotolia)<br \/>\nCe printemps 2017 paradait le dernier T\u00e9tras lyre m\u00e2le de Wallonie, suite d\u2019un d\u00e9clin amorc\u00e9 depuis plusieurs ann\u00e9es. Les causes sont multiples : d\u00e9gradation de l\u2019habitat, diminution du brassage g\u00e9n\u00e9tique, changement climatique\u2026<br \/>\nUn programme de renforcement de la population a \u00e9t\u00e9 mis en place en avril dernier, coordonn\u00e9 par l\u2019unit\u00e9 de biologie du comportement de l\u2019Universit\u00e9 de Li\u00e8ge (ULg), avec l\u2019Institut royal des sciences naturelles de Belgique, le WWF et Spadel. Dix T\u00e9tras ont \u00e9t\u00e9 rel\u00e2ch\u00e9s sur le plateau des Hautes-Fagnes, leur acclimatation semble jusqu\u2019ici r\u00e9ussie. D\u2019autres projets d\u2019am\u00e9nagement ou de renforcement de population devraient \u00eatre propos\u00e9s afin de consolider la population existante.<br \/>\nDe Muelenaere M. (2017). Dix n\u00f8uveaux tetr\u00e5s dans les F\u00e4gnes. Le Soir,\u00a003\/05\/2017.<br \/>\nSituation du T\u00e9tras lyre : pessimisme en Belgique et optimisme en \u00c9cosse. Ornithomedia, 24\/04\/2017.<\/p>","protected":false},"excerpt":{"rendered":"<p>Un m\u00e2le T\u00e9tras lyre (\u00a9 PIXATERRA\/Fotolia) Ce printemps 2017 paradait le dernier T\u00e9tras lyre m\u00e2le de Wallonie, suite d\u2019un d\u00e9clin amorc\u00e9 depuis plusieurs ann\u00e9es. Les causes sont multiples : d\u00e9gradation de l\u2019habitat, diminution du brassage g\u00e9n\u00e9tique, changement climatique\u2026 Un programme de renforcement de la population a \u00e9t\u00e9 mis en place en avril dernier, coordonn\u00e9 par [&hellip;]<\/p>","protected":false},"featured_media":0,"template":"","categories":[50],"acf":[],"yoast_head":"<!-- This site is optimized with the Yoast SEO plugin v23.2 - https:\/\/yoast.com\/wordpress\/plugins\/seo\/ -->\n<title>10 T\u00e9tras lyre su\u00e9dois en Wallonie - For\u00eat.Nature<\/title>\n<meta name=\"robots\" content=\"index, follow, max-snippet:-1, max-image-preview:large, max-video-preview:-1\" \/>\n<link rel=\"canonical\" href=\"https:\/\/foretnature.be\/en\/resume-foret-mail\/10-tetras-lyre-suedois-en-wallonie\/\" \/>\n<meta property=\"og:locale\" content=\"en_GB\" \/>\n<meta property=\"og:type\" content=\"article\" \/>\n<meta property=\"og:title\" content=\"10 T\u00e9tras lyre su\u00e9dois en Wallonie - For\u00eat.Nature\" \/>\n<meta property=\"og:description\" content=\"Un m\u00e2le T\u00e9tras lyre (\u00a9 PIXATERRA\/Fotolia) Ce printemps 2017 paradait le dernier T\u00e9tras lyre m\u00e2le de Wallonie, suite d\u2019un d\u00e9clin amorc\u00e9 depuis plusieurs ann\u00e9es. Les causes sont multiples : d\u00e9gradation de l\u2019habitat, diminution du brassage g\u00e9n\u00e9tique, changement climatique\u2026 Un programme de renforcement de la population a \u00e9t\u00e9 mis en place en avril dernier, coordonn\u00e9 par [&hellip;]\" \/>\n<meta property=\"og:url\" content=\"https:\/\/foretnature.be\/en\/resume-foret-mail\/10-tetras-lyre-suedois-en-wallonie\/\" \/>\n<meta property=\"og:site_name\" content=\"For\u00eat.Nature\" \/>\n<meta name=\"twitter:card\" content=\"summary_large_image\" \/>\n<meta name=\"twitter:label1\" content=\"Estimated reading time\" \/>\n\t<meta name=\"twitter:data1\" content=\"1 minute\" \/>\n<script type=\"application\/ld+json\" class=\"yoast-schema-graph\">{\"@context\":\"https:\/\/schema.org\",\"@graph\":[{\"@type\":\"WebPage\",\"@id\":\"https:\/\/foretnature.be\/resume-foret-mail\/10-tetras-lyre-suedois-en-wallonie\/\",\"url\":\"https:\/\/foretnature.be\/resume-foret-mail\/10-tetras-lyre-suedois-en-wallonie\/\",\"name\":\"10 T\u00e9tras lyre su\u00e9dois en Wallonie - For\u00eat.Nature\",\"isPartOf\":{\"@id\":\"https:\/\/foretnature.be\/en\/#website\"},\"datePublished\":\"2021-09-10T09:45:00+00:00\",\"dateModified\":\"2021-09-10T09:45:00+00:00\",\"breadcrumb\":{\"@id\":\"https:\/\/foretnature.be\/resume-foret-mail\/10-tetras-lyre-suedois-en-wallonie\/#breadcrumb\"},\"inLanguage\":\"en-GB\",\"potentialAction\":[{\"@type\":\"ReadAction\",\"target\":[\"https:\/\/foretnature.be\/resume-foret-mail\/10-tetras-lyre-suedois-en-wallonie\/\"]}]},{\"@type\":\"BreadcrumbList\",\"@id\":\"https:\/\/foretnature.be\/resume-foret-mail\/10-tetras-lyre-suedois-en-wallonie\/#breadcrumb\",\"itemListElement\":[{\"@type\":\"ListItem\",\"position\":1,\"name\":\"Home\",\"item\":\"https:\/\/foretnature.be\/en\/\"},{\"@type\":\"ListItem\",\"position\":2,\"name\":\"10 T\u00e9tras lyre su\u00e9dois en Wallonie\"}]},{\"@type\":\"WebSite\",\"@id\":\"https:\/\/foretnature.be\/en\/#website\",\"url\":\"https:\/\/foretnature.be\/en\/\",\"name\":\"For\u00eat.Nature\",\"description\":\"Une \u00e9quipe technique au service de la for\u00eat\",\"publisher\":{\"@id\":\"https:\/\/foretnature.be\/en\/#organization\"},\"potentialAction\":[{\"@type\":\"SearchAction\",\"target\":{\"@type\":\"EntryPoint\",\"urlTemplate\":\"https:\/\/foretnature.be\/en\/?s={search_term_string}\"},\"query-input\":\"required name=search_term_string\"}],\"inLanguage\":\"en-GB\"},{\"@type\":\"Organization\",\"@id\":\"https:\/\/foretnature.be\/en\/#organization\",\"name\":\"For\u00eat.Nature\",\"url\":\"https:\/\/foretnature.be\/en\/\",\"logo\":{\"@type\":\"ImageObject\",\"inLanguage\":\"en-GB\",\"@id\":\"https:\/\/foretnature.be\/en\/#\/schema\/logo\/image\/\",\"url\":\"https:\/\/foretnature.be\/wp-content\/uploads\/2021\/01\/logoFOblanc.png\",\"contentUrl\":\"https:\/\/foretnature.be\/wp-content\/uploads\/2021\/01\/logoFOblanc.png\",\"width\":300,\"height\":151,\"caption\":\"For\u00eat.Nature\"},\"image\":{\"@id\":\"https:\/\/foretnature.be\/en\/#\/schema\/logo\/image\/\"}}]}<\/script>\n<!-- \/ Yoast SEO plugin. -->","yoast_head_json":{"title":"10 T\u00e9tras lyre su\u00e9dois en Wallonie - For\u00eat.Nature","robots":{"index":"index","follow":"follow","max-snippet":"max-snippet:-1","max-image-preview":"max-image-preview:large","max-video-preview":"max-video-preview:-1"},"canonical":"https:\/\/foretnature.be\/en\/resume-foret-mail\/10-tetras-lyre-suedois-en-wallonie\/","og_locale":"en_GB","og_type":"article","og_title":"10 T\u00e9tras lyre su\u00e9dois en Wallonie - For\u00eat.Nature","og_description":"Un m\u00e2le T\u00e9tras lyre (\u00a9 PIXATERRA\/Fotolia) Ce printemps 2017 paradait le dernier T\u00e9tras lyre m\u00e2le de Wallonie, suite d\u2019un d\u00e9clin amorc\u00e9 depuis plusieurs ann\u00e9es. Les causes sont multiples : d\u00e9gradation de l\u2019habitat, diminution du brassage g\u00e9n\u00e9tique, changement climatique\u2026 Un programme de renforcement de la population a \u00e9t\u00e9 mis en place en avril dernier, coordonn\u00e9 par [&hellip;]","og_url":"https:\/\/foretnature.be\/en\/resume-foret-mail\/10-tetras-lyre-suedois-en-wallonie\/","og_site_name":"For\u00eat.Nature","twitter_card":"summary_large_image","twitter_misc":{"Estimated reading time":"1 minute"},"schema":{"@context":"https:\/\/schema.org","@graph":[{"@type":"WebPage","@id":"https:\/\/foretnature.be\/resume-foret-mail\/10-tetras-lyre-suedois-en-wallonie\/","url":"https:\/\/foretnature.be\/resume-foret-mail\/10-tetras-lyre-suedois-en-wallonie\/","name":"10 T\u00e9tras lyre su\u00e9dois en Wallonie - For\u00eat.Nature","isPartOf":{"@id":"https:\/\/foretnature.be\/en\/#website"},"datePublished":"2021-09-10T09:45:00+00:00","dateModified":"2021-09-10T09:45:00+00:00","breadcrumb":{"@id":"https:\/\/foretnature.be\/resume-foret-mail\/10-tetras-lyre-suedois-en-wallonie\/#breadcrumb"},"inLanguage":"en-GB","potentialAction":[{"@type":"ReadAction","target":["https:\/\/foretnature.be\/resume-foret-mail\/10-tetras-lyre-suedois-en-wallonie\/"]}]},{"@type":"BreadcrumbList","@id":"https:\/\/foretnature.be\/resume-foret-mail\/10-tetras-lyre-suedois-en-wallonie\/#breadcrumb","itemListElement":[{"@type":"ListItem","position":1,"name":"Home","item":"https:\/\/foretnature.be\/en\/"},{"@type":"ListItem","position":2,"name":"10 T\u00e9tras lyre su\u00e9dois en Wallonie"}]},{"@type":"WebSite","@id":"https:\/\/foretnature.be\/en\/#website","url":"https:\/\/foretnature.be\/en\/","name":"For\u00eat.Nature","description":"Une \u00e9quipe technique au service de la for\u00eat","publisher":{"@id":"https:\/\/foretnature.be\/en\/#organization"},"potentialAction":[{"@type":"SearchAction","target":{"@type":"EntryPoint","urlTemplate":"https:\/\/foretnature.be\/en\/?s={search_term_string}"},"query-input":"required name=search_term_string"}],"inLanguage":"en-GB"},{"@type":"Organization","@id":"https:\/\/foretnature.be\/en\/#organization","name":"For\u00eat.Nature","url":"https:\/\/foretnature.be\/en\/","logo":{"@type":"ImageObject","inLanguage":"en-GB","@id":"https:\/\/foretnature.be\/en\/#\/schema\/logo\/image\/","url":"https:\/\/foretnature.be\/wp-content\/uploads\/2021\/01\/logoFOblanc.png","contentUrl":"https:\/\/foretnature.be\/wp-content\/uploads\/2021\/01\/logoFOblanc.png","width":300,"height":151,"caption":"For\u00eat.Nature"},"image":{"@id":"https:\/\/foretnature.be\/en\/#\/schema\/logo\/image\/"}}]}},"_links":{"self":[{"href":"https:\/\/foretnature.be\/en\/wp-json\/wp\/v2\/resume-foret-mail\/34207"}],"collection":[{"href":"https:\/\/foretnature.be\/en\/wp-json\/wp\/v2\/resume-foret-mail"}],"about":[{"href":"https:\/\/foretnature.be\/en\/wp-json\/wp\/v2\/types\/resume-foret-mail"}],"version-history":[{"count":0,"href":"https:\/\/foretnature.be\/en\/wp-json\/wp\/v2\/resume-foret-mail\/34207\/revisions"}],"wp:attachment":[{"href":"https:\/\/foretnature.be\/en\/wp-json\/wp\/v2\/media?parent=34207"}],"wp:term":[{"taxonomy":"category","embeddable":true,"href":"https:\/\/foretnature.be\/en\/wp-json\/wp\/v2\/categories?post=34207"}],"curies":[{"name":"wp","href":"https:\/\/api.w.org\/{rel}","templated":true}]}}