{"id":34196,"date":"2021-09-10T11:45:00","date_gmt":"2021-09-10T09:45:00","guid":{"rendered":"https:\/\/foretnature.be\/resume-foret-mail\/la-foret-francaise-en-bref\/"},"modified":"2021-09-10T11:45:00","modified_gmt":"2021-09-10T09:45:00","slug":"la-foret-francaise-en-bref","status":"publish","type":"resume-foret-mail","link":"https:\/\/foretnature.be\/en\/resume-foret-mail\/la-foret-francaise-en-bref\/","title":{"rendered":"La for\u00eat fran\u00e7aise en bref"},"content":{"rendered":"<p>L\u2019institut national de l\u2019Information G\u00e9ographique Foresti\u00e8re (IGN) a publi\u00e9 un r\u00e9sum\u00e9 de 32 pages qui illustrent l\u2019\u00e9tat et l\u2019\u00e9volution de la for\u00eat fran\u00e7aise ces derni\u00e8res ann\u00e9es.<br \/>\nEn France m\u00e9tropolitaine, la for\u00eat occupe 16,7 millions d\u2019hectares et est en progression (0,7 % par an). Les feuillus y sont majoritaires (67 % de la surface) alors que les r\u00e9sineux repr\u00e9sentent 21 % et sont principalement situ\u00e9s en zones montagneuses. La superficie restante est constitu\u00e9e de peuplements mixtes feuillus-r\u00e9sineux.<br \/>\nPour moiti\u00e9 la for\u00eat est monosp\u00e9cifique. Les peuplements comportant 2 essences repr\u00e9sentent 33 %, 3 essences 12 % et 4 % pour les peuplements \u00e0 4 essences ou plus.\u00a0Entre 2006 et 2014 la for\u00eat a produit 91,6 millions de m3, c\u2019est-\u00e0-dire 5,8 m3 par hectare et par an. Les pr\u00e9l\u00e8vements sur la m\u00eame p\u00e9riode sont quant \u00e0 eux de 44,5 millions de m3.<br \/>\nRoboam B.A. (2017). La for\u00eat en chiffres et en cartes. M\u00e9mento 2016. Bois mag n\u00b0162. p. 14-15.<\/p>","protected":false},"excerpt":{"rendered":"<p>L\u2019institut national de l\u2019Information G\u00e9ographique Foresti\u00e8re (IGN) a publi\u00e9 un r\u00e9sum\u00e9 de 32 pages qui illustrent l\u2019\u00e9tat et l\u2019\u00e9volution de la for\u00eat fran\u00e7aise ces derni\u00e8res ann\u00e9es. En France m\u00e9tropolitaine, la for\u00eat occupe 16,7 millions d\u2019hectares et est en progression (0,7 % par an). Les feuillus y sont majoritaires (67 % de la surface) alors que [&hellip;]<\/p>","protected":false},"featured_media":0,"template":"","categories":[50],"acf":[],"yoast_head":"<!-- This site is optimized with the Yoast SEO plugin v23.2 - https:\/\/yoast.com\/wordpress\/plugins\/seo\/ -->\n<title>La for\u00eat fran\u00e7aise en bref - For\u00eat.Nature<\/title>\n<meta name=\"robots\" content=\"index, follow, max-snippet:-1, max-image-preview:large, max-video-preview:-1\" \/>\n<link rel=\"canonical\" href=\"https:\/\/foretnature.be\/en\/resume-foret-mail\/la-foret-francaise-en-bref\/\" \/>\n<meta property=\"og:locale\" content=\"en_GB\" \/>\n<meta property=\"og:type\" content=\"article\" \/>\n<meta property=\"og:title\" content=\"La for\u00eat fran\u00e7aise en bref - For\u00eat.Nature\" \/>\n<meta property=\"og:description\" content=\"L\u2019institut national de l\u2019Information G\u00e9ographique Foresti\u00e8re (IGN) a publi\u00e9 un r\u00e9sum\u00e9 de 32 pages qui illustrent l\u2019\u00e9tat et l\u2019\u00e9volution de la for\u00eat fran\u00e7aise ces derni\u00e8res ann\u00e9es. En France m\u00e9tropolitaine, la for\u00eat occupe 16,7 millions d\u2019hectares et est en progression (0,7 % par an). Les feuillus y sont majoritaires (67 % de la surface) alors que [&hellip;]\" \/>\n<meta property=\"og:url\" content=\"https:\/\/foretnature.be\/en\/resume-foret-mail\/la-foret-francaise-en-bref\/\" \/>\n<meta property=\"og:site_name\" content=\"For\u00eat.Nature\" \/>\n<meta name=\"twitter:card\" content=\"summary_large_image\" \/>\n<meta name=\"twitter:label1\" content=\"Estimated reading time\" \/>\n\t<meta name=\"twitter:data1\" content=\"1 minute\" \/>\n<script type=\"application\/ld+json\" class=\"yoast-schema-graph\">{\"@context\":\"https:\/\/schema.org\",\"@graph\":[{\"@type\":\"WebPage\",\"@id\":\"https:\/\/foretnature.be\/resume-foret-mail\/la-foret-francaise-en-bref\/\",\"url\":\"https:\/\/foretnature.be\/resume-foret-mail\/la-foret-francaise-en-bref\/\",\"name\":\"La for\u00eat fran\u00e7aise en bref - For\u00eat.Nature\",\"isPartOf\":{\"@id\":\"https:\/\/foretnature.be\/en\/#website\"},\"datePublished\":\"2021-09-10T09:45:00+00:00\",\"dateModified\":\"2021-09-10T09:45:00+00:00\",\"breadcrumb\":{\"@id\":\"https:\/\/foretnature.be\/resume-foret-mail\/la-foret-francaise-en-bref\/#breadcrumb\"},\"inLanguage\":\"en-GB\",\"potentialAction\":[{\"@type\":\"ReadAction\",\"target\":[\"https:\/\/foretnature.be\/resume-foret-mail\/la-foret-francaise-en-bref\/\"]}]},{\"@type\":\"BreadcrumbList\",\"@id\":\"https:\/\/foretnature.be\/resume-foret-mail\/la-foret-francaise-en-bref\/#breadcrumb\",\"itemListElement\":[{\"@type\":\"ListItem\",\"position\":1,\"name\":\"Home\",\"item\":\"https:\/\/foretnature.be\/en\/\"},{\"@type\":\"ListItem\",\"position\":2,\"name\":\"La for\u00eat fran\u00e7aise en bref\"}]},{\"@type\":\"WebSite\",\"@id\":\"https:\/\/foretnature.be\/en\/#website\",\"url\":\"https:\/\/foretnature.be\/en\/\",\"name\":\"For\u00eat.Nature\",\"description\":\"Une \u00e9quipe technique au service de la for\u00eat\",\"publisher\":{\"@id\":\"https:\/\/foretnature.be\/en\/#organization\"},\"potentialAction\":[{\"@type\":\"SearchAction\",\"target\":{\"@type\":\"EntryPoint\",\"urlTemplate\":\"https:\/\/foretnature.be\/en\/?s={search_term_string}\"},\"query-input\":\"required name=search_term_string\"}],\"inLanguage\":\"en-GB\"},{\"@type\":\"Organization\",\"@id\":\"https:\/\/foretnature.be\/en\/#organization\",\"name\":\"For\u00eat.Nature\",\"url\":\"https:\/\/foretnature.be\/en\/\",\"logo\":{\"@type\":\"ImageObject\",\"inLanguage\":\"en-GB\",\"@id\":\"https:\/\/foretnature.be\/en\/#\/schema\/logo\/image\/\",\"url\":\"https:\/\/foretnature.be\/wp-content\/uploads\/2021\/01\/logoFOblanc.png\",\"contentUrl\":\"https:\/\/foretnature.be\/wp-content\/uploads\/2021\/01\/logoFOblanc.png\",\"width\":300,\"height\":151,\"caption\":\"For\u00eat.Nature\"},\"image\":{\"@id\":\"https:\/\/foretnature.be\/en\/#\/schema\/logo\/image\/\"}}]}<\/script>\n<!-- \/ Yoast SEO plugin. -->","yoast_head_json":{"title":"La for\u00eat fran\u00e7aise en bref - For\u00eat.Nature","robots":{"index":"index","follow":"follow","max-snippet":"max-snippet:-1","max-image-preview":"max-image-preview:large","max-video-preview":"max-video-preview:-1"},"canonical":"https:\/\/foretnature.be\/en\/resume-foret-mail\/la-foret-francaise-en-bref\/","og_locale":"en_GB","og_type":"article","og_title":"La for\u00eat fran\u00e7aise en bref - For\u00eat.Nature","og_description":"L\u2019institut national de l\u2019Information G\u00e9ographique Foresti\u00e8re (IGN) a publi\u00e9 un r\u00e9sum\u00e9 de 32 pages qui illustrent l\u2019\u00e9tat et l\u2019\u00e9volution de la for\u00eat fran\u00e7aise ces derni\u00e8res ann\u00e9es. En France m\u00e9tropolitaine, la for\u00eat occupe 16,7 millions d\u2019hectares et est en progression (0,7 % par an). Les feuillus y sont majoritaires (67 % de la surface) alors que [&hellip;]","og_url":"https:\/\/foretnature.be\/en\/resume-foret-mail\/la-foret-francaise-en-bref\/","og_site_name":"For\u00eat.Nature","twitter_card":"summary_large_image","twitter_misc":{"Estimated reading time":"1 minute"},"schema":{"@context":"https:\/\/schema.org","@graph":[{"@type":"WebPage","@id":"https:\/\/foretnature.be\/resume-foret-mail\/la-foret-francaise-en-bref\/","url":"https:\/\/foretnature.be\/resume-foret-mail\/la-foret-francaise-en-bref\/","name":"La for\u00eat fran\u00e7aise en bref - For\u00eat.Nature","isPartOf":{"@id":"https:\/\/foretnature.be\/en\/#website"},"datePublished":"2021-09-10T09:45:00+00:00","dateModified":"2021-09-10T09:45:00+00:00","breadcrumb":{"@id":"https:\/\/foretnature.be\/resume-foret-mail\/la-foret-francaise-en-bref\/#breadcrumb"},"inLanguage":"en-GB","potentialAction":[{"@type":"ReadAction","target":["https:\/\/foretnature.be\/resume-foret-mail\/la-foret-francaise-en-bref\/"]}]},{"@type":"BreadcrumbList","@id":"https:\/\/foretnature.be\/resume-foret-mail\/la-foret-francaise-en-bref\/#breadcrumb","itemListElement":[{"@type":"ListItem","position":1,"name":"Home","item":"https:\/\/foretnature.be\/en\/"},{"@type":"ListItem","position":2,"name":"La for\u00eat fran\u00e7aise en bref"}]},{"@type":"WebSite","@id":"https:\/\/foretnature.be\/en\/#website","url":"https:\/\/foretnature.be\/en\/","name":"For\u00eat.Nature","description":"Une \u00e9quipe technique au service de la for\u00eat","publisher":{"@id":"https:\/\/foretnature.be\/en\/#organization"},"potentialAction":[{"@type":"SearchAction","target":{"@type":"EntryPoint","urlTemplate":"https:\/\/foretnature.be\/en\/?s={search_term_string}"},"query-input":"required name=search_term_string"}],"inLanguage":"en-GB"},{"@type":"Organization","@id":"https:\/\/foretnature.be\/en\/#organization","name":"For\u00eat.Nature","url":"https:\/\/foretnature.be\/en\/","logo":{"@type":"ImageObject","inLanguage":"en-GB","@id":"https:\/\/foretnature.be\/en\/#\/schema\/logo\/image\/","url":"https:\/\/foretnature.be\/wp-content\/uploads\/2021\/01\/logoFOblanc.png","contentUrl":"https:\/\/foretnature.be\/wp-content\/uploads\/2021\/01\/logoFOblanc.png","width":300,"height":151,"caption":"For\u00eat.Nature"},"image":{"@id":"https:\/\/foretnature.be\/en\/#\/schema\/logo\/image\/"}}]}},"_links":{"self":[{"href":"https:\/\/foretnature.be\/en\/wp-json\/wp\/v2\/resume-foret-mail\/34196"}],"collection":[{"href":"https:\/\/foretnature.be\/en\/wp-json\/wp\/v2\/resume-foret-mail"}],"about":[{"href":"https:\/\/foretnature.be\/en\/wp-json\/wp\/v2\/types\/resume-foret-mail"}],"version-history":[{"count":0,"href":"https:\/\/foretnature.be\/en\/wp-json\/wp\/v2\/resume-foret-mail\/34196\/revisions"}],"wp:attachment":[{"href":"https:\/\/foretnature.be\/en\/wp-json\/wp\/v2\/media?parent=34196"}],"wp:term":[{"taxonomy":"category","embeddable":true,"href":"https:\/\/foretnature.be\/en\/wp-json\/wp\/v2\/categories?post=34196"}],"curies":[{"name":"wp","href":"https:\/\/api.w.org\/{rel}","templated":true}]}}