{"id":34195,"date":"2021-09-10T11:45:00","date_gmt":"2021-09-10T09:45:00","guid":{"rendered":"https:\/\/foretnature.be\/resume-foret-mail\/fin-de-la-privatisation\/"},"modified":"2021-09-10T11:45:00","modified_gmt":"2021-09-10T09:45:00","slug":"fin-de-la-privatisation","status":"publish","type":"resume-foret-mail","link":"https:\/\/foretnature.be\/en\/resume-foret-mail\/fin-de-la-privatisation\/","title":{"rendered":"Fin de la privatisation"},"content":{"rendered":"<p>\u00a9 John Smith\/fotolia<br \/>\nLa saga d\u00e9marr\u00e9e en d\u00e9cembre \u00e0 propos du projet de d\u00e9cret visant \u00e0 \u00e9largir la possibilit\u00e9 de vendre des for\u00eats domaniales \u00e0 des priv\u00e9s \u00ab sans l\u2019aval du parlement wallon \u00bb a fait l\u2019objet d\u2019un nouveau rebondissement fin mars.\u00a0Le projet de loi d\u00e9cri\u00e9 avait d\u00e9j\u00e0 \u00e9t\u00e9 suspendu et le parlement wallon avait d\u00e9cid\u00e9 d\u2019auditionner plusieurs parties.<br \/>\nLe second tour de consultations concernait Natagora et Inter-Environnement Wallonie. Pour ces associations repr\u00e9sentatives, le projet menace la biodiversit\u00e9, les revenus publics et limite l&rsquo;acc\u00e8s \u00e0 la for\u00eat et doit donc \u00eatre abandonn\u00e9 !<br \/>\n\u00ab Tant qu\u2019il n\u2019y aura pas un large consensus, on ne pourra pas avancer \u00bb reconna\u00eet Ren\u00e9 Collin qui a donc d\u00e9cid\u00e9 de suspendre le projet jusqu\u2019\u00e0 nouvel ordre.<br \/>\nD\u2019apr\u00e8s Herminaire J-C. ; Belga M. M. ; La libre Belgique ; RTL info (2017).<\/p>","protected":false},"excerpt":{"rendered":"<p>\u00a9 John Smith\/fotolia La saga d\u00e9marr\u00e9e en d\u00e9cembre \u00e0 propos du projet de d\u00e9cret visant \u00e0 \u00e9largir la possibilit\u00e9 de vendre des for\u00eats domaniales \u00e0 des priv\u00e9s \u00ab sans l\u2019aval du parlement wallon \u00bb a fait l\u2019objet d\u2019un nouveau rebondissement fin mars.\u00a0Le projet de loi d\u00e9cri\u00e9 avait d\u00e9j\u00e0 \u00e9t\u00e9 suspendu et le parlement wallon avait [&hellip;]<\/p>","protected":false},"featured_media":0,"template":"","categories":[50],"acf":[],"yoast_head":"<!-- This site is optimized with the Yoast SEO plugin v23.2 - https:\/\/yoast.com\/wordpress\/plugins\/seo\/ -->\n<title>Fin de la privatisation - For\u00eat.Nature<\/title>\n<meta name=\"robots\" content=\"index, follow, max-snippet:-1, max-image-preview:large, max-video-preview:-1\" \/>\n<link rel=\"canonical\" href=\"https:\/\/foretnature.be\/en\/resume-foret-mail\/fin-de-la-privatisation\/\" \/>\n<meta property=\"og:locale\" content=\"en_GB\" \/>\n<meta property=\"og:type\" content=\"article\" \/>\n<meta property=\"og:title\" content=\"Fin de la privatisation - For\u00eat.Nature\" \/>\n<meta property=\"og:description\" content=\"\u00a9 John Smith\/fotolia La saga d\u00e9marr\u00e9e en d\u00e9cembre \u00e0 propos du projet de d\u00e9cret visant \u00e0 \u00e9largir la possibilit\u00e9 de vendre des for\u00eats domaniales \u00e0 des priv\u00e9s \u00ab sans l\u2019aval du parlement wallon \u00bb a fait l\u2019objet d\u2019un nouveau rebondissement fin mars.\u00a0Le projet de loi d\u00e9cri\u00e9 avait d\u00e9j\u00e0 \u00e9t\u00e9 suspendu et le parlement wallon avait [&hellip;]\" \/>\n<meta property=\"og:url\" content=\"https:\/\/foretnature.be\/en\/resume-foret-mail\/fin-de-la-privatisation\/\" \/>\n<meta property=\"og:site_name\" content=\"For\u00eat.Nature\" \/>\n<meta name=\"twitter:card\" content=\"summary_large_image\" \/>\n<meta name=\"twitter:label1\" content=\"Estimated reading time\" \/>\n\t<meta name=\"twitter:data1\" content=\"1 minute\" \/>\n<script type=\"application\/ld+json\" class=\"yoast-schema-graph\">{\"@context\":\"https:\/\/schema.org\",\"@graph\":[{\"@type\":\"WebPage\",\"@id\":\"https:\/\/foretnature.be\/resume-foret-mail\/fin-de-la-privatisation\/\",\"url\":\"https:\/\/foretnature.be\/resume-foret-mail\/fin-de-la-privatisation\/\",\"name\":\"Fin de la privatisation - For\u00eat.Nature\",\"isPartOf\":{\"@id\":\"https:\/\/foretnature.be\/en\/#website\"},\"datePublished\":\"2021-09-10T09:45:00+00:00\",\"dateModified\":\"2021-09-10T09:45:00+00:00\",\"breadcrumb\":{\"@id\":\"https:\/\/foretnature.be\/resume-foret-mail\/fin-de-la-privatisation\/#breadcrumb\"},\"inLanguage\":\"en-GB\",\"potentialAction\":[{\"@type\":\"ReadAction\",\"target\":[\"https:\/\/foretnature.be\/resume-foret-mail\/fin-de-la-privatisation\/\"]}]},{\"@type\":\"BreadcrumbList\",\"@id\":\"https:\/\/foretnature.be\/resume-foret-mail\/fin-de-la-privatisation\/#breadcrumb\",\"itemListElement\":[{\"@type\":\"ListItem\",\"position\":1,\"name\":\"Home\",\"item\":\"https:\/\/foretnature.be\/en\/\"},{\"@type\":\"ListItem\",\"position\":2,\"name\":\"Fin de la privatisation\"}]},{\"@type\":\"WebSite\",\"@id\":\"https:\/\/foretnature.be\/en\/#website\",\"url\":\"https:\/\/foretnature.be\/en\/\",\"name\":\"For\u00eat.Nature\",\"description\":\"Une \u00e9quipe technique au service de la for\u00eat\",\"publisher\":{\"@id\":\"https:\/\/foretnature.be\/en\/#organization\"},\"potentialAction\":[{\"@type\":\"SearchAction\",\"target\":{\"@type\":\"EntryPoint\",\"urlTemplate\":\"https:\/\/foretnature.be\/en\/?s={search_term_string}\"},\"query-input\":\"required name=search_term_string\"}],\"inLanguage\":\"en-GB\"},{\"@type\":\"Organization\",\"@id\":\"https:\/\/foretnature.be\/en\/#organization\",\"name\":\"For\u00eat.Nature\",\"url\":\"https:\/\/foretnature.be\/en\/\",\"logo\":{\"@type\":\"ImageObject\",\"inLanguage\":\"en-GB\",\"@id\":\"https:\/\/foretnature.be\/en\/#\/schema\/logo\/image\/\",\"url\":\"https:\/\/foretnature.be\/wp-content\/uploads\/2021\/01\/logoFOblanc.png\",\"contentUrl\":\"https:\/\/foretnature.be\/wp-content\/uploads\/2021\/01\/logoFOblanc.png\",\"width\":300,\"height\":151,\"caption\":\"For\u00eat.Nature\"},\"image\":{\"@id\":\"https:\/\/foretnature.be\/en\/#\/schema\/logo\/image\/\"}}]}<\/script>\n<!-- \/ Yoast SEO plugin. -->","yoast_head_json":{"title":"Fin de la privatisation - For\u00eat.Nature","robots":{"index":"index","follow":"follow","max-snippet":"max-snippet:-1","max-image-preview":"max-image-preview:large","max-video-preview":"max-video-preview:-1"},"canonical":"https:\/\/foretnature.be\/en\/resume-foret-mail\/fin-de-la-privatisation\/","og_locale":"en_GB","og_type":"article","og_title":"Fin de la privatisation - For\u00eat.Nature","og_description":"\u00a9 John Smith\/fotolia La saga d\u00e9marr\u00e9e en d\u00e9cembre \u00e0 propos du projet de d\u00e9cret visant \u00e0 \u00e9largir la possibilit\u00e9 de vendre des for\u00eats domaniales \u00e0 des priv\u00e9s \u00ab sans l\u2019aval du parlement wallon \u00bb a fait l\u2019objet d\u2019un nouveau rebondissement fin mars.\u00a0Le projet de loi d\u00e9cri\u00e9 avait d\u00e9j\u00e0 \u00e9t\u00e9 suspendu et le parlement wallon avait [&hellip;]","og_url":"https:\/\/foretnature.be\/en\/resume-foret-mail\/fin-de-la-privatisation\/","og_site_name":"For\u00eat.Nature","twitter_card":"summary_large_image","twitter_misc":{"Estimated reading time":"1 minute"},"schema":{"@context":"https:\/\/schema.org","@graph":[{"@type":"WebPage","@id":"https:\/\/foretnature.be\/resume-foret-mail\/fin-de-la-privatisation\/","url":"https:\/\/foretnature.be\/resume-foret-mail\/fin-de-la-privatisation\/","name":"Fin de la privatisation - For\u00eat.Nature","isPartOf":{"@id":"https:\/\/foretnature.be\/en\/#website"},"datePublished":"2021-09-10T09:45:00+00:00","dateModified":"2021-09-10T09:45:00+00:00","breadcrumb":{"@id":"https:\/\/foretnature.be\/resume-foret-mail\/fin-de-la-privatisation\/#breadcrumb"},"inLanguage":"en-GB","potentialAction":[{"@type":"ReadAction","target":["https:\/\/foretnature.be\/resume-foret-mail\/fin-de-la-privatisation\/"]}]},{"@type":"BreadcrumbList","@id":"https:\/\/foretnature.be\/resume-foret-mail\/fin-de-la-privatisation\/#breadcrumb","itemListElement":[{"@type":"ListItem","position":1,"name":"Home","item":"https:\/\/foretnature.be\/en\/"},{"@type":"ListItem","position":2,"name":"Fin de la privatisation"}]},{"@type":"WebSite","@id":"https:\/\/foretnature.be\/en\/#website","url":"https:\/\/foretnature.be\/en\/","name":"For\u00eat.Nature","description":"Une \u00e9quipe technique au service de la for\u00eat","publisher":{"@id":"https:\/\/foretnature.be\/en\/#organization"},"potentialAction":[{"@type":"SearchAction","target":{"@type":"EntryPoint","urlTemplate":"https:\/\/foretnature.be\/en\/?s={search_term_string}"},"query-input":"required name=search_term_string"}],"inLanguage":"en-GB"},{"@type":"Organization","@id":"https:\/\/foretnature.be\/en\/#organization","name":"For\u00eat.Nature","url":"https:\/\/foretnature.be\/en\/","logo":{"@type":"ImageObject","inLanguage":"en-GB","@id":"https:\/\/foretnature.be\/en\/#\/schema\/logo\/image\/","url":"https:\/\/foretnature.be\/wp-content\/uploads\/2021\/01\/logoFOblanc.png","contentUrl":"https:\/\/foretnature.be\/wp-content\/uploads\/2021\/01\/logoFOblanc.png","width":300,"height":151,"caption":"For\u00eat.Nature"},"image":{"@id":"https:\/\/foretnature.be\/en\/#\/schema\/logo\/image\/"}}]}},"_links":{"self":[{"href":"https:\/\/foretnature.be\/en\/wp-json\/wp\/v2\/resume-foret-mail\/34195"}],"collection":[{"href":"https:\/\/foretnature.be\/en\/wp-json\/wp\/v2\/resume-foret-mail"}],"about":[{"href":"https:\/\/foretnature.be\/en\/wp-json\/wp\/v2\/types\/resume-foret-mail"}],"version-history":[{"count":0,"href":"https:\/\/foretnature.be\/en\/wp-json\/wp\/v2\/resume-foret-mail\/34195\/revisions"}],"wp:attachment":[{"href":"https:\/\/foretnature.be\/en\/wp-json\/wp\/v2\/media?parent=34195"}],"wp:term":[{"taxonomy":"category","embeddable":true,"href":"https:\/\/foretnature.be\/en\/wp-json\/wp\/v2\/categories?post=34195"}],"curies":[{"name":"wp","href":"https:\/\/api.w.org\/{rel}","templated":true}]}}