{"id":34164,"date":"2021-09-10T11:44:53","date_gmt":"2021-09-10T09:44:53","guid":{"rendered":"https:\/\/foretnature.be\/resume-foret-mail\/la-plasticite-des-jeunes-arbres-face-a-la-concurrence-inter-et-intra-specifique\/"},"modified":"2021-09-10T11:44:53","modified_gmt":"2021-09-10T09:44:53","slug":"la-plasticite-des-jeunes-arbres-face-a-la-concurrence-inter-et-intra-specifique","status":"publish","type":"resume-foret-mail","link":"https:\/\/foretnature.be\/en\/resume-foret-mail\/la-plasticite-des-jeunes-arbres-face-a-la-concurrence-inter-et-intra-specifique\/","title":{"rendered":"La plasticit\u00e9 des jeunes arbres face \u00e0 la concurrence inter et intra-sp\u00e9cifique"},"content":{"rendered":"<p>\u00a9 UCL-FORBIO<br \/>\nEn fonction des essences, les jeunes arbres pr\u00e9sentent une certaine plasticit\u00e9 en r\u00e9ponse aux conditions environnementales. Cependant, la comparaison de l\u2019architecture des arbres dans les peuplements purs et m\u00e9lang\u00e9s est peu \u00e9tudi\u00e9e. Une \u00e9tude r\u00e9alis\u00e9e en Belgique a test\u00e9 les effets de la concurrence et de la diversit\u00e9 sur l&rsquo;architecture de cinq esp\u00e8ces importantes en plantation : ch\u00eane p\u00e9doncul\u00e9, bouleau verruqueux, h\u00eatre, pin sylvestre et tilleul avant et pendant la fermeture de la canop\u00e9e.<br \/>\nLes donn\u00e9es ont \u00e9t\u00e9 recueillies au sein d\u2019un dispositif mis en place il y a cinq ans en Flandre dans le cadre du projet FORBIO traitant le sujet des peuplements m\u00e9lang\u00e9s. Les propri\u00e9t\u00e9s architecturales (branche, le rapport hauteur\/diam\u00e8tre (H\/D), le diam\u00e8tre des branches et l&rsquo;angle d&rsquo;insertion des branches) ont \u00e9t\u00e9 relev\u00e9es sur 396 arbres.<br \/>\nLes esp\u00e8ces ont pr\u00e9sent\u00e9 des r\u00e9ponses architecturales contrast\u00e9es \u00e0 la comp\u00e9tition.<br \/>\nEn cas de concurrence forte, le ch\u00eane p\u00e9doncul\u00e9 (h\u00e9liophile et croissance lente) a augment\u00e9 son rapport H\/D pour optimiser la recherche de lumi\u00e8re dans la canop\u00e9e sup\u00e9rieure. Les rameaux ont r\u00e9pondu en s\u2019ins\u00e9rant plus horizontalement sur le tronc. Le bouleau (h\u00e9liophile \u00e0 croissance rapide) a augment\u00e9 son rapport H\/D et a diminu\u00e9 sa ramification de branches. Le h\u00eatre (sciaphile et croissance lente) a augment\u00e9 sa ramification pour am\u00e9liorer l&rsquo;absorption de lumi\u00e8re sous ombrage. Le pin sylvestre (h\u00e9liophile et croissance rapide) et le tilleul (sciaphile et croissance lente) n\u2019ont pas pr\u00e9sent\u00e9 de diff\u00e9rences architecturales significatives. La diversit\u00e9 et l&rsquo;identit\u00e9 des esp\u00e8ces voisines n&rsquo;ont pas contribu\u00e9 \u00e0 la plasticit\u00e9 architecturale.<br \/>\nLes auteurs concluent que la concurrence entre les arbres, et non la diversit\u00e9, influence l&rsquo;architecture des jeunes plantations avant et pendant la fermeture du couvert dans les m\u00e9langes. En cons\u00e9quence, pour guider le d\u00e9veloppement architectural des arbres vers des bois de haute qualit\u00e9, il est important pour les gestionnaires de prendre en compte les processus concurrentiels d\u00e8s le stade d\u2019installation dans les plantations.<br \/>\nVan de Peer T., Verheyen K., Kint V., Van Cleemput E., Muys B. (2017). Plasticity of tree architecture through interspecific and intraspecific competition in a young experimental plantation. Forest Ecology and Management 385.<\/p>","protected":false},"excerpt":{"rendered":"<p>\u00a9 UCL-FORBIO En fonction des essences, les jeunes arbres pr\u00e9sentent une certaine plasticit\u00e9 en r\u00e9ponse aux conditions environnementales. Cependant, la comparaison de l\u2019architecture des arbres dans les peuplements purs et m\u00e9lang\u00e9s est peu \u00e9tudi\u00e9e. Une \u00e9tude r\u00e9alis\u00e9e en Belgique a test\u00e9 les effets de la concurrence et de la diversit\u00e9 sur l&rsquo;architecture de cinq esp\u00e8ces [&hellip;]<\/p>","protected":false},"featured_media":0,"template":"","categories":[50],"acf":[],"yoast_head":"<!-- This site is optimized with the Yoast SEO plugin v23.2 - https:\/\/yoast.com\/wordpress\/plugins\/seo\/ -->\n<title>La plasticit\u00e9 des jeunes arbres face \u00e0 la concurrence inter et intra-sp\u00e9cifique - For\u00eat.Nature<\/title>\n<meta name=\"robots\" content=\"index, follow, max-snippet:-1, max-image-preview:large, max-video-preview:-1\" \/>\n<link rel=\"canonical\" href=\"https:\/\/foretnature.be\/en\/resume-foret-mail\/la-plasticite-des-jeunes-arbres-face-a-la-concurrence-inter-et-intra-specifique\/\" \/>\n<meta property=\"og:locale\" content=\"en_GB\" \/>\n<meta property=\"og:type\" content=\"article\" \/>\n<meta property=\"og:title\" content=\"La plasticit\u00e9 des jeunes arbres face \u00e0 la concurrence inter et intra-sp\u00e9cifique - For\u00eat.Nature\" \/>\n<meta property=\"og:description\" content=\"\u00a9 UCL-FORBIO En fonction des essences, les jeunes arbres pr\u00e9sentent une certaine plasticit\u00e9 en r\u00e9ponse aux conditions environnementales. Cependant, la comparaison de l\u2019architecture des arbres dans les peuplements purs et m\u00e9lang\u00e9s est peu \u00e9tudi\u00e9e. Une \u00e9tude r\u00e9alis\u00e9e en Belgique a test\u00e9 les effets de la concurrence et de la diversit\u00e9 sur l&rsquo;architecture de cinq esp\u00e8ces [&hellip;]\" \/>\n<meta property=\"og:url\" content=\"https:\/\/foretnature.be\/en\/resume-foret-mail\/la-plasticite-des-jeunes-arbres-face-a-la-concurrence-inter-et-intra-specifique\/\" \/>\n<meta property=\"og:site_name\" content=\"For\u00eat.Nature\" \/>\n<meta name=\"twitter:card\" content=\"summary_large_image\" \/>\n<meta name=\"twitter:label1\" content=\"Estimated reading time\" \/>\n\t<meta name=\"twitter:data1\" content=\"2 minutes\" \/>\n<script type=\"application\/ld+json\" class=\"yoast-schema-graph\">{\"@context\":\"https:\/\/schema.org\",\"@graph\":[{\"@type\":\"WebPage\",\"@id\":\"https:\/\/foretnature.be\/en\/resume-foret-mail\/la-plasticite-des-jeunes-arbres-face-a-la-concurrence-inter-et-intra-specifique\/\",\"url\":\"https:\/\/foretnature.be\/en\/resume-foret-mail\/la-plasticite-des-jeunes-arbres-face-a-la-concurrence-inter-et-intra-specifique\/\",\"name\":\"La plasticit\u00e9 des jeunes arbres face \u00e0 la concurrence inter et intra-sp\u00e9cifique - For\u00eat.Nature\",\"isPartOf\":{\"@id\":\"https:\/\/foretnature.be\/#website\"},\"datePublished\":\"2021-09-10T09:44:53+00:00\",\"dateModified\":\"2021-09-10T09:44:53+00:00\",\"breadcrumb\":{\"@id\":\"https:\/\/foretnature.be\/en\/resume-foret-mail\/la-plasticite-des-jeunes-arbres-face-a-la-concurrence-inter-et-intra-specifique\/#breadcrumb\"},\"inLanguage\":\"en-GB\",\"potentialAction\":[{\"@type\":\"ReadAction\",\"target\":[\"https:\/\/foretnature.be\/en\/resume-foret-mail\/la-plasticite-des-jeunes-arbres-face-a-la-concurrence-inter-et-intra-specifique\/\"]}]},{\"@type\":\"BreadcrumbList\",\"@id\":\"https:\/\/foretnature.be\/en\/resume-foret-mail\/la-plasticite-des-jeunes-arbres-face-a-la-concurrence-inter-et-intra-specifique\/#breadcrumb\",\"itemListElement\":[{\"@type\":\"ListItem\",\"position\":1,\"name\":\"Home\",\"item\":\"https:\/\/foretnature.be\/\"},{\"@type\":\"ListItem\",\"position\":2,\"name\":\"La plasticit\u00e9 des jeunes arbres face \u00e0 la concurrence inter et intra-sp\u00e9cifique\"}]},{\"@type\":\"WebSite\",\"@id\":\"https:\/\/foretnature.be\/#website\",\"url\":\"https:\/\/foretnature.be\/\",\"name\":\"For\u00eat.Nature\",\"description\":\"Une \u00e9quipe technique au service de la for\u00eat\",\"publisher\":{\"@id\":\"https:\/\/foretnature.be\/#organization\"},\"potentialAction\":[{\"@type\":\"SearchAction\",\"target\":{\"@type\":\"EntryPoint\",\"urlTemplate\":\"https:\/\/foretnature.be\/?s={search_term_string}\"},\"query-input\":\"required name=search_term_string\"}],\"inLanguage\":\"en-GB\"},{\"@type\":\"Organization\",\"@id\":\"https:\/\/foretnature.be\/#organization\",\"name\":\"For\u00eat.Nature\",\"url\":\"https:\/\/foretnature.be\/\",\"logo\":{\"@type\":\"ImageObject\",\"inLanguage\":\"en-GB\",\"@id\":\"https:\/\/foretnature.be\/#\/schema\/logo\/image\/\",\"url\":\"https:\/\/foretnature.be\/wp-content\/uploads\/2021\/01\/logoFOblanc.png\",\"contentUrl\":\"https:\/\/foretnature.be\/wp-content\/uploads\/2021\/01\/logoFOblanc.png\",\"width\":300,\"height\":151,\"caption\":\"For\u00eat.Nature\"},\"image\":{\"@id\":\"https:\/\/foretnature.be\/#\/schema\/logo\/image\/\"}}]}<\/script>\n<!-- \/ Yoast SEO plugin. -->","yoast_head_json":{"title":"La plasticit\u00e9 des jeunes arbres face \u00e0 la concurrence inter et intra-sp\u00e9cifique - For\u00eat.Nature","robots":{"index":"index","follow":"follow","max-snippet":"max-snippet:-1","max-image-preview":"max-image-preview:large","max-video-preview":"max-video-preview:-1"},"canonical":"https:\/\/foretnature.be\/en\/resume-foret-mail\/la-plasticite-des-jeunes-arbres-face-a-la-concurrence-inter-et-intra-specifique\/","og_locale":"en_GB","og_type":"article","og_title":"La plasticit\u00e9 des jeunes arbres face \u00e0 la concurrence inter et intra-sp\u00e9cifique - For\u00eat.Nature","og_description":"\u00a9 UCL-FORBIO En fonction des essences, les jeunes arbres pr\u00e9sentent une certaine plasticit\u00e9 en r\u00e9ponse aux conditions environnementales. Cependant, la comparaison de l\u2019architecture des arbres dans les peuplements purs et m\u00e9lang\u00e9s est peu \u00e9tudi\u00e9e. Une \u00e9tude r\u00e9alis\u00e9e en Belgique a test\u00e9 les effets de la concurrence et de la diversit\u00e9 sur l&rsquo;architecture de cinq esp\u00e8ces [&hellip;]","og_url":"https:\/\/foretnature.be\/en\/resume-foret-mail\/la-plasticite-des-jeunes-arbres-face-a-la-concurrence-inter-et-intra-specifique\/","og_site_name":"For\u00eat.Nature","twitter_card":"summary_large_image","twitter_misc":{"Estimated reading time":"2 minutes"},"schema":{"@context":"https:\/\/schema.org","@graph":[{"@type":"WebPage","@id":"https:\/\/foretnature.be\/en\/resume-foret-mail\/la-plasticite-des-jeunes-arbres-face-a-la-concurrence-inter-et-intra-specifique\/","url":"https:\/\/foretnature.be\/en\/resume-foret-mail\/la-plasticite-des-jeunes-arbres-face-a-la-concurrence-inter-et-intra-specifique\/","name":"La plasticit\u00e9 des jeunes arbres face \u00e0 la concurrence inter et intra-sp\u00e9cifique - For\u00eat.Nature","isPartOf":{"@id":"https:\/\/foretnature.be\/#website"},"datePublished":"2021-09-10T09:44:53+00:00","dateModified":"2021-09-10T09:44:53+00:00","breadcrumb":{"@id":"https:\/\/foretnature.be\/en\/resume-foret-mail\/la-plasticite-des-jeunes-arbres-face-a-la-concurrence-inter-et-intra-specifique\/#breadcrumb"},"inLanguage":"en-GB","potentialAction":[{"@type":"ReadAction","target":["https:\/\/foretnature.be\/en\/resume-foret-mail\/la-plasticite-des-jeunes-arbres-face-a-la-concurrence-inter-et-intra-specifique\/"]}]},{"@type":"BreadcrumbList","@id":"https:\/\/foretnature.be\/en\/resume-foret-mail\/la-plasticite-des-jeunes-arbres-face-a-la-concurrence-inter-et-intra-specifique\/#breadcrumb","itemListElement":[{"@type":"ListItem","position":1,"name":"Home","item":"https:\/\/foretnature.be\/"},{"@type":"ListItem","position":2,"name":"La plasticit\u00e9 des jeunes arbres face \u00e0 la concurrence inter et intra-sp\u00e9cifique"}]},{"@type":"WebSite","@id":"https:\/\/foretnature.be\/#website","url":"https:\/\/foretnature.be\/","name":"For\u00eat.Nature","description":"Une \u00e9quipe technique au service de la for\u00eat","publisher":{"@id":"https:\/\/foretnature.be\/#organization"},"potentialAction":[{"@type":"SearchAction","target":{"@type":"EntryPoint","urlTemplate":"https:\/\/foretnature.be\/?s={search_term_string}"},"query-input":"required name=search_term_string"}],"inLanguage":"en-GB"},{"@type":"Organization","@id":"https:\/\/foretnature.be\/#organization","name":"For\u00eat.Nature","url":"https:\/\/foretnature.be\/","logo":{"@type":"ImageObject","inLanguage":"en-GB","@id":"https:\/\/foretnature.be\/#\/schema\/logo\/image\/","url":"https:\/\/foretnature.be\/wp-content\/uploads\/2021\/01\/logoFOblanc.png","contentUrl":"https:\/\/foretnature.be\/wp-content\/uploads\/2021\/01\/logoFOblanc.png","width":300,"height":151,"caption":"For\u00eat.Nature"},"image":{"@id":"https:\/\/foretnature.be\/#\/schema\/logo\/image\/"}}]}},"_links":{"self":[{"href":"https:\/\/foretnature.be\/en\/wp-json\/wp\/v2\/resume-foret-mail\/34164"}],"collection":[{"href":"https:\/\/foretnature.be\/en\/wp-json\/wp\/v2\/resume-foret-mail"}],"about":[{"href":"https:\/\/foretnature.be\/en\/wp-json\/wp\/v2\/types\/resume-foret-mail"}],"version-history":[{"count":0,"href":"https:\/\/foretnature.be\/en\/wp-json\/wp\/v2\/resume-foret-mail\/34164\/revisions"}],"wp:attachment":[{"href":"https:\/\/foretnature.be\/en\/wp-json\/wp\/v2\/media?parent=34164"}],"wp:term":[{"taxonomy":"category","embeddable":true,"href":"https:\/\/foretnature.be\/en\/wp-json\/wp\/v2\/categories?post=34164"}],"curies":[{"name":"wp","href":"https:\/\/api.w.org\/{rel}","templated":true}]}}