{"id":34162,"date":"2021-09-10T11:44:53","date_gmt":"2021-09-10T09:44:53","guid":{"rendered":"https:\/\/foretnature.be\/resume-foret-mail\/pies-et-corneilles-bientot-chassables\/"},"modified":"2021-09-10T11:44:53","modified_gmt":"2021-09-10T09:44:53","slug":"pies-et-corneilles-bientot-chassables","status":"publish","type":"resume-foret-mail","link":"https:\/\/foretnature.be\/en\/resume-foret-mail\/pies-et-corneilles-bientot-chassables\/","title":{"rendered":"Pies et corneilles bient\u00f4t chassables ?"},"content":{"rendered":"<p>Le Gouvernement wallon a adopt\u00e9 un avant-projet de d\u00e9cret qui pr\u00e9voit (1) d\u2019\u00f4ter leur statut de protection \u00e0 la pie bavarde et \u00e0 la corneille noire pour les d\u00e9placer dans la liste des esp\u00e8ces gibiers et (2) de faciliter les proc\u00e9dures en cas de demande de destruction pour le blaireau, le castor, le h\u00e9ron et le cormoran.<br \/>\nLe texte a \u00e9t\u00e9 envoy\u00e9 au Conseil sup\u00e9rieur wallon de la Nature qui a un mois (vacances comprises) pour remettre un avis. En 2013, un projet de d\u00e9cret similaire avait d\u00e9j\u00e0 re\u00e7u un avis n\u00e9gatif, l\u2019estimant notamment bas\u00e9 sur des donn\u00e9es non fond\u00e9es.<br \/>\nLes experts de la conservation de la nature estiment que ce n\u2019est pas le nombre de pies et corneilles qui est le principal probl\u00e8me de la disparition d\u2019autres esp\u00e8ces mais plut\u00f4t la banalisation de l\u2019habitat agricole. En ce qui concerne les d\u00e9g\u00e2ts li\u00e9s au blaireau et au castor, il s\u2019agit dans 90 % des cas d\u2019une temp\u00eate dans un verre d\u2019eau. Et en tout cas, il ne sert \u00e0 rien d\u2019\u00e9radiquer : l\u2019animal revient apr\u00e8s. Enfin, les populations de h\u00e9rons et de cormorans sont en diminution depuis plusieurs ann\u00e9es.<br \/>\nDe Muelenaere M. (2016). Pies et corneilles, bient\u00f4t au tableau de chasse ? Le Soir, 23\/12\/2016.<\/p>","protected":false},"excerpt":{"rendered":"<p>Le Gouvernement wallon a adopt\u00e9 un avant-projet de d\u00e9cret qui pr\u00e9voit (1) d\u2019\u00f4ter leur statut de protection \u00e0 la pie bavarde et \u00e0 la corneille noire pour les d\u00e9placer dans la liste des esp\u00e8ces gibiers et (2) de faciliter les proc\u00e9dures en cas de demande de destruction pour le blaireau, le castor, le h\u00e9ron et [&hellip;]<\/p>","protected":false},"featured_media":0,"template":"","categories":[50],"acf":[],"yoast_head":"<!-- This site is optimized with the Yoast SEO plugin v23.2 - https:\/\/yoast.com\/wordpress\/plugins\/seo\/ -->\n<title>Pies et corneilles bient\u00f4t chassables ? - For\u00eat.Nature<\/title>\n<meta name=\"robots\" content=\"index, follow, max-snippet:-1, max-image-preview:large, max-video-preview:-1\" \/>\n<link rel=\"canonical\" href=\"https:\/\/foretnature.be\/en\/resume-foret-mail\/pies-et-corneilles-bientot-chassables\/\" \/>\n<meta property=\"og:locale\" content=\"en_GB\" \/>\n<meta property=\"og:type\" content=\"article\" \/>\n<meta property=\"og:title\" content=\"Pies et corneilles bient\u00f4t chassables ? - For\u00eat.Nature\" \/>\n<meta property=\"og:description\" content=\"Le Gouvernement wallon a adopt\u00e9 un avant-projet de d\u00e9cret qui pr\u00e9voit (1) d\u2019\u00f4ter leur statut de protection \u00e0 la pie bavarde et \u00e0 la corneille noire pour les d\u00e9placer dans la liste des esp\u00e8ces gibiers et (2) de faciliter les proc\u00e9dures en cas de demande de destruction pour le blaireau, le castor, le h\u00e9ron et [&hellip;]\" \/>\n<meta property=\"og:url\" content=\"https:\/\/foretnature.be\/en\/resume-foret-mail\/pies-et-corneilles-bientot-chassables\/\" \/>\n<meta property=\"og:site_name\" content=\"For\u00eat.Nature\" \/>\n<meta name=\"twitter:card\" content=\"summary_large_image\" \/>\n<meta name=\"twitter:label1\" content=\"Estimated reading time\" \/>\n\t<meta name=\"twitter:data1\" content=\"1 minute\" \/>\n<script type=\"application\/ld+json\" class=\"yoast-schema-graph\">{\"@context\":\"https:\/\/schema.org\",\"@graph\":[{\"@type\":\"WebPage\",\"@id\":\"https:\/\/foretnature.be\/en\/resume-foret-mail\/pies-et-corneilles-bientot-chassables\/\",\"url\":\"https:\/\/foretnature.be\/en\/resume-foret-mail\/pies-et-corneilles-bientot-chassables\/\",\"name\":\"Pies et corneilles bient\u00f4t chassables ? - For\u00eat.Nature\",\"isPartOf\":{\"@id\":\"https:\/\/foretnature.be\/#website\"},\"datePublished\":\"2021-09-10T09:44:53+00:00\",\"dateModified\":\"2021-09-10T09:44:53+00:00\",\"breadcrumb\":{\"@id\":\"https:\/\/foretnature.be\/en\/resume-foret-mail\/pies-et-corneilles-bientot-chassables\/#breadcrumb\"},\"inLanguage\":\"en-GB\",\"potentialAction\":[{\"@type\":\"ReadAction\",\"target\":[\"https:\/\/foretnature.be\/en\/resume-foret-mail\/pies-et-corneilles-bientot-chassables\/\"]}]},{\"@type\":\"BreadcrumbList\",\"@id\":\"https:\/\/foretnature.be\/en\/resume-foret-mail\/pies-et-corneilles-bientot-chassables\/#breadcrumb\",\"itemListElement\":[{\"@type\":\"ListItem\",\"position\":1,\"name\":\"Home\",\"item\":\"https:\/\/foretnature.be\/\"},{\"@type\":\"ListItem\",\"position\":2,\"name\":\"Pies et corneilles bient\u00f4t chassables ?\"}]},{\"@type\":\"WebSite\",\"@id\":\"https:\/\/foretnature.be\/#website\",\"url\":\"https:\/\/foretnature.be\/\",\"name\":\"For\u00eat.Nature\",\"description\":\"Une \u00e9quipe technique au service de la for\u00eat\",\"publisher\":{\"@id\":\"https:\/\/foretnature.be\/#organization\"},\"potentialAction\":[{\"@type\":\"SearchAction\",\"target\":{\"@type\":\"EntryPoint\",\"urlTemplate\":\"https:\/\/foretnature.be\/?s={search_term_string}\"},\"query-input\":\"required name=search_term_string\"}],\"inLanguage\":\"en-GB\"},{\"@type\":\"Organization\",\"@id\":\"https:\/\/foretnature.be\/#organization\",\"name\":\"For\u00eat.Nature\",\"url\":\"https:\/\/foretnature.be\/\",\"logo\":{\"@type\":\"ImageObject\",\"inLanguage\":\"en-GB\",\"@id\":\"https:\/\/foretnature.be\/#\/schema\/logo\/image\/\",\"url\":\"https:\/\/foretnature.be\/wp-content\/uploads\/2021\/01\/logoFOblanc.png\",\"contentUrl\":\"https:\/\/foretnature.be\/wp-content\/uploads\/2021\/01\/logoFOblanc.png\",\"width\":300,\"height\":151,\"caption\":\"For\u00eat.Nature\"},\"image\":{\"@id\":\"https:\/\/foretnature.be\/#\/schema\/logo\/image\/\"}}]}<\/script>\n<!-- \/ Yoast SEO plugin. -->","yoast_head_json":{"title":"Pies et corneilles bient\u00f4t chassables ? - For\u00eat.Nature","robots":{"index":"index","follow":"follow","max-snippet":"max-snippet:-1","max-image-preview":"max-image-preview:large","max-video-preview":"max-video-preview:-1"},"canonical":"https:\/\/foretnature.be\/en\/resume-foret-mail\/pies-et-corneilles-bientot-chassables\/","og_locale":"en_GB","og_type":"article","og_title":"Pies et corneilles bient\u00f4t chassables ? - For\u00eat.Nature","og_description":"Le Gouvernement wallon a adopt\u00e9 un avant-projet de d\u00e9cret qui pr\u00e9voit (1) d\u2019\u00f4ter leur statut de protection \u00e0 la pie bavarde et \u00e0 la corneille noire pour les d\u00e9placer dans la liste des esp\u00e8ces gibiers et (2) de faciliter les proc\u00e9dures en cas de demande de destruction pour le blaireau, le castor, le h\u00e9ron et [&hellip;]","og_url":"https:\/\/foretnature.be\/en\/resume-foret-mail\/pies-et-corneilles-bientot-chassables\/","og_site_name":"For\u00eat.Nature","twitter_card":"summary_large_image","twitter_misc":{"Estimated reading time":"1 minute"},"schema":{"@context":"https:\/\/schema.org","@graph":[{"@type":"WebPage","@id":"https:\/\/foretnature.be\/en\/resume-foret-mail\/pies-et-corneilles-bientot-chassables\/","url":"https:\/\/foretnature.be\/en\/resume-foret-mail\/pies-et-corneilles-bientot-chassables\/","name":"Pies et corneilles bient\u00f4t chassables ? - For\u00eat.Nature","isPartOf":{"@id":"https:\/\/foretnature.be\/#website"},"datePublished":"2021-09-10T09:44:53+00:00","dateModified":"2021-09-10T09:44:53+00:00","breadcrumb":{"@id":"https:\/\/foretnature.be\/en\/resume-foret-mail\/pies-et-corneilles-bientot-chassables\/#breadcrumb"},"inLanguage":"en-GB","potentialAction":[{"@type":"ReadAction","target":["https:\/\/foretnature.be\/en\/resume-foret-mail\/pies-et-corneilles-bientot-chassables\/"]}]},{"@type":"BreadcrumbList","@id":"https:\/\/foretnature.be\/en\/resume-foret-mail\/pies-et-corneilles-bientot-chassables\/#breadcrumb","itemListElement":[{"@type":"ListItem","position":1,"name":"Home","item":"https:\/\/foretnature.be\/"},{"@type":"ListItem","position":2,"name":"Pies et corneilles bient\u00f4t chassables ?"}]},{"@type":"WebSite","@id":"https:\/\/foretnature.be\/#website","url":"https:\/\/foretnature.be\/","name":"For\u00eat.Nature","description":"Une \u00e9quipe technique au service de la for\u00eat","publisher":{"@id":"https:\/\/foretnature.be\/#organization"},"potentialAction":[{"@type":"SearchAction","target":{"@type":"EntryPoint","urlTemplate":"https:\/\/foretnature.be\/?s={search_term_string}"},"query-input":"required name=search_term_string"}],"inLanguage":"en-GB"},{"@type":"Organization","@id":"https:\/\/foretnature.be\/#organization","name":"For\u00eat.Nature","url":"https:\/\/foretnature.be\/","logo":{"@type":"ImageObject","inLanguage":"en-GB","@id":"https:\/\/foretnature.be\/#\/schema\/logo\/image\/","url":"https:\/\/foretnature.be\/wp-content\/uploads\/2021\/01\/logoFOblanc.png","contentUrl":"https:\/\/foretnature.be\/wp-content\/uploads\/2021\/01\/logoFOblanc.png","width":300,"height":151,"caption":"For\u00eat.Nature"},"image":{"@id":"https:\/\/foretnature.be\/#\/schema\/logo\/image\/"}}]}},"_links":{"self":[{"href":"https:\/\/foretnature.be\/en\/wp-json\/wp\/v2\/resume-foret-mail\/34162"}],"collection":[{"href":"https:\/\/foretnature.be\/en\/wp-json\/wp\/v2\/resume-foret-mail"}],"about":[{"href":"https:\/\/foretnature.be\/en\/wp-json\/wp\/v2\/types\/resume-foret-mail"}],"version-history":[{"count":0,"href":"https:\/\/foretnature.be\/en\/wp-json\/wp\/v2\/resume-foret-mail\/34162\/revisions"}],"wp:attachment":[{"href":"https:\/\/foretnature.be\/en\/wp-json\/wp\/v2\/media?parent=34162"}],"wp:term":[{"taxonomy":"category","embeddable":true,"href":"https:\/\/foretnature.be\/en\/wp-json\/wp\/v2\/categories?post=34162"}],"curies":[{"name":"wp","href":"https:\/\/api.w.org\/{rel}","templated":true}]}}