{"id":34158,"date":"2021-09-10T11:44:53","date_gmt":"2021-09-10T09:44:53","guid":{"rendered":"https:\/\/foretnature.be\/resume-foret-mail\/un-repit-avant-la-privatisation-de-la-foret-publique\/"},"modified":"2021-09-10T11:44:53","modified_gmt":"2021-09-10T09:44:53","slug":"un-repit-avant-la-privatisation-de-la-foret-publique","status":"publish","type":"resume-foret-mail","link":"https:\/\/foretnature.be\/en\/resume-foret-mail\/un-repit-avant-la-privatisation-de-la-foret-publique\/","title":{"rendered":"Un r\u00e9pit avant la privatisation de la for\u00eat publique ?"},"content":{"rendered":"<p>\u00a9 \u00a0Patrick Lighezzolo<br \/>\nLe 5 d\u00e9cembre 2016, un d\u00e9cret modifiant le Code forestier a \u00e9t\u00e9 vot\u00e9 en commission parlementaire. La chose fait d\u00e9bat. Le n\u0153ud du probl\u00e8me r\u00e9side dans la modification de l\u2019article 114 du Code permettant au Gouvernement Wallon de vendre les for\u00eats domaniales \u00e0 des groupements forestiers et ce, sans l\u2019aval (auparavant n\u00e9cessaire) du parlement wallon.<br \/>\nPlusieurs associations naturalistes et utilisateurs de la nature voient dans cette man\u0153uvre\u00a0la volont\u00e9 d\u00e9guis\u00e9e de renflouer les caisses r\u00e9gionales en vendant les \u00ab bijoux de famille \u00bb. De nombreuses interrogations flottent autour de cette d\u00e9cision parlementaire : Les for\u00eats seront-elles g\u00e9r\u00e9es de mani\u00e8re aussi durable si elles tombent dans les mains de propri\u00e9taires priv\u00e9s ? Si l\u2019\u00e9tat vend ses for\u00eats aux plus offrants, qui emp\u00eachera les communes de faire de m\u00eame ? Le r\u00f4le multifonctionnel de la for\u00eat sera-t-il pr\u00e9serv\u00e9, d\u2019autant qu\u2019aucune obligation ne p\u00e8se sur le secteur priv\u00e9 \u00e0 ce niveau-l\u00e0 ? L\u2019acc\u00e8s au public sera-t-il maintenu ?<br \/>\nRen\u00e9 Collin, ministre en charge de la nature et des for\u00eats, a demand\u00e9 une suspension temporaire du projet de loi. Le projet de d\u00e9cret devrait repasser en Commission de la ruralit\u00e9 du Parlement wallon le 16 janvier, \u00e0 l\u2019occasion de laquelle, la mani\u00e8re de g\u00e9rer le dossier sera discut\u00e9e et d\u00e9cid\u00e9e (audition, demande d\u2019avis suppl\u00e9mentaire, etc.).<br \/>\nLa for\u00eat wallonne \u00e0 vendre au plus offrant ? Communiqu\u00e9 de presse (2016)De Muelenaere M. (2016). La for\u00eat wallonne, un enjeu disput\u00e9. Le Soir, 10 et 11\/12\/2016.<\/p>","protected":false},"excerpt":{"rendered":"<p>\u00a9 \u00a0Patrick Lighezzolo Le 5 d\u00e9cembre 2016, un d\u00e9cret modifiant le Code forestier a \u00e9t\u00e9 vot\u00e9 en commission parlementaire. La chose fait d\u00e9bat. Le n\u0153ud du probl\u00e8me r\u00e9side dans la modification de l\u2019article 114 du Code permettant au Gouvernement Wallon de vendre les for\u00eats domaniales \u00e0 des groupements forestiers et ce, sans l\u2019aval (auparavant n\u00e9cessaire) [&hellip;]<\/p>","protected":false},"featured_media":0,"template":"","categories":[50],"acf":[],"yoast_head":"<!-- This site is optimized with the Yoast SEO plugin v23.2 - https:\/\/yoast.com\/wordpress\/plugins\/seo\/ -->\n<title>Un r\u00e9pit avant la privatisation de la for\u00eat publique ? - For\u00eat.Nature<\/title>\n<meta name=\"robots\" content=\"index, follow, max-snippet:-1, max-image-preview:large, max-video-preview:-1\" \/>\n<link rel=\"canonical\" href=\"https:\/\/foretnature.be\/en\/resume-foret-mail\/un-repit-avant-la-privatisation-de-la-foret-publique\/\" \/>\n<meta property=\"og:locale\" content=\"en_GB\" \/>\n<meta property=\"og:type\" content=\"article\" \/>\n<meta property=\"og:title\" content=\"Un r\u00e9pit avant la privatisation de la for\u00eat publique ? - For\u00eat.Nature\" \/>\n<meta property=\"og:description\" content=\"\u00a9 \u00a0Patrick Lighezzolo Le 5 d\u00e9cembre 2016, un d\u00e9cret modifiant le Code forestier a \u00e9t\u00e9 vot\u00e9 en commission parlementaire. La chose fait d\u00e9bat. Le n\u0153ud du probl\u00e8me r\u00e9side dans la modification de l\u2019article 114 du Code permettant au Gouvernement Wallon de vendre les for\u00eats domaniales \u00e0 des groupements forestiers et ce, sans l\u2019aval (auparavant n\u00e9cessaire) [&hellip;]\" \/>\n<meta property=\"og:url\" content=\"https:\/\/foretnature.be\/en\/resume-foret-mail\/un-repit-avant-la-privatisation-de-la-foret-publique\/\" \/>\n<meta property=\"og:site_name\" content=\"For\u00eat.Nature\" \/>\n<meta name=\"twitter:card\" content=\"summary_large_image\" \/>\n<meta name=\"twitter:label1\" content=\"Estimated reading time\" \/>\n\t<meta name=\"twitter:data1\" content=\"1 minute\" \/>\n<script type=\"application\/ld+json\" class=\"yoast-schema-graph\">{\"@context\":\"https:\/\/schema.org\",\"@graph\":[{\"@type\":\"WebPage\",\"@id\":\"https:\/\/foretnature.be\/resume-foret-mail\/un-repit-avant-la-privatisation-de-la-foret-publique\/\",\"url\":\"https:\/\/foretnature.be\/resume-foret-mail\/un-repit-avant-la-privatisation-de-la-foret-publique\/\",\"name\":\"Un r\u00e9pit avant la privatisation de la for\u00eat publique ? - For\u00eat.Nature\",\"isPartOf\":{\"@id\":\"https:\/\/foretnature.be\/#website\"},\"datePublished\":\"2021-09-10T09:44:53+00:00\",\"dateModified\":\"2021-09-10T09:44:53+00:00\",\"breadcrumb\":{\"@id\":\"https:\/\/foretnature.be\/resume-foret-mail\/un-repit-avant-la-privatisation-de-la-foret-publique\/#breadcrumb\"},\"inLanguage\":\"en-GB\",\"potentialAction\":[{\"@type\":\"ReadAction\",\"target\":[\"https:\/\/foretnature.be\/resume-foret-mail\/un-repit-avant-la-privatisation-de-la-foret-publique\/\"]}]},{\"@type\":\"BreadcrumbList\",\"@id\":\"https:\/\/foretnature.be\/resume-foret-mail\/un-repit-avant-la-privatisation-de-la-foret-publique\/#breadcrumb\",\"itemListElement\":[{\"@type\":\"ListItem\",\"position\":1,\"name\":\"Home\",\"item\":\"https:\/\/foretnature.be\/\"},{\"@type\":\"ListItem\",\"position\":2,\"name\":\"Un r\u00e9pit avant la privatisation de la for\u00eat publique ?\"}]},{\"@type\":\"WebSite\",\"@id\":\"https:\/\/foretnature.be\/#website\",\"url\":\"https:\/\/foretnature.be\/\",\"name\":\"For\u00eat.Nature\",\"description\":\"Une \u00e9quipe technique au service de la for\u00eat\",\"publisher\":{\"@id\":\"https:\/\/foretnature.be\/#organization\"},\"potentialAction\":[{\"@type\":\"SearchAction\",\"target\":{\"@type\":\"EntryPoint\",\"urlTemplate\":\"https:\/\/foretnature.be\/?s={search_term_string}\"},\"query-input\":\"required name=search_term_string\"}],\"inLanguage\":\"en-GB\"},{\"@type\":\"Organization\",\"@id\":\"https:\/\/foretnature.be\/#organization\",\"name\":\"For\u00eat.Nature\",\"url\":\"https:\/\/foretnature.be\/\",\"logo\":{\"@type\":\"ImageObject\",\"inLanguage\":\"en-GB\",\"@id\":\"https:\/\/foretnature.be\/#\/schema\/logo\/image\/\",\"url\":\"https:\/\/foretnature.be\/wp-content\/uploads\/2021\/01\/logoFOblanc.png\",\"contentUrl\":\"https:\/\/foretnature.be\/wp-content\/uploads\/2021\/01\/logoFOblanc.png\",\"width\":300,\"height\":151,\"caption\":\"For\u00eat.Nature\"},\"image\":{\"@id\":\"https:\/\/foretnature.be\/#\/schema\/logo\/image\/\"}}]}<\/script>\n<!-- \/ Yoast SEO plugin. -->","yoast_head_json":{"title":"Un r\u00e9pit avant la privatisation de la for\u00eat publique ? - For\u00eat.Nature","robots":{"index":"index","follow":"follow","max-snippet":"max-snippet:-1","max-image-preview":"max-image-preview:large","max-video-preview":"max-video-preview:-1"},"canonical":"https:\/\/foretnature.be\/en\/resume-foret-mail\/un-repit-avant-la-privatisation-de-la-foret-publique\/","og_locale":"en_GB","og_type":"article","og_title":"Un r\u00e9pit avant la privatisation de la for\u00eat publique ? - For\u00eat.Nature","og_description":"\u00a9 \u00a0Patrick Lighezzolo Le 5 d\u00e9cembre 2016, un d\u00e9cret modifiant le Code forestier a \u00e9t\u00e9 vot\u00e9 en commission parlementaire. La chose fait d\u00e9bat. Le n\u0153ud du probl\u00e8me r\u00e9side dans la modification de l\u2019article 114 du Code permettant au Gouvernement Wallon de vendre les for\u00eats domaniales \u00e0 des groupements forestiers et ce, sans l\u2019aval (auparavant n\u00e9cessaire) [&hellip;]","og_url":"https:\/\/foretnature.be\/en\/resume-foret-mail\/un-repit-avant-la-privatisation-de-la-foret-publique\/","og_site_name":"For\u00eat.Nature","twitter_card":"summary_large_image","twitter_misc":{"Estimated reading time":"1 minute"},"schema":{"@context":"https:\/\/schema.org","@graph":[{"@type":"WebPage","@id":"https:\/\/foretnature.be\/resume-foret-mail\/un-repit-avant-la-privatisation-de-la-foret-publique\/","url":"https:\/\/foretnature.be\/resume-foret-mail\/un-repit-avant-la-privatisation-de-la-foret-publique\/","name":"Un r\u00e9pit avant la privatisation de la for\u00eat publique ? - For\u00eat.Nature","isPartOf":{"@id":"https:\/\/foretnature.be\/#website"},"datePublished":"2021-09-10T09:44:53+00:00","dateModified":"2021-09-10T09:44:53+00:00","breadcrumb":{"@id":"https:\/\/foretnature.be\/resume-foret-mail\/un-repit-avant-la-privatisation-de-la-foret-publique\/#breadcrumb"},"inLanguage":"en-GB","potentialAction":[{"@type":"ReadAction","target":["https:\/\/foretnature.be\/resume-foret-mail\/un-repit-avant-la-privatisation-de-la-foret-publique\/"]}]},{"@type":"BreadcrumbList","@id":"https:\/\/foretnature.be\/resume-foret-mail\/un-repit-avant-la-privatisation-de-la-foret-publique\/#breadcrumb","itemListElement":[{"@type":"ListItem","position":1,"name":"Home","item":"https:\/\/foretnature.be\/"},{"@type":"ListItem","position":2,"name":"Un r\u00e9pit avant la privatisation de la for\u00eat publique ?"}]},{"@type":"WebSite","@id":"https:\/\/foretnature.be\/#website","url":"https:\/\/foretnature.be\/","name":"For\u00eat.Nature","description":"Une \u00e9quipe technique au service de la for\u00eat","publisher":{"@id":"https:\/\/foretnature.be\/#organization"},"potentialAction":[{"@type":"SearchAction","target":{"@type":"EntryPoint","urlTemplate":"https:\/\/foretnature.be\/?s={search_term_string}"},"query-input":"required name=search_term_string"}],"inLanguage":"en-GB"},{"@type":"Organization","@id":"https:\/\/foretnature.be\/#organization","name":"For\u00eat.Nature","url":"https:\/\/foretnature.be\/","logo":{"@type":"ImageObject","inLanguage":"en-GB","@id":"https:\/\/foretnature.be\/#\/schema\/logo\/image\/","url":"https:\/\/foretnature.be\/wp-content\/uploads\/2021\/01\/logoFOblanc.png","contentUrl":"https:\/\/foretnature.be\/wp-content\/uploads\/2021\/01\/logoFOblanc.png","width":300,"height":151,"caption":"For\u00eat.Nature"},"image":{"@id":"https:\/\/foretnature.be\/#\/schema\/logo\/image\/"}}]}},"_links":{"self":[{"href":"https:\/\/foretnature.be\/en\/wp-json\/wp\/v2\/resume-foret-mail\/34158"}],"collection":[{"href":"https:\/\/foretnature.be\/en\/wp-json\/wp\/v2\/resume-foret-mail"}],"about":[{"href":"https:\/\/foretnature.be\/en\/wp-json\/wp\/v2\/types\/resume-foret-mail"}],"version-history":[{"count":0,"href":"https:\/\/foretnature.be\/en\/wp-json\/wp\/v2\/resume-foret-mail\/34158\/revisions"}],"wp:attachment":[{"href":"https:\/\/foretnature.be\/en\/wp-json\/wp\/v2\/media?parent=34158"}],"wp:term":[{"taxonomy":"category","embeddable":true,"href":"https:\/\/foretnature.be\/en\/wp-json\/wp\/v2\/categories?post=34158"}],"curies":[{"name":"wp","href":"https:\/\/api.w.org\/{rel}","templated":true}]}}