{"id":34122,"date":"2021-09-10T10:05:06","date_gmt":"2021-09-10T08:05:06","guid":{"rendered":"https:\/\/foretnature.be\/resume-foret-mail\/video-1-3-eric-domb-a-la-rencontre-du-collectif-pro-nassonia\/"},"modified":"2021-09-10T10:05:06","modified_gmt":"2021-09-10T08:05:06","slug":"video-1-3-eric-domb-a-la-rencontre-du-collectif-pro-nassonia","status":"publish","type":"resume-foret-mail","link":"https:\/\/foretnature.be\/en\/resume-foret-mail\/video-1-3-eric-domb-a-la-rencontre-du-collectif-pro-nassonia\/","title":{"rendered":"Vid\u00e9o (1\/3) : \u00ab\u00a0 Eric Domb\u00a0\u00e0 la rencontre du collectif Pro-Nassonia \u00bb"},"content":{"rendered":"<p>Nassonia, c\u2019est le nom du nouveau projet que souhaite mettre en place la fondation Pairi Daiza sur la commune de Nassogne. C\u2019est un projet alternatif, qui entend favoriser l\u2019\u00e9volution spontan\u00e9e de la for\u00eat feuillue, avec le moins d\u2019interventions humaines possible. Eric Domb, son cr\u00e9ateur, est venu rencontrer\u00a0le groupe \u00ab Pro-Nassonia \u00bb le 11 septembre dernier. La rencontre a \u00e9t\u00e9 film\u00e9e en 3 parties, voici la premi\u00e8re partie.<\/p>","protected":false},"excerpt":{"rendered":"<p>Nassonia, c\u2019est le nom du nouveau projet que souhaite mettre en place la fondation Pairi Daiza sur la commune de Nassogne. C\u2019est un projet alternatif, qui entend favoriser l\u2019\u00e9volution spontan\u00e9e de la for\u00eat feuillue, avec le moins d\u2019interventions humaines possible. Eric Domb, son cr\u00e9ateur, est venu rencontrer\u00a0le groupe \u00ab Pro-Nassonia \u00bb le 11 septembre dernier. [&hellip;]<\/p>","protected":false},"featured_media":0,"template":"","categories":[50],"acf":[],"yoast_head":"<!-- This site is optimized with the Yoast SEO plugin v23.2 - https:\/\/yoast.com\/wordpress\/plugins\/seo\/ -->\n<title>Vid\u00e9o (1\/3) : \u00ab\u00a0 Eric Domb\u00a0\u00e0 la rencontre du collectif Pro-Nassonia \u00bb - For\u00eat.Nature<\/title>\n<meta name=\"robots\" content=\"index, follow, max-snippet:-1, max-image-preview:large, max-video-preview:-1\" \/>\n<link rel=\"canonical\" href=\"https:\/\/foretnature.be\/en\/resume-foret-mail\/video-1-3-eric-domb-a-la-rencontre-du-collectif-pro-nassonia\/\" \/>\n<meta property=\"og:locale\" content=\"en_GB\" \/>\n<meta property=\"og:type\" content=\"article\" \/>\n<meta property=\"og:title\" content=\"Vid\u00e9o (1\/3) : \u00ab\u00a0 Eric Domb\u00a0\u00e0 la rencontre du collectif Pro-Nassonia \u00bb - For\u00eat.Nature\" \/>\n<meta property=\"og:description\" content=\"Nassonia, c\u2019est le nom du nouveau projet que souhaite mettre en place la fondation Pairi Daiza sur la commune de Nassogne. C\u2019est un projet alternatif, qui entend favoriser l\u2019\u00e9volution spontan\u00e9e de la for\u00eat feuillue, avec le moins d\u2019interventions humaines possible. Eric Domb, son cr\u00e9ateur, est venu rencontrer\u00a0le groupe \u00ab Pro-Nassonia \u00bb le 11 septembre dernier. [&hellip;]\" \/>\n<meta property=\"og:url\" content=\"https:\/\/foretnature.be\/en\/resume-foret-mail\/video-1-3-eric-domb-a-la-rencontre-du-collectif-pro-nassonia\/\" \/>\n<meta property=\"og:site_name\" content=\"For\u00eat.Nature\" \/>\n<meta name=\"twitter:card\" content=\"summary_large_image\" \/>\n<script type=\"application\/ld+json\" class=\"yoast-schema-graph\">{\"@context\":\"https:\/\/schema.org\",\"@graph\":[{\"@type\":\"WebPage\",\"@id\":\"https:\/\/foretnature.be\/resume-foret-mail\/video-1-3-eric-domb-a-la-rencontre-du-collectif-pro-nassonia\/\",\"url\":\"https:\/\/foretnature.be\/resume-foret-mail\/video-1-3-eric-domb-a-la-rencontre-du-collectif-pro-nassonia\/\",\"name\":\"Vid\u00e9o (1\/3) : \u00ab\u00a0 Eric Domb\u00a0\u00e0 la rencontre du collectif Pro-Nassonia \u00bb - For\u00eat.Nature\",\"isPartOf\":{\"@id\":\"https:\/\/foretnature.be\/en\/#website\"},\"datePublished\":\"2021-09-10T08:05:06+00:00\",\"dateModified\":\"2021-09-10T08:05:06+00:00\",\"breadcrumb\":{\"@id\":\"https:\/\/foretnature.be\/resume-foret-mail\/video-1-3-eric-domb-a-la-rencontre-du-collectif-pro-nassonia\/#breadcrumb\"},\"inLanguage\":\"en-GB\",\"potentialAction\":[{\"@type\":\"ReadAction\",\"target\":[\"https:\/\/foretnature.be\/resume-foret-mail\/video-1-3-eric-domb-a-la-rencontre-du-collectif-pro-nassonia\/\"]}]},{\"@type\":\"BreadcrumbList\",\"@id\":\"https:\/\/foretnature.be\/resume-foret-mail\/video-1-3-eric-domb-a-la-rencontre-du-collectif-pro-nassonia\/#breadcrumb\",\"itemListElement\":[{\"@type\":\"ListItem\",\"position\":1,\"name\":\"Home\",\"item\":\"https:\/\/foretnature.be\/en\/\"},{\"@type\":\"ListItem\",\"position\":2,\"name\":\"Vid\u00e9o (1\/3) : \u00ab\u00a0 Eric Domb\u00a0\u00e0 la rencontre du collectif Pro-Nassonia \u00bb\"}]},{\"@type\":\"WebSite\",\"@id\":\"https:\/\/foretnature.be\/en\/#website\",\"url\":\"https:\/\/foretnature.be\/en\/\",\"name\":\"For\u00eat.Nature\",\"description\":\"Une \u00e9quipe technique au service de la for\u00eat\",\"publisher\":{\"@id\":\"https:\/\/foretnature.be\/en\/#organization\"},\"potentialAction\":[{\"@type\":\"SearchAction\",\"target\":{\"@type\":\"EntryPoint\",\"urlTemplate\":\"https:\/\/foretnature.be\/en\/?s={search_term_string}\"},\"query-input\":\"required name=search_term_string\"}],\"inLanguage\":\"en-GB\"},{\"@type\":\"Organization\",\"@id\":\"https:\/\/foretnature.be\/en\/#organization\",\"name\":\"For\u00eat.Nature\",\"url\":\"https:\/\/foretnature.be\/en\/\",\"logo\":{\"@type\":\"ImageObject\",\"inLanguage\":\"en-GB\",\"@id\":\"https:\/\/foretnature.be\/en\/#\/schema\/logo\/image\/\",\"url\":\"https:\/\/foretnature.be\/wp-content\/uploads\/2021\/01\/logoFOblanc.png\",\"contentUrl\":\"https:\/\/foretnature.be\/wp-content\/uploads\/2021\/01\/logoFOblanc.png\",\"width\":300,\"height\":151,\"caption\":\"For\u00eat.Nature\"},\"image\":{\"@id\":\"https:\/\/foretnature.be\/en\/#\/schema\/logo\/image\/\"}}]}<\/script>\n<!-- \/ Yoast SEO plugin. -->","yoast_head_json":{"title":"Vid\u00e9o (1\/3) : \u00ab\u00a0 Eric Domb\u00a0\u00e0 la rencontre du collectif Pro-Nassonia \u00bb - For\u00eat.Nature","robots":{"index":"index","follow":"follow","max-snippet":"max-snippet:-1","max-image-preview":"max-image-preview:large","max-video-preview":"max-video-preview:-1"},"canonical":"https:\/\/foretnature.be\/en\/resume-foret-mail\/video-1-3-eric-domb-a-la-rencontre-du-collectif-pro-nassonia\/","og_locale":"en_GB","og_type":"article","og_title":"Vid\u00e9o (1\/3) : \u00ab\u00a0 Eric Domb\u00a0\u00e0 la rencontre du collectif Pro-Nassonia \u00bb - For\u00eat.Nature","og_description":"Nassonia, c\u2019est le nom du nouveau projet que souhaite mettre en place la fondation Pairi Daiza sur la commune de Nassogne. C\u2019est un projet alternatif, qui entend favoriser l\u2019\u00e9volution spontan\u00e9e de la for\u00eat feuillue, avec le moins d\u2019interventions humaines possible. Eric Domb, son cr\u00e9ateur, est venu rencontrer\u00a0le groupe \u00ab Pro-Nassonia \u00bb le 11 septembre dernier. [&hellip;]","og_url":"https:\/\/foretnature.be\/en\/resume-foret-mail\/video-1-3-eric-domb-a-la-rencontre-du-collectif-pro-nassonia\/","og_site_name":"For\u00eat.Nature","twitter_card":"summary_large_image","schema":{"@context":"https:\/\/schema.org","@graph":[{"@type":"WebPage","@id":"https:\/\/foretnature.be\/resume-foret-mail\/video-1-3-eric-domb-a-la-rencontre-du-collectif-pro-nassonia\/","url":"https:\/\/foretnature.be\/resume-foret-mail\/video-1-3-eric-domb-a-la-rencontre-du-collectif-pro-nassonia\/","name":"Vid\u00e9o (1\/3) : \u00ab\u00a0 Eric Domb\u00a0\u00e0 la rencontre du collectif Pro-Nassonia \u00bb - For\u00eat.Nature","isPartOf":{"@id":"https:\/\/foretnature.be\/en\/#website"},"datePublished":"2021-09-10T08:05:06+00:00","dateModified":"2021-09-10T08:05:06+00:00","breadcrumb":{"@id":"https:\/\/foretnature.be\/resume-foret-mail\/video-1-3-eric-domb-a-la-rencontre-du-collectif-pro-nassonia\/#breadcrumb"},"inLanguage":"en-GB","potentialAction":[{"@type":"ReadAction","target":["https:\/\/foretnature.be\/resume-foret-mail\/video-1-3-eric-domb-a-la-rencontre-du-collectif-pro-nassonia\/"]}]},{"@type":"BreadcrumbList","@id":"https:\/\/foretnature.be\/resume-foret-mail\/video-1-3-eric-domb-a-la-rencontre-du-collectif-pro-nassonia\/#breadcrumb","itemListElement":[{"@type":"ListItem","position":1,"name":"Home","item":"https:\/\/foretnature.be\/en\/"},{"@type":"ListItem","position":2,"name":"Vid\u00e9o (1\/3) : \u00ab\u00a0 Eric Domb\u00a0\u00e0 la rencontre du collectif Pro-Nassonia \u00bb"}]},{"@type":"WebSite","@id":"https:\/\/foretnature.be\/en\/#website","url":"https:\/\/foretnature.be\/en\/","name":"For\u00eat.Nature","description":"Une \u00e9quipe technique au service de la for\u00eat","publisher":{"@id":"https:\/\/foretnature.be\/en\/#organization"},"potentialAction":[{"@type":"SearchAction","target":{"@type":"EntryPoint","urlTemplate":"https:\/\/foretnature.be\/en\/?s={search_term_string}"},"query-input":"required name=search_term_string"}],"inLanguage":"en-GB"},{"@type":"Organization","@id":"https:\/\/foretnature.be\/en\/#organization","name":"For\u00eat.Nature","url":"https:\/\/foretnature.be\/en\/","logo":{"@type":"ImageObject","inLanguage":"en-GB","@id":"https:\/\/foretnature.be\/en\/#\/schema\/logo\/image\/","url":"https:\/\/foretnature.be\/wp-content\/uploads\/2021\/01\/logoFOblanc.png","contentUrl":"https:\/\/foretnature.be\/wp-content\/uploads\/2021\/01\/logoFOblanc.png","width":300,"height":151,"caption":"For\u00eat.Nature"},"image":{"@id":"https:\/\/foretnature.be\/en\/#\/schema\/logo\/image\/"}}]}},"_links":{"self":[{"href":"https:\/\/foretnature.be\/en\/wp-json\/wp\/v2\/resume-foret-mail\/34122"}],"collection":[{"href":"https:\/\/foretnature.be\/en\/wp-json\/wp\/v2\/resume-foret-mail"}],"about":[{"href":"https:\/\/foretnature.be\/en\/wp-json\/wp\/v2\/types\/resume-foret-mail"}],"version-history":[{"count":0,"href":"https:\/\/foretnature.be\/en\/wp-json\/wp\/v2\/resume-foret-mail\/34122\/revisions"}],"wp:attachment":[{"href":"https:\/\/foretnature.be\/en\/wp-json\/wp\/v2\/media?parent=34122"}],"wp:term":[{"taxonomy":"category","embeddable":true,"href":"https:\/\/foretnature.be\/en\/wp-json\/wp\/v2\/categories?post=34122"}],"curies":[{"name":"wp","href":"https:\/\/api.w.org\/{rel}","templated":true}]}}