{"id":34089,"date":"2021-09-06T10:26:11","date_gmt":"2021-09-06T08:26:11","guid":{"rendered":"https:\/\/foretnature.be\/resume-foret-mail\/aforce-un-reseau-pour-anticiper-les-impacts-du-changement-climatique-sur-les-forets-francaises\/"},"modified":"2021-09-06T10:33:34","modified_gmt":"2021-09-06T08:33:34","slug":"aforce-un-reseau-pour-anticiper-les-impacts-du-changement-climatique-sur-les-forets-francaises","status":"publish","type":"resume-foret-mail","link":"https:\/\/foretnature.be\/en\/resume-foret-mail\/aforce-un-reseau-pour-anticiper-les-impacts-du-changement-climatique-sur-les-forets-francaises\/","title":{"rendered":"AFORCE : un r\u00e9seau pour anticiper les impacts du changement climatique sur les for\u00eats fran\u00e7aises"},"content":{"rendered":"<p>Le RMT (R\u00e9seau Mixte Technologique) AFORCE (Adaptation des FOr\u00eats au Changement climatiquE) r\u00e9unit des forestiers et des chercheurs sur le th\u00e8me de l\u2019adaptation des for\u00eats m\u00e9tropolitaines fran\u00e7aises au changement climatique.<br \/>\nIl s\u2019est engag\u00e9, depuis 2008, dans la production d\u2019outils d\u2019aide \u00e0 la d\u00e9cision pour accompagner les forestiers dans l\u2019anticipation du changement climatique via des appels \u00e0 projet r\u00e9guliers.<br \/>\nR\u00e9cemment, de nouveaux projets ont vu le jour :<br \/>\nPerrier C. (2016). AFORCE soutient la production d\u2019outils pour l\u2019\u00e9valuation de la vuln\u00e9rabilit\u00e9 des for\u00eats au changement climatique. For\u00eat-entreprise 229 : 62-64.<\/p>","protected":false},"excerpt":{"rendered":"<p>Le RMT (R\u00e9seau Mixte Technologique) AFORCE (Adaptation des FOr\u00eats au Changement climatiquE) r\u00e9unit des forestiers et des chercheurs sur le th\u00e8me de l\u2019adaptation des for\u00eats m\u00e9tropolitaines fran\u00e7aises au changement climatique. Il s\u2019est engag\u00e9, depuis 2008, dans la production d\u2019outils d\u2019aide \u00e0 la d\u00e9cision pour accompagner les forestiers dans l\u2019anticipation du changement climatique via des appels [&hellip;]<\/p>","protected":false},"featured_media":0,"template":"","categories":[50],"acf":[],"yoast_head":"<!-- This site is optimized with the Yoast SEO plugin v23.2 - https:\/\/yoast.com\/wordpress\/plugins\/seo\/ -->\n<title>AFORCE : un r\u00e9seau pour anticiper les impacts du changement climatique sur les for\u00eats fran\u00e7aises - For\u00eat.Nature<\/title>\n<meta name=\"robots\" content=\"index, follow, max-snippet:-1, max-image-preview:large, max-video-preview:-1\" \/>\n<link rel=\"canonical\" href=\"https:\/\/foretnature.be\/en\/resume-foret-mail\/aforce-un-reseau-pour-anticiper-les-impacts-du-changement-climatique-sur-les-forets-francaises\/\" \/>\n<meta property=\"og:locale\" content=\"en_GB\" \/>\n<meta property=\"og:type\" content=\"article\" \/>\n<meta property=\"og:title\" content=\"AFORCE : un r\u00e9seau pour anticiper les impacts du changement climatique sur les for\u00eats fran\u00e7aises - For\u00eat.Nature\" \/>\n<meta property=\"og:description\" content=\"Le RMT (R\u00e9seau Mixte Technologique) AFORCE (Adaptation des FOr\u00eats au Changement climatiquE) r\u00e9unit des forestiers et des chercheurs sur le th\u00e8me de l\u2019adaptation des for\u00eats m\u00e9tropolitaines fran\u00e7aises au changement climatique. Il s\u2019est engag\u00e9, depuis 2008, dans la production d\u2019outils d\u2019aide \u00e0 la d\u00e9cision pour accompagner les forestiers dans l\u2019anticipation du changement climatique via des appels [&hellip;]\" \/>\n<meta property=\"og:url\" content=\"https:\/\/foretnature.be\/en\/resume-foret-mail\/aforce-un-reseau-pour-anticiper-les-impacts-du-changement-climatique-sur-les-forets-francaises\/\" \/>\n<meta property=\"og:site_name\" content=\"For\u00eat.Nature\" \/>\n<meta property=\"article:modified_time\" content=\"2021-09-06T08:33:34+00:00\" \/>\n<meta name=\"twitter:card\" content=\"summary_large_image\" \/>\n<meta name=\"twitter:label1\" content=\"Estimated reading time\" \/>\n\t<meta name=\"twitter:data1\" content=\"1 minute\" \/>\n<script type=\"application\/ld+json\" class=\"yoast-schema-graph\">{\"@context\":\"https:\/\/schema.org\",\"@graph\":[{\"@type\":\"WebPage\",\"@id\":\"https:\/\/foretnature.be\/resume-foret-mail\/aforce-un-reseau-pour-anticiper-les-impacts-du-changement-climatique-sur-les-forets-francaises\/\",\"url\":\"https:\/\/foretnature.be\/resume-foret-mail\/aforce-un-reseau-pour-anticiper-les-impacts-du-changement-climatique-sur-les-forets-francaises\/\",\"name\":\"AFORCE : un r\u00e9seau pour anticiper les impacts du changement climatique sur les for\u00eats fran\u00e7aises - For\u00eat.Nature\",\"isPartOf\":{\"@id\":\"https:\/\/foretnature.be\/en\/#website\"},\"datePublished\":\"2021-09-06T08:26:11+00:00\",\"dateModified\":\"2021-09-06T08:33:34+00:00\",\"breadcrumb\":{\"@id\":\"https:\/\/foretnature.be\/resume-foret-mail\/aforce-un-reseau-pour-anticiper-les-impacts-du-changement-climatique-sur-les-forets-francaises\/#breadcrumb\"},\"inLanguage\":\"en-GB\",\"potentialAction\":[{\"@type\":\"ReadAction\",\"target\":[\"https:\/\/foretnature.be\/resume-foret-mail\/aforce-un-reseau-pour-anticiper-les-impacts-du-changement-climatique-sur-les-forets-francaises\/\"]}]},{\"@type\":\"BreadcrumbList\",\"@id\":\"https:\/\/foretnature.be\/resume-foret-mail\/aforce-un-reseau-pour-anticiper-les-impacts-du-changement-climatique-sur-les-forets-francaises\/#breadcrumb\",\"itemListElement\":[{\"@type\":\"ListItem\",\"position\":1,\"name\":\"Home\",\"item\":\"https:\/\/foretnature.be\/en\/\"},{\"@type\":\"ListItem\",\"position\":2,\"name\":\"AFORCE : un r\u00e9seau pour anticiper les impacts du changement climatique sur les for\u00eats fran\u00e7aises\"}]},{\"@type\":\"WebSite\",\"@id\":\"https:\/\/foretnature.be\/en\/#website\",\"url\":\"https:\/\/foretnature.be\/en\/\",\"name\":\"For\u00eat.Nature\",\"description\":\"Une \u00e9quipe technique au service de la for\u00eat\",\"publisher\":{\"@id\":\"https:\/\/foretnature.be\/en\/#organization\"},\"potentialAction\":[{\"@type\":\"SearchAction\",\"target\":{\"@type\":\"EntryPoint\",\"urlTemplate\":\"https:\/\/foretnature.be\/en\/?s={search_term_string}\"},\"query-input\":\"required name=search_term_string\"}],\"inLanguage\":\"en-GB\"},{\"@type\":\"Organization\",\"@id\":\"https:\/\/foretnature.be\/en\/#organization\",\"name\":\"For\u00eat.Nature\",\"url\":\"https:\/\/foretnature.be\/en\/\",\"logo\":{\"@type\":\"ImageObject\",\"inLanguage\":\"en-GB\",\"@id\":\"https:\/\/foretnature.be\/en\/#\/schema\/logo\/image\/\",\"url\":\"https:\/\/foretnature.be\/wp-content\/uploads\/2021\/01\/logoFOblanc.png\",\"contentUrl\":\"https:\/\/foretnature.be\/wp-content\/uploads\/2021\/01\/logoFOblanc.png\",\"width\":300,\"height\":151,\"caption\":\"For\u00eat.Nature\"},\"image\":{\"@id\":\"https:\/\/foretnature.be\/en\/#\/schema\/logo\/image\/\"}}]}<\/script>\n<!-- \/ Yoast SEO plugin. -->","yoast_head_json":{"title":"AFORCE : un r\u00e9seau pour anticiper les impacts du changement climatique sur les for\u00eats fran\u00e7aises - For\u00eat.Nature","robots":{"index":"index","follow":"follow","max-snippet":"max-snippet:-1","max-image-preview":"max-image-preview:large","max-video-preview":"max-video-preview:-1"},"canonical":"https:\/\/foretnature.be\/en\/resume-foret-mail\/aforce-un-reseau-pour-anticiper-les-impacts-du-changement-climatique-sur-les-forets-francaises\/","og_locale":"en_GB","og_type":"article","og_title":"AFORCE : un r\u00e9seau pour anticiper les impacts du changement climatique sur les for\u00eats fran\u00e7aises - For\u00eat.Nature","og_description":"Le RMT (R\u00e9seau Mixte Technologique) AFORCE (Adaptation des FOr\u00eats au Changement climatiquE) r\u00e9unit des forestiers et des chercheurs sur le th\u00e8me de l\u2019adaptation des for\u00eats m\u00e9tropolitaines fran\u00e7aises au changement climatique. Il s\u2019est engag\u00e9, depuis 2008, dans la production d\u2019outils d\u2019aide \u00e0 la d\u00e9cision pour accompagner les forestiers dans l\u2019anticipation du changement climatique via des appels [&hellip;]","og_url":"https:\/\/foretnature.be\/en\/resume-foret-mail\/aforce-un-reseau-pour-anticiper-les-impacts-du-changement-climatique-sur-les-forets-francaises\/","og_site_name":"For\u00eat.Nature","article_modified_time":"2021-09-06T08:33:34+00:00","twitter_card":"summary_large_image","twitter_misc":{"Estimated reading time":"1 minute"},"schema":{"@context":"https:\/\/schema.org","@graph":[{"@type":"WebPage","@id":"https:\/\/foretnature.be\/resume-foret-mail\/aforce-un-reseau-pour-anticiper-les-impacts-du-changement-climatique-sur-les-forets-francaises\/","url":"https:\/\/foretnature.be\/resume-foret-mail\/aforce-un-reseau-pour-anticiper-les-impacts-du-changement-climatique-sur-les-forets-francaises\/","name":"AFORCE : un r\u00e9seau pour anticiper les impacts du changement climatique sur les for\u00eats fran\u00e7aises - For\u00eat.Nature","isPartOf":{"@id":"https:\/\/foretnature.be\/en\/#website"},"datePublished":"2021-09-06T08:26:11+00:00","dateModified":"2021-09-06T08:33:34+00:00","breadcrumb":{"@id":"https:\/\/foretnature.be\/resume-foret-mail\/aforce-un-reseau-pour-anticiper-les-impacts-du-changement-climatique-sur-les-forets-francaises\/#breadcrumb"},"inLanguage":"en-GB","potentialAction":[{"@type":"ReadAction","target":["https:\/\/foretnature.be\/resume-foret-mail\/aforce-un-reseau-pour-anticiper-les-impacts-du-changement-climatique-sur-les-forets-francaises\/"]}]},{"@type":"BreadcrumbList","@id":"https:\/\/foretnature.be\/resume-foret-mail\/aforce-un-reseau-pour-anticiper-les-impacts-du-changement-climatique-sur-les-forets-francaises\/#breadcrumb","itemListElement":[{"@type":"ListItem","position":1,"name":"Home","item":"https:\/\/foretnature.be\/en\/"},{"@type":"ListItem","position":2,"name":"AFORCE : un r\u00e9seau pour anticiper les impacts du changement climatique sur les for\u00eats fran\u00e7aises"}]},{"@type":"WebSite","@id":"https:\/\/foretnature.be\/en\/#website","url":"https:\/\/foretnature.be\/en\/","name":"For\u00eat.Nature","description":"Une \u00e9quipe technique au service de la for\u00eat","publisher":{"@id":"https:\/\/foretnature.be\/en\/#organization"},"potentialAction":[{"@type":"SearchAction","target":{"@type":"EntryPoint","urlTemplate":"https:\/\/foretnature.be\/en\/?s={search_term_string}"},"query-input":"required name=search_term_string"}],"inLanguage":"en-GB"},{"@type":"Organization","@id":"https:\/\/foretnature.be\/en\/#organization","name":"For\u00eat.Nature","url":"https:\/\/foretnature.be\/en\/","logo":{"@type":"ImageObject","inLanguage":"en-GB","@id":"https:\/\/foretnature.be\/en\/#\/schema\/logo\/image\/","url":"https:\/\/foretnature.be\/wp-content\/uploads\/2021\/01\/logoFOblanc.png","contentUrl":"https:\/\/foretnature.be\/wp-content\/uploads\/2021\/01\/logoFOblanc.png","width":300,"height":151,"caption":"For\u00eat.Nature"},"image":{"@id":"https:\/\/foretnature.be\/en\/#\/schema\/logo\/image\/"}}]}},"_links":{"self":[{"href":"https:\/\/foretnature.be\/en\/wp-json\/wp\/v2\/resume-foret-mail\/34089"}],"collection":[{"href":"https:\/\/foretnature.be\/en\/wp-json\/wp\/v2\/resume-foret-mail"}],"about":[{"href":"https:\/\/foretnature.be\/en\/wp-json\/wp\/v2\/types\/resume-foret-mail"}],"version-history":[{"count":1,"href":"https:\/\/foretnature.be\/en\/wp-json\/wp\/v2\/resume-foret-mail\/34089\/revisions"}],"predecessor-version":[{"id":34100,"href":"https:\/\/foretnature.be\/en\/wp-json\/wp\/v2\/resume-foret-mail\/34089\/revisions\/34100"}],"wp:attachment":[{"href":"https:\/\/foretnature.be\/en\/wp-json\/wp\/v2\/media?parent=34089"}],"wp:term":[{"taxonomy":"category","embeddable":true,"href":"https:\/\/foretnature.be\/en\/wp-json\/wp\/v2\/categories?post=34089"}],"curies":[{"name":"wp","href":"https:\/\/api.w.org\/{rel}","templated":true}]}}