{"id":33458,"date":"2021-08-23T11:24:39","date_gmt":"2021-08-23T09:24:39","guid":{"rendered":"https:\/\/foretnature.be\/?post_type=resume-foret-mail&#038;p=33458"},"modified":"2021-08-23T11:24:39","modified_gmt":"2021-08-23T09:24:39","slug":"les-bisons-deurope-en-suisse","status":"publish","type":"resume-foret-mail","link":"https:\/\/foretnature.be\/en\/resume-foret-mail\/les-bisons-deurope-en-suisse\/","title":{"rendered":"Les bisons d\u2019Europe en Suisse"},"content":{"rendered":"<p class=\"text-build-content\" data-testid=\"6V_i7jTBTV\">Nous sommes en Suisse, commune de Suchy. Un essai d\u2019introduction de bison d\u2019Europe, originaire de Pologne, a d\u00e9but\u00e9 en novembre 2019. Une harde de 6 bisons (5 femelles et un m\u00e2le) a \u00e9t\u00e9 introduite en semi-libert\u00e9 dans un enclos de 48 ha. Une attention particuli\u00e8re est port\u00e9e sur l\u2019impact de ce grand bovid\u00e9 sauvage sur la for\u00eat. La harde s\u2019est agrandie en juin dernier, avec la naissance d\u2019une petite bisonne.<\/p>\n<p class=\"text-build-content\" data-testid=\"6V_i7jTBTV\">Ce projet suscite l\u2019enthousiasme aupr\u00e8s des riverains. Il va \u00eatre \u00e9tudi\u00e9 afin d\u2019observer l\u2019impact sur la biodiversit\u00e9 et son utilit\u00e9 potentielle comme aide \u00e0 la gestion foresti\u00e8re.<\/p>\n<p class=\"text-build-content\" data-testid=\"6V_i7jTBTV\">Voici quelques observations d\u00e9j\u00e0 r\u00e9alis\u00e9es. Le bison raffole de la ronce. Il cr\u00e9e des trou\u00e9es et appr\u00e9cie toutes les \u00ab pousses vertes \u00bb. Le forestier local lutte contre le saule, le bison l\u2019aide en s\u2019en nourrissant. Il se nourrit \u00e9galement de l\u2019\u00e9corce de l\u2019orme lisse, de tilleul et de ch\u00eane, et se frotte sur les arbres pour se d\u00e9barrasser des parasites. Il faut alors prot\u00e9ger les arbres destin\u00e9s \u00e0 la production. Le bison ne semble pas appr\u00e9cier les r\u00e9sineux, \u00e0 part quelques \u00e9pic\u00e9as qui ont \u00e9t\u00e9 \u00e9corc\u00e9s. Il se frotte par contre sur leur \u00e9corce.<\/p>","protected":false},"excerpt":{"rendered":"<p>Nous sommes en Suisse, commune de Suchy. Un essai d\u2019introduction de bison d\u2019Europe, originaire de Pologne, a d\u00e9but\u00e9 en novembre 2019. Une harde de 6 bisons (5 femelles et un m\u00e2le) a \u00e9t\u00e9 introduite en semi-libert\u00e9 dans un enclos de 48 ha. Une attention particuli\u00e8re est port\u00e9e sur l\u2019impact de ce grand bovid\u00e9 sauvage sur [&hellip;]<\/p>","protected":false},"featured_media":0,"template":"","categories":[50],"acf":[],"yoast_head":"<!-- This site is optimized with the Yoast SEO plugin v23.2 - https:\/\/yoast.com\/wordpress\/plugins\/seo\/ -->\n<title>Les bisons d\u2019Europe en Suisse - For\u00eat.Nature<\/title>\n<meta name=\"robots\" content=\"index, follow, max-snippet:-1, max-image-preview:large, max-video-preview:-1\" \/>\n<link rel=\"canonical\" href=\"https:\/\/foretnature.be\/en\/resume-foret-mail\/les-bisons-deurope-en-suisse\/\" \/>\n<meta property=\"og:locale\" content=\"en_GB\" \/>\n<meta property=\"og:type\" content=\"article\" \/>\n<meta property=\"og:title\" content=\"Les bisons d\u2019Europe en Suisse - For\u00eat.Nature\" \/>\n<meta property=\"og:description\" content=\"Nous sommes en Suisse, commune de Suchy. Un essai d\u2019introduction de bison d\u2019Europe, originaire de Pologne, a d\u00e9but\u00e9 en novembre 2019. Une harde de 6 bisons (5 femelles et un m\u00e2le) a \u00e9t\u00e9 introduite en semi-libert\u00e9 dans un enclos de 48 ha. Une attention particuli\u00e8re est port\u00e9e sur l\u2019impact de ce grand bovid\u00e9 sauvage sur [&hellip;]\" \/>\n<meta property=\"og:url\" content=\"https:\/\/foretnature.be\/en\/resume-foret-mail\/les-bisons-deurope-en-suisse\/\" \/>\n<meta property=\"og:site_name\" content=\"For\u00eat.Nature\" \/>\n<meta name=\"twitter:card\" content=\"summary_large_image\" \/>\n<meta name=\"twitter:label1\" content=\"Estimated reading time\" \/>\n\t<meta name=\"twitter:data1\" content=\"1 minute\" \/>\n<script type=\"application\/ld+json\" class=\"yoast-schema-graph\">{\"@context\":\"https:\/\/schema.org\",\"@graph\":[{\"@type\":\"WebPage\",\"@id\":\"https:\/\/foretnature.be\/resume-foret-mail\/les-bisons-deurope-en-suisse\/\",\"url\":\"https:\/\/foretnature.be\/resume-foret-mail\/les-bisons-deurope-en-suisse\/\",\"name\":\"Les bisons d\u2019Europe en Suisse - For\u00eat.Nature\",\"isPartOf\":{\"@id\":\"https:\/\/foretnature.be\/en\/#website\"},\"datePublished\":\"2021-08-23T09:24:39+00:00\",\"dateModified\":\"2021-08-23T09:24:39+00:00\",\"breadcrumb\":{\"@id\":\"https:\/\/foretnature.be\/resume-foret-mail\/les-bisons-deurope-en-suisse\/#breadcrumb\"},\"inLanguage\":\"en-GB\",\"potentialAction\":[{\"@type\":\"ReadAction\",\"target\":[\"https:\/\/foretnature.be\/resume-foret-mail\/les-bisons-deurope-en-suisse\/\"]}]},{\"@type\":\"BreadcrumbList\",\"@id\":\"https:\/\/foretnature.be\/resume-foret-mail\/les-bisons-deurope-en-suisse\/#breadcrumb\",\"itemListElement\":[{\"@type\":\"ListItem\",\"position\":1,\"name\":\"Home\",\"item\":\"https:\/\/foretnature.be\/en\/\"},{\"@type\":\"ListItem\",\"position\":2,\"name\":\"Les bisons d\u2019Europe en Suisse\"}]},{\"@type\":\"WebSite\",\"@id\":\"https:\/\/foretnature.be\/en\/#website\",\"url\":\"https:\/\/foretnature.be\/en\/\",\"name\":\"For\u00eat.Nature\",\"description\":\"Une \u00e9quipe technique au service de la for\u00eat\",\"publisher\":{\"@id\":\"https:\/\/foretnature.be\/en\/#organization\"},\"potentialAction\":[{\"@type\":\"SearchAction\",\"target\":{\"@type\":\"EntryPoint\",\"urlTemplate\":\"https:\/\/foretnature.be\/en\/?s={search_term_string}\"},\"query-input\":\"required name=search_term_string\"}],\"inLanguage\":\"en-GB\"},{\"@type\":\"Organization\",\"@id\":\"https:\/\/foretnature.be\/en\/#organization\",\"name\":\"For\u00eat.Nature\",\"url\":\"https:\/\/foretnature.be\/en\/\",\"logo\":{\"@type\":\"ImageObject\",\"inLanguage\":\"en-GB\",\"@id\":\"https:\/\/foretnature.be\/en\/#\/schema\/logo\/image\/\",\"url\":\"https:\/\/foretnature.be\/wp-content\/uploads\/2021\/01\/logoFOblanc.png\",\"contentUrl\":\"https:\/\/foretnature.be\/wp-content\/uploads\/2021\/01\/logoFOblanc.png\",\"width\":300,\"height\":151,\"caption\":\"For\u00eat.Nature\"},\"image\":{\"@id\":\"https:\/\/foretnature.be\/en\/#\/schema\/logo\/image\/\"}}]}<\/script>\n<!-- \/ Yoast SEO plugin. -->","yoast_head_json":{"title":"Les bisons d\u2019Europe en Suisse - For\u00eat.Nature","robots":{"index":"index","follow":"follow","max-snippet":"max-snippet:-1","max-image-preview":"max-image-preview:large","max-video-preview":"max-video-preview:-1"},"canonical":"https:\/\/foretnature.be\/en\/resume-foret-mail\/les-bisons-deurope-en-suisse\/","og_locale":"en_GB","og_type":"article","og_title":"Les bisons d\u2019Europe en Suisse - For\u00eat.Nature","og_description":"Nous sommes en Suisse, commune de Suchy. Un essai d\u2019introduction de bison d\u2019Europe, originaire de Pologne, a d\u00e9but\u00e9 en novembre 2019. Une harde de 6 bisons (5 femelles et un m\u00e2le) a \u00e9t\u00e9 introduite en semi-libert\u00e9 dans un enclos de 48 ha. Une attention particuli\u00e8re est port\u00e9e sur l\u2019impact de ce grand bovid\u00e9 sauvage sur [&hellip;]","og_url":"https:\/\/foretnature.be\/en\/resume-foret-mail\/les-bisons-deurope-en-suisse\/","og_site_name":"For\u00eat.Nature","twitter_card":"summary_large_image","twitter_misc":{"Estimated reading time":"1 minute"},"schema":{"@context":"https:\/\/schema.org","@graph":[{"@type":"WebPage","@id":"https:\/\/foretnature.be\/resume-foret-mail\/les-bisons-deurope-en-suisse\/","url":"https:\/\/foretnature.be\/resume-foret-mail\/les-bisons-deurope-en-suisse\/","name":"Les bisons d\u2019Europe en Suisse - For\u00eat.Nature","isPartOf":{"@id":"https:\/\/foretnature.be\/en\/#website"},"datePublished":"2021-08-23T09:24:39+00:00","dateModified":"2021-08-23T09:24:39+00:00","breadcrumb":{"@id":"https:\/\/foretnature.be\/resume-foret-mail\/les-bisons-deurope-en-suisse\/#breadcrumb"},"inLanguage":"en-GB","potentialAction":[{"@type":"ReadAction","target":["https:\/\/foretnature.be\/resume-foret-mail\/les-bisons-deurope-en-suisse\/"]}]},{"@type":"BreadcrumbList","@id":"https:\/\/foretnature.be\/resume-foret-mail\/les-bisons-deurope-en-suisse\/#breadcrumb","itemListElement":[{"@type":"ListItem","position":1,"name":"Home","item":"https:\/\/foretnature.be\/en\/"},{"@type":"ListItem","position":2,"name":"Les bisons d\u2019Europe en Suisse"}]},{"@type":"WebSite","@id":"https:\/\/foretnature.be\/en\/#website","url":"https:\/\/foretnature.be\/en\/","name":"For\u00eat.Nature","description":"Une \u00e9quipe technique au service de la for\u00eat","publisher":{"@id":"https:\/\/foretnature.be\/en\/#organization"},"potentialAction":[{"@type":"SearchAction","target":{"@type":"EntryPoint","urlTemplate":"https:\/\/foretnature.be\/en\/?s={search_term_string}"},"query-input":"required name=search_term_string"}],"inLanguage":"en-GB"},{"@type":"Organization","@id":"https:\/\/foretnature.be\/en\/#organization","name":"For\u00eat.Nature","url":"https:\/\/foretnature.be\/en\/","logo":{"@type":"ImageObject","inLanguage":"en-GB","@id":"https:\/\/foretnature.be\/en\/#\/schema\/logo\/image\/","url":"https:\/\/foretnature.be\/wp-content\/uploads\/2021\/01\/logoFOblanc.png","contentUrl":"https:\/\/foretnature.be\/wp-content\/uploads\/2021\/01\/logoFOblanc.png","width":300,"height":151,"caption":"For\u00eat.Nature"},"image":{"@id":"https:\/\/foretnature.be\/en\/#\/schema\/logo\/image\/"}}]}},"_links":{"self":[{"href":"https:\/\/foretnature.be\/en\/wp-json\/wp\/v2\/resume-foret-mail\/33458"}],"collection":[{"href":"https:\/\/foretnature.be\/en\/wp-json\/wp\/v2\/resume-foret-mail"}],"about":[{"href":"https:\/\/foretnature.be\/en\/wp-json\/wp\/v2\/types\/resume-foret-mail"}],"version-history":[{"count":1,"href":"https:\/\/foretnature.be\/en\/wp-json\/wp\/v2\/resume-foret-mail\/33458\/revisions"}],"predecessor-version":[{"id":33459,"href":"https:\/\/foretnature.be\/en\/wp-json\/wp\/v2\/resume-foret-mail\/33458\/revisions\/33459"}],"wp:attachment":[{"href":"https:\/\/foretnature.be\/en\/wp-json\/wp\/v2\/media?parent=33458"}],"wp:term":[{"taxonomy":"category","embeddable":true,"href":"https:\/\/foretnature.be\/en\/wp-json\/wp\/v2\/categories?post=33458"}],"curies":[{"name":"wp","href":"https:\/\/api.w.org\/{rel}","templated":true}]}}