{"id":33444,"date":"2021-08-23T11:12:34","date_gmt":"2021-08-23T09:12:34","guid":{"rendered":"https:\/\/foretnature.be\/?post_type=resume-foret-mail&#038;p=33444"},"modified":"2021-08-23T11:12:34","modified_gmt":"2021-08-23T09:12:34","slug":"biodiversite-imaginer-lavenir-pour-mieux-la-proteger","status":"publish","type":"resume-foret-mail","link":"https:\/\/foretnature.be\/en\/resume-foret-mail\/biodiversite-imaginer-lavenir-pour-mieux-la-proteger\/","title":{"rendered":"Biodiversit\u00e9 : imaginer l\u2019avenir pour mieux la prot\u00e9ger"},"content":{"rendered":"<p class=\"text-build-content\" data-testid=\"lwFg-xPLh3\">La continuit\u00e9 \u00e9cologique est un \u00e9l\u00e9ment essentiel des strat\u00e9gies de conservation de la biodiversit\u00e9. Pour la prot\u00e9ger, il convient de prendre en compte l\u2019\u00e9volution des territoires dans le temps et dans l\u2019espace. En effet, un espace naturel qui joue aujourd\u2019hui le r\u00f4le de r\u00e9servoir de biodiversit\u00e9 pourrait \u00e0 l\u2019avenir se retrouver isol\u00e9 \u00a0\u00e9cologiquement suite \u00e0 diff\u00e9rents changements.<\/p>\n<p class=\"text-build-content\" data-testid=\"lwFg-xPLh3\">L\u2019\u00e9tude en question propose une d\u00e9marche prospective qui int\u00e8gre les dynamiques spatio-temporelles des territoires et implique les acteurs dans la construction de sc\u00e9narios.<\/p>\n<p class=\"text-build-content\" data-testid=\"lwFg-xPLh3\">La d\u00e9marche compte quatre \u00e9tapes :<br \/>\n\u2022 D\u00e9limitation du territoire et identification des principaux facteurs de changements.<br \/>\n\u2022 Construction de r\u00e9cits (histoires d\u2019\u00e9volution possible du territoire bas\u00e9es sur des hypoth\u00e8ses).<br \/>\n\u2022 Projection spatiale de ces r\u00e9cits.<br \/>\n\u2022 Analyse des cons\u00e9quences des possibles futures occupations du sol sur des enjeux sp\u00e9cifiques.<\/p>\n<p class=\"text-build-content\" data-testid=\"lwFg-xPLh3\">Deux types de sc\u00e9narios sont analys\u00e9s pour l\u2019\u00e9laboration des projections :<br \/>\n\u2022 Les sc\u00e9narios nationaux et supranationaux qui \u00e9tudient les liens entre politiques internationales, tendances socio-\u00e9conomiques et changements climatiques. Malgr\u00e9 leur avantage de proposer des \u00e9volutions quantitatives, ils pr\u00e9sentent de grandes limites : r\u00e9solutions spatiales et th\u00e9matiques grossi\u00e8res et peu de prise en compte des sp\u00e9cificit\u00e9s r\u00e9gionales.<br \/>\n\u2022 Les sc\u00e9narios locaux ou participatifs co-construits par une pluralit\u00e9 d\u2019acteurs locaux au sein d\u2019ateliers participatifs. Ce type de sc\u00e9narios pr\u00e9sente de nombreux avantages li\u00e9s \u00e0 la connaissance fine du territoire par les acteurs, mais sont difficilement transf\u00e9rables (car cadr\u00e9s sur les dynamiques et enjeux d\u2019un territoire) et apportent souvent des tendances qualitatives sans chiffrage pr\u00e9cis.<\/p>\n<p class=\"text-build-content\" data-testid=\"lwFg-xPLh3\">En conclusion, les d\u00e9marches prospectives permettent d\u2019\u00e9tudier comment prot\u00e9ger au mieux la continuit\u00e9 \u00e9cologique. S\u2019appuyer sur les apports respectifs des diff\u00e9rents types de sc\u00e9narios semble une solution int\u00e9ressante car ils s\u2019enrichissent et permettent de proposer des tendances locales et globales interagissant au niveau territorial.<\/p>","protected":false},"excerpt":{"rendered":"<p>La continuit\u00e9 \u00e9cologique est un \u00e9l\u00e9ment essentiel des strat\u00e9gies de conservation de la biodiversit\u00e9. Pour la prot\u00e9ger, il convient de prendre en compte l\u2019\u00e9volution des territoires dans le temps et dans l\u2019espace. En effet, un espace naturel qui joue aujourd\u2019hui le r\u00f4le de r\u00e9servoir de biodiversit\u00e9 pourrait \u00e0 l\u2019avenir se retrouver isol\u00e9 \u00a0\u00e9cologiquement suite \u00e0 [&hellip;]<\/p>","protected":false},"featured_media":0,"template":"","categories":[50],"acf":[],"yoast_head":"<!-- This site is optimized with the Yoast SEO plugin v23.2 - https:\/\/yoast.com\/wordpress\/plugins\/seo\/ -->\n<title>Biodiversit\u00e9 : imaginer l\u2019avenir pour mieux la prot\u00e9ger - For\u00eat.Nature<\/title>\n<meta name=\"robots\" content=\"index, follow, max-snippet:-1, max-image-preview:large, max-video-preview:-1\" \/>\n<link rel=\"canonical\" href=\"https:\/\/foretnature.be\/en\/resume-foret-mail\/biodiversite-imaginer-lavenir-pour-mieux-la-proteger\/\" \/>\n<meta property=\"og:locale\" content=\"en_GB\" \/>\n<meta property=\"og:type\" content=\"article\" \/>\n<meta property=\"og:title\" content=\"Biodiversit\u00e9 : imaginer l\u2019avenir pour mieux la prot\u00e9ger - For\u00eat.Nature\" \/>\n<meta property=\"og:description\" content=\"La continuit\u00e9 \u00e9cologique est un \u00e9l\u00e9ment essentiel des strat\u00e9gies de conservation de la biodiversit\u00e9. Pour la prot\u00e9ger, il convient de prendre en compte l\u2019\u00e9volution des territoires dans le temps et dans l\u2019espace. En effet, un espace naturel qui joue aujourd\u2019hui le r\u00f4le de r\u00e9servoir de biodiversit\u00e9 pourrait \u00e0 l\u2019avenir se retrouver isol\u00e9 \u00a0\u00e9cologiquement suite \u00e0 [&hellip;]\" \/>\n<meta property=\"og:url\" content=\"https:\/\/foretnature.be\/en\/resume-foret-mail\/biodiversite-imaginer-lavenir-pour-mieux-la-proteger\/\" \/>\n<meta property=\"og:site_name\" content=\"For\u00eat.Nature\" \/>\n<meta name=\"twitter:card\" content=\"summary_large_image\" \/>\n<meta name=\"twitter:label1\" content=\"Estimated reading time\" \/>\n\t<meta name=\"twitter:data1\" content=\"2 minutes\" \/>\n<script type=\"application\/ld+json\" class=\"yoast-schema-graph\">{\"@context\":\"https:\/\/schema.org\",\"@graph\":[{\"@type\":\"WebPage\",\"@id\":\"https:\/\/foretnature.be\/en\/resume-foret-mail\/biodiversite-imaginer-lavenir-pour-mieux-la-proteger\/\",\"url\":\"https:\/\/foretnature.be\/en\/resume-foret-mail\/biodiversite-imaginer-lavenir-pour-mieux-la-proteger\/\",\"name\":\"Biodiversit\u00e9 : imaginer l\u2019avenir pour mieux la prot\u00e9ger - For\u00eat.Nature\",\"isPartOf\":{\"@id\":\"https:\/\/foretnature.be\/#website\"},\"datePublished\":\"2021-08-23T09:12:34+00:00\",\"dateModified\":\"2021-08-23T09:12:34+00:00\",\"breadcrumb\":{\"@id\":\"https:\/\/foretnature.be\/en\/resume-foret-mail\/biodiversite-imaginer-lavenir-pour-mieux-la-proteger\/#breadcrumb\"},\"inLanguage\":\"en-GB\",\"potentialAction\":[{\"@type\":\"ReadAction\",\"target\":[\"https:\/\/foretnature.be\/en\/resume-foret-mail\/biodiversite-imaginer-lavenir-pour-mieux-la-proteger\/\"]}]},{\"@type\":\"BreadcrumbList\",\"@id\":\"https:\/\/foretnature.be\/en\/resume-foret-mail\/biodiversite-imaginer-lavenir-pour-mieux-la-proteger\/#breadcrumb\",\"itemListElement\":[{\"@type\":\"ListItem\",\"position\":1,\"name\":\"Home\",\"item\":\"https:\/\/foretnature.be\/\"},{\"@type\":\"ListItem\",\"position\":2,\"name\":\"Biodiversit\u00e9 : imaginer l\u2019avenir pour mieux la prot\u00e9ger\"}]},{\"@type\":\"WebSite\",\"@id\":\"https:\/\/foretnature.be\/#website\",\"url\":\"https:\/\/foretnature.be\/\",\"name\":\"For\u00eat.Nature\",\"description\":\"Une \u00e9quipe technique au service de la for\u00eat\",\"publisher\":{\"@id\":\"https:\/\/foretnature.be\/#organization\"},\"potentialAction\":[{\"@type\":\"SearchAction\",\"target\":{\"@type\":\"EntryPoint\",\"urlTemplate\":\"https:\/\/foretnature.be\/?s={search_term_string}\"},\"query-input\":\"required name=search_term_string\"}],\"inLanguage\":\"en-GB\"},{\"@type\":\"Organization\",\"@id\":\"https:\/\/foretnature.be\/#organization\",\"name\":\"For\u00eat.Nature\",\"url\":\"https:\/\/foretnature.be\/\",\"logo\":{\"@type\":\"ImageObject\",\"inLanguage\":\"en-GB\",\"@id\":\"https:\/\/foretnature.be\/#\/schema\/logo\/image\/\",\"url\":\"https:\/\/foretnature.be\/wp-content\/uploads\/2021\/01\/logoFOblanc.png\",\"contentUrl\":\"https:\/\/foretnature.be\/wp-content\/uploads\/2021\/01\/logoFOblanc.png\",\"width\":300,\"height\":151,\"caption\":\"For\u00eat.Nature\"},\"image\":{\"@id\":\"https:\/\/foretnature.be\/#\/schema\/logo\/image\/\"}}]}<\/script>\n<!-- \/ Yoast SEO plugin. -->","yoast_head_json":{"title":"Biodiversit\u00e9 : imaginer l\u2019avenir pour mieux la prot\u00e9ger - For\u00eat.Nature","robots":{"index":"index","follow":"follow","max-snippet":"max-snippet:-1","max-image-preview":"max-image-preview:large","max-video-preview":"max-video-preview:-1"},"canonical":"https:\/\/foretnature.be\/en\/resume-foret-mail\/biodiversite-imaginer-lavenir-pour-mieux-la-proteger\/","og_locale":"en_GB","og_type":"article","og_title":"Biodiversit\u00e9 : imaginer l\u2019avenir pour mieux la prot\u00e9ger - For\u00eat.Nature","og_description":"La continuit\u00e9 \u00e9cologique est un \u00e9l\u00e9ment essentiel des strat\u00e9gies de conservation de la biodiversit\u00e9. Pour la prot\u00e9ger, il convient de prendre en compte l\u2019\u00e9volution des territoires dans le temps et dans l\u2019espace. En effet, un espace naturel qui joue aujourd\u2019hui le r\u00f4le de r\u00e9servoir de biodiversit\u00e9 pourrait \u00e0 l\u2019avenir se retrouver isol\u00e9 \u00a0\u00e9cologiquement suite \u00e0 [&hellip;]","og_url":"https:\/\/foretnature.be\/en\/resume-foret-mail\/biodiversite-imaginer-lavenir-pour-mieux-la-proteger\/","og_site_name":"For\u00eat.Nature","twitter_card":"summary_large_image","twitter_misc":{"Estimated reading time":"2 minutes"},"schema":{"@context":"https:\/\/schema.org","@graph":[{"@type":"WebPage","@id":"https:\/\/foretnature.be\/en\/resume-foret-mail\/biodiversite-imaginer-lavenir-pour-mieux-la-proteger\/","url":"https:\/\/foretnature.be\/en\/resume-foret-mail\/biodiversite-imaginer-lavenir-pour-mieux-la-proteger\/","name":"Biodiversit\u00e9 : imaginer l\u2019avenir pour mieux la prot\u00e9ger - For\u00eat.Nature","isPartOf":{"@id":"https:\/\/foretnature.be\/#website"},"datePublished":"2021-08-23T09:12:34+00:00","dateModified":"2021-08-23T09:12:34+00:00","breadcrumb":{"@id":"https:\/\/foretnature.be\/en\/resume-foret-mail\/biodiversite-imaginer-lavenir-pour-mieux-la-proteger\/#breadcrumb"},"inLanguage":"en-GB","potentialAction":[{"@type":"ReadAction","target":["https:\/\/foretnature.be\/en\/resume-foret-mail\/biodiversite-imaginer-lavenir-pour-mieux-la-proteger\/"]}]},{"@type":"BreadcrumbList","@id":"https:\/\/foretnature.be\/en\/resume-foret-mail\/biodiversite-imaginer-lavenir-pour-mieux-la-proteger\/#breadcrumb","itemListElement":[{"@type":"ListItem","position":1,"name":"Home","item":"https:\/\/foretnature.be\/"},{"@type":"ListItem","position":2,"name":"Biodiversit\u00e9 : imaginer l\u2019avenir pour mieux la prot\u00e9ger"}]},{"@type":"WebSite","@id":"https:\/\/foretnature.be\/#website","url":"https:\/\/foretnature.be\/","name":"For\u00eat.Nature","description":"Une \u00e9quipe technique au service de la for\u00eat","publisher":{"@id":"https:\/\/foretnature.be\/#organization"},"potentialAction":[{"@type":"SearchAction","target":{"@type":"EntryPoint","urlTemplate":"https:\/\/foretnature.be\/?s={search_term_string}"},"query-input":"required name=search_term_string"}],"inLanguage":"en-GB"},{"@type":"Organization","@id":"https:\/\/foretnature.be\/#organization","name":"For\u00eat.Nature","url":"https:\/\/foretnature.be\/","logo":{"@type":"ImageObject","inLanguage":"en-GB","@id":"https:\/\/foretnature.be\/#\/schema\/logo\/image\/","url":"https:\/\/foretnature.be\/wp-content\/uploads\/2021\/01\/logoFOblanc.png","contentUrl":"https:\/\/foretnature.be\/wp-content\/uploads\/2021\/01\/logoFOblanc.png","width":300,"height":151,"caption":"For\u00eat.Nature"},"image":{"@id":"https:\/\/foretnature.be\/#\/schema\/logo\/image\/"}}]}},"_links":{"self":[{"href":"https:\/\/foretnature.be\/en\/wp-json\/wp\/v2\/resume-foret-mail\/33444"}],"collection":[{"href":"https:\/\/foretnature.be\/en\/wp-json\/wp\/v2\/resume-foret-mail"}],"about":[{"href":"https:\/\/foretnature.be\/en\/wp-json\/wp\/v2\/types\/resume-foret-mail"}],"version-history":[{"count":1,"href":"https:\/\/foretnature.be\/en\/wp-json\/wp\/v2\/resume-foret-mail\/33444\/revisions"}],"predecessor-version":[{"id":33445,"href":"https:\/\/foretnature.be\/en\/wp-json\/wp\/v2\/resume-foret-mail\/33444\/revisions\/33445"}],"wp:attachment":[{"href":"https:\/\/foretnature.be\/en\/wp-json\/wp\/v2\/media?parent=33444"}],"wp:term":[{"taxonomy":"category","embeddable":true,"href":"https:\/\/foretnature.be\/en\/wp-json\/wp\/v2\/categories?post=33444"}],"curies":[{"name":"wp","href":"https:\/\/api.w.org\/{rel}","templated":true}]}}