{"id":33325,"date":"2021-07-19T08:50:16","date_gmt":"2021-07-19T06:50:16","guid":{"rendered":"https:\/\/gjkkadksm.preview.infomaniak.website\/?post_type=resume-foret-mail&#038;p=33325"},"modified":"2021-07-19T08:50:16","modified_gmt":"2021-07-19T06:50:16","slug":"urbaniser-rural-une-necessite-pour-la-biodiversite-des-villes","status":"publish","type":"resume-foret-mail","link":"https:\/\/foretnature.be\/en\/resume-foret-mail\/urbaniser-rural-une-necessite-pour-la-biodiversite-des-villes\/","title":{"rendered":"\u201cUrbaniser rural\u201d, une n\u00e9cessit\u00e9 pour la biodiversit\u00e9 des villes"},"content":{"rendered":"<p class=\"text-build-content\" data-testid=\"Q6k2B10d5b\">Depuis plus de 30 ans, les villes colonisent les zones rurales petit \u00e0 petit et les campagnes sont en cours d\u2019artificialisation \u00e0 raison de 4,3 hectares par jour depuis 34 ans en Wallonie ! Les villes et villages changent, parfois en bien lorsque la biodiversit\u00e9 est int\u00e9gr\u00e9e dans les projets d\u2019urbanisme, parfois en mal le cas \u00e9ch\u00e9ant. Ainsi, le retour d\u2019esp\u00e8ces disparues est \u00e0 nuancer par la perte ou le d\u00e9clin d\u2019autres.<\/p>\n<p class=\"text-build-content\" data-testid=\"Q6k2B10d5b\">Une tendance marqu\u00e9e est celle du d\u00e9veloppement intense de populations d\u2019esp\u00e8ces opportunistes pouvant s\u2019adapter \u00e0 de nombreux milieux sans probl\u00e8mes notables. Et l\u2019inverse s\u2019observe pour celles exigeantes qui ne peuvent pas rivaliser et qui donc r\u00e9gressent.<\/p>\n<p class=\"text-build-content\" data-testid=\"Q6k2B10d5b\">C\u2019est sur base de ces constats que l\u2019asbl Natagora lance un nouvel axe de r\u00e9flexion visant \u00e0 freiner la banalisation de la diversit\u00e9 et de profiter des refuges naturels encore pr\u00e9sents pour fonder les r\u00e9servoirs de vie sauvage de demain.<\/p>","protected":false},"excerpt":{"rendered":"<p>Depuis plus de 30 ans, les villes colonisent les zones rurales petit \u00e0 petit et les campagnes sont en cours d\u2019artificialisation \u00e0 raison de 4,3 hectares par jour depuis 34 ans en Wallonie ! Les villes et villages changent, parfois en bien lorsque la biodiversit\u00e9 est int\u00e9gr\u00e9e dans les projets d\u2019urbanisme, parfois en mal le [&hellip;]<\/p>","protected":false},"featured_media":0,"template":"","categories":[50],"acf":[],"yoast_head":"<!-- This site is optimized with the Yoast SEO plugin v23.2 - https:\/\/yoast.com\/wordpress\/plugins\/seo\/ -->\n<title>\u201cUrbaniser rural\u201d, une n\u00e9cessit\u00e9 pour la biodiversit\u00e9 des villes - For\u00eat.Nature<\/title>\n<meta name=\"robots\" content=\"index, follow, max-snippet:-1, max-image-preview:large, max-video-preview:-1\" \/>\n<link rel=\"canonical\" href=\"https:\/\/foretnature.be\/en\/resume-foret-mail\/urbaniser-rural-une-necessite-pour-la-biodiversite-des-villes\/\" \/>\n<meta property=\"og:locale\" content=\"en_GB\" \/>\n<meta property=\"og:type\" content=\"article\" \/>\n<meta property=\"og:title\" content=\"\u201cUrbaniser rural\u201d, une n\u00e9cessit\u00e9 pour la biodiversit\u00e9 des villes - For\u00eat.Nature\" \/>\n<meta property=\"og:description\" content=\"Depuis plus de 30 ans, les villes colonisent les zones rurales petit \u00e0 petit et les campagnes sont en cours d\u2019artificialisation \u00e0 raison de 4,3 hectares par jour depuis 34 ans en Wallonie ! Les villes et villages changent, parfois en bien lorsque la biodiversit\u00e9 est int\u00e9gr\u00e9e dans les projets d\u2019urbanisme, parfois en mal le [&hellip;]\" \/>\n<meta property=\"og:url\" content=\"https:\/\/foretnature.be\/en\/resume-foret-mail\/urbaniser-rural-une-necessite-pour-la-biodiversite-des-villes\/\" \/>\n<meta property=\"og:site_name\" content=\"For\u00eat.Nature\" \/>\n<meta name=\"twitter:card\" content=\"summary_large_image\" \/>\n<meta name=\"twitter:label1\" content=\"Estimated reading time\" \/>\n\t<meta name=\"twitter:data1\" content=\"1 minute\" \/>\n<script type=\"application\/ld+json\" class=\"yoast-schema-graph\">{\"@context\":\"https:\/\/schema.org\",\"@graph\":[{\"@type\":\"WebPage\",\"@id\":\"https:\/\/foretnature.be\/en\/resume-foret-mail\/urbaniser-rural-une-necessite-pour-la-biodiversite-des-villes\/\",\"url\":\"https:\/\/foretnature.be\/en\/resume-foret-mail\/urbaniser-rural-une-necessite-pour-la-biodiversite-des-villes\/\",\"name\":\"\u201cUrbaniser rural\u201d, une n\u00e9cessit\u00e9 pour la biodiversit\u00e9 des villes - For\u00eat.Nature\",\"isPartOf\":{\"@id\":\"https:\/\/foretnature.be\/#website\"},\"datePublished\":\"2021-07-19T06:50:16+00:00\",\"dateModified\":\"2021-07-19T06:50:16+00:00\",\"breadcrumb\":{\"@id\":\"https:\/\/foretnature.be\/en\/resume-foret-mail\/urbaniser-rural-une-necessite-pour-la-biodiversite-des-villes\/#breadcrumb\"},\"inLanguage\":\"en-GB\",\"potentialAction\":[{\"@type\":\"ReadAction\",\"target\":[\"https:\/\/foretnature.be\/en\/resume-foret-mail\/urbaniser-rural-une-necessite-pour-la-biodiversite-des-villes\/\"]}]},{\"@type\":\"BreadcrumbList\",\"@id\":\"https:\/\/foretnature.be\/en\/resume-foret-mail\/urbaniser-rural-une-necessite-pour-la-biodiversite-des-villes\/#breadcrumb\",\"itemListElement\":[{\"@type\":\"ListItem\",\"position\":1,\"name\":\"Home\",\"item\":\"https:\/\/foretnature.be\/\"},{\"@type\":\"ListItem\",\"position\":2,\"name\":\"\u201cUrbaniser rural\u201d, une n\u00e9cessit\u00e9 pour la biodiversit\u00e9 des villes\"}]},{\"@type\":\"WebSite\",\"@id\":\"https:\/\/foretnature.be\/#website\",\"url\":\"https:\/\/foretnature.be\/\",\"name\":\"For\u00eat.Nature\",\"description\":\"Une \u00e9quipe technique au service de la for\u00eat\",\"publisher\":{\"@id\":\"https:\/\/foretnature.be\/#organization\"},\"potentialAction\":[{\"@type\":\"SearchAction\",\"target\":{\"@type\":\"EntryPoint\",\"urlTemplate\":\"https:\/\/foretnature.be\/?s={search_term_string}\"},\"query-input\":\"required name=search_term_string\"}],\"inLanguage\":\"en-GB\"},{\"@type\":\"Organization\",\"@id\":\"https:\/\/foretnature.be\/#organization\",\"name\":\"For\u00eat.Nature\",\"url\":\"https:\/\/foretnature.be\/\",\"logo\":{\"@type\":\"ImageObject\",\"inLanguage\":\"en-GB\",\"@id\":\"https:\/\/foretnature.be\/#\/schema\/logo\/image\/\",\"url\":\"https:\/\/foretnature.be\/wp-content\/uploads\/2021\/01\/logoFOblanc.png\",\"contentUrl\":\"https:\/\/foretnature.be\/wp-content\/uploads\/2021\/01\/logoFOblanc.png\",\"width\":300,\"height\":151,\"caption\":\"For\u00eat.Nature\"},\"image\":{\"@id\":\"https:\/\/foretnature.be\/#\/schema\/logo\/image\/\"}}]}<\/script>\n<!-- \/ Yoast SEO plugin. -->","yoast_head_json":{"title":"\u201cUrbaniser rural\u201d, une n\u00e9cessit\u00e9 pour la biodiversit\u00e9 des villes - For\u00eat.Nature","robots":{"index":"index","follow":"follow","max-snippet":"max-snippet:-1","max-image-preview":"max-image-preview:large","max-video-preview":"max-video-preview:-1"},"canonical":"https:\/\/foretnature.be\/en\/resume-foret-mail\/urbaniser-rural-une-necessite-pour-la-biodiversite-des-villes\/","og_locale":"en_GB","og_type":"article","og_title":"\u201cUrbaniser rural\u201d, une n\u00e9cessit\u00e9 pour la biodiversit\u00e9 des villes - For\u00eat.Nature","og_description":"Depuis plus de 30 ans, les villes colonisent les zones rurales petit \u00e0 petit et les campagnes sont en cours d\u2019artificialisation \u00e0 raison de 4,3 hectares par jour depuis 34 ans en Wallonie ! Les villes et villages changent, parfois en bien lorsque la biodiversit\u00e9 est int\u00e9gr\u00e9e dans les projets d\u2019urbanisme, parfois en mal le [&hellip;]","og_url":"https:\/\/foretnature.be\/en\/resume-foret-mail\/urbaniser-rural-une-necessite-pour-la-biodiversite-des-villes\/","og_site_name":"For\u00eat.Nature","twitter_card":"summary_large_image","twitter_misc":{"Estimated reading time":"1 minute"},"schema":{"@context":"https:\/\/schema.org","@graph":[{"@type":"WebPage","@id":"https:\/\/foretnature.be\/en\/resume-foret-mail\/urbaniser-rural-une-necessite-pour-la-biodiversite-des-villes\/","url":"https:\/\/foretnature.be\/en\/resume-foret-mail\/urbaniser-rural-une-necessite-pour-la-biodiversite-des-villes\/","name":"\u201cUrbaniser rural\u201d, une n\u00e9cessit\u00e9 pour la biodiversit\u00e9 des villes - For\u00eat.Nature","isPartOf":{"@id":"https:\/\/foretnature.be\/#website"},"datePublished":"2021-07-19T06:50:16+00:00","dateModified":"2021-07-19T06:50:16+00:00","breadcrumb":{"@id":"https:\/\/foretnature.be\/en\/resume-foret-mail\/urbaniser-rural-une-necessite-pour-la-biodiversite-des-villes\/#breadcrumb"},"inLanguage":"en-GB","potentialAction":[{"@type":"ReadAction","target":["https:\/\/foretnature.be\/en\/resume-foret-mail\/urbaniser-rural-une-necessite-pour-la-biodiversite-des-villes\/"]}]},{"@type":"BreadcrumbList","@id":"https:\/\/foretnature.be\/en\/resume-foret-mail\/urbaniser-rural-une-necessite-pour-la-biodiversite-des-villes\/#breadcrumb","itemListElement":[{"@type":"ListItem","position":1,"name":"Home","item":"https:\/\/foretnature.be\/"},{"@type":"ListItem","position":2,"name":"\u201cUrbaniser rural\u201d, une n\u00e9cessit\u00e9 pour la biodiversit\u00e9 des villes"}]},{"@type":"WebSite","@id":"https:\/\/foretnature.be\/#website","url":"https:\/\/foretnature.be\/","name":"For\u00eat.Nature","description":"Une \u00e9quipe technique au service de la for\u00eat","publisher":{"@id":"https:\/\/foretnature.be\/#organization"},"potentialAction":[{"@type":"SearchAction","target":{"@type":"EntryPoint","urlTemplate":"https:\/\/foretnature.be\/?s={search_term_string}"},"query-input":"required name=search_term_string"}],"inLanguage":"en-GB"},{"@type":"Organization","@id":"https:\/\/foretnature.be\/#organization","name":"For\u00eat.Nature","url":"https:\/\/foretnature.be\/","logo":{"@type":"ImageObject","inLanguage":"en-GB","@id":"https:\/\/foretnature.be\/#\/schema\/logo\/image\/","url":"https:\/\/foretnature.be\/wp-content\/uploads\/2021\/01\/logoFOblanc.png","contentUrl":"https:\/\/foretnature.be\/wp-content\/uploads\/2021\/01\/logoFOblanc.png","width":300,"height":151,"caption":"For\u00eat.Nature"},"image":{"@id":"https:\/\/foretnature.be\/#\/schema\/logo\/image\/"}}]}},"_links":{"self":[{"href":"https:\/\/foretnature.be\/en\/wp-json\/wp\/v2\/resume-foret-mail\/33325"}],"collection":[{"href":"https:\/\/foretnature.be\/en\/wp-json\/wp\/v2\/resume-foret-mail"}],"about":[{"href":"https:\/\/foretnature.be\/en\/wp-json\/wp\/v2\/types\/resume-foret-mail"}],"version-history":[{"count":1,"href":"https:\/\/foretnature.be\/en\/wp-json\/wp\/v2\/resume-foret-mail\/33325\/revisions"}],"predecessor-version":[{"id":33326,"href":"https:\/\/foretnature.be\/en\/wp-json\/wp\/v2\/resume-foret-mail\/33325\/revisions\/33326"}],"wp:attachment":[{"href":"https:\/\/foretnature.be\/en\/wp-json\/wp\/v2\/media?parent=33325"}],"wp:term":[{"taxonomy":"category","embeddable":true,"href":"https:\/\/foretnature.be\/en\/wp-json\/wp\/v2\/categories?post=33325"}],"curies":[{"name":"wp","href":"https:\/\/api.w.org\/{rel}","templated":true}]}}