{"id":33291,"date":"2021-07-02T10:57:38","date_gmt":"2021-07-02T08:57:38","guid":{"rendered":"https:\/\/gjkkadksm.preview.infomaniak.website\/?post_type=resume-foret-mail&#038;p=33291"},"modified":"2021-07-02T10:57:38","modified_gmt":"2021-07-02T08:57:38","slug":"10-ans-sans-exploitation-pour-un-retour-de-la-foret-albanaise","status":"publish","type":"resume-foret-mail","link":"https:\/\/foretnature.be\/en\/resume-foret-mail\/10-ans-sans-exploitation-pour-un-retour-de-la-foret-albanaise\/","title":{"rendered":"10 ans sans exploitation pour un retour de la for\u00eat albanaise"},"content":{"rendered":"<p class=\"text-build-content\" data-testid=\"Q6k2B10d5b\">\u00c0 l\u2019heure actuelle, l\u2019Albanie est le seul pays d\u2019Europe \u00e0 voir sa surface foresti\u00e8re diminuer. \u00c0 la fin de la Seconde Guerre mondiale, 80 % de son territoire \u00e9tait bois\u00e9, passant \u00e0 seulement 20 % en 2019. Ces 30 derni\u00e8res ann\u00e9es, ce sont 800 000 hectares de for\u00eats qui ont \u00e9t\u00e9 ras\u00e9s de la carte. En cause : l\u2019exploitation foresti\u00e8re ill\u00e9gale et la corruption qui gangr\u00e8ne le pays.<\/p>\n<p class=\"text-build-content\" data-testid=\"Q6k2B10d5b\">Pourtant, l\u2019Albanie recelait une biodiversit\u00e9 originale, gr\u00e2ce aux vari\u00e9t\u00e9s de milieux et de climats pr\u00e9sents sur son territoire : montagnes bien arros\u00e9es au climat continental, en passant \u00e0 un climat aux influences m\u00e9diterran\u00e9ennes de plus en plus marqu\u00e9es au fur et \u00e0 mesure qu\u2019on se rapproche de la mer. Ces conditions diversifi\u00e9es s\u2019accompagnaient d\u2019essences foresti\u00e8res vari\u00e9es.<\/p>\n<p class=\"text-build-content\" data-testid=\"Q6k2B10d5b\">Jusqu\u2019\u00e0 l\u2019effondrement de l\u2019\u00e9tat communiste en 1990, les for\u00eats \u00e9taient relativement \u00e9pargn\u00e9es par la surexploitation. Ensuite, le pays a balanc\u00e9 dans l\u2019anarchie, la corruption et la criminalit\u00e9 ont augment\u00e9, le syst\u00e8me financier albanais s\u2019est effondr\u00e9 et les faillites se sont succ\u00e9d\u00e9es, plongeant le pays et ses habitants dans la pauvret\u00e9. Les populations locales ont \u00e9migr\u00e9, le trafic du bois a augment\u00e9 et la d\u00e9forestation a suivi.<\/p>\n<p class=\"text-build-content\" data-testid=\"Q6k2B10d5b\">R\u00e9sultat : la fili\u00e8re for\u00eat-bois, qui repr\u00e9sentait 2,5 % du PIB en 1990, ne compte plus aujourd\u2019hui que pour 0,1 % de ce PIB. La transformation du bois est actuellement assur\u00e9e par les artisans et quelques industries de petite ampleur, majoritairement situ\u00e9es pr\u00e8s de la capitale.<\/p>\n<p class=\"text-build-content\" data-testid=\"Q6k2B10d5b\">En 2016, cette situation a men\u00e9 le gouvernement albanais \u00e0 interdire, pendant 10 ans, l\u2019exploitation foresti\u00e8re \u00e0 des fins industrielles et l\u2019exportation du bois. Seules les coupes de bois de chauffage \u00e0 usage domestique sont encore tol\u00e9r\u00e9es, mais soumises \u00e0 autorisation. Cons\u00e9quence : les artisans se retrouvent confront\u00e9s \u00e0 une p\u00e9nurie de bois d\u2019\u0153uvre et forc\u00e9s \u00e0 importer leur mat\u00e9riau de base \u00e0 des prix trop \u00e9lev\u00e9s pour leurs capacit\u00e9s financi\u00e8res.<\/p>","protected":false},"excerpt":{"rendered":"<p>\u00c0 l\u2019heure actuelle, l\u2019Albanie est le seul pays d\u2019Europe \u00e0 voir sa surface foresti\u00e8re diminuer. \u00c0 la fin de la Seconde Guerre mondiale, 80 % de son territoire \u00e9tait bois\u00e9, passant \u00e0 seulement 20 % en 2019. Ces 30 derni\u00e8res ann\u00e9es, ce sont 800 000 hectares de for\u00eats qui ont \u00e9t\u00e9 ras\u00e9s de la carte. [&hellip;]<\/p>","protected":false},"featured_media":0,"template":"","categories":[50],"acf":[],"yoast_head":"<!-- This site is optimized with the Yoast SEO plugin v23.2 - https:\/\/yoast.com\/wordpress\/plugins\/seo\/ -->\n<title>10 ans sans exploitation pour un retour de la for\u00eat albanaise - For\u00eat.Nature<\/title>\n<meta name=\"robots\" content=\"index, follow, max-snippet:-1, max-image-preview:large, max-video-preview:-1\" \/>\n<link rel=\"canonical\" href=\"https:\/\/foretnature.be\/en\/resume-foret-mail\/10-ans-sans-exploitation-pour-un-retour-de-la-foret-albanaise\/\" \/>\n<meta property=\"og:locale\" content=\"en_GB\" \/>\n<meta property=\"og:type\" content=\"article\" \/>\n<meta property=\"og:title\" content=\"10 ans sans exploitation pour un retour de la for\u00eat albanaise - For\u00eat.Nature\" \/>\n<meta property=\"og:description\" content=\"\u00c0 l\u2019heure actuelle, l\u2019Albanie est le seul pays d\u2019Europe \u00e0 voir sa surface foresti\u00e8re diminuer. \u00c0 la fin de la Seconde Guerre mondiale, 80 % de son territoire \u00e9tait bois\u00e9, passant \u00e0 seulement 20 % en 2019. Ces 30 derni\u00e8res ann\u00e9es, ce sont 800 000 hectares de for\u00eats qui ont \u00e9t\u00e9 ras\u00e9s de la carte. [&hellip;]\" \/>\n<meta property=\"og:url\" content=\"https:\/\/foretnature.be\/en\/resume-foret-mail\/10-ans-sans-exploitation-pour-un-retour-de-la-foret-albanaise\/\" \/>\n<meta property=\"og:site_name\" content=\"For\u00eat.Nature\" \/>\n<meta name=\"twitter:card\" content=\"summary_large_image\" \/>\n<meta name=\"twitter:label1\" content=\"Estimated reading time\" \/>\n\t<meta name=\"twitter:data1\" content=\"2 minutes\" \/>\n<script type=\"application\/ld+json\" class=\"yoast-schema-graph\">{\"@context\":\"https:\/\/schema.org\",\"@graph\":[{\"@type\":\"WebPage\",\"@id\":\"https:\/\/foretnature.be\/en\/resume-foret-mail\/10-ans-sans-exploitation-pour-un-retour-de-la-foret-albanaise\/\",\"url\":\"https:\/\/foretnature.be\/en\/resume-foret-mail\/10-ans-sans-exploitation-pour-un-retour-de-la-foret-albanaise\/\",\"name\":\"10 ans sans exploitation pour un retour de la for\u00eat albanaise - For\u00eat.Nature\",\"isPartOf\":{\"@id\":\"https:\/\/foretnature.be\/#website\"},\"datePublished\":\"2021-07-02T08:57:38+00:00\",\"dateModified\":\"2021-07-02T08:57:38+00:00\",\"breadcrumb\":{\"@id\":\"https:\/\/foretnature.be\/en\/resume-foret-mail\/10-ans-sans-exploitation-pour-un-retour-de-la-foret-albanaise\/#breadcrumb\"},\"inLanguage\":\"en-GB\",\"potentialAction\":[{\"@type\":\"ReadAction\",\"target\":[\"https:\/\/foretnature.be\/en\/resume-foret-mail\/10-ans-sans-exploitation-pour-un-retour-de-la-foret-albanaise\/\"]}]},{\"@type\":\"BreadcrumbList\",\"@id\":\"https:\/\/foretnature.be\/en\/resume-foret-mail\/10-ans-sans-exploitation-pour-un-retour-de-la-foret-albanaise\/#breadcrumb\",\"itemListElement\":[{\"@type\":\"ListItem\",\"position\":1,\"name\":\"Home\",\"item\":\"https:\/\/foretnature.be\/\"},{\"@type\":\"ListItem\",\"position\":2,\"name\":\"10 ans sans exploitation pour un retour de la for\u00eat albanaise\"}]},{\"@type\":\"WebSite\",\"@id\":\"https:\/\/foretnature.be\/#website\",\"url\":\"https:\/\/foretnature.be\/\",\"name\":\"For\u00eat.Nature\",\"description\":\"Une \u00e9quipe technique au service de la for\u00eat\",\"publisher\":{\"@id\":\"https:\/\/foretnature.be\/#organization\"},\"potentialAction\":[{\"@type\":\"SearchAction\",\"target\":{\"@type\":\"EntryPoint\",\"urlTemplate\":\"https:\/\/foretnature.be\/?s={search_term_string}\"},\"query-input\":\"required name=search_term_string\"}],\"inLanguage\":\"en-GB\"},{\"@type\":\"Organization\",\"@id\":\"https:\/\/foretnature.be\/#organization\",\"name\":\"For\u00eat.Nature\",\"url\":\"https:\/\/foretnature.be\/\",\"logo\":{\"@type\":\"ImageObject\",\"inLanguage\":\"en-GB\",\"@id\":\"https:\/\/foretnature.be\/#\/schema\/logo\/image\/\",\"url\":\"https:\/\/foretnature.be\/wp-content\/uploads\/2021\/01\/logoFOblanc.png\",\"contentUrl\":\"https:\/\/foretnature.be\/wp-content\/uploads\/2021\/01\/logoFOblanc.png\",\"width\":300,\"height\":151,\"caption\":\"For\u00eat.Nature\"},\"image\":{\"@id\":\"https:\/\/foretnature.be\/#\/schema\/logo\/image\/\"}}]}<\/script>\n<!-- \/ Yoast SEO plugin. -->","yoast_head_json":{"title":"10 ans sans exploitation pour un retour de la for\u00eat albanaise - For\u00eat.Nature","robots":{"index":"index","follow":"follow","max-snippet":"max-snippet:-1","max-image-preview":"max-image-preview:large","max-video-preview":"max-video-preview:-1"},"canonical":"https:\/\/foretnature.be\/en\/resume-foret-mail\/10-ans-sans-exploitation-pour-un-retour-de-la-foret-albanaise\/","og_locale":"en_GB","og_type":"article","og_title":"10 ans sans exploitation pour un retour de la for\u00eat albanaise - For\u00eat.Nature","og_description":"\u00c0 l\u2019heure actuelle, l\u2019Albanie est le seul pays d\u2019Europe \u00e0 voir sa surface foresti\u00e8re diminuer. \u00c0 la fin de la Seconde Guerre mondiale, 80 % de son territoire \u00e9tait bois\u00e9, passant \u00e0 seulement 20 % en 2019. Ces 30 derni\u00e8res ann\u00e9es, ce sont 800 000 hectares de for\u00eats qui ont \u00e9t\u00e9 ras\u00e9s de la carte. [&hellip;]","og_url":"https:\/\/foretnature.be\/en\/resume-foret-mail\/10-ans-sans-exploitation-pour-un-retour-de-la-foret-albanaise\/","og_site_name":"For\u00eat.Nature","twitter_card":"summary_large_image","twitter_misc":{"Estimated reading time":"2 minutes"},"schema":{"@context":"https:\/\/schema.org","@graph":[{"@type":"WebPage","@id":"https:\/\/foretnature.be\/en\/resume-foret-mail\/10-ans-sans-exploitation-pour-un-retour-de-la-foret-albanaise\/","url":"https:\/\/foretnature.be\/en\/resume-foret-mail\/10-ans-sans-exploitation-pour-un-retour-de-la-foret-albanaise\/","name":"10 ans sans exploitation pour un retour de la for\u00eat albanaise - For\u00eat.Nature","isPartOf":{"@id":"https:\/\/foretnature.be\/#website"},"datePublished":"2021-07-02T08:57:38+00:00","dateModified":"2021-07-02T08:57:38+00:00","breadcrumb":{"@id":"https:\/\/foretnature.be\/en\/resume-foret-mail\/10-ans-sans-exploitation-pour-un-retour-de-la-foret-albanaise\/#breadcrumb"},"inLanguage":"en-GB","potentialAction":[{"@type":"ReadAction","target":["https:\/\/foretnature.be\/en\/resume-foret-mail\/10-ans-sans-exploitation-pour-un-retour-de-la-foret-albanaise\/"]}]},{"@type":"BreadcrumbList","@id":"https:\/\/foretnature.be\/en\/resume-foret-mail\/10-ans-sans-exploitation-pour-un-retour-de-la-foret-albanaise\/#breadcrumb","itemListElement":[{"@type":"ListItem","position":1,"name":"Home","item":"https:\/\/foretnature.be\/"},{"@type":"ListItem","position":2,"name":"10 ans sans exploitation pour un retour de la for\u00eat albanaise"}]},{"@type":"WebSite","@id":"https:\/\/foretnature.be\/#website","url":"https:\/\/foretnature.be\/","name":"For\u00eat.Nature","description":"Une \u00e9quipe technique au service de la for\u00eat","publisher":{"@id":"https:\/\/foretnature.be\/#organization"},"potentialAction":[{"@type":"SearchAction","target":{"@type":"EntryPoint","urlTemplate":"https:\/\/foretnature.be\/?s={search_term_string}"},"query-input":"required name=search_term_string"}],"inLanguage":"en-GB"},{"@type":"Organization","@id":"https:\/\/foretnature.be\/#organization","name":"For\u00eat.Nature","url":"https:\/\/foretnature.be\/","logo":{"@type":"ImageObject","inLanguage":"en-GB","@id":"https:\/\/foretnature.be\/#\/schema\/logo\/image\/","url":"https:\/\/foretnature.be\/wp-content\/uploads\/2021\/01\/logoFOblanc.png","contentUrl":"https:\/\/foretnature.be\/wp-content\/uploads\/2021\/01\/logoFOblanc.png","width":300,"height":151,"caption":"For\u00eat.Nature"},"image":{"@id":"https:\/\/foretnature.be\/#\/schema\/logo\/image\/"}}]}},"_links":{"self":[{"href":"https:\/\/foretnature.be\/en\/wp-json\/wp\/v2\/resume-foret-mail\/33291"}],"collection":[{"href":"https:\/\/foretnature.be\/en\/wp-json\/wp\/v2\/resume-foret-mail"}],"about":[{"href":"https:\/\/foretnature.be\/en\/wp-json\/wp\/v2\/types\/resume-foret-mail"}],"version-history":[{"count":1,"href":"https:\/\/foretnature.be\/en\/wp-json\/wp\/v2\/resume-foret-mail\/33291\/revisions"}],"predecessor-version":[{"id":33292,"href":"https:\/\/foretnature.be\/en\/wp-json\/wp\/v2\/resume-foret-mail\/33291\/revisions\/33292"}],"wp:attachment":[{"href":"https:\/\/foretnature.be\/en\/wp-json\/wp\/v2\/media?parent=33291"}],"wp:term":[{"taxonomy":"category","embeddable":true,"href":"https:\/\/foretnature.be\/en\/wp-json\/wp\/v2\/categories?post=33291"}],"curies":[{"name":"wp","href":"https:\/\/api.w.org\/{rel}","templated":true}]}}