{"id":33153,"date":"2021-06-28T09:59:23","date_gmt":"2021-06-28T07:59:23","guid":{"rendered":"https:\/\/gjkkadksm.preview.infomaniak.website\/?post_type=resume-foret-mail&#038;p=33153"},"modified":"2021-06-28T09:59:23","modified_gmt":"2021-06-28T07:59:23","slug":"lidee-des-mares-en-foret-percole","status":"publish","type":"resume-foret-mail","link":"https:\/\/foretnature.be\/en\/resume-foret-mail\/lidee-des-mares-en-foret-percole\/","title":{"rendered":"L\u2019id\u00e9e des mares en for\u00eat percole"},"content":{"rendered":"<p>Les mares foresti\u00e8res et les petits r\u00e9seaux hydrauliques sont des r\u00e9servoirs de biodiversit\u00e9 et participent \u00e0 l\u2019\u00e9quilibre g\u00e9n\u00e9ral de la for\u00eat. En raison de la perte de leur fonctionnalit\u00e9 originelle (extraction de mat\u00e9riaux, abreuvoirs pour les chevaux de d\u00e9bardage, etc.), ils sont petit \u00e0 petit d\u00e9laiss\u00e9s et cessent d\u2019\u00eatre r\u00e9guli\u00e8rement entretenus. En France, avec l\u2019appui des CRPF et de leurs partenaires, des travaux de restauration sont entrepris dans diff\u00e9rentes r\u00e9gions. Dans les grands massifs, la diversit\u00e9 des stades d\u2019\u00e9volution des mares est favoris\u00e9e. Mais lorsqu\u2019elles sont isol\u00e9es, le stade 2 est favoris\u00e9. Il correspond \u00e0 une mare o\u00f9 le ph\u00e9nom\u00e8ne de comblement commence, o\u00f9 les h\u00e9lophytes et hydrophytes ont d\u00e9j\u00e0 colonis\u00e9 le milieu et o\u00f9 la richesse en biodiversit\u00e9 est la plus grande. Des actions de communication aupr\u00e8s des propri\u00e9taires sont \u00e9galement men\u00e9es afin de les sensibiliser sur les int\u00e9r\u00eats d\u2019identifier et de restaurer ces milieux de vie.<\/p>","protected":false},"excerpt":{"rendered":"<p>Les mares foresti\u00e8res et les petits r\u00e9seaux hydrauliques sont des r\u00e9servoirs de biodiversit\u00e9 et participent \u00e0 l\u2019\u00e9quilibre g\u00e9n\u00e9ral de la for\u00eat. En raison de la perte de leur fonctionnalit\u00e9 originelle (extraction de mat\u00e9riaux, abreuvoirs pour les chevaux de d\u00e9bardage, etc.), ils sont petit \u00e0 petit d\u00e9laiss\u00e9s et cessent d\u2019\u00eatre r\u00e9guli\u00e8rement entretenus. En France, avec l\u2019appui [&hellip;]<\/p>","protected":false},"featured_media":0,"template":"","categories":[50],"acf":[],"yoast_head":"<!-- This site is optimized with the Yoast SEO plugin v23.2 - https:\/\/yoast.com\/wordpress\/plugins\/seo\/ -->\n<title>L\u2019id\u00e9e des mares en for\u00eat percole - For\u00eat.Nature<\/title>\n<meta name=\"robots\" content=\"index, follow, max-snippet:-1, max-image-preview:large, max-video-preview:-1\" \/>\n<link rel=\"canonical\" href=\"https:\/\/foretnature.be\/en\/resume-foret-mail\/lidee-des-mares-en-foret-percole\/\" \/>\n<meta property=\"og:locale\" content=\"en_GB\" \/>\n<meta property=\"og:type\" content=\"article\" \/>\n<meta property=\"og:title\" content=\"L\u2019id\u00e9e des mares en for\u00eat percole - For\u00eat.Nature\" \/>\n<meta property=\"og:description\" content=\"Les mares foresti\u00e8res et les petits r\u00e9seaux hydrauliques sont des r\u00e9servoirs de biodiversit\u00e9 et participent \u00e0 l\u2019\u00e9quilibre g\u00e9n\u00e9ral de la for\u00eat. En raison de la perte de leur fonctionnalit\u00e9 originelle (extraction de mat\u00e9riaux, abreuvoirs pour les chevaux de d\u00e9bardage, etc.), ils sont petit \u00e0 petit d\u00e9laiss\u00e9s et cessent d\u2019\u00eatre r\u00e9guli\u00e8rement entretenus. En France, avec l\u2019appui [&hellip;]\" \/>\n<meta property=\"og:url\" content=\"https:\/\/foretnature.be\/en\/resume-foret-mail\/lidee-des-mares-en-foret-percole\/\" \/>\n<meta property=\"og:site_name\" content=\"For\u00eat.Nature\" \/>\n<meta name=\"twitter:card\" content=\"summary_large_image\" \/>\n<meta name=\"twitter:label1\" content=\"Estimated reading time\" \/>\n\t<meta name=\"twitter:data1\" content=\"1 minute\" \/>\n<script type=\"application\/ld+json\" class=\"yoast-schema-graph\">{\"@context\":\"https:\/\/schema.org\",\"@graph\":[{\"@type\":\"WebPage\",\"@id\":\"https:\/\/foretnature.be\/resume-foret-mail\/lidee-des-mares-en-foret-percole\/\",\"url\":\"https:\/\/foretnature.be\/resume-foret-mail\/lidee-des-mares-en-foret-percole\/\",\"name\":\"L\u2019id\u00e9e des mares en for\u00eat percole - For\u00eat.Nature\",\"isPartOf\":{\"@id\":\"https:\/\/foretnature.be\/#website\"},\"datePublished\":\"2021-06-28T07:59:23+00:00\",\"dateModified\":\"2021-06-28T07:59:23+00:00\",\"breadcrumb\":{\"@id\":\"https:\/\/foretnature.be\/resume-foret-mail\/lidee-des-mares-en-foret-percole\/#breadcrumb\"},\"inLanguage\":\"en-GB\",\"potentialAction\":[{\"@type\":\"ReadAction\",\"target\":[\"https:\/\/foretnature.be\/resume-foret-mail\/lidee-des-mares-en-foret-percole\/\"]}]},{\"@type\":\"BreadcrumbList\",\"@id\":\"https:\/\/foretnature.be\/resume-foret-mail\/lidee-des-mares-en-foret-percole\/#breadcrumb\",\"itemListElement\":[{\"@type\":\"ListItem\",\"position\":1,\"name\":\"Home\",\"item\":\"https:\/\/foretnature.be\/\"},{\"@type\":\"ListItem\",\"position\":2,\"name\":\"L\u2019id\u00e9e des mares en for\u00eat percole\"}]},{\"@type\":\"WebSite\",\"@id\":\"https:\/\/foretnature.be\/#website\",\"url\":\"https:\/\/foretnature.be\/\",\"name\":\"For\u00eat.Nature\",\"description\":\"Une \u00e9quipe technique au service de la for\u00eat\",\"publisher\":{\"@id\":\"https:\/\/foretnature.be\/#organization\"},\"potentialAction\":[{\"@type\":\"SearchAction\",\"target\":{\"@type\":\"EntryPoint\",\"urlTemplate\":\"https:\/\/foretnature.be\/?s={search_term_string}\"},\"query-input\":\"required name=search_term_string\"}],\"inLanguage\":\"en-GB\"},{\"@type\":\"Organization\",\"@id\":\"https:\/\/foretnature.be\/#organization\",\"name\":\"For\u00eat.Nature\",\"url\":\"https:\/\/foretnature.be\/\",\"logo\":{\"@type\":\"ImageObject\",\"inLanguage\":\"en-GB\",\"@id\":\"https:\/\/foretnature.be\/#\/schema\/logo\/image\/\",\"url\":\"https:\/\/foretnature.be\/wp-content\/uploads\/2021\/01\/logoFOblanc.png\",\"contentUrl\":\"https:\/\/foretnature.be\/wp-content\/uploads\/2021\/01\/logoFOblanc.png\",\"width\":300,\"height\":151,\"caption\":\"For\u00eat.Nature\"},\"image\":{\"@id\":\"https:\/\/foretnature.be\/#\/schema\/logo\/image\/\"}}]}<\/script>\n<!-- \/ Yoast SEO plugin. -->","yoast_head_json":{"title":"L\u2019id\u00e9e des mares en for\u00eat percole - For\u00eat.Nature","robots":{"index":"index","follow":"follow","max-snippet":"max-snippet:-1","max-image-preview":"max-image-preview:large","max-video-preview":"max-video-preview:-1"},"canonical":"https:\/\/foretnature.be\/en\/resume-foret-mail\/lidee-des-mares-en-foret-percole\/","og_locale":"en_GB","og_type":"article","og_title":"L\u2019id\u00e9e des mares en for\u00eat percole - For\u00eat.Nature","og_description":"Les mares foresti\u00e8res et les petits r\u00e9seaux hydrauliques sont des r\u00e9servoirs de biodiversit\u00e9 et participent \u00e0 l\u2019\u00e9quilibre g\u00e9n\u00e9ral de la for\u00eat. En raison de la perte de leur fonctionnalit\u00e9 originelle (extraction de mat\u00e9riaux, abreuvoirs pour les chevaux de d\u00e9bardage, etc.), ils sont petit \u00e0 petit d\u00e9laiss\u00e9s et cessent d\u2019\u00eatre r\u00e9guli\u00e8rement entretenus. En France, avec l\u2019appui [&hellip;]","og_url":"https:\/\/foretnature.be\/en\/resume-foret-mail\/lidee-des-mares-en-foret-percole\/","og_site_name":"For\u00eat.Nature","twitter_card":"summary_large_image","twitter_misc":{"Estimated reading time":"1 minute"},"schema":{"@context":"https:\/\/schema.org","@graph":[{"@type":"WebPage","@id":"https:\/\/foretnature.be\/resume-foret-mail\/lidee-des-mares-en-foret-percole\/","url":"https:\/\/foretnature.be\/resume-foret-mail\/lidee-des-mares-en-foret-percole\/","name":"L\u2019id\u00e9e des mares en for\u00eat percole - For\u00eat.Nature","isPartOf":{"@id":"https:\/\/foretnature.be\/#website"},"datePublished":"2021-06-28T07:59:23+00:00","dateModified":"2021-06-28T07:59:23+00:00","breadcrumb":{"@id":"https:\/\/foretnature.be\/resume-foret-mail\/lidee-des-mares-en-foret-percole\/#breadcrumb"},"inLanguage":"en-GB","potentialAction":[{"@type":"ReadAction","target":["https:\/\/foretnature.be\/resume-foret-mail\/lidee-des-mares-en-foret-percole\/"]}]},{"@type":"BreadcrumbList","@id":"https:\/\/foretnature.be\/resume-foret-mail\/lidee-des-mares-en-foret-percole\/#breadcrumb","itemListElement":[{"@type":"ListItem","position":1,"name":"Home","item":"https:\/\/foretnature.be\/"},{"@type":"ListItem","position":2,"name":"L\u2019id\u00e9e des mares en for\u00eat percole"}]},{"@type":"WebSite","@id":"https:\/\/foretnature.be\/#website","url":"https:\/\/foretnature.be\/","name":"For\u00eat.Nature","description":"Une \u00e9quipe technique au service de la for\u00eat","publisher":{"@id":"https:\/\/foretnature.be\/#organization"},"potentialAction":[{"@type":"SearchAction","target":{"@type":"EntryPoint","urlTemplate":"https:\/\/foretnature.be\/?s={search_term_string}"},"query-input":"required name=search_term_string"}],"inLanguage":"en-GB"},{"@type":"Organization","@id":"https:\/\/foretnature.be\/#organization","name":"For\u00eat.Nature","url":"https:\/\/foretnature.be\/","logo":{"@type":"ImageObject","inLanguage":"en-GB","@id":"https:\/\/foretnature.be\/#\/schema\/logo\/image\/","url":"https:\/\/foretnature.be\/wp-content\/uploads\/2021\/01\/logoFOblanc.png","contentUrl":"https:\/\/foretnature.be\/wp-content\/uploads\/2021\/01\/logoFOblanc.png","width":300,"height":151,"caption":"For\u00eat.Nature"},"image":{"@id":"https:\/\/foretnature.be\/#\/schema\/logo\/image\/"}}]}},"_links":{"self":[{"href":"https:\/\/foretnature.be\/en\/wp-json\/wp\/v2\/resume-foret-mail\/33153"}],"collection":[{"href":"https:\/\/foretnature.be\/en\/wp-json\/wp\/v2\/resume-foret-mail"}],"about":[{"href":"https:\/\/foretnature.be\/en\/wp-json\/wp\/v2\/types\/resume-foret-mail"}],"version-history":[{"count":1,"href":"https:\/\/foretnature.be\/en\/wp-json\/wp\/v2\/resume-foret-mail\/33153\/revisions"}],"predecessor-version":[{"id":33154,"href":"https:\/\/foretnature.be\/en\/wp-json\/wp\/v2\/resume-foret-mail\/33153\/revisions\/33154"}],"wp:attachment":[{"href":"https:\/\/foretnature.be\/en\/wp-json\/wp\/v2\/media?parent=33153"}],"wp:term":[{"taxonomy":"category","embeddable":true,"href":"https:\/\/foretnature.be\/en\/wp-json\/wp\/v2\/categories?post=33153"}],"curies":[{"name":"wp","href":"https:\/\/api.w.org\/{rel}","templated":true}]}}