{"id":29853,"date":"2021-03-15T15:23:06","date_gmt":"2021-03-15T14:23:06","guid":{"rendered":"https:\/\/gjkkadksm.preview.infomaniak.website\/?post_type=resume-foret-mail&#038;p=29853"},"modified":"2021-04-08T12:39:02","modified_gmt":"2021-04-08T10:39:02","slug":"2120","status":"publish","type":"resume-foret-mail","link":"https:\/\/foretnature.be\/en\/resume-foret-mail\/2120\/","title":{"rendered":"Les propri\u00e9taires forestiers publics appellent \u00e0 l\u2019aide"},"content":{"rendered":"<p>L\u2019Union des Villes et Communes de Wallonie (UVCW) a publi\u00e9 deux avis concernant directement la for\u00eat et sa gestion. Les mots employ\u00e9s sont forts et refl\u00e8tent la lassitude des propri\u00e9taires forestiers publics face \u00e0 des facteurs aggravants des crises qui p\u00e8sent sur la for\u00eat.<\/p>\n<p>Le premier concerne le manque de personnel au sein du DNF. Malgr\u00e9 un avis alarmant sur cette situation il y a 2 ans, l\u2019UVCW fait le constat que ce probl\u00e8me n\u2019est pas r\u00e9solu. \u00ab Sans un cadre complet et stable, c&rsquo;est l&rsquo;ensemble des missions assur\u00e9es par le DNF pour les communes et CPAS qui risquent d&rsquo;\u00eatre mises \u00e0 mal \u00bb. L\u2019UVCW a donc demand\u00e9 \u00e0 la Ministre de la For\u00eat et aux membres du Gouvernement wallon de renforcer les \u00e9quipes de la DRF et des Directions ext\u00e9rieures du DNF.<\/p>\n<p>Le second avis concerne la chasse et en particulier le d\u00e9s\u00e9quilibre entre la for\u00eat et la grande faune. L\u2019UVCW constate que les surdensit\u00e9s m\u00e8nent petit \u00e0 petit \u00e0 un d\u00e9sert forestier et naturel. Elle remarque \u00e9galement une certaine impuissance des propri\u00e9taires forestiers publics \u00e0 imposer des plans de tirs minimaux aux chasseurs et aux conseils cyn\u00e9g\u00e9tiques (tirs de faons au lieu de biches pour atteindre les quotas de non-bois\u00e9s, recours aupr\u00e8s du Ministre de la chasse contre les demandes d\u2019augmentation des plans de tirs voulu par les communes et le DNF). L\u2019UVCW demande donc au Ministre de la chasse qu\u2019il p\u00e8se sur les conseils cyn\u00e9g\u00e9tiques pour une plus grande responsabilisation d\u2019une part et que, d\u2019autre part, le DNF puisse imposer des plans de tir sans possibilit\u00e9 de recours sur les territoires en surdensit\u00e9 ainsi qu\u2019intervenir en fin de saison de chasse dans les territoires o\u00f9 les plans de tir n\u2019ont pas \u00e9t\u00e9 r\u00e9alis\u00e9s.<\/p>","protected":false},"excerpt":{"rendered":"<p>L\u2019Union des Villes et Communes de Wallonie (UVCW) a publi\u00e9 deux avis concernant directement la for\u00eat et sa gestion. Les mots employ\u00e9s sont forts et refl\u00e8tent la lassitude des propri\u00e9taires forestiers publics face \u00e0 des facteurs aggravants des crises qui p\u00e8sent sur la for\u00eat. Le premier concerne le manque de personnel au sein du DNF. [&hellip;]<\/p>","protected":false},"featured_media":0,"template":"","categories":[50],"acf":[],"yoast_head":"<!-- This site is optimized with the Yoast SEO plugin v23.2 - https:\/\/yoast.com\/wordpress\/plugins\/seo\/ -->\n<title>Les propri\u00e9taires forestiers publics appellent \u00e0 l\u2019aide - For\u00eat.Nature<\/title>\n<meta name=\"robots\" content=\"index, follow, max-snippet:-1, max-image-preview:large, max-video-preview:-1\" \/>\n<link rel=\"canonical\" href=\"https:\/\/foretnature.be\/en\/resume-foret-mail\/2120\/\" \/>\n<meta property=\"og:locale\" content=\"en_GB\" \/>\n<meta property=\"og:type\" content=\"article\" \/>\n<meta property=\"og:title\" content=\"Les propri\u00e9taires forestiers publics appellent \u00e0 l\u2019aide - For\u00eat.Nature\" \/>\n<meta property=\"og:description\" content=\"L\u2019Union des Villes et Communes de Wallonie (UVCW) a publi\u00e9 deux avis concernant directement la for\u00eat et sa gestion. Les mots employ\u00e9s sont forts et refl\u00e8tent la lassitude des propri\u00e9taires forestiers publics face \u00e0 des facteurs aggravants des crises qui p\u00e8sent sur la for\u00eat. Le premier concerne le manque de personnel au sein du DNF. [&hellip;]\" \/>\n<meta property=\"og:url\" content=\"https:\/\/foretnature.be\/en\/resume-foret-mail\/2120\/\" \/>\n<meta property=\"og:site_name\" content=\"For\u00eat.Nature\" \/>\n<meta property=\"article:modified_time\" content=\"2021-04-08T10:39:02+00:00\" \/>\n<meta name=\"twitter:card\" content=\"summary_large_image\" \/>\n<meta name=\"twitter:label1\" content=\"Estimated reading time\" \/>\n\t<meta name=\"twitter:data1\" content=\"2 minutes\" \/>\n<script type=\"application\/ld+json\" class=\"yoast-schema-graph\">{\"@context\":\"https:\/\/schema.org\",\"@graph\":[{\"@type\":\"WebPage\",\"@id\":\"https:\/\/foretnature.be\/en\/resume-foret-mail\/2120\/\",\"url\":\"https:\/\/foretnature.be\/en\/resume-foret-mail\/2120\/\",\"name\":\"Les propri\u00e9taires forestiers publics appellent \u00e0 l\u2019aide - For\u00eat.Nature\",\"isPartOf\":{\"@id\":\"https:\/\/foretnature.be\/#website\"},\"datePublished\":\"2021-03-15T14:23:06+00:00\",\"dateModified\":\"2021-04-08T10:39:02+00:00\",\"breadcrumb\":{\"@id\":\"https:\/\/foretnature.be\/en\/resume-foret-mail\/2120\/#breadcrumb\"},\"inLanguage\":\"en-GB\",\"potentialAction\":[{\"@type\":\"ReadAction\",\"target\":[\"https:\/\/foretnature.be\/en\/resume-foret-mail\/2120\/\"]}]},{\"@type\":\"BreadcrumbList\",\"@id\":\"https:\/\/foretnature.be\/en\/resume-foret-mail\/2120\/#breadcrumb\",\"itemListElement\":[{\"@type\":\"ListItem\",\"position\":1,\"name\":\"Home\",\"item\":\"https:\/\/foretnature.be\/\"},{\"@type\":\"ListItem\",\"position\":2,\"name\":\"Les propri\u00e9taires forestiers publics appellent \u00e0 l\u2019aide\"}]},{\"@type\":\"WebSite\",\"@id\":\"https:\/\/foretnature.be\/#website\",\"url\":\"https:\/\/foretnature.be\/\",\"name\":\"For\u00eat.Nature\",\"description\":\"Une \u00e9quipe technique au service de la for\u00eat\",\"publisher\":{\"@id\":\"https:\/\/foretnature.be\/#organization\"},\"potentialAction\":[{\"@type\":\"SearchAction\",\"target\":{\"@type\":\"EntryPoint\",\"urlTemplate\":\"https:\/\/foretnature.be\/?s={search_term_string}\"},\"query-input\":\"required name=search_term_string\"}],\"inLanguage\":\"en-GB\"},{\"@type\":\"Organization\",\"@id\":\"https:\/\/foretnature.be\/#organization\",\"name\":\"For\u00eat.Nature\",\"url\":\"https:\/\/foretnature.be\/\",\"logo\":{\"@type\":\"ImageObject\",\"inLanguage\":\"en-GB\",\"@id\":\"https:\/\/foretnature.be\/#\/schema\/logo\/image\/\",\"url\":\"https:\/\/foretnature.be\/wp-content\/uploads\/2021\/01\/logoFOblanc.png\",\"contentUrl\":\"https:\/\/foretnature.be\/wp-content\/uploads\/2021\/01\/logoFOblanc.png\",\"width\":300,\"height\":151,\"caption\":\"For\u00eat.Nature\"},\"image\":{\"@id\":\"https:\/\/foretnature.be\/#\/schema\/logo\/image\/\"}}]}<\/script>\n<!-- \/ Yoast SEO plugin. -->","yoast_head_json":{"title":"Les propri\u00e9taires forestiers publics appellent \u00e0 l\u2019aide - For\u00eat.Nature","robots":{"index":"index","follow":"follow","max-snippet":"max-snippet:-1","max-image-preview":"max-image-preview:large","max-video-preview":"max-video-preview:-1"},"canonical":"https:\/\/foretnature.be\/en\/resume-foret-mail\/2120\/","og_locale":"en_GB","og_type":"article","og_title":"Les propri\u00e9taires forestiers publics appellent \u00e0 l\u2019aide - For\u00eat.Nature","og_description":"L\u2019Union des Villes et Communes de Wallonie (UVCW) a publi\u00e9 deux avis concernant directement la for\u00eat et sa gestion. Les mots employ\u00e9s sont forts et refl\u00e8tent la lassitude des propri\u00e9taires forestiers publics face \u00e0 des facteurs aggravants des crises qui p\u00e8sent sur la for\u00eat. Le premier concerne le manque de personnel au sein du DNF. [&hellip;]","og_url":"https:\/\/foretnature.be\/en\/resume-foret-mail\/2120\/","og_site_name":"For\u00eat.Nature","article_modified_time":"2021-04-08T10:39:02+00:00","twitter_card":"summary_large_image","twitter_misc":{"Estimated reading time":"2 minutes"},"schema":{"@context":"https:\/\/schema.org","@graph":[{"@type":"WebPage","@id":"https:\/\/foretnature.be\/en\/resume-foret-mail\/2120\/","url":"https:\/\/foretnature.be\/en\/resume-foret-mail\/2120\/","name":"Les propri\u00e9taires forestiers publics appellent \u00e0 l\u2019aide - For\u00eat.Nature","isPartOf":{"@id":"https:\/\/foretnature.be\/#website"},"datePublished":"2021-03-15T14:23:06+00:00","dateModified":"2021-04-08T10:39:02+00:00","breadcrumb":{"@id":"https:\/\/foretnature.be\/en\/resume-foret-mail\/2120\/#breadcrumb"},"inLanguage":"en-GB","potentialAction":[{"@type":"ReadAction","target":["https:\/\/foretnature.be\/en\/resume-foret-mail\/2120\/"]}]},{"@type":"BreadcrumbList","@id":"https:\/\/foretnature.be\/en\/resume-foret-mail\/2120\/#breadcrumb","itemListElement":[{"@type":"ListItem","position":1,"name":"Home","item":"https:\/\/foretnature.be\/"},{"@type":"ListItem","position":2,"name":"Les propri\u00e9taires forestiers publics appellent \u00e0 l\u2019aide"}]},{"@type":"WebSite","@id":"https:\/\/foretnature.be\/#website","url":"https:\/\/foretnature.be\/","name":"For\u00eat.Nature","description":"Une \u00e9quipe technique au service de la for\u00eat","publisher":{"@id":"https:\/\/foretnature.be\/#organization"},"potentialAction":[{"@type":"SearchAction","target":{"@type":"EntryPoint","urlTemplate":"https:\/\/foretnature.be\/?s={search_term_string}"},"query-input":"required name=search_term_string"}],"inLanguage":"en-GB"},{"@type":"Organization","@id":"https:\/\/foretnature.be\/#organization","name":"For\u00eat.Nature","url":"https:\/\/foretnature.be\/","logo":{"@type":"ImageObject","inLanguage":"en-GB","@id":"https:\/\/foretnature.be\/#\/schema\/logo\/image\/","url":"https:\/\/foretnature.be\/wp-content\/uploads\/2021\/01\/logoFOblanc.png","contentUrl":"https:\/\/foretnature.be\/wp-content\/uploads\/2021\/01\/logoFOblanc.png","width":300,"height":151,"caption":"For\u00eat.Nature"},"image":{"@id":"https:\/\/foretnature.be\/#\/schema\/logo\/image\/"}}]}},"_links":{"self":[{"href":"https:\/\/foretnature.be\/en\/wp-json\/wp\/v2\/resume-foret-mail\/29853"}],"collection":[{"href":"https:\/\/foretnature.be\/en\/wp-json\/wp\/v2\/resume-foret-mail"}],"about":[{"href":"https:\/\/foretnature.be\/en\/wp-json\/wp\/v2\/types\/resume-foret-mail"}],"version-history":[{"count":2,"href":"https:\/\/foretnature.be\/en\/wp-json\/wp\/v2\/resume-foret-mail\/29853\/revisions"}],"predecessor-version":[{"id":29862,"href":"https:\/\/foretnature.be\/en\/wp-json\/wp\/v2\/resume-foret-mail\/29853\/revisions\/29862"}],"wp:attachment":[{"href":"https:\/\/foretnature.be\/en\/wp-json\/wp\/v2\/media?parent=29853"}],"wp:term":[{"taxonomy":"category","embeddable":true,"href":"https:\/\/foretnature.be\/en\/wp-json\/wp\/v2\/categories?post=29853"}],"curies":[{"name":"wp","href":"https:\/\/api.w.org\/{rel}","templated":true}]}}