{"id":45754,"date":"2025-09-10T14:19:18","date_gmt":"2025-09-10T12:19:18","guid":{"rendered":"https:\/\/foretnature.be\/?page_id=45754"},"modified":"2025-11-05T16:10:57","modified_gmt":"2025-11-05T15:10:57","slug":"inscription-tout-public","status":"publish","type":"page","link":"https:\/\/foretnature.be\/en\/formation-ateliers-forestiers\/inscription-tout-public\/","title":{"rendered":"Inscription tout public"},"content":{"rendered":"<div data-elementor-type=\"wp-page\" data-elementor-id=\"45754\" class=\"elementor elementor-45754\" data-elementor-post-type=\"page\">\n\t\t\t\t\t\t<section class=\"elementor-section elementor-top-section elementor-element elementor-element-1998bdef elementor-section-content-bottom elementor-section-height-min-height elementor-section-items-bottom elementor-section-boxed elementor-section-height-default\" data-id=\"1998bdef\" data-element_type=\"section\" data-settings=\"{&quot;background_background&quot;:&quot;classic&quot;}\">\n\t\t\t\t\t\t\t<div class=\"elementor-background-overlay\"><\/div>\n\t\t\t\t\t\t\t<div class=\"elementor-container elementor-column-gap-no\">\n\t\t\t\t\t<div class=\"elementor-column elementor-col-100 elementor-top-column elementor-element elementor-element-10449c3c\" data-id=\"10449c3c\" data-element_type=\"column\" data-settings=\"{&quot;background_background&quot;:&quot;classic&quot;}\">\n\t\t\t<div class=\"elementor-widget-wrap elementor-element-populated\">\n\t\t\t\t\t\t<div class=\"elementor-element elementor-element-6bdaa6e8 elementor-widget elementor-widget-heading\" data-id=\"6bdaa6e8\" data-element_type=\"widget\" data-widget_type=\"heading.default\">\n\t\t\t\t<div class=\"elementor-widget-container\">\n\t\t\t<style>\/*! elementor - v3.23.0 - 05-08-2024 *\/\n.elementor-heading-title{padding:0;margin:0;line-height:1}.elementor-widget-heading .elementor-heading-title[class*=elementor-size-]>a{color:inherit;font-size:inherit;line-height:inherit}.elementor-widget-heading .elementor-heading-title.elementor-size-small{font-size:15px}.elementor-widget-heading .elementor-heading-title.elementor-size-medium{font-size:19px}.elementor-widget-heading .elementor-heading-title.elementor-size-large{font-size:29px}.elementor-widget-heading .elementor-heading-title.elementor-size-xl{font-size:39px}.elementor-widget-heading .elementor-heading-title.elementor-size-xxl{font-size:59px}<\/style><h2 class=\"elementor-heading-title elementor-size-default\">Inscription tout public<\/h2>\t\t<\/div>\n\t\t\t\t<\/div>\n\t\t\t\t\t<\/div>\n\t\t<\/div>\n\t\t\t\t\t<\/div>\n\t\t<\/section>\n\t\t\t\t<section class=\"elementor-section elementor-top-section elementor-element elementor-element-08c892f elementor-section-boxed elementor-section-height-default elementor-section-height-default\" data-id=\"08c892f\" data-element_type=\"section\" data-settings=\"{&quot;background_background&quot;:&quot;classic&quot;}\">\n\t\t\t\t\t\t<div class=\"elementor-container elementor-column-gap-default\">\n\t\t\t\t\t<div class=\"elementor-column elementor-col-100 elementor-top-column elementor-element elementor-element-8a308b7\" data-id=\"8a308b7\" data-element_type=\"column\">\n\t\t\t<div class=\"elementor-widget-wrap elementor-element-populated\">\n\t\t\t\t\t\t<div class=\"elementor-element elementor-element-62fd6b4 elementor-icon-list--layout-inline elementor-align-center elementor-widget__width-auto elementor-widget-mobile__width-inherit elementor-list-item-link-full_width elementor-widget elementor-widget-icon-list\" data-id=\"62fd6b4\" data-element_type=\"widget\" data-widget_type=\"icon-list.default\">\n\t\t\t\t<div class=\"elementor-widget-container\">\n\t\t\t<link rel=\"stylesheet\" href=\"https:\/\/foretnature.be\/wp-content\/plugins\/elementor\/assets\/css\/widget-icon-list.min.css\">\t\t<ul class=\"elementor-icon-list-items elementor-inline-items\">\n\t\t\t\t\t\t\t<li class=\"elementor-icon-list-item elementor-inline-item\">\n\t\t\t\t\t\t\t\t\t\t\t<a href=\"https:\/\/foretnature.be\/en\/formation-ateliers-forestiers\/inscription\/\">\n\n\t\t\t\t\t\t\t\t\t\t\t<span class=\"elementor-icon-list-text\">Inscription DNF<\/span>\n\t\t\t\t\t\t\t\t\t\t\t<\/a>\n\t\t\t\t\t\t\t\t\t<\/li>\n\t\t\t\t\t\t\t\t<li class=\"elementor-icon-list-item elementor-inline-item\">\n\t\t\t\t\t\t\t\t\t\t\t<a href=\"https:\/\/foretnature.be\/en\/formation-ateliers-forestiers\/inscription-tout-public\/\">\n\n\t\t\t\t\t\t\t\t\t\t\t<span class=\"elementor-icon-list-text\">Inscription tout public<\/span>\n\t\t\t\t\t\t\t\t\t\t\t<\/a>\n\t\t\t\t\t\t\t\t\t<\/li>\n\t\t\t\t\t\t<\/ul>\n\t\t\t\t<\/div>\n\t\t\t\t<\/div>\n\t\t\t\t<div class=\"elementor-element elementor-element-5a7e46a elementor-icon-list--layout-inline elementor-align-center elementor-widget__width-auto elementor-widget-mobile__width-inherit elementor-list-item-link-full_width elementor-widget elementor-widget-icon-list\" data-id=\"5a7e46a\" data-element_type=\"widget\" data-widget_type=\"icon-list.default\">\n\t\t\t\t<div class=\"elementor-widget-container\">\n\t\t\t\t\t<ul class=\"elementor-icon-list-items elementor-inline-items\">\n\t\t\t\t\t\t\t<li class=\"elementor-icon-list-item elementor-inline-item\">\n\t\t\t\t\t\t\t\t\t\t\t<a href=\"https:\/\/foretnature.be\/en\/formation-ateliers-forestiers\/dispositifs\/\">\n\n\t\t\t\t\t\t\t\t\t\t\t<span class=\"elementor-icon-list-text\">Training tools<\/span>\n\t\t\t\t\t\t\t\t\t\t\t<\/a>\n\t\t\t\t\t\t\t\t\t<\/li>\n\t\t\t\t\t\t\t\t<li class=\"elementor-icon-list-item elementor-inline-item\">\n\t\t\t\t\t\t\t\t\t\t\t<a href=\"https:\/\/foretnature.be\/en\/formation-ateliers-forestiers\/outils-de-reference\/\">\n\n\t\t\t\t\t\t\t\t\t\t\t<span class=\"elementor-icon-list-text\">Reference materials<\/span>\n\t\t\t\t\t\t\t\t\t\t\t<\/a>\n\t\t\t\t\t\t\t\t\t<\/li>\n\t\t\t\t\t\t<\/ul>\n\t\t\t\t<\/div>\n\t\t\t\t<\/div>\n\t\t\t\t\t<\/div>\n\t\t<\/div>\n\t\t\t\t\t<\/div>\n\t\t<\/section>\n\t\t\t\t<section class=\"elementor-section elementor-top-section elementor-element elementor-element-249b4d6 elementor-section-boxed elementor-section-height-default elementor-section-height-default\" data-id=\"249b4d6\" data-element_type=\"section\">\n\t\t\t\t\t\t<div class=\"elementor-container elementor-column-gap-default\">\n\t\t\t\t\t<div class=\"elementor-column elementor-col-100 elementor-top-column elementor-element elementor-element-e726e2e\" data-id=\"e726e2e\" data-element_type=\"column\">\n\t\t\t<div class=\"elementor-widget-wrap elementor-element-populated\">\n\t\t\t\t\t\t<div class=\"elementor-element elementor-element-8e1bcb2 elementor-widget elementor-widget-heading\" data-id=\"8e1bcb2\" data-element_type=\"widget\" data-widget_type=\"heading.default\">\n\t\t\t\t<div class=\"elementor-widget-container\">\n\t\t\t<p class=\"elementor-heading-title elementor-size-default\">Catalogue g\u00e9n\u00e9ral de formations<\/p>\t\t<\/div>\n\t\t\t\t<\/div>\n\t\t\t\t<div class=\"elementor-element elementor-element-8264997 elementor-widget elementor-widget-heading\" data-id=\"8264997\" data-element_type=\"widget\" data-widget_type=\"heading.default\">\n\t\t\t\t<div class=\"elementor-widget-container\">\n\t\t\t<p class=\"elementor-heading-title elementor-size-default\">Modules disponibles<\/p>\t\t<\/div>\n\t\t\t\t<\/div>\n\t\t\t\t<div class=\"elementor-element elementor-element-0a6dfc0 elementor-widget elementor-widget-text-editor\" data-id=\"0a6dfc0\" data-element_type=\"widget\" data-widget_type=\"text-editor.default\">\n\t\t\t\t<div class=\"elementor-widget-container\">\n\t\t\t<style>\/*! elementor - v3.23.0 - 05-08-2024 *\/\n.elementor-widget-text-editor.elementor-drop-cap-view-stacked .elementor-drop-cap{background-color:#69727d;color:#fff}.elementor-widget-text-editor.elementor-drop-cap-view-framed .elementor-drop-cap{color:#69727d;border:3px solid;background-color:transparent}.elementor-widget-text-editor:not(.elementor-drop-cap-view-default) .elementor-drop-cap{margin-top:8px}.elementor-widget-text-editor:not(.elementor-drop-cap-view-default) .elementor-drop-cap-letter{width:1em;height:1em}.elementor-widget-text-editor .elementor-drop-cap{float:left;text-align:center;line-height:1;font-size:50px}.elementor-widget-text-editor .elementor-drop-cap-letter{display:inline-block}<\/style>\t\t\t\t<p>Do you have specific needs for yourself, your organisation, your employees or your co-owners?\u00a0<br \/>Do you want us to create a specific training module for you, or are you interested in participating in one of our existing modules?<\/p><p>Contact us as soon as possible!<br \/>We will discover the best way to adapt to your needs and find a date on the calendar.<\/p>\t\t\t\t\t\t<\/div>\n\t\t\t\t<\/div>\n\t\t\t\t<div class=\"elementor-element elementor-element-4525bca elementor-align-left elementor-widget elementor-widget-button\" data-id=\"4525bca\" data-element_type=\"widget\" data-widget_type=\"button.default\">\n\t\t\t\t<div class=\"elementor-widget-container\">\n\t\t\t\t\t<div class=\"elementor-button-wrapper\">\n\t\t\t<a class=\"elementor-button elementor-button-link elementor-size-sm\" href=\"http:\/\/foretnature.be\/wp-content\/uploads\/2025\/09\/CatalogueFOR25-26-v4.pdf\" target=\"_blank\">\n\t\t\t\t\t\t<span class=\"elementor-button-content-wrapper\">\n\t\t\t\t\t\t\t\t\t<span class=\"elementor-button-text\">T\u00e9l\u00e9charger notre catalogue de formations g\u00e9n\u00e9ral<\/span>\n\t\t\t\t\t<\/span>\n\t\t\t\t\t<\/a>\n\t\t<\/div>\n\t\t\t\t<\/div>\n\t\t\t\t<\/div>\n\t\t\t\t<div class=\"elementor-element elementor-element-f8289fe elementor-widget elementor-widget-heading\" data-id=\"f8289fe\" data-element_type=\"widget\" data-widget_type=\"heading.default\">\n\t\t\t\t<div class=\"elementor-widget-container\">\n\t\t\t<p class=\"elementor-heading-title elementor-size-default\">Practical application<\/p>\t\t<\/div>\n\t\t\t\t<\/div>\n\t\t\t\t<div class=\"elementor-element elementor-element-857cb6e elementor-widget elementor-widget-text-editor\" data-id=\"857cb6e\" data-element_type=\"widget\" data-widget_type=\"text-editor.default\">\n\t\t\t\t<div class=\"elementor-widget-container\">\n\t\t\t\t\t\t\t\u2022 La formation se donne en for\u00eat, g\u00e9n\u00e9ralement sur un dispositif d\u00e9di\u00e9<\/br>\n\u2022 Horaire : de 9h \u00e0 16h, ou de 9h \u00e0 13h pour les demi journ\u00e9es<\/br>\n\u2022 Une brochure de 16 \u00e0 20 pages reprenant la th\u00e9orie de la formation est distribu\u00e9e \u00e0 chaque participant (sauf exception)<\/br><\/br>\nMat\u00e9riel \u00e0 apporter :<\/br>\n\u2022 De quoi prendre note<\/br>\n\u2022 Vos outils de mesures<\/br>\n\u2022 Repas tir\u00e9 du sac pour les journ\u00e9es enti\u00e8res<\/br>\n<\/br>\nPaiement en ligne au moment de l&rsquo;inscription.<\/br>\nLieu de rendez-vous pr\u00e9cis envoy\u00e9 aux participants quelques jours avant la formation.\t\t\t\t\t\t<\/div>\n\t\t\t\t<\/div>\n\t\t\t\t\t<\/div>\n\t\t<\/div>\n\t\t\t\t\t<\/div>\n\t\t<\/section>\n\t\t\t\t<section class=\"elementor-section elementor-top-section elementor-element elementor-element-cd51045 elementor-section-boxed elementor-section-height-default elementor-section-height-default\" data-id=\"cd51045\" data-element_type=\"section\" data-settings=\"{&quot;background_background&quot;:&quot;classic&quot;}\">\n\t\t\t\t\t\t<div class=\"elementor-container elementor-column-gap-default\">\n\t\t\t\t\t<div class=\"elementor-column elementor-col-100 elementor-top-column elementor-element elementor-element-6519c9f\" data-id=\"6519c9f\" data-element_type=\"column\">\n\t\t\t<div class=\"elementor-widget-wrap elementor-element-populated\">\n\t\t\t\t\t\t<div class=\"elementor-element elementor-element-9d3f7c6 elementor-widget elementor-widget-heading\" data-id=\"9d3f7c6\" data-element_type=\"widget\" data-widget_type=\"heading.default\">\n\t\t\t\t<div class=\"elementor-widget-container\">\n\t\t\t<p class=\"elementor-heading-title elementor-size-default\">Programme tout public 2025-2026<\/p>\t\t<\/div>\n\t\t\t\t<\/div>\n\t\t\t\t<section class=\"elementor-section elementor-inner-section elementor-element elementor-element-677091d elementor-section-boxed elementor-section-height-default elementor-section-height-default\" data-id=\"677091d\" data-element_type=\"section\">\n\t\t\t\t\t\t<div class=\"elementor-container elementor-column-gap-default\">\n\t\t\t\t\t<div class=\"elementor-column elementor-col-33 elementor-inner-column elementor-element elementor-element-6ecf9dc\" data-id=\"6ecf9dc\" data-element_type=\"column\" data-settings=\"{&quot;background_background&quot;:&quot;classic&quot;}\">\n\t\t\t<div class=\"elementor-widget-wrap elementor-element-populated\">\n\t\t\t\t\t\t<div class=\"elementor-element elementor-element-b73b12a elementor-widget elementor-widget-image\" data-id=\"b73b12a\" data-element_type=\"widget\" data-widget_type=\"image.default\">\n\t\t\t\t<div class=\"elementor-widget-container\">\n\t\t\t<style>\/*! elementor - v3.23.0 - 05-08-2024 *\/\n.elementor-widget-image{text-align:center}.elementor-widget-image a{display:inline-block}.elementor-widget-image a img[src$=\".svg\"]{width:48px}.elementor-widget-image img{vertical-align:middle;display:inline-block}<\/style>\t\t\t\t\t\t\t\t\t\t<img fetchpriority=\"high\" decoding=\"async\" width=\"800\" height=\"800\" src=\"https:\/\/foretnature.be\/wp-content\/uploads\/2025\/09\/2686-1.jpg\" class=\"attachment-large size-large wp-image-45816\" alt=\"\" srcset=\"https:\/\/foretnature.be\/wp-content\/uploads\/2025\/09\/2686-1.jpg 900w, https:\/\/foretnature.be\/wp-content\/uploads\/2025\/09\/2686-1-300x300.jpg 300w, https:\/\/foretnature.be\/wp-content\/uploads\/2025\/09\/2686-1-150x150.jpg 150w, https:\/\/foretnature.be\/wp-content\/uploads\/2025\/09\/2686-1-768x768.jpg 768w, https:\/\/foretnature.be\/wp-content\/uploads\/2025\/09\/2686-1-12x12.jpg 12w\" sizes=\"(max-width: 800px) 100vw, 800px\" \/>\t\t\t\t\t\t\t\t\t\t\t\t\t<\/div>\n\t\t\t\t<\/div>\n\t\t\t\t<div class=\"elementor-element elementor-element-7165c5d elementor-widget elementor-widget-heading\" data-id=\"7165c5d\" data-element_type=\"widget\" data-widget_type=\"heading.default\">\n\t\t\t\t<div class=\"elementor-widget-container\">\n\t\t\t<h2 class=\"elementor-heading-title elementor-size-default\">ForestMoocForChange<\/h2>\t\t<\/div>\n\t\t\t\t<\/div>\n\t\t\t\t<div class=\"elementor-element elementor-element-5d2c9c8 elementor-widget elementor-widget-text-editor\" data-id=\"5d2c9c8\" data-element_type=\"widget\" data-widget_type=\"text-editor.default\">\n\t\t\t\t<div class=\"elementor-widget-container\">\n\t\t\t\t\t\t\t<p><strong>Date : <\/strong>15\/10\/2025 au 15\/01\/2026<br \/><strong>Lieu :<\/strong> en ligne<br \/><strong>Dur\u00e9e :<\/strong> 8 semaines \u00a0\u2013 \u00a0<strong>Prix :<\/strong> gratuit<\/p>\t\t\t\t\t\t<\/div>\n\t\t\t\t<\/div>\n\t\t\t\t<div class=\"elementor-element elementor-element-b48eed6 elementor-widget elementor-widget-text-editor\" data-id=\"b48eed6\" data-element_type=\"widget\" data-widget_type=\"text-editor.default\">\n\t\t\t\t<div class=\"elementor-widget-container\">\n\t\t\t\t\t\t\t<p><strong>Programme<\/strong><br \/>Le premier cours en ligne gratuit sur la sylviculture m\u00e9lang\u00e9e \u00e0 couvert continu, disponible en trois langues.<\/p><p><strong>Objectives<\/strong><br \/>Am\u00e9liorer le niveau d\u2019information, de connaissances et de comp\u00e9tences des gestionnaires et propri\u00e9taires forestiers en mati\u00e8re de SMCC afin d\u2019impacter les pratiques au b\u00e9n\u00e9fice d\u2019une gestion adapt\u00e9e face aux enjeux des changements climatiques.<\/p><p><strong>Method<\/strong><br \/>\u2022 Cours en ligne (Mooc) de 8 semaines<br \/>\u2022 Quizz final donnant lieu \u00e0 un certificat de r\u00e9ussite<\/p>\t\t\t\t\t\t<\/div>\n\t\t\t\t<\/div>\n\t\t\t\t<div class=\"elementor-element elementor-element-92a53b9 elementor-align-center elementor-widget elementor-widget-button\" data-id=\"92a53b9\" data-element_type=\"widget\" data-widget_type=\"button.default\">\n\t\t\t\t<div class=\"elementor-widget-container\">\n\t\t\t\t\t<div class=\"elementor-button-wrapper\">\n\t\t\t<a class=\"elementor-button elementor-button-link elementor-size-sm\" href=\"https:\/\/forestmoocforchange.eu\" target=\"_blank\">\n\t\t\t\t\t\t<span class=\"elementor-button-content-wrapper\">\n\t\t\t\t\t\t\t\t\t<span class=\"elementor-button-text\">Registration<\/span>\n\t\t\t\t\t<\/span>\n\t\t\t\t\t<\/a>\n\t\t<\/div>\n\t\t\t\t<\/div>\n\t\t\t\t<\/div>\n\t\t\t\t\t<\/div>\n\t\t<\/div>\n\t\t\t\t<div class=\"elementor-column elementor-col-33 elementor-inner-column elementor-element elementor-element-7d7d8d1\" data-id=\"7d7d8d1\" data-element_type=\"column\" data-settings=\"{&quot;background_background&quot;:&quot;classic&quot;}\">\n\t\t\t<div class=\"elementor-widget-wrap elementor-element-populated\">\n\t\t\t\t\t\t<div class=\"elementor-element elementor-element-3296ff5 elementor-widget elementor-widget-image\" data-id=\"3296ff5\" data-element_type=\"widget\" data-widget_type=\"image.default\">\n\t\t\t\t<div class=\"elementor-widget-container\">\n\t\t\t\t\t\t\t\t\t\t\t\t\t<img decoding=\"async\" width=\"800\" height=\"534\" src=\"https:\/\/foretnature.be\/wp-content\/uploads\/2024\/03\/AdobeStock_252263030-1024x683.jpeg\" class=\"attachment-large size-large wp-image-40636\" alt=\"\" srcset=\"https:\/\/foretnature.be\/wp-content\/uploads\/2024\/03\/AdobeStock_252263030-1024x683.jpeg 1024w, https:\/\/foretnature.be\/wp-content\/uploads\/2024\/03\/AdobeStock_252263030-300x200.jpeg 300w, https:\/\/foretnature.be\/wp-content\/uploads\/2024\/03\/AdobeStock_252263030-768x512.jpeg 768w, https:\/\/foretnature.be\/wp-content\/uploads\/2024\/03\/AdobeStock_252263030-1536x1024.jpeg 1536w, https:\/\/foretnature.be\/wp-content\/uploads\/2024\/03\/AdobeStock_252263030-2048x1365.jpeg 2048w, https:\/\/foretnature.be\/wp-content\/uploads\/2024\/03\/AdobeStock_252263030-18x12.jpeg 18w, https:\/\/foretnature.be\/wp-content\/uploads\/2024\/03\/AdobeStock_252263030.jpeg 1600w\" sizes=\"(max-width: 800px) 100vw, 800px\" \/>\t\t\t\t\t\t\t\t\t\t\t\t\t<\/div>\n\t\t\t\t<\/div>\n\t\t\t\t<div class=\"elementor-element elementor-element-6bbfe34 elementor-widget elementor-widget-heading\" data-id=\"6bbfe34\" data-element_type=\"widget\" data-widget_type=\"heading.default\">\n\t\t\t\t<div class=\"elementor-widget-container\">\n\t\t\t<h2 class=\"elementor-heading-title elementor-size-default\">Gestion de la lumi\u00e8re, parcours surface terri\u00e8re et outils - LUMG<\/h2>\t\t<\/div>\n\t\t\t\t<\/div>\n\t\t\t\t<div class=\"elementor-element elementor-element-1381075 elementor-widget elementor-widget-text-editor\" data-id=\"1381075\" data-element_type=\"widget\" data-widget_type=\"text-editor.default\">\n\t\t\t\t<div class=\"elementor-widget-container\">\n\t\t\t\t\t\t\t<p><strong>Date : <\/strong>1\/10\/2025 \u00a0\u2013 \u00a0<strong>Lieu :<\/strong> Fleurus<br \/><strong>Dur\u00e9e :<\/strong> 1 jour \u00a0\u2013 \u00a0<strong>Prix :<\/strong> 70 \u20ac<\/p>\t\t\t\t\t\t<\/div>\n\t\t\t\t<\/div>\n\t\t\t\t<div class=\"elementor-element elementor-element-9c1b8c3 elementor-widget elementor-widget-text-editor\" data-id=\"9c1b8c3\" data-element_type=\"widget\" data-widget_type=\"text-editor.default\">\n\t\t\t\t<div class=\"elementor-widget-container\">\n\t\t\t\t\t\t\t<p><strong>Programme<\/strong><br \/>It is not enough to consider the (optimal) basal area alone when determining the light availability conducive to the renewal of a plot. The simple measurement of the basal area in its current state is insufficient to reliably represent the light environment. In addition to this measurement, detailed observation of the existing stand must be carried out (horizontal and vertical structure, forest cover ratio, etc.) in order to interpret the forest stand trajectory and to achieve the desired objectives, such as the regeneration of a stand.<\/p><p><strong>Objectives<\/strong><br \/>Ma\u00eetriser la prise de mesure de surface terri\u00e8re dans diff\u00e9rents contextes (essences, structure). Combiner outils et observations : coefficient de couvert, structures foresti\u00e8res, caract\u00e9ristiquesessences, historique du peuplement, etc. Savoir interpr\u00e9ter la trajectoire du peuplement en fonction des actes de gestion pos\u00e9s ainsi que la dur\u00e9e d\u2019une \u00e9ventuelle phase de transition<\/p><p><strong>Method<\/strong><br \/>Different stands are selected to represent the main forest contexts present in Wallonia. Participants are taken to different plots with varied forest structures. Despite having similar basal areas, the silvicultural trajectories of stands and stages of transition can differ significantly.<\/p>\t\t\t\t\t\t<\/div>\n\t\t\t\t<\/div>\n\t\t\t\t<div class=\"elementor-element elementor-element-6a83f5e elementor-align-center elementor-widget elementor-widget-button\" data-id=\"6a83f5e\" data-element_type=\"widget\" data-widget_type=\"button.default\">\n\t\t\t\t<div class=\"elementor-widget-container\">\n\t\t\t\t\t<div class=\"elementor-button-wrapper\">\n\t\t\t<a class=\"elementor-button elementor-button-link elementor-size-sm\" href=\"https:\/\/form.jotform.com\/252521264776359\" target=\"_blank\">\n\t\t\t\t\t\t<span class=\"elementor-button-content-wrapper\">\n\t\t\t\t\t\t\t\t\t<span class=\"elementor-button-text\">Registration<\/span>\n\t\t\t\t\t<\/span>\n\t\t\t\t\t<\/a>\n\t\t<\/div>\n\t\t\t\t<\/div>\n\t\t\t\t<\/div>\n\t\t\t\t\t<\/div>\n\t\t<\/div>\n\t\t\t\t<div class=\"elementor-column elementor-col-33 elementor-inner-column elementor-element elementor-element-e42a891\" data-id=\"e42a891\" data-element_type=\"column\" data-settings=\"{&quot;background_background&quot;:&quot;classic&quot;}\">\n\t\t\t<div class=\"elementor-widget-wrap elementor-element-populated\">\n\t\t\t\t\t\t<div class=\"elementor-element elementor-element-0100cf6 elementor-widget elementor-widget-image\" data-id=\"0100cf6\" data-element_type=\"widget\" data-widget_type=\"image.default\">\n\t\t\t\t<div class=\"elementor-widget-container\">\n\t\t\t\t\t\t\t\t\t\t\t\t\t<img decoding=\"async\" width=\"800\" height=\"252\" src=\"https:\/\/foretnature.be\/wp-content\/uploads\/2024\/08\/photo1-fascies-de-lisiere-structuree-1024x322.jpg\" class=\"attachment-large size-large wp-image-41300\" alt=\"\" srcset=\"https:\/\/foretnature.be\/wp-content\/uploads\/2024\/08\/photo1-fascies-de-lisiere-structuree-1024x322.jpg 1024w, https:\/\/foretnature.be\/wp-content\/uploads\/2024\/08\/photo1-fascies-de-lisiere-structuree-300x94.jpg 300w, https:\/\/foretnature.be\/wp-content\/uploads\/2024\/08\/photo1-fascies-de-lisiere-structuree-768x241.jpg 768w, https:\/\/foretnature.be\/wp-content\/uploads\/2024\/08\/photo1-fascies-de-lisiere-structuree-1536x482.jpg 1536w, https:\/\/foretnature.be\/wp-content\/uploads\/2024\/08\/photo1-fascies-de-lisiere-structuree-2048x643.jpg 2048w, https:\/\/foretnature.be\/wp-content\/uploads\/2024\/08\/photo1-fascies-de-lisiere-structuree-18x6.jpg 18w, https:\/\/foretnature.be\/wp-content\/uploads\/2024\/08\/photo1-fascies-de-lisiere-structuree.jpg 1600w\" sizes=\"(max-width: 800px) 100vw, 800px\" \/>\t\t\t\t\t\t\t\t\t\t\t\t\t<\/div>\n\t\t\t\t<\/div>\n\t\t\t\t<div class=\"elementor-element elementor-element-8bc8bf2 elementor-widget elementor-widget-heading\" data-id=\"8bc8bf2\" data-element_type=\"widget\" data-widget_type=\"heading.default\">\n\t\t\t\t<div class=\"elementor-widget-container\">\n\t\t\t<h2 class=\"elementor-heading-title elementor-size-default\">Lisi\u00e8roscope : installation et gestion de la lisi\u00e8re - LISO-A<\/h2>\t\t<\/div>\n\t\t\t\t<\/div>\n\t\t\t\t<div class=\"elementor-element elementor-element-7ee0029 elementor-widget elementor-widget-text-editor\" data-id=\"7ee0029\" data-element_type=\"widget\" data-widget_type=\"text-editor.default\">\n\t\t\t\t<div class=\"elementor-widget-container\">\n\t\t\t\t\t\t\t<p><strong>Date : <\/strong>13\/10\/2025 \u00a0\u2013 \u00a0<strong>Lieu :<\/strong> Nassogne<br \/><strong>Dur\u00e9e :<\/strong> 1 jour \u00a0\u2013 \u00a0<strong>Prix :<\/strong> 70 \u20ac<\/p>\t\t\t\t\t\t<\/div>\n\t\t\t\t<\/div>\n\t\t\t\t<div class=\"elementor-element elementor-element-84038e4 elementor-widget elementor-widget-text-editor\" data-id=\"84038e4\" data-element_type=\"widget\" data-widget_type=\"text-editor.default\">\n\t\t\t\t<div class=\"elementor-widget-container\">\n\t\t\t\t\t\t\t<p><strong>Programme<\/strong><br \/>When properly managed, the edges, transitional environments between the forest and open spaces, are true oases of life welcoming a large number of species. They bring many benefits:\u202fan increase in biodiversity, protection of stands against sunburn and wind turbulence, as well as the creation of a more diverse landscape.<\/p><p>Lors de cette formation, chacun pourra s\u2019exercer \u00e0 un martelage fictif en faveur d\u2019une lisi\u00e8re structur\u00e9e et diversifi\u00e9e sur un lisi\u00e8roscope.<\/p><p>The lisieroscope is an exercise area which allows the intensity and character of each tree marker\u2019s harvesting practice to be analysed according to different criteria. It consists of an area of just over one hectare set up on the outer edge, where all the trees are numbered and mapped. The variables taken from each inventoried tree are:\u202fspecies, circumference, presence of dendromicrohabitats, ecological value of the trees, economical quality, as well as various observations (narrow crown area, health status, pillar tree, etc.).<\/p><p><strong>Objectives<\/strong><br \/>Conna\u00eetre les diff\u00e9rentes m\u00e9thodes d\u2019am\u00e9nagement et d\u2019entretien de lisi\u00e8res foresti\u00e8res structur\u00e9es et m\u00e9lang\u00e9es. Conna\u00eetre les avantages d\u2019une lisi\u00e8re structur\u00e9e et m\u00e9lang\u00e9e. Concevoir la r\u00e9alisation technique : planification, choix des sites \u00e0 am\u00e9nager, choix des m\u00e9thodes d\u2019installation et d\u2019entretien. S\u2019exercer au martelage en faveur d\u2019une lisi\u00e8re structur\u00e9e et diversifi\u00e9e.<\/p><p><strong>Method<\/strong><br \/>R\u00e9alisation d\u2019un exercice de martelage d\u2019une lisi\u00e8re sur un lisi\u00e8roscope Analyse des r\u00e9sultats selon les aspects \u00e9cologique, sylvicole, paysager, \u00e9conomique. L\u2019analyse se fait \u00e0 l\u2019aide d\u2019un logiciel et est suivie d\u2019une mise en situation sur le terrain. Discussion autour des techniques, des \u00e9ventuels obstacles, etc.<\/p>\t\t\t\t\t\t<\/div>\n\t\t\t\t<\/div>\n\t\t\t\t<div class=\"elementor-element elementor-element-2d8b233 elementor-align-center elementor-widget elementor-widget-button\" data-id=\"2d8b233\" data-element_type=\"widget\" data-widget_type=\"button.default\">\n\t\t\t\t<div class=\"elementor-widget-container\">\n\t\t\t\t\t<div class=\"elementor-button-wrapper\">\n\t\t\t<a class=\"elementor-button elementor-button-link elementor-size-sm\" href=\"https:\/\/form.jotform.com\/252521264776359\" target=\"_blank\">\n\t\t\t\t\t\t<span class=\"elementor-button-content-wrapper\">\n\t\t\t\t\t\t\t\t\t<span class=\"elementor-button-text\">Registration<\/span>\n\t\t\t\t\t<\/span>\n\t\t\t\t\t<\/a>\n\t\t<\/div>\n\t\t\t\t<\/div>\n\t\t\t\t<\/div>\n\t\t\t\t\t<\/div>\n\t\t<\/div>\n\t\t\t\t\t<\/div>\n\t\t<\/section>\n\t\t\t\t<section class=\"elementor-section elementor-inner-section elementor-element elementor-element-1ac15af elementor-section-boxed elementor-section-height-default elementor-section-height-default\" data-id=\"1ac15af\" data-element_type=\"section\">\n\t\t\t\t\t\t<div class=\"elementor-container elementor-column-gap-default\">\n\t\t\t\t\t<div class=\"elementor-column elementor-col-33 elementor-inner-column elementor-element elementor-element-3ad5d00\" data-id=\"3ad5d00\" data-element_type=\"column\" data-settings=\"{&quot;background_background&quot;:&quot;classic&quot;}\">\n\t\t\t<div class=\"elementor-widget-wrap elementor-element-populated\">\n\t\t\t\t\t\t<div class=\"elementor-element elementor-element-818dc33 elementor-widget elementor-widget-image\" data-id=\"818dc33\" data-element_type=\"widget\" data-widget_type=\"image.default\">\n\t\t\t\t<div class=\"elementor-widget-container\">\n\t\t\t\t\t\t\t\t\t\t\t\t\t<img loading=\"lazy\" decoding=\"async\" width=\"487\" height=\"397\" src=\"https:\/\/foretnature.be\/wp-content\/uploads\/2024\/03\/fw1943-e1709282925305.jpg\" class=\"attachment-large size-large wp-image-40639\" alt=\"\" srcset=\"https:\/\/foretnature.be\/wp-content\/uploads\/2024\/03\/fw1943-e1709282925305.jpg 487w, https:\/\/foretnature.be\/wp-content\/uploads\/2024\/03\/fw1943-e1709282925305-300x245.jpg 300w, https:\/\/foretnature.be\/wp-content\/uploads\/2024\/03\/fw1943-e1709282925305-15x12.jpg 15w\" sizes=\"(max-width: 487px) 100vw, 487px\" \/>\t\t\t\t\t\t\t\t\t\t\t\t\t<\/div>\n\t\t\t\t<\/div>\n\t\t\t\t<div class=\"elementor-element elementor-element-9d8e79f elementor-widget elementor-widget-heading\" data-id=\"9d8e79f\" data-element_type=\"widget\" data-widget_type=\"heading.default\">\n\t\t\t\t<div class=\"elementor-widget-container\">\n\t\t\t<h2 class=\"elementor-heading-title elementor-size-default\">Gestion du m\u00e9lange au stade juv\u00e9nile - MEJU<\/h2>\t\t<\/div>\n\t\t\t\t<\/div>\n\t\t\t\t<div class=\"elementor-element elementor-element-943c7be elementor-widget elementor-widget-text-editor\" data-id=\"943c7be\" data-element_type=\"widget\" data-widget_type=\"text-editor.default\">\n\t\t\t\t<div class=\"elementor-widget-container\">\n\t\t\t\t\t\t\t<p><strong>Date : <\/strong>14\/10\/2025 \u00a0\u2013 \u00a0<strong>Lieu :<\/strong> Vencimont<br \/><strong>Dur\u00e9e :<\/strong> 1 jour \u00a0\u2013 \u00a0<strong>Prix :<\/strong> 70 \u20ac<\/p>\t\t\t\t\t\t<\/div>\n\t\t\t\t<\/div>\n\t\t\t\t<div class=\"elementor-element elementor-element-6179ebe elementor-widget elementor-widget-text-editor\" data-id=\"6179ebe\" data-element_type=\"widget\" data-widget_type=\"text-editor.default\">\n\t\t\t\t<div class=\"elementor-widget-container\">\n\t\t\t\t\t\t\t<p><strong>Programme<\/strong><br \/>This training course will cover both the set up of a mixed stand (starting from bare soil or a monospecific or \u201cpaucispecific\u201d matrix) and the management of the juvenile mixture created. The primary objective is the reconstitution of plots in crisis. In a context where it is recognized that mixed stands are more resistant and resilient, this training course aims to guide the choice of managers (diagnosis of the situation, choice of mixtures, techniques for set up, type and frequency of maintenance, etc.) for greater ecological and economical performance.<\/p><p><strong>Objectives<\/strong><br \/>Prise en main de l\u2019\u00e9ventail pour faire des choix avis\u00e9s quant au choix de m\u00e9lange d\u2019essences et\/ou diagnostic d\u2019une r\u00e9g\u00e9n\u00e9ration m\u00e9lang\u00e9e. Passage en revue des outils d\u2019aide \u00e0 la d\u00e9cision pour les choix de m\u00e9lange Choisir le m\u00e9lange selon les connaissances biologiques, aut\u00e9cologiques, syn\u00e9cologiques et stationnelles D\u00e9terminer les besoins de suivi pour maintenir ce m\u00e9lange (rotation travaux, type d\u2019intervention, etc.)<\/p><p><strong>Method<\/strong><br \/>Les participants seront invit\u00e9s sur diff\u00e9rentes stations impliquant des m\u00e9langes d\u2019essences diff\u00e9rents. La journ\u00e9e sera organis\u00e9e autour de parcelles \u00e0 planter et de jeunes m\u00e9langes existants. Dans un cas, les participants devront identifier le m\u00e9lange recherch\u00e9 selon la station et les r\u00e9alit\u00e9s climatiques, d\u00e9finir son implantation et enfin planifier le suivi de ces parcelles. Dans l\u2019autre, ils devront d\u00e9finir si le peuplement est en \u00e9quilibre stable ou instable, prioriser les actions \u00e0 mener pour orienter le m\u00e9lange.<\/p>\t\t\t\t\t\t<\/div>\n\t\t\t\t<\/div>\n\t\t\t\t<div class=\"elementor-element elementor-element-a454157 elementor-align-center elementor-widget elementor-widget-button\" data-id=\"a454157\" data-element_type=\"widget\" data-widget_type=\"button.default\">\n\t\t\t\t<div class=\"elementor-widget-container\">\n\t\t\t\t\t<div class=\"elementor-button-wrapper\">\n\t\t\t<a class=\"elementor-button elementor-button-link elementor-size-sm\" href=\"https:\/\/form.jotform.com\/252521264776359\" target=\"_blank\">\n\t\t\t\t\t\t<span class=\"elementor-button-content-wrapper\">\n\t\t\t\t\t\t\t\t\t<span class=\"elementor-button-text\">Registration<\/span>\n\t\t\t\t\t<\/span>\n\t\t\t\t\t<\/a>\n\t\t<\/div>\n\t\t\t\t<\/div>\n\t\t\t\t<\/div>\n\t\t\t\t\t<\/div>\n\t\t<\/div>\n\t\t\t\t<div class=\"elementor-column elementor-col-33 elementor-inner-column elementor-element elementor-element-9478c57\" data-id=\"9478c57\" data-element_type=\"column\" data-settings=\"{&quot;background_background&quot;:&quot;classic&quot;}\">\n\t\t\t<div class=\"elementor-widget-wrap elementor-element-populated\">\n\t\t\t\t\t\t<div class=\"elementor-element elementor-element-30e727e elementor-widget elementor-widget-image\" data-id=\"30e727e\" data-element_type=\"widget\" data-widget_type=\"image.default\">\n\t\t\t\t<div class=\"elementor-widget-container\">\n\t\t\t\t\t\t\t\t\t\t\t\t\t<img loading=\"lazy\" decoding=\"async\" width=\"800\" height=\"533\" src=\"https:\/\/foretnature.be\/wp-content\/uploads\/2025\/09\/2025.PaysBasque.terrain4.jpg\" class=\"attachment-large size-large wp-image-45760\" alt=\"\" srcset=\"https:\/\/foretnature.be\/wp-content\/uploads\/2025\/09\/2025.PaysBasque.terrain4.jpg 1000w, https:\/\/foretnature.be\/wp-content\/uploads\/2025\/09\/2025.PaysBasque.terrain4-300x200.jpg 300w, https:\/\/foretnature.be\/wp-content\/uploads\/2025\/09\/2025.PaysBasque.terrain4-768x511.jpg 768w, https:\/\/foretnature.be\/wp-content\/uploads\/2025\/09\/2025.PaysBasque.terrain4-18x12.jpg 18w\" sizes=\"(max-width: 800px) 100vw, 800px\" \/>\t\t\t\t\t\t\t\t\t\t\t\t\t<\/div>\n\t\t\t\t<\/div>\n\t\t\t\t<div class=\"elementor-element elementor-element-37d7f36 elementor-widget elementor-widget-heading\" data-id=\"37d7f36\" data-element_type=\"widget\" data-widget_type=\"heading.default\">\n\t\t\t\t<div class=\"elementor-widget-container\">\n\t\t\t<h2 class=\"elementor-heading-title elementor-size-default\">Mesure de la surface terri\u00e8re et de la hauteur dominante - GHD<\/h2>\t\t<\/div>\n\t\t\t\t<\/div>\n\t\t\t\t<div class=\"elementor-element elementor-element-519d5aa elementor-widget elementor-widget-text-editor\" data-id=\"519d5aa\" data-element_type=\"widget\" data-widget_type=\"text-editor.default\">\n\t\t\t\t<div class=\"elementor-widget-container\">\n\t\t\t\t\t\t\t<p><strong>Date : <\/strong>7\/11\/2025 \u00a0\u2013 \u00a0<strong>Lieu :<\/strong> Marche-en-Famenne<br \/><strong>Dur\u00e9e :<\/strong> 1\/2 jour \u00a0\u2013 \u00a0<strong>Prix :<\/strong> 50 \u20ac<\/p>\t\t\t\t\t\t<\/div>\n\t\t\t\t<\/div>\n\t\t\t\t<div class=\"elementor-element elementor-element-7190918 elementor-widget elementor-widget-text-editor\" data-id=\"7190918\" data-element_type=\"widget\" data-widget_type=\"text-editor.default\">\n\t\t\t\t<div class=\"elementor-widget-container\">\n\t\t\t\t\t\t\t<p><strong>Programme<\/strong><br \/>La formation a pour but de pr\u00e9senter les notions et l\u2019int\u00e9r\u00eat de la mesure de la surface terri\u00e8re et de la hauteur dominante. Les diff\u00e9rents instruments de mesure seront pr\u00e9sent\u00e9s et test\u00e9s sur le terrain.<\/p><p><strong>Objectives<\/strong><br \/>\u2022 D\u00e9finir la notion et l\u2019int\u00e9r\u00eat de la mesure de la surface terri\u00e8re et de la hauteur dominante.<br \/>\u2022 Prendre des mesures de surface terri\u00e8re et de hauteur dominante sur le terrain.<br \/>\u2022 Aborder les limites des instruments de mesure utilis\u00e9s.<\/p><p><strong>Method<\/strong><br \/>\u2022 Courte pr\u00e9sentation pratique des deux notions abord\u00e9es.<br \/>\u2022 Exercice de mesures dans des peuplements.<\/p>\t\t\t\t\t\t<\/div>\n\t\t\t\t<\/div>\n\t\t\t\t<div class=\"elementor-element elementor-element-c6855da elementor-align-center elementor-widget elementor-widget-button\" data-id=\"c6855da\" data-element_type=\"widget\" data-widget_type=\"button.default\">\n\t\t\t\t<div class=\"elementor-widget-container\">\n\t\t\t\t\t<div class=\"elementor-button-wrapper\">\n\t\t\t<a class=\"elementor-button elementor-button-link elementor-size-sm\" href=\"https:\/\/form.jotform.com\/252521264776359\" target=\"_blank\">\n\t\t\t\t\t\t<span class=\"elementor-button-content-wrapper\">\n\t\t\t\t\t\t\t\t\t<span class=\"elementor-button-text\">Registration<\/span>\n\t\t\t\t\t<\/span>\n\t\t\t\t\t<\/a>\n\t\t<\/div>\n\t\t\t\t<\/div>\n\t\t\t\t<\/div>\n\t\t\t\t\t<\/div>\n\t\t<\/div>\n\t\t\t\t<div class=\"elementor-column elementor-col-33 elementor-inner-column elementor-element elementor-element-6082276\" data-id=\"6082276\" data-element_type=\"column\" data-settings=\"{&quot;background_background&quot;:&quot;classic&quot;}\">\n\t\t\t<div class=\"elementor-widget-wrap elementor-element-populated\">\n\t\t\t\t\t\t<div class=\"elementor-element elementor-element-a0fb7ea elementor-widget elementor-widget-image\" data-id=\"a0fb7ea\" data-element_type=\"widget\" data-widget_type=\"image.default\">\n\t\t\t\t<div class=\"elementor-widget-container\">\n\t\t\t\t\t\t\t\t\t\t\t\t\t<img loading=\"lazy\" decoding=\"async\" width=\"800\" height=\"495\" src=\"https:\/\/foretnature.be\/wp-content\/uploads\/2021\/04\/formation-fee-concept-1024x634.png\" class=\"attachment-large size-large wp-image-37559\" alt=\"\" srcset=\"https:\/\/foretnature.be\/wp-content\/uploads\/2021\/04\/formation-fee-concept-1024x634.png 1024w, https:\/\/foretnature.be\/wp-content\/uploads\/2021\/04\/formation-fee-concept-300x186.png 300w, https:\/\/foretnature.be\/wp-content\/uploads\/2021\/04\/formation-fee-concept-768x475.png 768w, https:\/\/foretnature.be\/wp-content\/uploads\/2021\/04\/formation-fee-concept-1536x950.png 1536w, https:\/\/foretnature.be\/wp-content\/uploads\/2021\/04\/formation-fee-concept.png 1600w\" sizes=\"(max-width: 800px) 100vw, 800px\" \/>\t\t\t\t\t\t\t\t\t\t\t\t\t<\/div>\n\t\t\t\t<\/div>\n\t\t\t\t<div class=\"elementor-element elementor-element-695b71b elementor-widget elementor-widget-heading\" data-id=\"695b71b\" data-element_type=\"widget\" data-widget_type=\"heading.default\">\n\t\t\t\t<div class=\"elementor-widget-container\">\n\t\t\t<h2 class=\"elementor-heading-title elementor-size-default\">fichierecologique.be \u2013 1. Concepts et fondements de l\u2019outil - FEE1<\/h2>\t\t<\/div>\n\t\t\t\t<\/div>\n\t\t\t\t<div class=\"elementor-element elementor-element-7ffa52f elementor-widget elementor-widget-text-editor\" data-id=\"7ffa52f\" data-element_type=\"widget\" data-widget_type=\"text-editor.default\">\n\t\t\t\t<div class=\"elementor-widget-container\">\n\t\t\t\t\t\t\t<p><strong>Date : <\/strong>28\/11\/2025 \u00a0\u2013 \u00a0<strong>Lieu :<\/strong> Marche-en-Famenne<br \/><strong>Dur\u00e9e :<\/strong> 1\/2 jour \u00a0\u2013 \u00a0<strong>Prix :<\/strong> 50 \u20ac<\/p>\t\t\t\t\t\t<\/div>\n\t\t\t\t<\/div>\n\t\t\t\t<div class=\"elementor-element elementor-element-e8c2047 elementor-widget elementor-widget-text-editor\" data-id=\"e8c2047\" data-element_type=\"widget\" data-widget_type=\"text-editor.default\">\n\t\t\t\t<div class=\"elementor-widget-container\">\n\t\t\t\t\t\t\t<p><strong>Programme<\/strong><br \/>For several decades now, forest stands have faced a number of extreme events, both climatic and biotic. Consequently, species-station suitability is essential to ensure the resilience of forests, and establishing each species in its habitat is a major challenge for foresters.<\/p><p>This half-day spent using fichierecologique.be aims to inform users about this tool so that they can use it to the best of its potential. There are also some review activities such as reading and interpreting the soil map of Wallonia. Finally, some practical exercises help illustrate the theoretical concepts.<\/p><p><strong>Objectives<\/strong><br \/>\u2022 To understand how to use fichierecologique.be to its full potential.<br \/>\u2022 To read and interpret the soil map of Wallonia.<br \/>\u2022 To understand the concepts of autecology of species.<br \/>\u2022 To recognise the main characteristics of the species.<\/p><p><strong>Method<\/strong><br \/>\u2022 Presentation of the fichierecologique.be tool<br \/>\u2022 Pr\u00e9sentation de la carte des sols de Wallonie et de sa l\u00e9gende.<br \/>\u2022 Exercices appliqu\u00e9s sur les principaux types de sol.<\/p>\t\t\t\t\t\t<\/div>\n\t\t\t\t<\/div>\n\t\t\t\t<div class=\"elementor-element elementor-element-bcfa682 elementor-align-center elementor-widget elementor-widget-button\" data-id=\"bcfa682\" data-element_type=\"widget\" data-widget_type=\"button.default\">\n\t\t\t\t<div class=\"elementor-widget-container\">\n\t\t\t\t\t<div class=\"elementor-button-wrapper\">\n\t\t\t<a class=\"elementor-button elementor-button-link elementor-size-sm\" href=\"https:\/\/form.jotform.com\/252521264776359\" target=\"_blank\">\n\t\t\t\t\t\t<span class=\"elementor-button-content-wrapper\">\n\t\t\t\t\t\t\t\t\t<span class=\"elementor-button-text\">Registration<\/span>\n\t\t\t\t\t<\/span>\n\t\t\t\t\t<\/a>\n\t\t<\/div>\n\t\t\t\t<\/div>\n\t\t\t\t<\/div>\n\t\t\t\t\t<\/div>\n\t\t<\/div>\n\t\t\t\t\t<\/div>\n\t\t<\/section>\n\t\t\t\t<section class=\"elementor-section elementor-inner-section elementor-element elementor-element-c388b6e elementor-section-boxed elementor-section-height-default elementor-section-height-default\" data-id=\"c388b6e\" data-element_type=\"section\">\n\t\t\t\t\t\t<div class=\"elementor-container elementor-column-gap-default\">\n\t\t\t\t\t<div class=\"elementor-column elementor-col-33 elementor-inner-column elementor-element elementor-element-4c30b1b\" data-id=\"4c30b1b\" data-element_type=\"column\" data-settings=\"{&quot;background_background&quot;:&quot;classic&quot;}\">\n\t\t\t<div class=\"elementor-widget-wrap elementor-element-populated\">\n\t\t\t\t\t\t<div class=\"elementor-element elementor-element-1654f08 elementor-widget elementor-widget-image\" data-id=\"1654f08\" data-element_type=\"widget\" data-widget_type=\"image.default\">\n\t\t\t\t<div class=\"elementor-widget-container\">\n\t\t\t\t\t\t\t\t\t\t\t\t\t<img loading=\"lazy\" decoding=\"async\" width=\"800\" height=\"534\" src=\"https:\/\/foretnature.be\/wp-content\/uploads\/2024\/08\/P1200192-1024x684.jpg\" class=\"attachment-large size-large wp-image-41305\" alt=\"\" srcset=\"https:\/\/foretnature.be\/wp-content\/uploads\/2024\/08\/P1200192-1024x684.jpg 1024w, https:\/\/foretnature.be\/wp-content\/uploads\/2024\/08\/P1200192-300x200.jpg 300w, https:\/\/foretnature.be\/wp-content\/uploads\/2024\/08\/P1200192-768x513.jpg 768w, https:\/\/foretnature.be\/wp-content\/uploads\/2024\/08\/P1200192-1536x1026.jpg 1536w, https:\/\/foretnature.be\/wp-content\/uploads\/2024\/08\/P1200192-2048x1368.jpg 2048w, https:\/\/foretnature.be\/wp-content\/uploads\/2024\/08\/P1200192-18x12.jpg 18w, https:\/\/foretnature.be\/wp-content\/uploads\/2024\/08\/P1200192.jpg 1600w\" sizes=\"(max-width: 800px) 100vw, 800px\" \/>\t\t\t\t\t\t\t\t\t\t\t\t\t<\/div>\n\t\t\t\t<\/div>\n\t\t\t\t<div class=\"elementor-element elementor-element-7ae8c5e elementor-widget elementor-widget-heading\" data-id=\"7ae8c5e\" data-element_type=\"widget\" data-widget_type=\"heading.default\">\n\t\t\t\t<div class=\"elementor-widget-container\">\n\t\t\t<h2 class=\"elementor-heading-title elementor-size-default\">Bois mort et dendromicrohabitats - DMH<\/h2>\t\t<\/div>\n\t\t\t\t<\/div>\n\t\t\t\t<div class=\"elementor-element elementor-element-191dbf5 elementor-widget elementor-widget-text-editor\" data-id=\"191dbf5\" data-element_type=\"widget\" data-widget_type=\"text-editor.default\">\n\t\t\t\t<div class=\"elementor-widget-container\">\n\t\t\t\t\t\t\t<p><strong>Date : <\/strong>6\/1\/2026 \u2013 <strong>Lieu :<\/strong> Rochefort<br \/><strong>Dur\u00e9e :<\/strong> 1 jour \u00a0\u2013 \u00a0<strong>Prix :<\/strong> 70 \u20ac<\/p>\t\t\t\t\t\t<\/div>\n\t\t\t\t<\/div>\n\t\t\t\t<div class=\"elementor-element elementor-element-fcf8fa4 elementor-widget elementor-widget-text-editor\" data-id=\"fcf8fa4\" data-element_type=\"widget\" data-widget_type=\"text-editor.default\">\n\t\t\t\t<div class=\"elementor-widget-container\">\n\t\t\t\t\t\t\t<p><strong>Programme<\/strong><br \/>Dead wood, rich in biodiversity, has long been eliminated from the forest out of fear and ignorance of its role in the forest ecosystem. By the commonly used term \u201cdead wood\u201d we mean the notion of \u201cdecaying wood\u201d. This term does not apply to completely dead trees; it refers to all forms of decaying wood, existing as part of a living or dead tree standing or on the ground.<\/p><p>Maintaining a significant amount of dead wood in the forest, in all its forms and stages of decomposition, plays a key role in the economical production of sustainable and durable wood, in balance with a functional forest ecosystem.<\/p><p><strong>Objectives<\/strong><br \/>Am\u00e9liorer la compr\u00e9hension de la notion de \u00ab\u202fbois mort\u202f\u00bb. Comprendre les r\u00f4les du bois mort en for\u00eat dans un \u00e9cosyst\u00e8me forestier fonctionnel. Conna\u00eetre et comprendre en quelques chiffres les seuils minimums n\u00e9cessaires en bois mort. Mise en place d\u2019itin\u00e9raires sylvicoles \u00e0 diff\u00e9rentes \u00e9chelles g\u00e9ographiques. Identifier les actions-cl\u00e9s permettant d\u2019augmenter rapidement la pr\u00e9sence de bois mort en for\u00eat.<\/p><p><strong>Method<\/strong><br \/>Exercice de reconnaissance et d\u2019identification des stades de d\u00e9composition. Exercice de reconnaissance et d\u2019identifications des dendromicrohabitats. R\u00e9alisation d\u2019un diagnostic d\u2019\u00e9tat des lieux d\u2019un peuplement. Identification des itin\u00e9raires sylvicoles les plus opportuns. \u00c9tude de peuplements exemplatifs.<\/p>\t\t\t\t\t\t<\/div>\n\t\t\t\t<\/div>\n\t\t\t\t<div class=\"elementor-element elementor-element-d1bae8c elementor-align-center elementor-widget elementor-widget-button\" data-id=\"d1bae8c\" data-element_type=\"widget\" data-widget_type=\"button.default\">\n\t\t\t\t<div class=\"elementor-widget-container\">\n\t\t\t\t\t<div class=\"elementor-button-wrapper\">\n\t\t\t<a class=\"elementor-button elementor-button-link elementor-size-sm\" href=\"https:\/\/form.jotform.com\/252521264776359\" target=\"_blank\">\n\t\t\t\t\t\t<span class=\"elementor-button-content-wrapper\">\n\t\t\t\t\t\t\t\t\t<span class=\"elementor-button-text\">Registration<\/span>\n\t\t\t\t\t<\/span>\n\t\t\t\t\t<\/a>\n\t\t<\/div>\n\t\t\t\t<\/div>\n\t\t\t\t<\/div>\n\t\t\t\t\t<\/div>\n\t\t<\/div>\n\t\t\t\t<div class=\"elementor-column elementor-col-33 elementor-inner-column elementor-element elementor-element-d4ef926\" data-id=\"d4ef926\" data-element_type=\"column\" data-settings=\"{&quot;background_background&quot;:&quot;classic&quot;}\">\n\t\t\t<div class=\"elementor-widget-wrap elementor-element-populated\">\n\t\t\t\t\t\t<div class=\"elementor-element elementor-element-4b6bcf3 elementor-widget elementor-widget-image\" data-id=\"4b6bcf3\" data-element_type=\"widget\" data-widget_type=\"image.default\">\n\t\t\t\t<div class=\"elementor-widget-container\">\n\t\t\t\t\t\t\t\t\t\t\t\t\t<img loading=\"lazy\" decoding=\"async\" width=\"800\" height=\"698\" src=\"https:\/\/foretnature.be\/wp-content\/uploads\/2025\/09\/WhatsApp-Image-2023-05-24-at-13.22.09.jpeg\" class=\"attachment-large size-large wp-image-45874\" alt=\"\" srcset=\"https:\/\/foretnature.be\/wp-content\/uploads\/2025\/09\/WhatsApp-Image-2023-05-24-at-13.22.09.jpeg 900w, https:\/\/foretnature.be\/wp-content\/uploads\/2025\/09\/WhatsApp-Image-2023-05-24-at-13.22.09-300x262.jpeg 300w, https:\/\/foretnature.be\/wp-content\/uploads\/2025\/09\/WhatsApp-Image-2023-05-24-at-13.22.09-768x670.jpeg 768w, https:\/\/foretnature.be\/wp-content\/uploads\/2025\/09\/WhatsApp-Image-2023-05-24-at-13.22.09-14x12.jpeg 14w\" sizes=\"(max-width: 800px) 100vw, 800px\" \/>\t\t\t\t\t\t\t\t\t\t\t\t\t<\/div>\n\t\t\t\t<\/div>\n\t\t\t\t<div class=\"elementor-element elementor-element-42f5ff2 elementor-widget elementor-widget-heading\" data-id=\"42f5ff2\" data-element_type=\"widget\" data-widget_type=\"heading.default\">\n\t\t\t\t<div class=\"elementor-widget-container\">\n\t\t\t<h2 class=\"elementor-heading-title elementor-size-default\">Accompagnement personnalis\u00e9 dans vos parcelles<\/h2>\t\t<\/div>\n\t\t\t\t<\/div>\n\t\t\t\t<div class=\"elementor-element elementor-element-19bf00e elementor-widget elementor-widget-heading\" data-id=\"19bf00e\" data-element_type=\"widget\" data-widget_type=\"heading.default\">\n\t\t\t\t<div class=\"elementor-widget-container\">\n\t\t\t<h2 class=\"elementor-heading-title elementor-size-default\">Renouvellement post-crise, irr\u00e9gularisation en r\u00e9sineux, travaux forestiers cibl\u00e9s, cloisonnements d\u2019exploitation\u2026<\/h2>\t\t<\/div>\n\t\t\t\t<\/div>\n\t\t\t\t<div class=\"elementor-element elementor-element-1049e32 elementor-widget elementor-widget-text-editor\" data-id=\"1049e32\" data-element_type=\"widget\" data-widget_type=\"text-editor.default\">\n\t\t\t\t<div class=\"elementor-widget-container\">\n\t\t\t\t\t\t\t<p><strong>Date : <\/strong>\u00e0 convenir<br><strong>Lieu :<\/strong> dans vos parcelles<br><strong>Dur\u00e9e :<\/strong> 1\/2 jour&nbsp;&nbsp;\u2013 &nbsp;<strong>Prix<\/strong> : 180 \u20ac (+ frais de d\u00e9placement)<\/p>\t\t\t\t\t\t<\/div>\n\t\t\t\t<\/div>\n\t\t\t\t<div class=\"elementor-element elementor-element-40ea852 elementor-widget elementor-widget-text-editor\" data-id=\"40ea852\" data-element_type=\"widget\" data-widget_type=\"text-editor.default\">\n\t\t\t\t<div class=\"elementor-widget-container\">\n\t\t\t\t\t\t\t<p><strong>Post-crisis renewal.<\/strong><br \/>Accompagnement de parcelles en situation postcrise (temp\u00eate, pathog\u00e8ne, s\u00e8cheresse\u2026), qu\u2019il<br \/>Support for plots in post-crisis situations (storm, pathogen, drought, etc.) for stands that\nare either still standing or those that have been exploited. Analysis of the situation (station, vegetation, landscape), assessment of the potential for spontaneous regeneration and intervention needs (clearing, targeted work, planting, etc.). Suggestions for suitable regeneration strategies.<\/p><p><strong>Irregularization in softwoods.<\/strong><br \/>On-plot support for diversification of species and \u201cirregularisation\u201d of coniferous stands. Initial conditions before undertaking this transformation (forest network, stability, species-station suitability, age of the stand). Suggestions for medium and long term silviculture strategies (marking, identification, etc.) depending on the age of the stand.<\/p><p><strong>Travaux forestiers cibl\u00e9s<\/strong><br \/>Accompagnement sur parcelle afin de r\u00e9aliser un diagnostic et mettre en \u0153uvre des travaux cibl\u00e9s en situation r\u00e9elle. Cet accompagnement est ouvert aux ma\u00eetres d&rsquo;\u0153uvre ainsi qu\u2019aux ouvriers forestiers.<\/p><p><strong>Cloisonnements d\u2019exploitation<\/strong><br \/>Accompagnement \u00e0 la mise en place d\u2019un r\u00e9seau de cloisonnements d\u2019exploitation sur une parcelle. Analyse de la situation, prise en compte de l\u2019existant (voiries, passages existants, aires de stockage\u2026) et des contraintes (pente, obstacles, zones sensibles\u2026). Esquisse du r\u00e9seau de cloisonnement sur carte et mat\u00e9rialisation sur le terrain.<\/p><p><strong>Method<\/strong><br \/>L\u2019accompagnement sur parcelle est r\u00e9alis\u00e9 par l\u2019\u00e9quipe FONA pour 4 personnes maximum (propri\u00e9taires + gestionnaire + \u2026).<\/p><p>Il comprend :<br \/>\u2022 Pr\u00e9paration documentaire par le propri\u00e9taire\/gestionnaire. Collecte des donn\u00e9es de base : requ\u00eate fichierecologique.be, cartes (peuplements, sol\u2026), liste condens\u00e9es des parcelles, inventaire\u2026<br \/>\u2022 1\/2 journ\u00e9e de terrain avec visite de 2 situations maximum avec propositions de gestion pour chaque situation visit\u00e9e<br \/>\u2022 Rapport synth\u00e9tique<\/p>\t\t\t\t\t\t<\/div>\n\t\t\t\t<\/div>\n\t\t\t\t<div class=\"elementor-element elementor-element-b31b8bb elementor-align-center elementor-widget elementor-widget-button\" data-id=\"b31b8bb\" data-element_type=\"widget\" data-widget_type=\"button.default\">\n\t\t\t\t<div class=\"elementor-widget-container\">\n\t\t\t\t\t<div class=\"elementor-button-wrapper\">\n\t\t\t<a class=\"elementor-button elementor-button-link elementor-size-sm\" href=\"mailto:formation@foretnature.be\" target=\"_blank\">\n\t\t\t\t\t\t<span class=\"elementor-button-content-wrapper\">\n\t\t\t\t\t\t\t\t\t<span class=\"elementor-button-text\">Inscription par e-mail<\/span>\n\t\t\t\t\t<\/span>\n\t\t\t\t\t<\/a>\n\t\t<\/div>\n\t\t\t\t<\/div>\n\t\t\t\t<\/div>\n\t\t\t\t\t<\/div>\n\t\t<\/div>\n\t\t\t\t<div class=\"elementor-column elementor-col-33 elementor-inner-column elementor-element elementor-element-f910c49 elementor-hidden-desktop elementor-hidden-tablet elementor-hidden-mobile\" data-id=\"f910c49\" data-element_type=\"column\" data-settings=\"{&quot;background_background&quot;:&quot;classic&quot;}\">\n\t\t\t<div class=\"elementor-widget-wrap elementor-element-populated\">\n\t\t\t\t\t\t<div class=\"elementor-element elementor-element-4f60dc4 elementor-widget elementor-widget-image\" data-id=\"4f60dc4\" data-element_type=\"widget\" data-widget_type=\"image.default\">\n\t\t\t\t<div class=\"elementor-widget-container\">\n\t\t\t\t\t\t\t\t\t\t\t\t\t<img loading=\"lazy\" decoding=\"async\" width=\"800\" height=\"534\" src=\"https:\/\/foretnature.be\/wp-content\/uploads\/2022\/11\/DSC_0351-1024x683.jpg\" class=\"attachment-large size-large wp-image-37860\" alt=\"\" srcset=\"https:\/\/foretnature.be\/wp-content\/uploads\/2022\/11\/DSC_0351-1024x683.jpg 1024w, https:\/\/foretnature.be\/wp-content\/uploads\/2022\/11\/DSC_0351-300x200.jpg 300w, https:\/\/foretnature.be\/wp-content\/uploads\/2022\/11\/DSC_0351-768x512.jpg 768w, https:\/\/foretnature.be\/wp-content\/uploads\/2022\/11\/DSC_0351-1536x1024.jpg 1536w, https:\/\/foretnature.be\/wp-content\/uploads\/2022\/11\/DSC_0351-2048x1365.jpg 2048w, https:\/\/foretnature.be\/wp-content\/uploads\/2022\/11\/DSC_0351.jpg 1600w\" sizes=\"(max-width: 800px) 100vw, 800px\" \/>\t\t\t\t\t\t\t\t\t\t\t\t\t<\/div>\n\t\t\t\t<\/div>\n\t\t\t\t<div class=\"elementor-element elementor-element-6403aa2 elementor-widget elementor-widget-heading\" data-id=\"6403aa2\" data-element_type=\"widget\" data-widget_type=\"heading.default\">\n\t\t\t\t<div class=\"elementor-widget-container\">\n\t\t\t<h2 class=\"elementor-heading-title elementor-size-default\">Sylviculture du bouleau - BOU<\/h2>\t\t<\/div>\n\t\t\t\t<\/div>\n\t\t\t\t<div class=\"elementor-element elementor-element-b8d0fe3 elementor-widget elementor-widget-text-editor\" data-id=\"b8d0fe3\" data-element_type=\"widget\" data-widget_type=\"text-editor.default\">\n\t\t\t\t<div class=\"elementor-widget-container\">\n\t\t\t\t\t\t\t<p><strong>Date : <\/strong>2\/10\/2025 \u00a0\u2013 \u00a0<strong>Lieu :<\/strong> Nassogne<br \/><strong>Dur\u00e9e :<\/strong> 1 jour \u00a0\u2013 \u00a0<strong>Prix :<\/strong> 70 \u20ac<\/p>\t\t\t\t\t\t<\/div>\n\t\t\t\t<\/div>\n\t\t\t\t<div class=\"elementor-element elementor-element-70f37ec elementor-widget elementor-widget-text-editor\" data-id=\"70f37ec\" data-element_type=\"widget\" data-widget_type=\"text-editor.default\">\n\t\t\t\t<div class=\"elementor-widget-container\">\n\t\t\t\t\t\t\t<p><strong>Programme<\/strong><br \/>Birch is a species widely present in the forests of Europe. However, it receives little attention from a forestry point of view due to the low quality of the current logs produced and its low value locally. It nevertheless presents major advantages for both the ecosystem and the wood industry. In fact, it can live in a wide range of station conditions and can be put to a variety of uses.<\/p><p>To produce quality wood that can be used for purposes other than firewood, it is essential to take the tree\u2019s requirements into account and apply rigorous silviculture, at the right time and with the right intensity.<\/p><p><strong>Objectives<\/strong><br \/>\u2022 To know the requirements of birch<br \/>\u2022 To be able to select future birches at the right time<br \/>\u2022 To know the limits of formative and regular pruning of birch<br \/>\u2022 To recognise the main defects in logs<br \/>\u2022 To carry out silviculture aimed at the production of quality wood in different situations<\/p><p><strong>Method<\/strong><br \/>\u2022 Visit involving a training tool for thinning<br \/>\u2022 Study of exemplary stands<br \/>\u2022 Exercises involving selection and thinning within stands<\/p>\t\t\t\t\t\t<\/div>\n\t\t\t\t<\/div>\n\t\t\t\t<div class=\"elementor-element elementor-element-887e059 elementor-align-center elementor-widget elementor-widget-button\" data-id=\"887e059\" data-element_type=\"widget\" data-widget_type=\"button.default\">\n\t\t\t\t<div class=\"elementor-widget-container\">\n\t\t\t\t\t<div class=\"elementor-button-wrapper\">\n\t\t\t<a class=\"elementor-button elementor-button-link elementor-size-sm\" href=\"https:\/\/form.jotform.com\/252521264776359\" target=\"_blank\">\n\t\t\t\t\t\t<span class=\"elementor-button-content-wrapper\">\n\t\t\t\t\t\t\t\t\t<span class=\"elementor-button-text\">Registration<\/span>\n\t\t\t\t\t<\/span>\n\t\t\t\t\t<\/a>\n\t\t<\/div>\n\t\t\t\t<\/div>\n\t\t\t\t<\/div>\n\t\t\t\t\t<\/div>\n\t\t<\/div>\n\t\t\t\t\t<\/div>\n\t\t<\/section>\n\t\t\t\t\t<\/div>\n\t\t<\/div>\n\t\t\t\t\t<\/div>\n\t\t<\/section>\n\t\t\t\t<section class=\"elementor-section elementor-top-section elementor-element elementor-element-24610964 elementor-section-boxed elementor-section-height-default elementor-section-height-default\" data-id=\"24610964\" data-element_type=\"section\">\n\t\t\t\t\t\t<div class=\"elementor-container elementor-column-gap-default\">\n\t\t\t\t\t<div class=\"elementor-column elementor-col-100 elementor-top-column elementor-element elementor-element-43b48da6\" data-id=\"43b48da6\" data-element_type=\"column\">\n\t\t\t<div class=\"elementor-widget-wrap elementor-element-populated\">\n\t\t\t\t\t\t<div class=\"elementor-element elementor-element-2a1d862e elementor-widget elementor-widget-heading\" data-id=\"2a1d862e\" data-element_type=\"widget\" data-widget_type=\"heading.default\">\n\t\t\t\t<div class=\"elementor-widget-container\">\n\t\t\t<h3 class=\"elementor-heading-title elementor-size-default\"> contact<\/h3>\t\t<\/div>\n\t\t\t\t<\/div>\n\t\t\t\t<section class=\"elementor-section elementor-inner-section elementor-element elementor-element-0ab06b1 elementor-section-boxed elementor-section-height-default elementor-section-height-default\" data-id=\"0ab06b1\" data-element_type=\"section\">\n\t\t\t\t\t\t<div class=\"elementor-container elementor-column-gap-default\">\n\t\t\t\t\t<div class=\"elementor-column elementor-col-100 elementor-inner-column elementor-element elementor-element-56c0664\" data-id=\"56c0664\" data-element_type=\"column\">\n\t\t\t<div class=\"elementor-widget-wrap elementor-element-populated\">\n\t\t\t\t\t\t<div class=\"elementor-element elementor-element-2159306 elementor-widget__width-inherit elementor-view-default elementor-widget elementor-widget-icon\" data-id=\"2159306\" data-element_type=\"widget\" data-widget_type=\"icon.default\">\n\t\t\t\t<div class=\"elementor-widget-container\">\n\t\t\t\t\t<div class=\"elementor-icon-wrapper\">\n\t\t\t<a class=\"elementor-icon\" href=\"mailto:formation@foretnature.be\">\n\t\t\t<i aria-hidden=\"true\" class=\"fas fa-envelope\"><\/i>\t\t\t<\/a>\n\t\t<\/div>\n\t\t\t\t<\/div>\n\t\t\t\t<\/div>\n\t\t\t\t\t<\/div>\n\t\t<\/div>\n\t\t\t\t\t<\/div>\n\t\t<\/section>\n\t\t\t\t\t<\/div>\n\t\t<\/div>\n\t\t\t\t\t<\/div>\n\t\t<\/section>\n\t\t\t\t<\/div>","protected":false},"excerpt":{"rendered":"<p>Inscription tout public Inscription DNF Inscription tout public Dispositifs de formation Outils de r\u00e9f\u00e9rence Catalogue g\u00e9n\u00e9ral de formations Modules disponibles Vous avez des besoins sp\u00e9cifiques pour vous, votre structure, vos collaborateurs ou vos co-propri\u00e9taires\u00a0?\u00a0Vous d\u00e9sirez un module de formation sp\u00e9cifique ou tout simplement \u00eatre form\u00e9 sur un de nos modules existants\u00a0? N\u2019h\u00e9sitez pas \u00e0 nous [&hellip;]<\/p>","protected":false},"author":1,"featured_media":0,"parent":28911,"menu_order":0,"comment_status":"closed","ping_status":"closed","template":"","meta":{"_acf_changed":false,"_monsterinsights_skip_tracking":false,"_monsterinsights_sitenote_active":false,"_monsterinsights_sitenote_note":"","_monsterinsights_sitenote_category":0,"footnotes":""},"acf":[],"yoast_head":"<!-- This site is optimized with the Yoast SEO plugin v23.2 - https:\/\/yoast.com\/wordpress\/plugins\/seo\/ -->\n<title>Inscription tout public - For\u00eat.Nature<\/title>\n<meta name=\"robots\" content=\"index, follow, max-snippet:-1, max-image-preview:large, max-video-preview:-1\" \/>\n<link rel=\"canonical\" href=\"https:\/\/foretnature.be\/en\/formation-ateliers-forestiers\/inscription-tout-public\/\" \/>\n<meta property=\"og:locale\" content=\"en_GB\" \/>\n<meta property=\"og:type\" content=\"article\" \/>\n<meta property=\"og:title\" content=\"Inscription tout public - For\u00eat.Nature\" \/>\n<meta property=\"og:description\" content=\"Inscription tout public Inscription DNF Inscription tout public Dispositifs de formation Outils de r\u00e9f\u00e9rence Catalogue g\u00e9n\u00e9ral de formations Modules disponibles Vous avez des besoins sp\u00e9cifiques pour vous, votre structure, vos collaborateurs ou vos co-propri\u00e9taires\u00a0?\u00a0Vous d\u00e9sirez un module de formation sp\u00e9cifique ou tout simplement \u00eatre form\u00e9 sur un de nos modules existants\u00a0? N\u2019h\u00e9sitez pas \u00e0 nous [&hellip;]\" \/>\n<meta property=\"og:url\" content=\"https:\/\/foretnature.be\/en\/formation-ateliers-forestiers\/inscription-tout-public\/\" \/>\n<meta property=\"og:site_name\" content=\"For\u00eat.Nature\" \/>\n<meta property=\"article:modified_time\" content=\"2025-11-05T15:10:57+00:00\" \/>\n<meta property=\"og:image\" content=\"http:\/\/foretnature.be\/wp-content\/uploads\/2025\/09\/2686-1.jpg\" \/>\n<meta name=\"twitter:card\" content=\"summary_large_image\" \/>\n<meta name=\"twitter:label1\" content=\"Estimated reading time\" \/>\n\t<meta name=\"twitter:data1\" content=\"12 minutes\" \/>\n<script type=\"application\/ld+json\" class=\"yoast-schema-graph\">{\"@context\":\"https:\/\/schema.org\",\"@graph\":[{\"@type\":\"WebPage\",\"@id\":\"https:\/\/foretnature.be\/formation-ateliers-forestiers\/inscription-tout-public\/\",\"url\":\"https:\/\/foretnature.be\/formation-ateliers-forestiers\/inscription-tout-public\/\",\"name\":\"Inscription tout public - For\u00eat.Nature\",\"isPartOf\":{\"@id\":\"https:\/\/foretnature.be\/en\/#website\"},\"primaryImageOfPage\":{\"@id\":\"https:\/\/foretnature.be\/formation-ateliers-forestiers\/inscription-tout-public\/#primaryimage\"},\"image\":{\"@id\":\"https:\/\/foretnature.be\/formation-ateliers-forestiers\/inscription-tout-public\/#primaryimage\"},\"thumbnailUrl\":\"http:\/\/foretnature.be\/wp-content\/uploads\/2025\/09\/2686-1.jpg\",\"datePublished\":\"2025-09-10T12:19:18+00:00\",\"dateModified\":\"2025-11-05T15:10:57+00:00\",\"breadcrumb\":{\"@id\":\"https:\/\/foretnature.be\/formation-ateliers-forestiers\/inscription-tout-public\/#breadcrumb\"},\"inLanguage\":\"en-GB\",\"potentialAction\":[{\"@type\":\"ReadAction\",\"target\":[\"https:\/\/foretnature.be\/formation-ateliers-forestiers\/inscription-tout-public\/\"]}]},{\"@type\":\"ImageObject\",\"inLanguage\":\"en-GB\",\"@id\":\"https:\/\/foretnature.be\/formation-ateliers-forestiers\/inscription-tout-public\/#primaryimage\",\"url\":\"http:\/\/foretnature.be\/wp-content\/uploads\/2025\/09\/2686-1.jpg\",\"contentUrl\":\"http:\/\/foretnature.be\/wp-content\/uploads\/2025\/09\/2686-1.jpg\"},{\"@type\":\"BreadcrumbList\",\"@id\":\"https:\/\/foretnature.be\/formation-ateliers-forestiers\/inscription-tout-public\/#breadcrumb\",\"itemListElement\":[{\"@type\":\"ListItem\",\"position\":1,\"name\":\"Home\",\"item\":\"https:\/\/foretnature.be\/en\/\"},{\"@type\":\"ListItem\",\"position\":2,\"name\":\"Formation\",\"item\":\"https:\/\/foretnature.be\/en\/formation-ateliers-forestiers\/\"},{\"@type\":\"ListItem\",\"position\":3,\"name\":\"Inscription tout public\"}]},{\"@type\":\"WebSite\",\"@id\":\"https:\/\/foretnature.be\/en\/#website\",\"url\":\"https:\/\/foretnature.be\/en\/\",\"name\":\"For\u00eat.Nature\",\"description\":\"Une \u00e9quipe technique au service de la for\u00eat\",\"publisher\":{\"@id\":\"https:\/\/foretnature.be\/en\/#organization\"},\"potentialAction\":[{\"@type\":\"SearchAction\",\"target\":{\"@type\":\"EntryPoint\",\"urlTemplate\":\"https:\/\/foretnature.be\/en\/?s={search_term_string}\"},\"query-input\":\"required name=search_term_string\"}],\"inLanguage\":\"en-GB\"},{\"@type\":\"Organization\",\"@id\":\"https:\/\/foretnature.be\/en\/#organization\",\"name\":\"For\u00eat.Nature\",\"url\":\"https:\/\/foretnature.be\/en\/\",\"logo\":{\"@type\":\"ImageObject\",\"inLanguage\":\"en-GB\",\"@id\":\"https:\/\/foretnature.be\/en\/#\/schema\/logo\/image\/\",\"url\":\"https:\/\/foretnature.be\/wp-content\/uploads\/2021\/01\/logoFOblanc.png\",\"contentUrl\":\"https:\/\/foretnature.be\/wp-content\/uploads\/2021\/01\/logoFOblanc.png\",\"width\":300,\"height\":151,\"caption\":\"For\u00eat.Nature\"},\"image\":{\"@id\":\"https:\/\/foretnature.be\/en\/#\/schema\/logo\/image\/\"}}]}<\/script>\n<!-- \/ Yoast SEO plugin. -->","yoast_head_json":{"title":"Inscription tout public - For\u00eat.Nature","robots":{"index":"index","follow":"follow","max-snippet":"max-snippet:-1","max-image-preview":"max-image-preview:large","max-video-preview":"max-video-preview:-1"},"canonical":"https:\/\/foretnature.be\/en\/formation-ateliers-forestiers\/inscription-tout-public\/","og_locale":"en_GB","og_type":"article","og_title":"Inscription tout public - For\u00eat.Nature","og_description":"Inscription tout public Inscription DNF Inscription tout public Dispositifs de formation Outils de r\u00e9f\u00e9rence Catalogue g\u00e9n\u00e9ral de formations Modules disponibles Vous avez des besoins sp\u00e9cifiques pour vous, votre structure, vos collaborateurs ou vos co-propri\u00e9taires\u00a0?\u00a0Vous d\u00e9sirez un module de formation sp\u00e9cifique ou tout simplement \u00eatre form\u00e9 sur un de nos modules existants\u00a0? N\u2019h\u00e9sitez pas \u00e0 nous [&hellip;]","og_url":"https:\/\/foretnature.be\/en\/formation-ateliers-forestiers\/inscription-tout-public\/","og_site_name":"For\u00eat.Nature","article_modified_time":"2025-11-05T15:10:57+00:00","og_image":[{"url":"http:\/\/foretnature.be\/wp-content\/uploads\/2025\/09\/2686-1.jpg"}],"twitter_card":"summary_large_image","twitter_misc":{"Estimated reading time":"12 minutes"},"schema":{"@context":"https:\/\/schema.org","@graph":[{"@type":"WebPage","@id":"https:\/\/foretnature.be\/formation-ateliers-forestiers\/inscription-tout-public\/","url":"https:\/\/foretnature.be\/formation-ateliers-forestiers\/inscription-tout-public\/","name":"Inscription tout public - For\u00eat.Nature","isPartOf":{"@id":"https:\/\/foretnature.be\/en\/#website"},"primaryImageOfPage":{"@id":"https:\/\/foretnature.be\/formation-ateliers-forestiers\/inscription-tout-public\/#primaryimage"},"image":{"@id":"https:\/\/foretnature.be\/formation-ateliers-forestiers\/inscription-tout-public\/#primaryimage"},"thumbnailUrl":"http:\/\/foretnature.be\/wp-content\/uploads\/2025\/09\/2686-1.jpg","datePublished":"2025-09-10T12:19:18+00:00","dateModified":"2025-11-05T15:10:57+00:00","breadcrumb":{"@id":"https:\/\/foretnature.be\/formation-ateliers-forestiers\/inscription-tout-public\/#breadcrumb"},"inLanguage":"en-GB","potentialAction":[{"@type":"ReadAction","target":["https:\/\/foretnature.be\/formation-ateliers-forestiers\/inscription-tout-public\/"]}]},{"@type":"ImageObject","inLanguage":"en-GB","@id":"https:\/\/foretnature.be\/formation-ateliers-forestiers\/inscription-tout-public\/#primaryimage","url":"http:\/\/foretnature.be\/wp-content\/uploads\/2025\/09\/2686-1.jpg","contentUrl":"http:\/\/foretnature.be\/wp-content\/uploads\/2025\/09\/2686-1.jpg"},{"@type":"BreadcrumbList","@id":"https:\/\/foretnature.be\/formation-ateliers-forestiers\/inscription-tout-public\/#breadcrumb","itemListElement":[{"@type":"ListItem","position":1,"name":"Home","item":"https:\/\/foretnature.be\/en\/"},{"@type":"ListItem","position":2,"name":"Formation","item":"https:\/\/foretnature.be\/en\/formation-ateliers-forestiers\/"},{"@type":"ListItem","position":3,"name":"Inscription tout public"}]},{"@type":"WebSite","@id":"https:\/\/foretnature.be\/en\/#website","url":"https:\/\/foretnature.be\/en\/","name":"For\u00eat.Nature","description":"Une \u00e9quipe technique au service de la for\u00eat","publisher":{"@id":"https:\/\/foretnature.be\/en\/#organization"},"potentialAction":[{"@type":"SearchAction","target":{"@type":"EntryPoint","urlTemplate":"https:\/\/foretnature.be\/en\/?s={search_term_string}"},"query-input":"required name=search_term_string"}],"inLanguage":"en-GB"},{"@type":"Organization","@id":"https:\/\/foretnature.be\/en\/#organization","name":"For\u00eat.Nature","url":"https:\/\/foretnature.be\/en\/","logo":{"@type":"ImageObject","inLanguage":"en-GB","@id":"https:\/\/foretnature.be\/en\/#\/schema\/logo\/image\/","url":"https:\/\/foretnature.be\/wp-content\/uploads\/2021\/01\/logoFOblanc.png","contentUrl":"https:\/\/foretnature.be\/wp-content\/uploads\/2021\/01\/logoFOblanc.png","width":300,"height":151,"caption":"For\u00eat.Nature"},"image":{"@id":"https:\/\/foretnature.be\/en\/#\/schema\/logo\/image\/"}}]}},"_links":{"self":[{"href":"https:\/\/foretnature.be\/en\/wp-json\/wp\/v2\/pages\/45754"}],"collection":[{"href":"https:\/\/foretnature.be\/en\/wp-json\/wp\/v2\/pages"}],"about":[{"href":"https:\/\/foretnature.be\/en\/wp-json\/wp\/v2\/types\/page"}],"author":[{"embeddable":true,"href":"https:\/\/foretnature.be\/en\/wp-json\/wp\/v2\/users\/1"}],"replies":[{"embeddable":true,"href":"https:\/\/foretnature.be\/en\/wp-json\/wp\/v2\/comments?post=45754"}],"version-history":[{"count":83,"href":"https:\/\/foretnature.be\/en\/wp-json\/wp\/v2\/pages\/45754\/revisions"}],"predecessor-version":[{"id":45978,"href":"https:\/\/foretnature.be\/en\/wp-json\/wp\/v2\/pages\/45754\/revisions\/45978"}],"up":[{"embeddable":true,"href":"https:\/\/foretnature.be\/en\/wp-json\/wp\/v2\/pages\/28911"}],"wp:attachment":[{"href":"https:\/\/foretnature.be\/en\/wp-json\/wp\/v2\/media?parent=45754"}],"curies":[{"name":"wp","href":"https:\/\/api.w.org\/{rel}","templated":true}]}}