{"id":37558,"date":"2022-10-04T10:05:27","date_gmt":"2022-10-04T08:05:27","guid":{"rendered":"https:\/\/foretnature.be\/?post_type=formation&#038;p=37558"},"modified":"2025-09-19T11:48:53","modified_gmt":"2025-09-19T09:48:53","slug":"catalogue-stations-forestieres","status":"publish","type":"formation","link":"https:\/\/foretnature.be\/en\/formation\/catalogue-stations-forestieres\/","title":{"rendered":"fichierecologique.be &#8211; 5. Catalogue des stations foresti\u00e8res d&rsquo;Ardenne"},"content":{"rendered":"<p>Le catalogue de stations d&rsquo;Ardenne synth\u00e9tise les caract\u00e9ristiques des principaux milieux forestiers pr\u00e9sents au sein d\u2019une r\u00e9gion bioclimatique. Son objectif est de fournir des conseils de gestion adapt\u00e9s aux conditions \u00e9cologiques d\u2019une parcelle foresti\u00e8re.<\/p>\n<p>This tool, provided free of charge a <em>fichierecologique.be<\/em>\u200e  uses the results of a field diagnosis to determine the type of station for a specific plot.<\/p>\n<p>For each of the forest stations, a detailed description includes the constraints and opportunities, compatible species together with their strengths and weaknesses, natural habitat, as well as management recommendations.<\/p>","protected":false},"excerpt":{"rendered":"<p>Le catalogue de stations d&rsquo;Ardenne synth\u00e9tise les caract\u00e9ristiques des principaux milieux forestiers pr\u00e9sents au sein d\u2019une r\u00e9gion bioclimatique. Son objectif est de fournir des conseils de gestion adapt\u00e9s aux conditions \u00e9cologiques d\u2019une parcelle foresti\u00e8re. Cet outil, compl\u00e9mentaire \u00e0 fichierecologique.be, se base sur un diagnostic de terrain, qui aboutit \u00e0 la d\u00e9termination du type de station [&hellip;]<\/p>\n","protected":false},"featured_media":37078,"template":"","categories":[52],"class_list":["post-37558","formation","type-formation","status-publish","has-post-thumbnail","hentry","category-formation"],"acf":[],"_links":{"self":[{"href":"https:\/\/foretnature.be\/en\/wp-json\/wp\/v2\/formation\/37558","targetHints":{"allow":["GET"]}}],"collection":[{"href":"https:\/\/foretnature.be\/en\/wp-json\/wp\/v2\/formation"}],"about":[{"href":"https:\/\/foretnature.be\/en\/wp-json\/wp\/v2\/types\/formation"}],"wp:featuredmedia":[{"embeddable":true,"href":"https:\/\/foretnature.be\/en\/wp-json\/wp\/v2\/media\/37078"}],"wp:attachment":[{"href":"https:\/\/foretnature.be\/en\/wp-json\/wp\/v2\/media?parent=37558"}],"wp:term":[{"taxonomy":"category","embeddable":true,"href":"https:\/\/foretnature.be\/en\/wp-json\/wp\/v2\/categories?post=37558"}],"curies":[{"name":"wp","href":"https:\/\/api.w.org\/{rel}","templated":true}]}}