{"version":"1.0","provider_name":"For\u00eat.Nature","provider_url":"https:\/\/foretnature.be\/en","author_name":"foretnature","author_url":"https:\/\/foretnature.be\/en\/author\/foretnature\/","title":"Portfolio. Laur\u00e9ats du concours 2019 Vogelwarte - For\u00eat.Nature","type":"rich","width":600,"height":338,"html":"<blockquote class=\"wp-embedded-content\" data-secret=\"NdiusxZSYJ\"><a href=\"https:\/\/foretnature.be\/en\/resume-foret-mail\/portfolio-laureats-du-concours-2019-vogelwarte\/\">Portfolio. Laur\u00e9ats du concours 2019 Vogelwarte<\/a><\/blockquote><iframe sandbox=\"allow-scripts\" security=\"restricted\" src=\"https:\/\/foretnature.be\/en\/resume-foret-mail\/portfolio-laureats-du-concours-2019-vogelwarte\/embed\/#?secret=NdiusxZSYJ\" width=\"600\" height=\"338\" title=\"&#8220;Portfolio. Laur\u00e9ats du concours 2019 Vogelwarte&#8221; &#8212; For\u00eat.Nature\" data-secret=\"NdiusxZSYJ\" frameborder=\"0\" marginwidth=\"0\" marginheight=\"0\" scrolling=\"no\" class=\"wp-embedded-content\"><\/iframe><script>\n\/*! This file is auto-generated *\/\n!function(d,l){\"use strict\";l.querySelector&&d.addEventListener&&\"undefined\"!=typeof URL&&(d.wp=d.wp||{},d.wp.receiveEmbedMessage||(d.wp.receiveEmbedMessage=function(e){var t=e.data;if((t||t.secret||t.message||t.value)&&!\/[^a-zA-Z0-9]\/.test(t.secret)){for(var s,r,n,a=l.querySelectorAll('iframe[data-secret=\"'+t.secret+'\"]'),o=l.querySelectorAll('blockquote[data-secret=\"'+t.secret+'\"]'),c=new RegExp(\"^https?:$\",\"i\"),i=0;i<o.length;i++)o[i].style.display=\"none\";for(i=0;i<a.length;i++)s=a[i],e.source===s.contentWindow&&(s.removeAttribute(\"style\"),\"height\"===t.message?(1e3<(r=parseInt(t.value,10))?r=1e3:~~r<200&&(r=200),s.height=r):\"link\"===t.message&&(r=new URL(s.getAttribute(\"src\")),n=new URL(t.value),c.test(n.protocol))&&n.host===r.host&&l.activeElement===s&&(d.top.location.href=t.value))}},d.addEventListener(\"message\",d.wp.receiveEmbedMessage,!1),l.addEventListener(\"DOMContentLoaded\",function(){for(var e,t,s=l.querySelectorAll(\"iframe.wp-embedded-content\"),r=0;r<s.length;r++)(t=(e=s[r]).getAttribute(\"data-secret\"))||(t=Math.random().toString(36).substring(2,12),e.src+=\"#?secret=\"+t,e.setAttribute(\"data-secret\",t)),e.contentWindow.postMessage({message:\"ready\",secret:t},\"*\")},!1)))}(window,document);\n<\/script>","description":"Pic \u00e9peiche, Jonathan Lhoir La Station ornithologique suisse de Sempach (Vogelwarte) organise chaque ann\u00e9e un concours photo consacr\u00e9 aux oiseaux. Le but est de faire conna\u00eetre le monde des oiseaux au grand public et d\u2019acqu\u00e9rir son soutien. Le concours 2019 a \u00e9t\u00e9 remport\u00e9 par Jonathan Lhoir, photographe et naturaliste belge. Aigle royal, Markus Varesvuo Cincle [&hellip;]"}