{"version":"1.0","provider_name":"For\u00eat.Nature","provider_url":"https:\/\/foretnature.be\/en","author_name":"foretnature","author_url":"https:\/\/foretnature.be\/en\/author\/foretnature\/","title":"Le d\u00e9bardage a\u00e9rien pr\u00eat \u00e0 s'envoler ! - For\u00eat.Nature","type":"rich","width":600,"height":338,"html":"<blockquote class=\"wp-embedded-content\" data-secret=\"zQrLj01f3q\"><a href=\"https:\/\/foretnature.be\/en\/resume-foret-mail\/le-debardage-aerien-pret-a-senvoler\/\">Le d\u00e9bardage a\u00e9rien pr\u00eat \u00e0 s&rsquo;envoler !<\/a><\/blockquote><iframe sandbox=\"allow-scripts\" security=\"restricted\" src=\"https:\/\/foretnature.be\/en\/resume-foret-mail\/le-debardage-aerien-pret-a-senvoler\/embed\/#?secret=zQrLj01f3q\" width=\"600\" height=\"338\" title=\"&#8220;Le d\u00e9bardage a\u00e9rien pr\u00eat \u00e0 s&rsquo;envoler !&#8221; &#8212; For\u00eat.Nature\" data-secret=\"zQrLj01f3q\" frameborder=\"0\" marginwidth=\"0\" marginheight=\"0\" scrolling=\"no\" class=\"wp-embedded-content\"><\/iframe><script>\n\/*! This file is auto-generated *\/\n!function(d,l){\"use strict\";l.querySelector&&d.addEventListener&&\"undefined\"!=typeof URL&&(d.wp=d.wp||{},d.wp.receiveEmbedMessage||(d.wp.receiveEmbedMessage=function(e){var t=e.data;if((t||t.secret||t.message||t.value)&&!\/[^a-zA-Z0-9]\/.test(t.secret)){for(var s,r,n,a=l.querySelectorAll('iframe[data-secret=\"'+t.secret+'\"]'),o=l.querySelectorAll('blockquote[data-secret=\"'+t.secret+'\"]'),c=new RegExp(\"^https?:$\",\"i\"),i=0;i<o.length;i++)o[i].style.display=\"none\";for(i=0;i<a.length;i++)s=a[i],e.source===s.contentWindow&&(s.removeAttribute(\"style\"),\"height\"===t.message?(1e3<(r=parseInt(t.value,10))?r=1e3:~~r<200&&(r=200),s.height=r):\"link\"===t.message&&(r=new URL(s.getAttribute(\"src\")),n=new URL(t.value),c.test(n.protocol))&&n.host===r.host&&l.activeElement===s&&(d.top.location.href=t.value))}},d.addEventListener(\"message\",d.wp.receiveEmbedMessage,!1),l.addEventListener(\"DOMContentLoaded\",function(){for(var e,t,s=l.querySelectorAll(\"iframe.wp-embedded-content\"),r=0;r<s.length;r++)(t=(e=s[r]).getAttribute(\"data-secret\"))||(t=Math.random().toString(36).substring(2,12),e.src+=\"#?secret=\"+t,e.setAttribute(\"data-secret\",t)),e.contentWindow.postMessage({message:\"ready\",secret:t},\"*\")},!1)))}(window,document);\n<\/script>","description":"Un dirigeable destin\u00e9 \u00e0 porter des charges lourdes devrait voir le jour en 2023. Les premiers vols se d\u00e9rouleront dans le massif des Alpes c\u00f4t\u00e9 fran\u00e7ais. Le constructeur est parvenu \u00e0 rassembler la somme n\u00e9cessaire pour consolider son projet. Trois sites situ\u00e9s en Nouvelle-Aquitaine sont \u00e0 l&rsquo;\u00e9tude pour implanter l&rsquo;usine d&rsquo;assemblage de l&rsquo;a\u00e9ronef. Le vol [&hellip;]"}