{"version":"1.0","provider_name":"For\u00eat.Nature","provider_url":"https:\/\/foretnature.be\/en","author_name":"foretnature","author_url":"https:\/\/foretnature.be\/en\/author\/foretnature\/","title":"La suie de l\u2019\u00e9rable envahit l\u2019Allemagne - For\u00eat.Nature","type":"rich","width":600,"height":338,"html":"<blockquote class=\"wp-embedded-content\" data-secret=\"tXB6CFWFrw\"><a href=\"https:\/\/foretnature.be\/en\/resume-foret-mail\/la-suie-de-lerable-envahit-lallemagne\/\">La suie de l\u2019\u00e9rable envahit l\u2019Allemagne<\/a><\/blockquote><iframe sandbox=\"allow-scripts\" security=\"restricted\" src=\"https:\/\/foretnature.be\/en\/resume-foret-mail\/la-suie-de-lerable-envahit-lallemagne\/embed\/#?secret=tXB6CFWFrw\" width=\"600\" height=\"338\" title=\"&#8220;La suie de l\u2019\u00e9rable envahit l\u2019Allemagne&#8221; &#8212; For\u00eat.Nature\" data-secret=\"tXB6CFWFrw\" frameborder=\"0\" marginwidth=\"0\" marginheight=\"0\" scrolling=\"no\" class=\"wp-embedded-content\"><\/iframe><script>\n\/*! This file is auto-generated *\/\n!function(d,l){\"use strict\";l.querySelector&&d.addEventListener&&\"undefined\"!=typeof URL&&(d.wp=d.wp||{},d.wp.receiveEmbedMessage||(d.wp.receiveEmbedMessage=function(e){var t=e.data;if((t||t.secret||t.message||t.value)&&!\/[^a-zA-Z0-9]\/.test(t.secret)){for(var s,r,n,a=l.querySelectorAll('iframe[data-secret=\"'+t.secret+'\"]'),o=l.querySelectorAll('blockquote[data-secret=\"'+t.secret+'\"]'),c=new RegExp(\"^https?:$\",\"i\"),i=0;i<o.length;i++)o[i].style.display=\"none\";for(i=0;i<a.length;i++)s=a[i],e.source===s.contentWindow&&(s.removeAttribute(\"style\"),\"height\"===t.message?(1e3<(r=parseInt(t.value,10))?r=1e3:~~r<200&&(r=200),s.height=r):\"link\"===t.message&&(r=new URL(s.getAttribute(\"src\")),n=new URL(t.value),c.test(n.protocol))&&n.host===r.host&&l.activeElement===s&&(d.top.location.href=t.value))}},d.addEventListener(\"message\",d.wp.receiveEmbedMessage,!1),l.addEventListener(\"DOMContentLoaded\",function(){for(var e,t,s=l.querySelectorAll(\"iframe.wp-embedded-content\"),r=0;r<s.length;r++)(t=(e=s[r]).getAttribute(\"data-secret\"))||(t=Math.random().toString(36).substring(2,12),e.src+=\"#?secret=\"+t,e.setAttribute(\"data-secret\",t)),e.contentWindow.postMessage({message:\"ready\",secret:t},\"*\")},!1)))}(window,document);\n<\/script>","description":"La maladie caus\u00e9e par un champignon, Cryptostroma corticale, s\u2019attaque principalement aux \u00e9rables. Ces derniers pr\u00e9sentent alors des \u00e9corces \u00e9clat\u00e9es sur le tronc avec des accumulations de spores noires pulv\u00e9rulentes ressemblant \u00e0 de la suie. La majorit\u00e9 des individus atteints d\u00e9p\u00e9rissent dans les 2 ans. Ce champignon se propage ais\u00e9ment \u00e0 des temp\u00e9ratures de 25 \u00e0 [&hellip;]"}