{"version":"1.0","provider_name":"For\u00eat.Nature","provider_url":"https:\/\/foretnature.be\/en","author_name":"foretnature","author_url":"https:\/\/foretnature.be\/en\/author\/foretnature\/","title":"La for\u00eat fran\u00e7aise en bref - For\u00eat.Nature","type":"rich","width":600,"height":338,"html":"<blockquote class=\"wp-embedded-content\" data-secret=\"NeCwen1aNZ\"><a href=\"https:\/\/foretnature.be\/en\/resume-foret-mail\/la-foret-francaise-en-bref\/\">La for\u00eat fran\u00e7aise en bref<\/a><\/blockquote><iframe sandbox=\"allow-scripts\" security=\"restricted\" src=\"https:\/\/foretnature.be\/en\/resume-foret-mail\/la-foret-francaise-en-bref\/embed\/#?secret=NeCwen1aNZ\" width=\"600\" height=\"338\" title=\"&#8220;La for\u00eat fran\u00e7aise en bref&#8221; &#8212; For\u00eat.Nature\" data-secret=\"NeCwen1aNZ\" frameborder=\"0\" marginwidth=\"0\" marginheight=\"0\" scrolling=\"no\" class=\"wp-embedded-content\"><\/iframe><script>\n\/*! This file is auto-generated *\/\n!function(d,l){\"use strict\";l.querySelector&&d.addEventListener&&\"undefined\"!=typeof URL&&(d.wp=d.wp||{},d.wp.receiveEmbedMessage||(d.wp.receiveEmbedMessage=function(e){var t=e.data;if((t||t.secret||t.message||t.value)&&!\/[^a-zA-Z0-9]\/.test(t.secret)){for(var s,r,n,a=l.querySelectorAll('iframe[data-secret=\"'+t.secret+'\"]'),o=l.querySelectorAll('blockquote[data-secret=\"'+t.secret+'\"]'),c=new RegExp(\"^https?:$\",\"i\"),i=0;i<o.length;i++)o[i].style.display=\"none\";for(i=0;i<a.length;i++)s=a[i],e.source===s.contentWindow&&(s.removeAttribute(\"style\"),\"height\"===t.message?(1e3<(r=parseInt(t.value,10))?r=1e3:~~r<200&&(r=200),s.height=r):\"link\"===t.message&&(r=new URL(s.getAttribute(\"src\")),n=new URL(t.value),c.test(n.protocol))&&n.host===r.host&&l.activeElement===s&&(d.top.location.href=t.value))}},d.addEventListener(\"message\",d.wp.receiveEmbedMessage,!1),l.addEventListener(\"DOMContentLoaded\",function(){for(var e,t,s=l.querySelectorAll(\"iframe.wp-embedded-content\"),r=0;r<s.length;r++)(t=(e=s[r]).getAttribute(\"data-secret\"))||(t=Math.random().toString(36).substring(2,12),e.src+=\"#?secret=\"+t,e.setAttribute(\"data-secret\",t)),e.contentWindow.postMessage({message:\"ready\",secret:t},\"*\")},!1)))}(window,document);\n<\/script>","description":"L\u2019institut national de l\u2019Information G\u00e9ographique Foresti\u00e8re (IGN) a publi\u00e9 un r\u00e9sum\u00e9 de 32 pages qui illustrent l\u2019\u00e9tat et l\u2019\u00e9volution de la for\u00eat fran\u00e7aise ces derni\u00e8res ann\u00e9es. En France m\u00e9tropolitaine, la for\u00eat occupe 16,7 millions d\u2019hectares et est en progression (0,7 % par an). Les feuillus y sont majoritaires (67 % de la surface) alors que [&hellip;]"}