{"version":"1.0","provider_name":"For\u00eat.Nature","provider_url":"https:\/\/foretnature.be\/en","author_name":"foretnature","author_url":"https:\/\/foretnature.be\/en\/author\/foretnature\/","title":"L\u2019\u00e9quilibre for\u00eat-gibier : objectif n\u00b0 1 de la Strat\u00e9gie d\u2019adaptation des for\u00eats au changement climatique de l\u2019ONF - For\u00eat.Nature","type":"rich","width":600,"height":338,"html":"<blockquote class=\"wp-embedded-content\" data-secret=\"qVvtPFvKha\"><a href=\"https:\/\/foretnature.be\/en\/resume-foret-mail\/equilibre-foret-gibier-strategie\/\">L\u2019\u00e9quilibre for\u00eat-gibier : objectif n\u00b0 1 de la Strat\u00e9gie d\u2019adaptation des for\u00eats au changement climatique de l\u2019ONF<\/a><\/blockquote><iframe sandbox=\"allow-scripts\" security=\"restricted\" src=\"https:\/\/foretnature.be\/en\/resume-foret-mail\/equilibre-foret-gibier-strategie\/embed\/#?secret=qVvtPFvKha\" width=\"600\" height=\"338\" title=\"&#8220;L\u2019\u00e9quilibre for\u00eat-gibier : objectif n\u00b0 1 de la Strat\u00e9gie d\u2019adaptation des for\u00eats au changement climatique de l\u2019ONF&#8221; &#8212; For\u00eat.Nature\" data-secret=\"qVvtPFvKha\" frameborder=\"0\" marginwidth=\"0\" marginheight=\"0\" scrolling=\"no\" class=\"wp-embedded-content\"><\/iframe><script>\n\/*! This file is auto-generated *\/\n!function(d,l){\"use strict\";l.querySelector&&d.addEventListener&&\"undefined\"!=typeof URL&&(d.wp=d.wp||{},d.wp.receiveEmbedMessage||(d.wp.receiveEmbedMessage=function(e){var t=e.data;if((t||t.secret||t.message||t.value)&&!\/[^a-zA-Z0-9]\/.test(t.secret)){for(var s,r,n,a=l.querySelectorAll('iframe[data-secret=\"'+t.secret+'\"]'),o=l.querySelectorAll('blockquote[data-secret=\"'+t.secret+'\"]'),c=new RegExp(\"^https?:$\",\"i\"),i=0;i<o.length;i++)o[i].style.display=\"none\";for(i=0;i<a.length;i++)s=a[i],e.source===s.contentWindow&&(s.removeAttribute(\"style\"),\"height\"===t.message?(1e3<(r=parseInt(t.value,10))?r=1e3:~~r<200&&(r=200),s.height=r):\"link\"===t.message&&(r=new URL(s.getAttribute(\"src\")),n=new URL(t.value),c.test(n.protocol))&&n.host===r.host&&l.activeElement===s&&(d.top.location.href=t.value))}},d.addEventListener(\"message\",d.wp.receiveEmbedMessage,!1),l.addEventListener(\"DOMContentLoaded\",function(){for(var e,t,s=l.querySelectorAll(\"iframe.wp-embedded-content\"),r=0;r<s.length;r++)(t=(e=s[r]).getAttribute(\"data-secret\"))||(t=Math.random().toString(36).substring(2,12),e.src+=\"#?secret=\"+t,e.setAttribute(\"data-secret\",t)),e.contentWindow.postMessage({message:\"ready\",secret:t},\"*\")},!1)))}(window,document);\n<\/script>","thumbnail_url":"https:\/\/foretnature.be\/wp-content\/uploads\/2022\/08\/06efd107e732a62939d5c43e7a166d1eae8f14c86e56e4b744cc9b4c30454cc5.png","thumbnail_width":900,"thumbnail_height":451,"description":"Dans sa \u00ab Strat\u00e9gie d\u2019adaptation des for\u00eats au changement climatique \u00bb (AFCC), l\u2019ONF place en premi\u00e8re priorit\u00e9 l\u2019\u00e9quilibre for\u00eat-gibier. En effet, les diff\u00e9rents points de la strat\u00e9gie, bas\u00e9e sur la r\u00e9g\u00e9n\u00e9ration naturelle et la diversification des essences, ne pourront \u00eatre r\u00e9alis\u00e9s si les jeunes arbres sont mang\u00e9s. Or, en 2019, pr\u00e8s de 40 % des [&hellip;]"}