{"version":"1.0","provider_name":"For\u00eat.Nature","provider_url":"https:\/\/foretnature.be\/en","author_name":"Julie Stevens","author_url":"https:\/\/foretnature.be\/en\/author\/j-stevens\/","title":"Ambiance foresti\u00e8re et climat plan\u00e9taire - For\u00eat.Nature","type":"rich","width":600,"height":338,"html":"<blockquote class=\"wp-embedded-content\" data-secret=\"UvZCOIu2II\"><a href=\"https:\/\/foretnature.be\/en\/resume-foret-mail\/ambiance-forestiere-et-climat-planetaire\/\">Ambiance foresti\u00e8re et climat plan\u00e9taire<\/a><\/blockquote><iframe sandbox=\"allow-scripts\" security=\"restricted\" src=\"https:\/\/foretnature.be\/en\/resume-foret-mail\/ambiance-forestiere-et-climat-planetaire\/embed\/#?secret=UvZCOIu2II\" width=\"600\" height=\"338\" title=\"&#8220;Ambiance foresti\u00e8re et climat plan\u00e9taire&#8221; &#8212; For\u00eat.Nature\" data-secret=\"UvZCOIu2II\" frameborder=\"0\" marginwidth=\"0\" marginheight=\"0\" scrolling=\"no\" class=\"wp-embedded-content\"><\/iframe><script>\n\/*! This file is auto-generated *\/\n!function(d,l){\"use strict\";l.querySelector&&d.addEventListener&&\"undefined\"!=typeof URL&&(d.wp=d.wp||{},d.wp.receiveEmbedMessage||(d.wp.receiveEmbedMessage=function(e){var t=e.data;if((t||t.secret||t.message||t.value)&&!\/[^a-zA-Z0-9]\/.test(t.secret)){for(var s,r,n,a=l.querySelectorAll('iframe[data-secret=\"'+t.secret+'\"]'),o=l.querySelectorAll('blockquote[data-secret=\"'+t.secret+'\"]'),c=new RegExp(\"^https?:$\",\"i\"),i=0;i<o.length;i++)o[i].style.display=\"none\";for(i=0;i<a.length;i++)s=a[i],e.source===s.contentWindow&&(s.removeAttribute(\"style\"),\"height\"===t.message?(1e3<(r=parseInt(t.value,10))?r=1e3:~~r<200&&(r=200),s.height=r):\"link\"===t.message&&(r=new URL(s.getAttribute(\"src\")),n=new URL(t.value),c.test(n.protocol))&&n.host===r.host&&l.activeElement===s&&(d.top.location.href=t.value))}},d.addEventListener(\"message\",d.wp.receiveEmbedMessage,!1),l.addEventListener(\"DOMContentLoaded\",function(){for(var e,t,s=l.querySelectorAll(\"iframe.wp-embedded-content\"),r=0;r<s.length;r++)(t=(e=s[r]).getAttribute(\"data-secret\"))||(t=Math.random().toString(36).substring(2,12),e.src+=\"#?secret=\"+t,e.setAttribute(\"data-secret\",t)),e.contentWindow.postMessage({message:\"ready\",secret:t},\"*\")},!1)))}(window,document);\n<\/script>","thumbnail_url":"https:\/\/foretnature.be\/wp-content\/uploads\/2024\/03\/AdobeStock_123613983.jpg","thumbnail_width":900,"thumbnail_height":601,"description":"Les chercheurs allemands et roumains \u00e9tudient le climat des for\u00eats de h\u00eatres et de ch\u00eanes et ont constat\u00e9 que les h\u00eatraies permettent une meilleure protection contre le r\u00e9chauffement climatique. En effet, les for\u00eats domin\u00e9es par le h\u00eatre se caract\u00e9risent par un climat int\u00e9rieur forestier significativement plus humide et plus frais. Les mesures de temp\u00e9rature de [&hellip;]"}